{"id":7243,"date":"2018-08-02T04:49:25","date_gmt":"2018-08-02T04:49:25","guid":{"rendered":"https:\/\/www.sprachschule-aktiv-wien.at\/?page_id=7243"},"modified":"2021-03-30T20:42:17","modified_gmt":"2021-03-30T20:42:17","slug":"naucite-nemacki-u-becu-nemacki-kursevi-a1-do-c2-jezicka-skola-za-nemacke-kurseve","status":"publish","type":"page","link":"https:\/\/www.sprachschule-aktiv-wien.at\/sr\/naucite-nemacki-u-becu-nemacki-kursevi-a1-do-c2-jezicka-skola-za-nemacke-kurseve\/","title":{"rendered":"Nau\u010dite nema\u010dki u Be\u010du &#8211; nema\u010dki kursevi A1 do C2 &#8211; Jezi\u010dka \u0161kola za nema\u010dke kurseve"},"content":{"rendered":"<h1>Nau\u010dite nema\u010dki u Be\u010du &#8211; nema\u010dki kursevi A1 do C2 &#8211; Jezi\u010dka \u0161kola za nema\u010dke kurseve<\/h1>\n<p>Nema\u010dki kursevi u Be\u010du &#8211; U\u010dite nema\u010dki u Be\u010du! Na\u0161a jezi\u010dka \u0161kola je specijalizirana za kurseve nema\u010dkog jezika. Be\u010d je jedan od najlep\u0161ih nema\u010dkih gradova u Evropi. U\u010dite nema\u010dki i u\u017eivajte u austrijskoj kulturi. Nudimo razli\u010dite kurseve nema\u010dkog jezika na razli\u010ditim jezi\u010dkim nivoima.<\/p>\n<div class=\"BorlabsCookie _brlbs-cb-youtube\"><div class=\"_brlbs-content-blocker\"> <div class=\"_brlbs-embed _brlbs-video-youtube\"> <img class=\"_brlbs-thumbnail\" src=\"https:\/\/www.sprachschule-aktiv-wien.at\/wp-content\/plugins\/borlabs-cookie\/assets\/images\/cb-no-thumbnail.png\" alt=\"YouTube\"> <div class=\"_brlbs-caption\"> <p>Mit dem Laden des Videos akzeptieren Sie die Datenschutzerkl\u00e4rung von YouTube.<br><a href=\"https:\/\/policies.google.com\/privacy\" target=\"_blank\" rel=\"nofollow noopener noreferrer\">Mehr erfahren<\/a><\/p> <p><a class=\"_brlbs-btn _brlbs-icon-play-white\" href=\"#\" data-borlabs-cookie-unblock role=\"button\">Video laden<\/a><\/p> <p><label><input type=\"checkbox\" name=\"unblockAll\" value=\"1\" checked> <small>YouTube immer entsperren<\/small><\/label><\/p> <\/div> <\/div> <\/div><div class=\"borlabs-hide\" data-borlabs-cookie-type=\"content-blocker\" data-borlabs-cookie-id=\"youtube\"><script type=\"text\/template\">PHA+PGlmcmFtZSBzcmM9Imh0dHBzOi8vd3d3LnlvdXR1YmUtbm9jb29raWUuY29tL2VtYmVkL1h6SUl6em00SmFZIiB3aWR0aD0iNTYwIiBoZWlnaHQ9IjMxNSIgZnJhbWVib3JkZXI9IjAiIGFsbG93ZnVsbHNjcmVlbj0iYWxsb3dmdWxsc2NyZWVuIj48L2lmcmFtZT48L3A+<\/script><\/div><\/div>\n<p>&nbsp;<\/p>\n<h2>Nema\u010dki kursevi u Be\u010du za po\u010detnike ili napredne &#8211; A1, A2, B1, B2, C1, C2<\/h2>\n<p>Bez obzira na nivo koji ste postigli i za \u0161ta ciljate: imamo pravi put za vas. Svi kursevi su dostupni na nivoima A1, A2, B1, B2, C1 i C2. Prema va\u0161im individualnim idejama, nudimo slede\u0107e kurseve:<\/p>\n<p>Nema\u010dki intenzivni kursevi: Svakodnevno tri sata ujutro ili u poluintenzivnom kursu samo jedan sat i po, bilo ujutru ili uve\u010de.<br \/>\nVe\u010dernje \u010dasove: \u010casovi se odr\u017eavaju u malim grupama. Oni u\u010de u mirnoj i prijateljskoj atmosferi.<br \/>\nPrivatne lekcije: Na\u0161i nastavnici do\u0111u do vas i zasnivaju se na va\u0161im idejama.<br \/>\n\u00d6IF \/ \u00d6SD kursevi nema\u010dkog jezika: Ako \u017eelite da pola\u017eete ispit sertifikata, onda \u0107emo vas optimalno pripremiti.<br \/>\n\u00d6IF \/ \u00d6SD pripremni kursevi: Da bi se pripremili za OIF \/ OSD ispit, na raspolaganju su vam kursevi za pripremu ispita.<br \/>\nNema\u010dki kurs sa smje\u0161taje<br \/>\nNema\u010dki kurs i viza za Austriju<br \/>\nO Be\u010du &#8211; Slobodno vrijeme i op\u0161te informacije<\/p>\n<div class=\"BorlabsCookie _brlbs-cb-youtube\"><div class=\"_brlbs-content-blocker\"> <div class=\"_brlbs-embed _brlbs-video-youtube\"> <img class=\"_brlbs-thumbnail\" src=\"https:\/\/www.sprachschule-aktiv-wien.at\/wp-content\/plugins\/borlabs-cookie\/assets\/images\/cb-no-thumbnail.png\" alt=\"YouTube\"> <div class=\"_brlbs-caption\"> <p>Mit dem Laden des Videos akzeptieren Sie die Datenschutzerkl\u00e4rung von YouTube.<br><a href=\"https:\/\/policies.google.com\/privacy\" target=\"_blank\" rel=\"nofollow noopener noreferrer\">Mehr erfahren<\/a><\/p> <p><a class=\"_brlbs-btn _brlbs-icon-play-white\" href=\"#\" data-borlabs-cookie-unblock role=\"button\">Video laden<\/a><\/p> <p><label><input type=\"checkbox\" name=\"unblockAll\" value=\"1\" checked> <small>YouTube immer entsperren<\/small><\/label><\/p> <\/div> <\/div> <\/div><div class=\"borlabs-hide\" data-borlabs-cookie-type=\"content-blocker\" data-borlabs-cookie-id=\"youtube\"><script type=\"text\/template\">PHA+PGlmcmFtZSBzcmM9Imh0dHBzOi8vd3d3LnlvdXR1YmUtbm9jb29raWUuY29tL2VtYmVkL09tbERYMXJETC13IiB3aWR0aD0iNTYwIiBoZWlnaHQ9IjMxNSIgZnJhbWVib3JkZXI9IjAiIGFsbG93ZnVsbHNjcmVlbj0iYWxsb3dmdWxsc2NyZWVuIj48L2lmcmFtZT48L3A+<\/script><\/div><\/div>\n<p>&nbsp;<\/p>\n<h2>Nema\u010dki kurs u Be\u010du se odvija u malim grupama<\/h2>\n<p>Za optimalan uspeh u u\u010denju, veli\u010dina grupe je klju\u010dni faktor. \u0160to je manja grupa, lak\u0161e se odgovore na va\u0161a pitanja i elimini\u0161u vam problemi. Intenzivno se anga\u017euju sa jezikom i time posti\u017eu br\u017ei napredak. Iz tog razloga, uveravamo da veli\u010dina grupe od deset u\u010desnika nije prekora\u010dena.<\/p>\n<a href=\"https:\/\/www.sprachschule-aktiv-wien.at\/wp-content\/uploads\/2021\/03\/naucite-nemacki-u-becu-2.jpg\"><img decoding=\"async\" class=\"alignnone  wp-image-32966\" src=\"https:\/\/www.sprachschule-aktiv-wien.at\/wp-content\/uploads\/2021\/03\/naucite-nemacki-u-becu-2.jpg\" alt=\"Nau\u010dite nema\u010dki u Be\u010du\" width=\"483\" height=\"360\" srcset=\"https:\/\/www.sprachschule-aktiv-wien.at\/wp-content\/uploads\/2021\/03\/naucite-nemacki-u-becu-2.jpg 709w, https:\/\/www.sprachschule-aktiv-wien.at\/wp-content\/uploads\/2021\/03\/naucite-nemacki-u-becu-2-300x224.jpg 300w, https:\/\/www.sprachschule-aktiv-wien.at\/wp-content\/uploads\/2021\/03\/naucite-nemacki-u-becu-2-283x212.jpg 283w\" sizes=\"(max-width: 483px) 100vw, 483px\" \/><\/a> <a href=\"https:\/\/www.sprachschule-aktiv-wien.at\/wp-content\/uploads\/2021\/03\/njjemacki-tecajevi-u-becu-sprachschule-aktiv-wien.jpg\"><img decoding=\"async\" class=\"alignnone wp-image-32842\" src=\"https:\/\/www.sprachschule-aktiv-wien.at\/wp-content\/uploads\/2021\/03\/njjemacki-tecajevi-u-becu-sprachschule-aktiv-wien.jpg\" alt=\"Njema\u010dki te\u010dajevi u Be\u010du Sprachschule Aktiv Wien\" width=\"481\" height=\"360\" srcset=\"https:\/\/www.sprachschule-aktiv-wien.at\/wp-content\/uploads\/2021\/03\/njjemacki-tecajevi-u-becu-sprachschule-aktiv-wien.jpg 397w, https:\/\/www.sprachschule-aktiv-wien.at\/wp-content\/uploads\/2021\/03\/njjemacki-tecajevi-u-becu-sprachschule-aktiv-wien-300x224.jpg 300w, https:\/\/www.sprachschule-aktiv-wien.at\/wp-content\/uploads\/2021\/03\/njjemacki-tecajevi-u-becu-sprachschule-aktiv-wien-283x212.jpg 283w\" sizes=\"(max-width: 481px) 100vw, 481px\" \/><\/a>\n<h2>Nastavnik je klju\u010dni faktor<\/h2>\n<p>Pored veli\u010dine grupe, jezikski trener je va\u017ean faktor za u\u010denje uspeha. Mi ne donosimo odluku za ili protiv u\u010ditelja. Va\u017eno je, naravno, da je izvorni govornik i da on ili ona mogu pokazati pedago\u0161ku sposobnost. Pored toga, mora biti prijateljska li\u010dnost, koja motivi\u0161e u\u010denike i podsti\u010de saradnju. Zato je zabavno govoriti na nema\u010dkom. Ovde \u0107ete prona\u0107i slike i video na\u0161ih nema\u010dkih nastavnika, sobe gde ce da u\u010dite i na\u0161u nema\u010dku \u0161kolu u Be\u010du.<\/p>\n<h2>U\u010dite nema\u010dki u Be\u010du bez rizika<\/h2>\n<p>Pre svega, va\u017eno je da u\u010destvujete u pravom kursu. Iz tog razloga nudimo vam besplatan test za plasman. To mo\u017eete u\u010diniti kod ku\u0107e preko Interneta ili u na\u0161im u\u010dionicama u Be\u010du. Stoga, mo\u017eete biti sigurni da ste na pravom kursu. Brzo napredujete, jer se ne ose\u0107ate preoptere\u0107enim ili nedovoljnim izazovima.<\/p>\n<p>Prvi sat je uvek probna lekcija. Tokom ovog vremena mo\u017eete mirno testirati kurs. Neka joj se ose\u0107aj govori, da li voli\u0161 nastavnika ili ne. Ako niste u potpunosti zadovoljni, dobi\u0107ete svoj novac na\u017eat.<\/p>\n<h2>Bavimo se i za Vizu Austri\u010dku &#8211; Nema\u010dkog jezika i Vize<\/h2>\n<p>Ako \u017eelite studirati u Austriji i niste dr\u017eavljanin dr\u017eave \u010dlanice EU, potrebna vam je viza za kurs nema\u010dkog jezika. Mi vam poma\u017eemo u stvaranju. Ako nemate jezi\u010dke ve\u0161tine, ispravno popunjavanje formulara mo\u017ee biti izazovno.<\/p>\n<h2>Na\u0161a \u0161kola nema\u010dkog jezika se nalazi u centru Be\u010da<\/h2>\n<p>Do nas je lako do\u0107i automobilom ili javnim prevozom. Adresa do nas: Faulmanngasse 4, 1040 Be\u010d.<br \/>\n<a href=\"https:\/\/www.sprachschule-aktiv-wien.at\/wp-content\/uploads\/2021\/03\/sprachschule-aktiv-wien-oeif-zertifiziert-noe-zertifizert-waff-wiencert-oecert.jpg\"><img decoding=\"async\" class=\"alignnone  wp-image-32594\" src=\"https:\/\/www.sprachschule-aktiv-wien.at\/wp-content\/uploads\/2021\/03\/sprachschule-aktiv-wien-oeif-zertifiziert-noe-zertifizert-waff-wiencert-oecert.jpg\" alt=\"Sprachschule Aktiv Wien - \u00d6IF, WAFF, \u00d6-CERT, WIEN-CERT, WIENER SPRACHGUTSCHEIN\" width=\"611\" height=\"102\" srcset=\"https:\/\/www.sprachschule-aktiv-wien.at\/wp-content\/uploads\/2021\/03\/sprachschule-aktiv-wien-oeif-zertifiziert-noe-zertifizert-waff-wiencert-oecert.jpg 689w, https:\/\/www.sprachschule-aktiv-wien.at\/wp-content\/uploads\/2021\/03\/sprachschule-aktiv-wien-oeif-zertifiziert-noe-zertifizert-waff-wiencert-oecert-300x50.jpg 300w\" sizes=\"(max-width: 611px) 100vw, 611px\" \/><\/a><\/p>\n<h2>Kursevi nema\u010dkog jezika u Be\u010du &#8211; va\u0161e prednosti<\/h2>\n<p>Posve\u0107enost na\u0161ih nastavnika ne zaustavlja se s nastavom na jeziku. Oni organizuju izlete i zabavne aktivnosti. Be\u010d je veoma lep grad i ima bezbrojnih znamenitosti za otkrivanje. Na\u0161i nastavnici ne samo sebe vide kao pedagoge, ve\u0107 i \u017eele da vas upoznaju sa nema\u010dkim, a posebno austrijskim na\u010dinom \u017eivota.<\/p>\n<p><strong>Na\u0161e prednosti na prvi pogled:<\/strong><\/p>\n<p>Besplatna probna lekcija<br \/>\nNovac Nazad Garancija<br \/>\nIzleti i zabavne aktivnosti nakon nema\u010dkog kursa<br \/>\nNeobavezuju\u0107a klasifikacija na mre\u017ei ili li\u010dno u na\u0161oj \u0161koli jezika<br \/>\nKvalifikovani i simpati\u010dni nema\u010dki nastavnici<br \/>\nPriznati sertifikate jezika<\/p>\n<h2>Kursevi nema\u010dkog jezika u Be\u010du sa besplatnim probnim \u010dasom<\/h2>\n<p>Ako \u017eelite nau\u010diti nema\u010dki jezik u prelepom gradu Be\u010du, onda se registrujte sada. Ne rizikujete. Jer, ako vam se ne svi\u0111a kurs, onda \u0107ete vratiti svoj novac. Sada organizujte nema\u010dki kurs uz besplatnu probnu lekciju!<\/p>\n","protected":false},"excerpt":{"rendered":"<p>Nau\u010dite nema\u010dki u Be\u010du &#8211; nema\u010dki kursevi A1 do C2 &#8211; Jezi\u010dka \u0161kola za nema\u010dke kurseve Nema\u010dki kursevi u Be\u010du &#8211; U\u010dite nema\u010dki u Be\u010du! Na\u0161a jezi\u010dka \u0161kola je specijalizirana za kurseve nema\u010dkog jezika. Be\u010d je jedan od najlep\u0161ih nema\u010dkih gradova u Evropi. U\u010dite nema\u010dki i u\u017eivajte u austrijskoj kulturi. Nudimo razli\u010dite kurseve nema\u010dkog jezika&hellip; <a class=\"read-more\" href=\"https:\/\/www.sprachschule-aktiv-wien.at\/sr\/naucite-nemacki-u-becu-nemacki-kursevi-a1-do-c2-jezicka-skola-za-nemacke-kurseve\/\" title=\"Read Nau\u010dite nema\u010dki u Be\u010du &#8211; nema\u010dki kursevi A1 do C2 &#8211; Jezi\u010dka \u0161kola za nema\u010dke kurseve\">Read more &raquo;<\/a><\/p>\n","protected":false},"author":7,"featured_media":0,"parent":0,"menu_order":0,"comment_status":"closed","ping_status":"closed","template":"","meta":{"footnotes":""},"class_list":["post-7243","page","type-page","status-publish","hentry"],"yoast_head":"<!-- This site is optimized with the Yoast SEO plugin v27.1.1 - https:\/\/yoast.com\/product\/yoast-seo-wordpress\/ -->\n<title>Nau\u010dite nema\u010dki u Be\u010du - Jezi\u010dka \u0161kola za nema\u010dke kurseve<\/title>\n<meta name=\"description\" content=\"U\u010dite nema\u010dki u Be\u010du! Na\u0161a jezi\u010dka \u0161kola je specijalizirana za kurseve nema\u010dkog jezika. Be\u010d je jedan od najlep\u0161ih nema\u010dkih gradova u Evropi.\" \/>\n<meta name=\"robots\" content=\"index, follow, max-snippet:-1, max-image-preview:large, max-video-preview:-1\" \/>\n<link rel=\"canonical\" href=\"https:\/\/www.sprachschule-aktiv-wien.at\/sr\/naucite-nemacki-u-becu-nemacki-kursevi-a1-do-c2-jezicka-skola-za-nemacke-kurseve\/\" \/>\n<meta property=\"og:locale\" content=\"sr_RS\" \/>\n<meta property=\"og:type\" content=\"article\" \/>\n<meta property=\"og:title\" content=\"Nau\u010dite nema\u010dki u Be\u010du - Jezi\u010dka \u0161kola za nema\u010dke kurseve\" \/>\n<meta property=\"og:description\" content=\"U\u010dite nema\u010dki u Be\u010du! Na\u0161a jezi\u010dka \u0161kola je specijalizirana za kurseve nema\u010dkog jezika. Be\u010d je jedan od najlep\u0161ih nema\u010dkih gradova u Evropi.\" \/>\n<meta property=\"og:url\" content=\"https:\/\/www.sprachschule-aktiv-wien.at\/sr\/naucite-nemacki-u-becu-nemacki-kursevi-a1-do-c2-jezicka-skola-za-nemacke-kurseve\/\" \/>\n<meta property=\"og:site_name\" content=\"Sprachschule Aktiv Wien\" \/>\n<meta property=\"article:modified_time\" content=\"2021-03-30T20:42:17+00:00\" \/>\n<meta property=\"og:image\" content=\"https:\/\/www.sprachschule-aktiv-wien.at\/wp-content\/uploads\/2021\/03\/naucite-nemacki-u-becu-2.jpg\" \/>\n<meta name=\"twitter:label1\" content=\"\u041f\u0440\u043e\u0446\u0435\u045a\u0435\u043d\u043e \u0432\u0440\u0435\u043c\u0435 \u0447\u0438\u0442\u0430\u045a\u0430\" \/>\n\t<meta name=\"twitter:data1\" content=\"4 \u043c\u0438\u043d\u0443\u0442\u0430\" \/>\n<script type=\"application\/ld+json\" class=\"yoast-schema-graph\">{\"@context\":\"https:\/\/schema.org\",\"@graph\":[{\"@type\":\"WebPage\",\"@id\":\"https:\/\/www.sprachschule-aktiv-wien.at\/sr\/naucite-nemacki-u-becu-nemacki-kursevi-a1-do-c2-jezicka-skola-za-nemacke-kurseve\/\",\"url\":\"https:\/\/www.sprachschule-aktiv-wien.at\/sr\/naucite-nemacki-u-becu-nemacki-kursevi-a1-do-c2-jezicka-skola-za-nemacke-kurseve\/\",\"name\":\"Nau\u010dite nema\u010dki u Be\u010du - Jezi\u010dka \u0161kola za nema\u010dke kurseve\",\"isPartOf\":{\"@id\":\"https:\/\/www.sprachschule-aktiv-wien.at\/#website\"},\"primaryImageOfPage\":{\"@id\":\"https:\/\/www.sprachschule-aktiv-wien.at\/sr\/naucite-nemacki-u-becu-nemacki-kursevi-a1-do-c2-jezicka-skola-za-nemacke-kurseve\/#primaryimage\"},\"image\":{\"@id\":\"https:\/\/www.sprachschule-aktiv-wien.at\/sr\/naucite-nemacki-u-becu-nemacki-kursevi-a1-do-c2-jezicka-skola-za-nemacke-kurseve\/#primaryimage\"},\"thumbnailUrl\":\"https:\/\/www.sprachschule-aktiv-wien.at\/wp-content\/uploads\/2021\/03\/naucite-nemacki-u-becu-2.jpg\",\"datePublished\":\"2018-08-02T04:49:25+00:00\",\"dateModified\":\"2021-03-30T20:42:17+00:00\",\"description\":\"U\u010dite nema\u010dki u Be\u010du! Na\u0161a jezi\u010dka \u0161kola je specijalizirana za kurseve nema\u010dkog jezika. Be\u010d je jedan od najlep\u0161ih nema\u010dkih gradova u Evropi.\",\"breadcrumb\":{\"@id\":\"https:\/\/www.sprachschule-aktiv-wien.at\/sr\/naucite-nemacki-u-becu-nemacki-kursevi-a1-do-c2-jezicka-skola-za-nemacke-kurseve\/#breadcrumb\"},\"inLanguage\":\"sr-RS\",\"potentialAction\":[{\"@type\":\"ReadAction\",\"target\":[\"https:\/\/www.sprachschule-aktiv-wien.at\/sr\/naucite-nemacki-u-becu-nemacki-kursevi-a1-do-c2-jezicka-skola-za-nemacke-kurseve\/\"]}]},{\"@type\":\"ImageObject\",\"inLanguage\":\"sr-RS\",\"@id\":\"https:\/\/www.sprachschule-aktiv-wien.at\/sr\/naucite-nemacki-u-becu-nemacki-kursevi-a1-do-c2-jezicka-skola-za-nemacke-kurseve\/#primaryimage\",\"url\":\"https:\/\/www.sprachschule-aktiv-wien.at\/wp-content\/uploads\/2021\/03\/naucite-nemacki-u-becu-2.jpg\",\"contentUrl\":\"https:\/\/www.sprachschule-aktiv-wien.at\/wp-content\/uploads\/2021\/03\/naucite-nemacki-u-becu-2.jpg\"},{\"@type\":\"BreadcrumbList\",\"@id\":\"https:\/\/www.sprachschule-aktiv-wien.at\/sr\/naucite-nemacki-u-becu-nemacki-kursevi-a1-do-c2-jezicka-skola-za-nemacke-kurseve\/#breadcrumb\",\"itemListElement\":[{\"@type\":\"ListItem\",\"position\":1,\"name\":\"Home\",\"item\":\"https:\/\/www.sprachschule-aktiv-wien.at\/sr\/\"},{\"@type\":\"ListItem\",\"position\":2,\"name\":\"Nau\u010dite nema\u010dki u Be\u010du &#8211; nema\u010dki kursevi A1 do C2 &#8211; Jezi\u010dka \u0161kola za nema\u010dke kurseve\"}]},{\"@type\":\"WebSite\",\"@id\":\"https:\/\/www.sprachschule-aktiv-wien.at\/#website\",\"url\":\"https:\/\/www.sprachschule-aktiv-wien.at\/\",\"name\":\"Sprachschule Aktiv Wien\",\"description\":\"\",\"potentialAction\":[{\"@type\":\"SearchAction\",\"target\":{\"@type\":\"EntryPoint\",\"urlTemplate\":\"https:\/\/www.sprachschule-aktiv-wien.at\/?s={search_term_string}\"},\"query-input\":{\"@type\":\"PropertyValueSpecification\",\"valueRequired\":true,\"valueName\":\"search_term_string\"}}],\"inLanguage\":\"sr-RS\"}]}<\/script>\n<!-- \/ Yoast SEO plugin. -->","yoast_head_json":{"title":"Nau\u010dite nema\u010dki u Be\u010du - Jezi\u010dka \u0161kola za nema\u010dke kurseve","description":"U\u010dite nema\u010dki u Be\u010du! Na\u0161a jezi\u010dka \u0161kola je specijalizirana za kurseve nema\u010dkog jezika. Be\u010d je jedan od najlep\u0161ih nema\u010dkih gradova u Evropi.","robots":{"index":"index","follow":"follow","max-snippet":"max-snippet:-1","max-image-preview":"max-image-preview:large","max-video-preview":"max-video-preview:-1"},"canonical":"https:\/\/www.sprachschule-aktiv-wien.at\/sr\/naucite-nemacki-u-becu-nemacki-kursevi-a1-do-c2-jezicka-skola-za-nemacke-kurseve\/","og_locale":"sr_RS","og_type":"article","og_title":"Nau\u010dite nema\u010dki u Be\u010du - Jezi\u010dka \u0161kola za nema\u010dke kurseve","og_description":"U\u010dite nema\u010dki u Be\u010du! Na\u0161a jezi\u010dka \u0161kola je specijalizirana za kurseve nema\u010dkog jezika. Be\u010d je jedan od najlep\u0161ih nema\u010dkih gradova u Evropi.","og_url":"https:\/\/www.sprachschule-aktiv-wien.at\/sr\/naucite-nemacki-u-becu-nemacki-kursevi-a1-do-c2-jezicka-skola-za-nemacke-kurseve\/","og_site_name":"Sprachschule Aktiv Wien","article_modified_time":"2021-03-30T20:42:17+00:00","og_image":[{"url":"https:\/\/www.sprachschule-aktiv-wien.at\/wp-content\/uploads\/2021\/03\/naucite-nemacki-u-becu-2.jpg","type":"","width":"","height":""}],"twitter_misc":{"\u041f\u0440\u043e\u0446\u0435\u045a\u0435\u043d\u043e \u0432\u0440\u0435\u043c\u0435 \u0447\u0438\u0442\u0430\u045a\u0430":"4 \u043c\u0438\u043d\u0443\u0442\u0430"},"schema":{"@context":"https:\/\/schema.org","@graph":[{"@type":"WebPage","@id":"https:\/\/www.sprachschule-aktiv-wien.at\/sr\/naucite-nemacki-u-becu-nemacki-kursevi-a1-do-c2-jezicka-skola-za-nemacke-kurseve\/","url":"https:\/\/www.sprachschule-aktiv-wien.at\/sr\/naucite-nemacki-u-becu-nemacki-kursevi-a1-do-c2-jezicka-skola-za-nemacke-kurseve\/","name":"Nau\u010dite nema\u010dki u Be\u010du - Jezi\u010dka \u0161kola za nema\u010dke kurseve","isPartOf":{"@id":"https:\/\/www.sprachschule-aktiv-wien.at\/#website"},"primaryImageOfPage":{"@id":"https:\/\/www.sprachschule-aktiv-wien.at\/sr\/naucite-nemacki-u-becu-nemacki-kursevi-a1-do-c2-jezicka-skola-za-nemacke-kurseve\/#primaryimage"},"image":{"@id":"https:\/\/www.sprachschule-aktiv-wien.at\/sr\/naucite-nemacki-u-becu-nemacki-kursevi-a1-do-c2-jezicka-skola-za-nemacke-kurseve\/#primaryimage"},"thumbnailUrl":"https:\/\/www.sprachschule-aktiv-wien.at\/wp-content\/uploads\/2021\/03\/naucite-nemacki-u-becu-2.jpg","datePublished":"2018-08-02T04:49:25+00:00","dateModified":"2021-03-30T20:42:17+00:00","description":"U\u010dite nema\u010dki u Be\u010du! Na\u0161a jezi\u010dka \u0161kola je specijalizirana za kurseve nema\u010dkog jezika. Be\u010d je jedan od najlep\u0161ih nema\u010dkih gradova u Evropi.","breadcrumb":{"@id":"https:\/\/www.sprachschule-aktiv-wien.at\/sr\/naucite-nemacki-u-becu-nemacki-kursevi-a1-do-c2-jezicka-skola-za-nemacke-kurseve\/#breadcrumb"},"inLanguage":"sr-RS","potentialAction":[{"@type":"ReadAction","target":["https:\/\/www.sprachschule-aktiv-wien.at\/sr\/naucite-nemacki-u-becu-nemacki-kursevi-a1-do-c2-jezicka-skola-za-nemacke-kurseve\/"]}]},{"@type":"ImageObject","inLanguage":"sr-RS","@id":"https:\/\/www.sprachschule-aktiv-wien.at\/sr\/naucite-nemacki-u-becu-nemacki-kursevi-a1-do-c2-jezicka-skola-za-nemacke-kurseve\/#primaryimage","url":"https:\/\/www.sprachschule-aktiv-wien.at\/wp-content\/uploads\/2021\/03\/naucite-nemacki-u-becu-2.jpg","contentUrl":"https:\/\/www.sprachschule-aktiv-wien.at\/wp-content\/uploads\/2021\/03\/naucite-nemacki-u-becu-2.jpg"},{"@type":"BreadcrumbList","@id":"https:\/\/www.sprachschule-aktiv-wien.at\/sr\/naucite-nemacki-u-becu-nemacki-kursevi-a1-do-c2-jezicka-skola-za-nemacke-kurseve\/#breadcrumb","itemListElement":[{"@type":"ListItem","position":1,"name":"Home","item":"https:\/\/www.sprachschule-aktiv-wien.at\/sr\/"},{"@type":"ListItem","position":2,"name":"Nau\u010dite nema\u010dki u Be\u010du &#8211; nema\u010dki kursevi A1 do C2 &#8211; Jezi\u010dka \u0161kola za nema\u010dke kurseve"}]},{"@type":"WebSite","@id":"https:\/\/www.sprachschule-aktiv-wien.at\/#website","url":"https:\/\/www.sprachschule-aktiv-wien.at\/","name":"Sprachschule Aktiv Wien","description":"","potentialAction":[{"@type":"SearchAction","target":{"@type":"EntryPoint","urlTemplate":"https:\/\/www.sprachschule-aktiv-wien.at\/?s={search_term_string}"},"query-input":{"@type":"PropertyValueSpecification","valueRequired":true,"valueName":"search_term_string"}}],"inLanguage":"sr-RS"}]}},"_links":{"self":[{"href":"https:\/\/www.sprachschule-aktiv-wien.at\/sr\/wp-json\/wp\/v2\/pages\/7243","targetHints":{"allow":["GET"]}}],"collection":[{"href":"https:\/\/www.sprachschule-aktiv-wien.at\/sr\/wp-json\/wp\/v2\/pages"}],"about":[{"href":"https:\/\/www.sprachschule-aktiv-wien.at\/sr\/wp-json\/wp\/v2\/types\/page"}],"author":[{"embeddable":true,"href":"https:\/\/www.sprachschule-aktiv-wien.at\/sr\/wp-json\/wp\/v2\/users\/7"}],"replies":[{"embeddable":true,"href":"https:\/\/www.sprachschule-aktiv-wien.at\/sr\/wp-json\/wp\/v2\/comments?post=7243"}],"version-history":[{"count":15,"href":"https:\/\/www.sprachschule-aktiv-wien.at\/sr\/wp-json\/wp\/v2\/pages\/7243\/revisions"}],"predecessor-version":[{"id":7404,"href":"https:\/\/www.sprachschule-aktiv-wien.at\/sr\/wp-json\/wp\/v2\/pages\/7243\/revisions\/7404"}],"wp:attachment":[{"href":"https:\/\/www.sprachschule-aktiv-wien.at\/sr\/wp-json\/wp\/v2\/media?parent=7243"}],"curies":[{"name":"wp","href":"https:\/\/api.w.org\/{rel}","templated":true}]}}