{"id":7241,"date":"2018-08-02T04:50:44","date_gmt":"2018-08-02T04:50:44","guid":{"rendered":"https:\/\/www.sprachschule-aktiv-wien.at\/?page_id=7241"},"modified":"2023-05-11T13:36:48","modified_gmt":"2023-05-11T13:36:48","slug":"pripremni-kursevi-nemackog-jezika-za-oeif-oesd-test-u-becu","status":"publish","type":"page","link":"https:\/\/www.sprachschule-aktiv-wien.at\/sr\/pripremni-kursevi-nemackog-jezika-za-oeif-oesd-test-u-becu\/","title":{"rendered":"Pripremni kursevi nema\u010dkog jezika za \u00d6IF \/ \u00d6SD test u Be\u010du"},"content":{"rendered":"<p>[vc_row css=&#8221;.vc_custom_1535981368331{margin-top: 15px !important;padding-bottom: 15px !important;}&#8221;][vc_column][vc_column_text]<\/p>\n<h1>Pripremni kursevi nema\u010dkog jezika za \u00d6IF \/ \u00d6SD test u Be\u010du<\/h1>\n<p>Da bi se pripremili za \u00d6IF ili \u00d6SD ispite, kursevi za pripremu ispita su dostupni. Na osnovu prakti\u010dnih modela testova, obja\u0161njeni su i primenjeni ispiti A1 do C1. \u00d6IF pripremni kursevi prate kurseve jezika i vrijednosti, te vam omogu\u0107avaju da se pripremite za integracione ispite, ne samo u smislu sadr\u017eaja ve\u0107 i formalno.<br \/>\n[\/vc_column_text][vc_row_inner][vc_column_inner width=&#8221;1\/2&#8243;][vc_column_text]<a href=\"https:\/\/www.sprachschule-aktiv-wien.at\/wp-content\/uploads\/2021\/03\/pripremni-kursevi-nemackog-jezika-za-oeif-oesd-test-u-becu.jpg\"><img decoding=\"async\" class=\"alignnone wp-image-32989\" src=\"https:\/\/www.sprachschule-aktiv-wien.at\/wp-content\/uploads\/2021\/03\/pripremni-kursevi-nemackog-jezika-za-oeif-oesd-test-u-becu.jpg\" alt=\"Pripremni kursevi nema\u010dkog jezika za \u00d6IF \/ \u00d6SD test u Be\u010du\" width=\"429\" height=\"321\" srcset=\"https:\/\/www.sprachschule-aktiv-wien.at\/wp-content\/uploads\/2021\/03\/pripremni-kursevi-nemackog-jezika-za-oeif-oesd-test-u-becu.jpg 510w, https:\/\/www.sprachschule-aktiv-wien.at\/wp-content\/uploads\/2021\/03\/pripremni-kursevi-nemackog-jezika-za-oeif-oesd-test-u-becu-300x225.jpg 300w, https:\/\/www.sprachschule-aktiv-wien.at\/wp-content\/uploads\/2021\/03\/pripremni-kursevi-nemackog-jezika-za-oeif-oesd-test-u-becu-283x212.jpg 283w\" sizes=\"(max-width: 429px) 100vw, 429px\" \/><\/a>[\/vc_column_text][\/vc_column_inner][vc_column_inner width=&#8221;1\/2&#8243;][vc_column_text]<div class=\"BorlabsCookie _brlbs-cb-youtube\"><div class=\"_brlbs-content-blocker\"> <div class=\"_brlbs-embed _brlbs-video-youtube\"> <img class=\"_brlbs-thumbnail\" src=\"https:\/\/www.sprachschule-aktiv-wien.at\/wp-content\/plugins\/borlabs-cookie\/assets\/images\/cb-no-thumbnail.png\" alt=\"YouTube\"> <div class=\"_brlbs-caption\"> <p>Mit dem Laden des Videos akzeptieren Sie die Datenschutzerkl\u00e4rung von YouTube.<br><a href=\"https:\/\/policies.google.com\/privacy\" target=\"_blank\" rel=\"nofollow noopener noreferrer\">Mehr erfahren<\/a><\/p> <p><a class=\"_brlbs-btn _brlbs-icon-play-white\" href=\"#\" data-borlabs-cookie-unblock role=\"button\">Video laden<\/a><\/p> <p><label><input type=\"checkbox\" name=\"unblockAll\" value=\"1\" checked> <small>YouTube immer entsperren<\/small><\/label><\/p> <\/div> <\/div> <\/div><div class=\"borlabs-hide\" data-borlabs-cookie-type=\"content-blocker\" data-borlabs-cookie-id=\"youtube\"><script type=\"text\/template\">PGlmcmFtZSBzcmM9Imh0dHBzOi8vd3d3LnlvdXR1YmUtbm9jb29raWUuY29tL2VtYmVkL09tbERYMXJETC13IiB3aWR0aD0iMTAwJSIgaGVpZ2h0PSIzMjAiIGZyYW1lYm9yZGVyPSIwIiBhbGxvd2Z1bGxzY3JlZW49ImFsbG93ZnVsbHNjcmVlbiI+PC9pZnJhbWU+<\/script><\/div><\/div>[\/vc_column_text][\/vc_column_inner][\/vc_row_inner][\/vc_column][\/vc_row][vc_row full_width=&#8221;stretch_row&#8221; css=&#8221;.vc_custom_1535981443547{padding-top: 15px !important;padding-bottom: 15px !important;background-color: #f9f9f9 !important;}&#8221;][vc_column][vc_column_text]<\/p>\n<h2>Kursevi pripreme za OIF ispite u Be\u010du<\/h2>\n<p>Kurs za pripremu ispita se odr\u017eava u subotu nakon zavr\u0161etka kursa ili pre odgovaraju\u0107eg datuma ispitivanja OIF. Napravite test orijentisanog na praksu za postignute kurseve nivoa A1, A2 ili B1 u uslovima realnog vremena, \u0161to \u0107ete morati uraditi tokom testa integracije OIF-a.<\/p>\n<p>Re\u0107i \u0107emo vam unapred kako \u0107e svaki ispit biti pokrenut, pokazati kako je organizovan i \u0161ta treba da pazite, a zatim, nakon probnog rada, pregledajte re\u0161enja u grupi.<\/p>\n<p>Ako vi\u0161e volite individualnu obuku za ispite, na\u0161i privatni kursevi su tako\u0111e dostupni.<\/p>\n<p><strong>Nivo:<\/strong> A1, A2, B1<br \/>\n<strong>Cilj kursa:<\/strong> postizanje nema\u010dkog nivoa integracije A1, A2 ili B1<br \/>\n<strong>Ciljna grupa:<\/strong> Svako ko \u017eeli da polo\u017ei OIF ispit ili \u017eeli posti\u0107i nema\u010dki nivo A1 \/ A2 \/ B1 uklju\u010duju\u0107i poznavanje orijentacije u Austriji<br \/>\n<strong>Preduslovi:<\/strong> Ve\u0107 ste zavr\u0161ili kurs nema\u010dkog jezika na prethodnom nivou<\/p>\n<h2>Pripremni kursevi za OSD ispite u Be\u010du<\/h2>\n<p><strong>Nivo:<\/strong> A1, A2, B1, B2, C1, C2<br \/>\n<strong>Cilj predmeta:<\/strong> Priprema ispita za OSD sertifikate<br \/>\n<strong>Ciljna grupa<\/strong>: Svako ko \u017eeli da polo\u017ei \u00d6SD ispit<br \/>\n<strong>Preduslovi:<\/strong> Ve\u0107 ste zavr\u0161ili kurs nema\u010dkog jezika na prethodnom nivou<\/p>\n\t<div class=\"vc_btn3-container vc_btn3-inline\">\n\t\t<a href=\"\/sr\/kontakt\/\" class=\"pgs_btn pgs_btn_style_1 pgs_btn_xl\">\n\t\t\t<span>\n\t\t\t\tKontaktirajte nas\t\t\t<\/span>\n\t\t\t\t\t\t<i class=\"fa fa-external-link\"><\/i>\n\t\t\t\t\t<\/a>\n\t<\/div>\n\t\n<h2>Cene i datumi na\u0161ih OIF i OSD pripremnih kurseva u Be\u010du<\/h2>\n<p>Cene i datumi na\u0161ih OIF i OSD pripremnih kurseva u Be\u010du: <a href=\"https:\/\/www.sprachschule-aktiv-wien.at\/vorbereitungskurse-oeif-oesd-pruefungen\/\">Link<\/a><\/p>\n\t<div class=\"vc_btn3-container vc_btn3-inline\">\n\t\t<a href=\"\/sr\/prijavite-se-sada%20\/\" class=\"pgs_btn pgs_btn_style_1 pgs_btn_xl\">\n\t\t\t<span>\n\t\t\t\tRegistruj se odmah\t\t\t<\/span>\n\t\t\t\t\t\t<i class=\"fa fa-external-link\"><\/i>\n\t\t\t\t\t<\/a>\n\t<\/div>\n\t\n<h2>Cene i Datumi \u00d6IF i \u00d6SD ispita u Be\u010du<\/h2>\n<p>Ovdje \u0107ete na\u0107i trenutne datume i cijene za OSD i OIF ispite: <a href=\"https:\/\/www.sprachschule-aktiv-wien.at\/oeif-pruefungen\/\">Link<\/a><\/p>\n\t<div class=\"vc_btn3-container vc_btn3-inline\">\n\t\t<a href=\"\/sr\/prijavite-se-sada%20\/\" class=\"pgs_btn pgs_btn_style_1 pgs_btn_xl\">\n\t\t\t<span>\n\t\t\t\tRegistruj se odmah\t\t\t<\/span>\n\t\t\t\t\t\t<i class=\"fa fa-external-link\"><\/i>\n\t\t\t\t\t<\/a>\n\t<\/div>\n\t\n<p>[\/vc_column_text][\/vc_column][\/vc_row][vc_row css=&#8221;.vc_custom_1535981553601{padding-top: 15px !important;padding-bottom: 15px !important;}&#8221;][vc_column][vc_column_text]<\/p>\n<h2>Kursevi pripreme za \u00d6IF A1 ispit<\/h2>\n<p>\u00d6IF A1 test mora biti proslije\u0111en da podnese zahtjev za izdavanje boravi\u0161ne dozvole u \u200b\u200bAustriji.<\/p>\n<p><strong>Trajanje kursa:<\/strong> 180 minuta<br \/>\n<strong>Trajanje ispita:<\/strong> 125 minuta<br \/>\n<strong>Pregled sadr\u017eaja:<br \/>\n<\/strong>Jezi\u010dki moduli: re\u010dnik i gramatika &#8211; 10 min.<br \/>\n\u010citanje: 30 min.<br \/>\nSlu\u0161aj: 15 min.<br \/>\nNapi\u0161ite: 15 min.<br \/>\nGovore\u0107i: 15 min.<br \/>\nVrednosti i znanje orijentacije: 40 min.<\/p>\n<h2>Kursevi pripreme za \u00d6IF A2<\/h2>\n<p>Standardizovani \u00d6IF A2 test smatra se sertifikatom za produ\u017eenje boravi\u0161ne dozvole.<\/p>\n<p><strong>Trajanje kursa:<\/strong> 200 minuta<br \/>\n<strong>Trajanje ispita:<\/strong> 140 minuta<br \/>\n<strong>Pregled sadr\u017eaja:<br \/>\n<\/strong>\u010citanje: 40 min.<br \/>\nSlu\u0161aj: 12 min.<br \/>\nNapi\u0161ite: 25 min.<br \/>\nGovori: 10 min.<br \/>\nVrednosti i znanje orijentacije: 40 min.<\/p>\n<h2>Kursevi pripreme \u00d6IF ispita B1<\/h2>\n<p>\u00d6IF B1 test je neophodan za podno\u0161enje zahtjeva za stalni boravak u Austriji ili austrijsko dr\u017eavljanstvo.<\/p>\n<p><strong>Trajanje kursa:<\/strong> 220 minuta<br \/>\n<strong>Trajanje ispita:<\/strong> 170 minuta<br \/>\n<strong>Pregled sadr\u017eaja:<br \/>\n<\/strong>\u010citanje: 45 min.<br \/>\nSlu\u0161aj: 25 min.<br \/>\nPisanje: 30 min.<br \/>\nGovori: 16 min.<br \/>\nVrednosti i znanje orijentacije: 40 min.<\/p>\n<p>Ovi testovi modela \u0107e vam omogu\u0107iti da primenite i pregledate znanje ste\u010deno na kursu jezika i vrednosti u odre\u0111enoj situaciji ispita, a zatim uporedite odgovore sa vama. Na\u0161i nastavnici \u0107e vam biti zadovoljni da odgovore na sva pitanja koja imate i da vam daju neke korisne savete na putu &#8230;<\/p>\n<h2>Priprema za OSD ispite<\/h2>\n<p>Na svim nivoima od A1 do C2, mo\u017eete se pripremiti za \u00d6SD ispite. U realnom vremenu \u0107ete izvr\u0161iti test orijentisanog na praksu za \u017eeljeni nivo A1, A2, B1, B2, C1 ili C2, kako biste trebali raditi na pravom \u00d6SD ispitu. Pre svega, objasniti modalitete ispita, onda \u0107emo komentarirati rezultate u pregledu.<\/p>\n<p>Ako biste voleli individualniju obuku za ispitivanje, u kojoj se bavimo slabostima i moduli se mogu postepeno prolaziti sa vama unapred, ako je potrebno, da biste uradili dodatne ve\u017ebe ili testove testova za model, na\u0161i privatni kursevi su vam na raspolaganju.<\/p>\n<p><strong>Sertifikat \u00d6SD (C1)<\/strong> priznaje se kao dokaz dovoljnog znanja nema\u010dkog jezika i potreban za prijem na Univerzitet u Be\u010du.<\/p>\n<h2>Priprema ispita za \u00d6SD Certifikat A1<\/h2>\n<p><strong>Trajanje kursa:<\/strong> 120 minuta<br \/>\n<strong>Preduslov:<\/strong> postignut nivo A1.2.<br \/>\n<strong>Pregled sadr\u017eaja:<br \/>\n<\/strong>\u010citanje razumevanja: 25 min.<br \/>\nSlu\u0161anje saznanja: 10 min.<br \/>\nNapi\u0161ite: 20 min.<br \/>\nGovori: 10 min.<br \/>\n<strong>Sertifikovane ve\u0161tine:<\/strong> Jezi\u010dke kompetencije u jednostavnim, rutinskim situacijama svakodnevnog \u017eivota na osnovnoj osnovi sa poznatim temama i aktivnostima. \u010citanje, slu\u0161anje, pisanje i govorenje modula, fokusiranje na \u010ditanje i slu\u0161anje receptivnih ve\u0161tina.<\/p>\n<h2>Priprema ispita za OSD sertifikat A2<\/h2>\n<p><strong>Trajanje kursa:<\/strong> 140 minuta<br \/>\n<strong>Preduslov:<\/strong> postignut nivo A2.2.<br \/>\n<strong>Pregled sadr\u017eaja:<br \/>\n<\/strong>\u010citanje razumevanja: 30 min.<br \/>\nSlu\u0161anje saznanja: 15 min.<br \/>\nPisanje: 30 min.<br \/>\nGovori: 10 min.<br \/>\n<strong>Sertifikovane ve\u0161tine:<\/strong> Sertifikovane ve\u0161tine: Jezi\u010dke kompetencije u jednostavnim, rutinskim situacijama svakodnevnog i profesionalnog \u017eivota na osnovnoj osnovi sa poznatim temama i aktivnostima. \u010citanje, slu\u0161anje, pisanje i govorenje modula, fokusiranje na \u010ditanje i slu\u0161anje receptivnih ve\u0161tina<\/p>\n<h2>Priprema ispita za OSD sertifikat B1<\/h2>\n<p><strong>Trajanje kursa:<\/strong> 240 minuta<br \/>\n<strong>Preduslov:<\/strong> postignut nivo B1.2<br \/>\n<strong>Pregled sadr\u017eaja:<br \/>\n<\/strong>\u010citanje razumevanja: 65 min.<br \/>\nSlu\u0161anje saznanja: 40 min.<br \/>\nPisanje: 60 min.<br \/>\nGovore\u0107i: 15 min.<br \/>\n<strong>Sertifikovane ve\u0161tine:<\/strong> komunikativna kompetencija sa formalnom korektno\u0161\u0107u u samostalnoj upotrebi jezika u svakodnevnim i profesionalnim situacijama. \u010citanje, slu\u0161anje, pisanje i govorni moduli, fokusiraju\u0107i se na stvarnost \u017eivota u Austriji.<\/p>\n<h2>Priprema ispita za OSD sertifikat B2<\/h2>\n<p><strong>Trajanje kursa:<\/strong> 320 minuta<br \/>\n<strong>Preduslov:<\/strong> postignut nivo B1.2<br \/>\n<strong>Pregled sadr\u017eaja:<br \/>\n<\/strong>\u010citanje razumevanja: 90 min.<br \/>\nSlu\u0161anje saznanja: 30 min.<br \/>\nPisanje: 90 min.<br \/>\nGovor: individualni ispit 15-20 min, ispit par 20-25 min[\/vc_column_text][\/vc_column][\/vc_row][vc_row css=&#8221;.vc_custom_1535981617465{padding-top: 15px !important;padding-bottom: 15px !important;}&#8221;][vc_column][vc_column_text]<\/p>\n<h2>Priprema ispita za certifikat \u00d6SD C1<\/h2>\n<p><strong>Trajanje kursa:<\/strong> 360 minuta<br \/>\n<strong>Preduslov:<\/strong> postignut nivo C1.2<br \/>\n<strong>Pregled sadr\u017eaja:<br \/>\n<\/strong>\u010citanje razumevanja: 90 min.<br \/>\nSlu\u0161anje saznanja: 40 min.<br \/>\nPisanje: 90 min.<br \/>\nGovore\u0107i: 15-20 min.<br \/>\n<strong>Priznavanje:<\/strong> Potreban dokaz ve\u0161tine nema\u010dkog jezika na austrijskim univerzitetima za upis u studije. Dokaz o poznavanju nema\u010dkog na nema\u010dkom jeziku i univerzitetima.<br \/>\n<strong>Sertifikovane ve\u0161tine:<\/strong> Jezi\u010dke kompetencije da komuniciraju u razli\u010ditim situacijama dru\u0161tvenog i profesionalnog \u017eivota \u010dak iu slo\u017eenijim kontekstima. \u010citanje, slu\u0161anje, pisanje i govorenje modula.<\/p>\n<h2>Priprema ispita za \u00d6SD sertifikat C2<\/h2>\n<p><strong>Trajanje kursa:<\/strong> 300 minuta<br \/>\n<strong>Preduslov:<\/strong> dostigao nivo C12.2<br \/>\n<strong>Pregled sadr\u017eaja:<br \/>\n<\/strong>\u010citanje razumevanja: 90 min.<br \/>\nSlu\u0161anje saznanja: 40 min.<br \/>\nPisanje: 75 min.<br \/>\nGovor: 20 min.<br \/>\n<strong>Sertifikovane ve\u0161tine:<\/strong> tehni\u010dka kompetencija u razli\u010ditim oblastima. Sposobnost komuniciranja u situacijama ekonomskog i profesionalnog \u017eivota iu slo\u017eenijim kontekstima. \u010citanje, slu\u0161anje, pisanje i govorenje modula.<\/p>\n<p>[hr top=&#8221;yes&#8221;\/]<\/p>\n<p>Ovi ispiti modela vam omogu\u0107avaju da primenite i potvrdite znanje u odre\u0111enoj situaciji ispita, a zatim uporedite odgovore sa vama. Na\u0161i nastavnici \u0107e vam biti zadovoljni da odgovorite na sva pitanja koja imate i da vam daju neke korisne savete na putu&#8230;[\/vc_column_text][\/vc_column][\/vc_row]<\/p>\n","protected":false},"excerpt":{"rendered":"<p>[vc_row css=&#8221;.vc_custom_1535981368331{margin-top: 15px !important;padding-bottom: 15px !important;}&#8221;][vc_column][vc_column_text] Pripremni kursevi nema\u010dkog jezika za \u00d6IF \/ \u00d6SD test u Be\u010du Da bi se pripremili za \u00d6IF ili \u00d6SD ispite, kursevi za pripremu ispita su dostupni. Na osnovu prakti\u010dnih modela testova, obja\u0161njeni su i primenjeni ispiti A1 do C1. \u00d6IF pripremni kursevi prate kurseve jezika i vrijednosti, te vam&hellip; <a class=\"read-more\" href=\"https:\/\/www.sprachschule-aktiv-wien.at\/sr\/pripremni-kursevi-nemackog-jezika-za-oeif-oesd-test-u-becu\/\" title=\"Read Pripremni kursevi nema\u010dkog jezika za \u00d6IF \/ \u00d6SD test u Be\u010du\">Read more &raquo;<\/a><\/p>\n","protected":false},"author":7,"featured_media":0,"parent":0,"menu_order":0,"comment_status":"closed","ping_status":"closed","template":"","meta":{"footnotes":""},"class_list":["post-7241","page","type-page","status-publish","hentry"],"yoast_head":"<!-- This site is optimized with the Yoast SEO plugin v27.1.1 - https:\/\/yoast.com\/product\/yoast-seo-wordpress\/ -->\n<title>Pripremni kursevi nema\u010dkog jezika za \u00d6IF \/ \u00d6SD test u Be\u010du<\/title>\n<meta name=\"description\" content=\"Da bi se pripremili za \u00d6IF ili \u00d6SD ispite, kursevi za pripremu ispiti A1 do C1 su dostupni. Na osnovu prakti\u010dnih modela testova\" \/>\n<meta name=\"robots\" content=\"index, follow, max-snippet:-1, max-image-preview:large, max-video-preview:-1\" \/>\n<link rel=\"canonical\" href=\"https:\/\/www.sprachschule-aktiv-wien.at\/sr\/pripremni-kursevi-nemackog-jezika-za-oeif-oesd-test-u-becu\/\" \/>\n<meta property=\"og:locale\" content=\"sr_RS\" \/>\n<meta property=\"og:type\" content=\"article\" \/>\n<meta property=\"og:title\" content=\"Pripremni kursevi nema\u010dkog jezika za \u00d6IF \/ \u00d6SD test u Be\u010du\" \/>\n<meta property=\"og:description\" content=\"Da bi se pripremili za \u00d6IF ili \u00d6SD ispite, kursevi za pripremu ispiti A1 do C1 su dostupni. Na osnovu prakti\u010dnih modela testova\" \/>\n<meta property=\"og:url\" content=\"https:\/\/www.sprachschule-aktiv-wien.at\/sr\/pripremni-kursevi-nemackog-jezika-za-oeif-oesd-test-u-becu\/\" \/>\n<meta property=\"og:site_name\" content=\"Sprachschule Aktiv Wien\" \/>\n<meta property=\"article:modified_time\" content=\"2023-05-11T13:36:48+00:00\" \/>\n<meta property=\"og:image\" content=\"https:\/\/www.sprachschule-aktiv-wien.at\/wp-content\/uploads\/2021\/03\/pripremni-kursevi-nemackog-jezika-za-oeif-oesd-test-u-becu.jpg\" \/>\n<meta name=\"twitter:label1\" content=\"\u041f\u0440\u043e\u0446\u0435\u045a\u0435\u043d\u043e \u0432\u0440\u0435\u043c\u0435 \u0447\u0438\u0442\u0430\u045a\u0430\" \/>\n\t<meta name=\"twitter:data1\" content=\"7 \u043c\u0438\u043d\u0443\u0442\u0430\" \/>\n<script type=\"application\/ld+json\" class=\"yoast-schema-graph\">{\"@context\":\"https:\/\/schema.org\",\"@graph\":[{\"@type\":\"WebPage\",\"@id\":\"https:\/\/www.sprachschule-aktiv-wien.at\/sr\/pripremni-kursevi-nemackog-jezika-za-oeif-oesd-test-u-becu\/\",\"url\":\"https:\/\/www.sprachschule-aktiv-wien.at\/sr\/pripremni-kursevi-nemackog-jezika-za-oeif-oesd-test-u-becu\/\",\"name\":\"Pripremni kursevi nema\u010dkog jezika za \u00d6IF \/ \u00d6SD test u Be\u010du\",\"isPartOf\":{\"@id\":\"https:\/\/www.sprachschule-aktiv-wien.at\/#website\"},\"primaryImageOfPage\":{\"@id\":\"https:\/\/www.sprachschule-aktiv-wien.at\/sr\/pripremni-kursevi-nemackog-jezika-za-oeif-oesd-test-u-becu\/#primaryimage\"},\"image\":{\"@id\":\"https:\/\/www.sprachschule-aktiv-wien.at\/sr\/pripremni-kursevi-nemackog-jezika-za-oeif-oesd-test-u-becu\/#primaryimage\"},\"thumbnailUrl\":\"https:\/\/www.sprachschule-aktiv-wien.at\/wp-content\/uploads\/2021\/03\/pripremni-kursevi-nemackog-jezika-za-oeif-oesd-test-u-becu.jpg\",\"datePublished\":\"2018-08-02T04:50:44+00:00\",\"dateModified\":\"2023-05-11T13:36:48+00:00\",\"description\":\"Da bi se pripremili za \u00d6IF ili \u00d6SD ispite, kursevi za pripremu ispiti A1 do C1 su dostupni. Na osnovu prakti\u010dnih modela testova\",\"breadcrumb\":{\"@id\":\"https:\/\/www.sprachschule-aktiv-wien.at\/sr\/pripremni-kursevi-nemackog-jezika-za-oeif-oesd-test-u-becu\/#breadcrumb\"},\"inLanguage\":\"sr-RS\",\"potentialAction\":[{\"@type\":\"ReadAction\",\"target\":[\"https:\/\/www.sprachschule-aktiv-wien.at\/sr\/pripremni-kursevi-nemackog-jezika-za-oeif-oesd-test-u-becu\/\"]}]},{\"@type\":\"ImageObject\",\"inLanguage\":\"sr-RS\",\"@id\":\"https:\/\/www.sprachschule-aktiv-wien.at\/sr\/pripremni-kursevi-nemackog-jezika-za-oeif-oesd-test-u-becu\/#primaryimage\",\"url\":\"https:\/\/www.sprachschule-aktiv-wien.at\/wp-content\/uploads\/2021\/03\/pripremni-kursevi-nemackog-jezika-za-oeif-oesd-test-u-becu.jpg\",\"contentUrl\":\"https:\/\/www.sprachschule-aktiv-wien.at\/wp-content\/uploads\/2021\/03\/pripremni-kursevi-nemackog-jezika-za-oeif-oesd-test-u-becu.jpg\"},{\"@type\":\"BreadcrumbList\",\"@id\":\"https:\/\/www.sprachschule-aktiv-wien.at\/sr\/pripremni-kursevi-nemackog-jezika-za-oeif-oesd-test-u-becu\/#breadcrumb\",\"itemListElement\":[{\"@type\":\"ListItem\",\"position\":1,\"name\":\"Home\",\"item\":\"https:\/\/www.sprachschule-aktiv-wien.at\/sr\/\"},{\"@type\":\"ListItem\",\"position\":2,\"name\":\"Pripremni kursevi nema\u010dkog jezika za \u00d6IF \/ \u00d6SD test u Be\u010du\"}]},{\"@type\":\"WebSite\",\"@id\":\"https:\/\/www.sprachschule-aktiv-wien.at\/#website\",\"url\":\"https:\/\/www.sprachschule-aktiv-wien.at\/\",\"name\":\"Sprachschule Aktiv Wien\",\"description\":\"\",\"potentialAction\":[{\"@type\":\"SearchAction\",\"target\":{\"@type\":\"EntryPoint\",\"urlTemplate\":\"https:\/\/www.sprachschule-aktiv-wien.at\/?s={search_term_string}\"},\"query-input\":{\"@type\":\"PropertyValueSpecification\",\"valueRequired\":true,\"valueName\":\"search_term_string\"}}],\"inLanguage\":\"sr-RS\"}]}<\/script>\n<!-- \/ Yoast SEO plugin. -->","yoast_head_json":{"title":"Pripremni kursevi nema\u010dkog jezika za \u00d6IF \/ \u00d6SD test u Be\u010du","description":"Da bi se pripremili za \u00d6IF ili \u00d6SD ispite, kursevi za pripremu ispiti A1 do C1 su dostupni. Na osnovu prakti\u010dnih modela testova","robots":{"index":"index","follow":"follow","max-snippet":"max-snippet:-1","max-image-preview":"max-image-preview:large","max-video-preview":"max-video-preview:-1"},"canonical":"https:\/\/www.sprachschule-aktiv-wien.at\/sr\/pripremni-kursevi-nemackog-jezika-za-oeif-oesd-test-u-becu\/","og_locale":"sr_RS","og_type":"article","og_title":"Pripremni kursevi nema\u010dkog jezika za \u00d6IF \/ \u00d6SD test u Be\u010du","og_description":"Da bi se pripremili za \u00d6IF ili \u00d6SD ispite, kursevi za pripremu ispiti A1 do C1 su dostupni. Na osnovu prakti\u010dnih modela testova","og_url":"https:\/\/www.sprachschule-aktiv-wien.at\/sr\/pripremni-kursevi-nemackog-jezika-za-oeif-oesd-test-u-becu\/","og_site_name":"Sprachschule Aktiv Wien","article_modified_time":"2023-05-11T13:36:48+00:00","og_image":[{"url":"https:\/\/www.sprachschule-aktiv-wien.at\/wp-content\/uploads\/2021\/03\/pripremni-kursevi-nemackog-jezika-za-oeif-oesd-test-u-becu.jpg","type":"","width":"","height":""}],"twitter_misc":{"\u041f\u0440\u043e\u0446\u0435\u045a\u0435\u043d\u043e \u0432\u0440\u0435\u043c\u0435 \u0447\u0438\u0442\u0430\u045a\u0430":"7 \u043c\u0438\u043d\u0443\u0442\u0430"},"schema":{"@context":"https:\/\/schema.org","@graph":[{"@type":"WebPage","@id":"https:\/\/www.sprachschule-aktiv-wien.at\/sr\/pripremni-kursevi-nemackog-jezika-za-oeif-oesd-test-u-becu\/","url":"https:\/\/www.sprachschule-aktiv-wien.at\/sr\/pripremni-kursevi-nemackog-jezika-za-oeif-oesd-test-u-becu\/","name":"Pripremni kursevi nema\u010dkog jezika za \u00d6IF \/ \u00d6SD test u Be\u010du","isPartOf":{"@id":"https:\/\/www.sprachschule-aktiv-wien.at\/#website"},"primaryImageOfPage":{"@id":"https:\/\/www.sprachschule-aktiv-wien.at\/sr\/pripremni-kursevi-nemackog-jezika-za-oeif-oesd-test-u-becu\/#primaryimage"},"image":{"@id":"https:\/\/www.sprachschule-aktiv-wien.at\/sr\/pripremni-kursevi-nemackog-jezika-za-oeif-oesd-test-u-becu\/#primaryimage"},"thumbnailUrl":"https:\/\/www.sprachschule-aktiv-wien.at\/wp-content\/uploads\/2021\/03\/pripremni-kursevi-nemackog-jezika-za-oeif-oesd-test-u-becu.jpg","datePublished":"2018-08-02T04:50:44+00:00","dateModified":"2023-05-11T13:36:48+00:00","description":"Da bi se pripremili za \u00d6IF ili \u00d6SD ispite, kursevi za pripremu ispiti A1 do C1 su dostupni. Na osnovu prakti\u010dnih modela testova","breadcrumb":{"@id":"https:\/\/www.sprachschule-aktiv-wien.at\/sr\/pripremni-kursevi-nemackog-jezika-za-oeif-oesd-test-u-becu\/#breadcrumb"},"inLanguage":"sr-RS","potentialAction":[{"@type":"ReadAction","target":["https:\/\/www.sprachschule-aktiv-wien.at\/sr\/pripremni-kursevi-nemackog-jezika-za-oeif-oesd-test-u-becu\/"]}]},{"@type":"ImageObject","inLanguage":"sr-RS","@id":"https:\/\/www.sprachschule-aktiv-wien.at\/sr\/pripremni-kursevi-nemackog-jezika-za-oeif-oesd-test-u-becu\/#primaryimage","url":"https:\/\/www.sprachschule-aktiv-wien.at\/wp-content\/uploads\/2021\/03\/pripremni-kursevi-nemackog-jezika-za-oeif-oesd-test-u-becu.jpg","contentUrl":"https:\/\/www.sprachschule-aktiv-wien.at\/wp-content\/uploads\/2021\/03\/pripremni-kursevi-nemackog-jezika-za-oeif-oesd-test-u-becu.jpg"},{"@type":"BreadcrumbList","@id":"https:\/\/www.sprachschule-aktiv-wien.at\/sr\/pripremni-kursevi-nemackog-jezika-za-oeif-oesd-test-u-becu\/#breadcrumb","itemListElement":[{"@type":"ListItem","position":1,"name":"Home","item":"https:\/\/www.sprachschule-aktiv-wien.at\/sr\/"},{"@type":"ListItem","position":2,"name":"Pripremni kursevi nema\u010dkog jezika za \u00d6IF \/ \u00d6SD test u Be\u010du"}]},{"@type":"WebSite","@id":"https:\/\/www.sprachschule-aktiv-wien.at\/#website","url":"https:\/\/www.sprachschule-aktiv-wien.at\/","name":"Sprachschule Aktiv Wien","description":"","potentialAction":[{"@type":"SearchAction","target":{"@type":"EntryPoint","urlTemplate":"https:\/\/www.sprachschule-aktiv-wien.at\/?s={search_term_string}"},"query-input":{"@type":"PropertyValueSpecification","valueRequired":true,"valueName":"search_term_string"}}],"inLanguage":"sr-RS"}]}},"_links":{"self":[{"href":"https:\/\/www.sprachschule-aktiv-wien.at\/sr\/wp-json\/wp\/v2\/pages\/7241","targetHints":{"allow":["GET"]}}],"collection":[{"href":"https:\/\/www.sprachschule-aktiv-wien.at\/sr\/wp-json\/wp\/v2\/pages"}],"about":[{"href":"https:\/\/www.sprachschule-aktiv-wien.at\/sr\/wp-json\/wp\/v2\/types\/page"}],"author":[{"embeddable":true,"href":"https:\/\/www.sprachschule-aktiv-wien.at\/sr\/wp-json\/wp\/v2\/users\/7"}],"replies":[{"embeddable":true,"href":"https:\/\/www.sprachschule-aktiv-wien.at\/sr\/wp-json\/wp\/v2\/comments?post=7241"}],"version-history":[{"count":17,"href":"https:\/\/www.sprachschule-aktiv-wien.at\/sr\/wp-json\/wp\/v2\/pages\/7241\/revisions"}],"predecessor-version":[{"id":40449,"href":"https:\/\/www.sprachschule-aktiv-wien.at\/sr\/wp-json\/wp\/v2\/pages\/7241\/revisions\/40449"}],"wp:attachment":[{"href":"https:\/\/www.sprachschule-aktiv-wien.at\/sr\/wp-json\/wp\/v2\/media?parent=7241"}],"curies":[{"name":"wp","href":"https:\/\/api.w.org\/{rel}","templated":true}]}}