{"id":7239,"date":"2018-07-30T16:38:10","date_gmt":"2018-07-30T16:38:10","guid":{"rendered":"https:\/\/www.sprachschule-aktiv-wien.at\/?page_id=7239"},"modified":"2024-06-02T20:46:50","modified_gmt":"2024-06-02T20:46:50","slug":"oeif-njemacki-kursevi-u-becu-a1-a2-b1","status":"publish","type":"page","link":"https:\/\/www.sprachschule-aktiv-wien.at\/sr\/oeif-njemacki-kursevi-u-becu-a1-a2-b1\/","title":{"rendered":"\u00d6IF kursevi nema\u010dkog jezika u Be\u010du &#8211; za izdavanje vize"},"content":{"rendered":"<p>[vc_row css=&#8221;.vc_custom_1535981698777{margin-top: 15px !important;padding-bottom: 15px !important;}&#8221;][vc_column][vc_column_text]<\/p>\n<h1>\u00d6IF kursevi nema\u010dkog jezika u Be\u010du &#8211; za izdavanje vize<\/h1>\n<p>OIF kursevi nema\u010dkog jezika A1, A2, B1, B2 u Be\u010du &#8211; za izdavanje vize + boravi\u0161na dozvola<\/p>\n<p>Dolazite iz inostranstva i \u017eelite brzo da se smestite u Austriji, postanite deo sveta rada i razumete sebe razumljivo na nema\u010dkom? Nudimo pripremne kurseve koji \u0107e vas brzo i efikasno upoznati sa sadr\u017eajem integracionih ispita koje morate pro\u0107i da biste ostali u Austriji.<br \/>\n<a href=\"https:\/\/www.sprachschule-aktiv-wien.at\/wp-content\/uploads\/2021\/03\/oeif-kursevi-nemackog-jezika-u-becu.jpg\"><img decoding=\"async\" class=\"alignnone size-full wp-image-31341\" src=\"https:\/\/www.sprachschule-aktiv-wien.at\/wp-content\/uploads\/2021\/03\/oeif-kursevi-nemackog-jezika-u-becu.jpg\" alt=\"\u00d6IF kursevi nema\u010dkog jezika u Be\u010du\" width=\"652\" height=\"472\" srcset=\"https:\/\/www.sprachschule-aktiv-wien.at\/wp-content\/uploads\/2021\/03\/oeif-kursevi-nemackog-jezika-u-becu.jpg 652w, https:\/\/www.sprachschule-aktiv-wien.at\/wp-content\/uploads\/2021\/03\/oeif-kursevi-nemackog-jezika-u-becu-300x217.jpg 300w\" sizes=\"(max-width: 652px) 100vw, 652px\" \/><\/a><\/p>\n\t<div class=\"vc_btn3-container vc_btn3-inline\">\n\t\t<a href=\"\/sr\/kontakt\/\" class=\"pgs_btn pgs_btn_style_1 pgs_btn_xl\">\n\t\t\t<span>\n\t\t\t\tKontaktirajte nas\t\t\t<\/span>\n\t\t\t\t\t\t<i class=\"fa fa-external-link\"><\/i>\n\t\t\t\t\t<\/a>\n\t<\/div>\n\t\n<p>[\/vc_column_text][\/vc_column][\/vc_row][vc_row full_width=&#8221;stretch_row&#8221; css=&#8221;.vc_custom_1535981761079{padding-top: 15px !important;padding-bottom: 15px !important;background-color: #f9f9f9 !important;}&#8221;][vc_column][vc_column_text]<\/p>\n<h2>Na\u0161i \u00d6IF kursevi nema\u010dkog jezika<\/h2>\n<p>Jezi\u010dka \u0161kola Aktiv Vien vam nudi \u00d6IF njema\u010dki kurs koji odgovara va\u0161em ispitu. U 4 do 8 nedelja pre ispita, vi i na\u0161i profesionalni nastavnici \u0107e prakti\u010dno provesti sadr\u017eaj pisanog i usmenog \u00d6IF ispita 5 puta nedeljno na intenzivnom kursu. Tako\u0111e \u0107ete se upoznati sa zahtevima. Na kraju kursa, mo\u017eete preuzeti \u00d6IF ispit na nivou va\u0161eg jezika.<br \/>\n<a href=\"https:\/\/www.sprachschule-aktiv-wien.at\/wp-content\/uploads\/2021\/03\/sprachschule-aktiv-wien-oeif-zertifiziert-noe-zertifizert-waff-wiencert-oecert.jpg\"><img decoding=\"async\" class=\"alignnone wp-image-32594\" src=\"https:\/\/www.sprachschule-aktiv-wien.at\/wp-content\/uploads\/2021\/03\/sprachschule-aktiv-wien-oeif-zertifiziert-noe-zertifizert-waff-wiencert-oecert.jpg\" alt=\"Sprachschule Aktiv Wien - \u00d6IF, WAFF, \u00d6-CERT, WIEN-CERT, WIENER SPRACHGUTSCHEIN\" width=\"473\" height=\"79\" srcset=\"https:\/\/www.sprachschule-aktiv-wien.at\/wp-content\/uploads\/2021\/03\/sprachschule-aktiv-wien-oeif-zertifiziert-noe-zertifizert-waff-wiencert-oecert.jpg 689w, https:\/\/www.sprachschule-aktiv-wien.at\/wp-content\/uploads\/2021\/03\/sprachschule-aktiv-wien-oeif-zertifiziert-noe-zertifizert-waff-wiencert-oecert-300x50.jpg 300w\" sizes=\"(max-width: 473px) 100vw, 473px\" \/><\/a><\/p>\n<h2>\u00d6IF \u2013 i \u00d6SD intenzivni kursevi nema\u010dkog jezika \u2013 Cene i termini<\/h2>\n<p>Nivo: A1, A2, B1, B2 (svi nivoi od prvog ponedeljka u mesecu)<br \/>\nTermini: od ponedeljka do petka, od 8:00 do 11:00 sati, od 11:00 do 14:00 sati, od 18:00 do 21:00 sati<br \/>\nTrajanje kursa: 4 nedelje A1, A2, B1 \/ 8 nedelje B2 (*od 5 osoba: 3 \u00d7 60 minuta dnevno, za 4 osobe 2 \u00d7 60 minuta dnevno)<br \/>\nCena: 499 EUR 4 nedelje<br \/>\nCiljna grupa: svi koji koji \u017eele pristupiti OIF ili OSD ispitu, ili \u017eele dosti\u0107i nivo znanja nema\u010dkog jezika A1\/a\u201d7B1 uklju\u010duju\u0107i temeljna\/orjentacijska znanja o Austriji<br \/>\nPo\u010detak kursa: svakog prvog ponedeljka u mesecu (ako je taj\u00a0 ponedeljak praznik, kurs po\u010dinje slede\u0107eg dana)<\/p>\n\t<div class=\"vc_btn3-container vc_btn3-inline\">\n\t\t<a href=\"\/sr\/prijavite-se-sada%20\/\" class=\"pgs_btn pgs_btn_style_1 pgs_btn_xl\">\n\t\t\t<span>\n\t\t\t\tRegistruj se odmah\t\t\t<\/span>\n\t\t\t\t\t\t<i class=\"fa fa-external-link\"><\/i>\n\t\t\t\t\t<\/a>\n\t<\/div>\n\t\n<h2>\u00d6IF nema\u010dki kurs A1 u Be\u010du<\/h2>\n<p>Svako ko \u017eeli prvi put da podnese prijavu za izdavanje boravi\u0161ne dozvole u \u200b\u200bAustriji mora biti u stanju da doka\u017ee svoje vje\u0161tine nema\u010dkog jezika na nivou A1. U tu svrhu planiran je standardizovani test integracije Austrijskog fonda za integraciju (\u00d6IF) A1 &#8211; Fit for Austria.<\/p>\n<p>U prvom delu kursa, nau\u010di\u0107emo vam osnovne ve\u0161tine nema\u010dkog jezika i nau\u010diti vas kako se baviti jednostavnim komunikacijskim situacijama, posebno da biste izrazili konkretne potrebe, kao \u0161to su: na temu Zamislite, \u017eivite, jedite i pijte, radite, putujete, kupujte, doktorsku posetu, zvani\u010dne i zvani\u010dne kanale, \u017eivite zajedno, itd.<\/p>\n<p>U drugom delu upoznamo vas sa pravilima i vrijednostima svakodnevnog \u017eivota u Austriji, zasnovanim na ciljevima u\u010denja \u00d6IF A1 okvirnog programa i klju\u010dnim temama kao \u0161to su jezik i obrazovanje, rad i ekonomija, zdravlje, stanovanje i susjedstvo, Obavestite principe zajedni\u010dki \u017eivot \/ pravne integracije i razli\u010ditosti zajedni\u010dki \u017eivot\/ kulturne integracije.<\/p>\n<p>Na kraju kursa upozna\u0107emo vam modelski test integracionog ispita A1 &#8211; Fit for Austria, koji \u0107e biti prepoznat kao sertifikat jezika za postizanje nivoa A1 Zajedni\u010dkog evropskog referentnog okvira za jezike (GER). Ona mora polo\u017eiti ispit \u00d6IF integracije da bi podneo prijavu za izdavanje boravi\u0161ne dozvole u \u200b\u200bAustriji.<\/p>\n<h2>\u00d6IF nema\u010dki kurs A2<\/h2>\n<p>Da biste produ\u017eili boravak u Austriji, potrebno je upoznavanje nema\u010dkog jezika na nivou A2. Ko je ve\u0107 izdata dozvola za boravak, mora da ispuni u roku od 2 godine Modul 1 Sporazuma o integraciji i demonstriraju nema\u010dkog ve\u0161tine na nivou A2. Za ovo, testiranje standardizovani integracija Austrijskog integracionog fonda (\u00d6IF) A2 &#8211; \u00d6IF testa novi (2011) obezbe\u0111en. Ovaj test je kao jezika sertifikat za ispunjenje modula 1 Sporazuma o integraciji &#8211; Odobreno &#8211; produ\u017eenje boravka u Austriji za 3 godine. Nema\u010dki test za Austriju tako\u0111e provjerava znanje nivoa A2 do B1.<\/p>\n<p>U prvom delu kurs \u0107e vam omogu\u0107iti da produbite svoje znanje njema\u010dkog jezika i da vam pru\u017eite vje\u0161tine za \u017eivot i rad u Austriji. Mi vam donosimo takve teme. Mediji, \u0161kola, radno mesto, stanovanje, festivali, tra\u017eenje posla, zdravlje, bankarstvo i osiguranje, putovanja itd. Bli\u017ee.<\/p>\n<p>U drugom delu, mi vas upoznati sa pravilima i vrednostima svakodnevnog \u017eivota zajedno u Austriji, koji se zasnivaju na ciljevima u\u010denja A2 okvirnog nastavnog plana i programa u \u00d6IF i, o klju\u010dnim temama, kao \u0161to su obrazovanje i jezika, rada i ekonomije, istorije i geografije, zdravlja \u017divot i susedstvo, principi \u017eivota zajedno \/ zakonska integracija i razli\u010ditost zajedni\u010dkog \u017eivota \/ kulturne integracije.<\/p>\n<p>Na kraju kursa \u0107emo vas upoznati sa testa modela integracije test A2 &#8211; poznat \u00d6IF test novog (2011), koji je priznat kao jezik sertifikat za dostizanje nivoa A2 Zajedni\u010dkog evropskog referentnog okvira za jezike (CEFR). Njegova svrha je da ispuni Modul 1 Sporazuma o integraciji i mora biti donet u roku od 2 godine u testiranju integracija u \u00d6IF ako je dozvola je ve\u0107 odobreno da doka\u017ee znanje nema\u010dkog jezika na A2 nivou.<\/p>\n<h2>\u00d6IF nema\u010dki kurs B1<\/h2>\n<p>Svako ko \u017eeli da podnese zahtev za &#8220;stalno prebivali\u0161te EU&#8221; ili austrijsko dr\u017eavljanstvo mora dokazati ve\u0161tine nema\u010dkog jezika na nivou B1. Za ovo, testiranje standardizovani integracija Integracioni fond Austrije (\u00d6IF) B1 &#8211; Nema\u010dki test za Austriju (DT\u00d6) obezbe\u0111en.<\/p>\n<p>U prvom delu vam pomogo kurs da samostalno koriste nema\u010dki jezik. Ovde, teme oblasti, kao \u0161to su Porodi\u010dni \u017eivot, kontakti, jednaka prava, radni \u017eivot, potro\u0161nja, putovanje i saobra\u0107aj, priroda i \u017eivotna sredina, zdravlje, politika i istorija itd.<\/p>\n<p>U drugom delu, mi vas upoznati sa pravilima i vrednostima svakodnevnog \u017eivota zajedno u Austriji, koji se zasnivaju na ciljevima u\u010denja B1 okvira nastavnog plana i programa u \u00d6IF i, o klju\u010dnim temama, kao \u0161to su obrazovanje i jezika, rada i ekonomije, istorije i geografije, prodavnice Zdravlje, stanovanje i susjedstvo, principi\u00a0 \u017eiveti zajedno\/ pravne integracije i raznovrsnost \u017eiveti zajedno\/ kulturne integracije.<\/p>\n<p>Na kraju kursa \u0107emo vas upoznati sa testa modela integracije test B1 &#8211; Nema\u010dki Test za Austriju (DT\u00d6) poznat kao jezika sertifikat za dostizanje nivoa B1 na zajedni\u010dki evropski okvir za \u017eive jezike (CEFR) je priznata. Njegova svrha je da ispuni Modul 2 sporazuma o integraciji i mora biti usvojen u testiranju integracije u OIF da se prijave za stalni boravak u Austriji ili austrijskog dr\u017eavljanstva.<\/p>\n<p>[\/vc_column_text][\/vc_column][\/vc_row][vc_row][vc_column][vc_column_text]<\/p>\n<h2>Sadr\u017eaj i ciljevi na\u0161ih njema\u010dkih kurseva<\/h2>\n<p>[\/vc_column_text][vc_row_inner][vc_column_inner width=&#8221;1\/2&#8243;][vc_column_text]Sada znate koji je test integracije OIF-a (Austrian Integration Fund) pogodan za vas? Mi \u0107emo vam pomo\u0107i da steknu korak po korak nema\u010dkog ve\u0161tine na nivou A1, A2 ili B1. U 80 \u010dasova po nivou, sadr\u017eaj kursa obuhvata jezi\u010dke vje\u0161tine, kao i vrijednosti i vje\u0161tine orijentacije potrebne za dostizanje svakog nivoa. \u017deljeni nivo \u0107e se posti\u0107i za 4 nedelje.<\/p>\n<p>Na\u0161i iskusni, strpljivi nastavnici vas vode kroz kurseve koriste\u0107i \u00d6IF odobreni knjige (Pluspunkt Deutsch-\u017diveti u Austriju), koji se temelji na Zajedni\u010dkom evropskom referentnom okviru za jezike (GER). Na taj na\u010din, mi obezbe\u0111ujemo da sadr\u017eaj kursa optimalno poma\u017ee da pro\u0111ete ispite za integraciju i da se integri\u0161ete u \u0161to kra\u0107em roku u Austriji.[\/vc_column_text][\/vc_column_inner][vc_column_inner width=&#8221;1\/2&#8243;][vc_column_text]<div class=\"BorlabsCookie _brlbs-cb-youtube\"><div class=\"_brlbs-content-blocker\"> <div class=\"_brlbs-embed _brlbs-video-youtube\"> <img class=\"_brlbs-thumbnail\" src=\"https:\/\/www.sprachschule-aktiv-wien.at\/wp-content\/plugins\/borlabs-cookie\/assets\/images\/cb-no-thumbnail.png\" alt=\"YouTube\"> <div class=\"_brlbs-caption\"> <p>Mit dem Laden des Videos akzeptieren Sie die Datenschutzerkl\u00e4rung von YouTube.<br><a href=\"https:\/\/policies.google.com\/privacy\" target=\"_blank\" rel=\"nofollow noopener noreferrer\">Mehr erfahren<\/a><\/p> <p><a class=\"_brlbs-btn _brlbs-icon-play-white\" href=\"#\" data-borlabs-cookie-unblock role=\"button\">Video laden<\/a><\/p> <p><label><input type=\"checkbox\" name=\"unblockAll\" value=\"1\" checked> <small>YouTube immer entsperren<\/small><\/label><\/p> <\/div> <\/div> <\/div><div class=\"borlabs-hide\" data-borlabs-cookie-type=\"content-blocker\" data-borlabs-cookie-id=\"youtube\"><script type=\"text\/template\">PGlmcmFtZSBzcmM9Imh0dHBzOi8vd3d3LnlvdXR1YmUtbm9jb29raWUuY29tL2VtYmVkL1h6SUl6em00SmFZIiB3aWR0aD0iMTAwJSIgaGVpZ2h0PSIzMTUiIGZyYW1lYm9yZGVyPSIwIiBhbGxvd2Z1bGxzY3JlZW49ImFsbG93ZnVsbHNjcmVlbiI+PC9pZnJhbWU+<\/script><\/div><\/div>[\/vc_column_text][\/vc_column_inner][\/vc_row_inner][\/vc_column][\/vc_row][vc_row][vc_column][vc_column_text]Nabavka: ishrana, hrana, svakodnevna briga, novac<br \/>\nStanovanje i regionalni: stambeni oblici, zakupnina, lokalno okru\u017eenje<br \/>\nZdravstveni i socijalni: zdravstveni i socijalni sistem, doktorska poseta, hospitalizacija<br \/>\nObrazovanje: obrazovanje (\u0161kolovanje, dalje obrazovanje), sopstveni identitet (biografija, biografija, znanje, vje\u0161tine, ciljevi), obrazovanje, obdani\u0161te<br \/>\nTr\u017ei\u0161te rada: tra\u017eenje posla, rad i zanimanje, ekonomija, specifi\u010dna zanimanja<br \/>\nTransport: Prevoz, Orijentacija<br \/>\nSlobodno vreme i klubovi: hobiji, sportovi, interesi, kulturne aktivnosti<br \/>\nAdministracija: kancelarije, vlasti, banke, osiguravaju\u0107a dru\u0161tva, upravljanje birokratijom, dru\u0161tveni sistem u Austriji, ugovori<br \/>\nVladavina prava i vrijednosti: osnovne vrijednosti evropskog demokratskog dru\u0161tva, dr\u017eavnog oblika, politi\u010dkih institucija, saveznih dr\u017eava, istorije<br \/>\nInterkulturalni dijalog: festivali i obi\u010daji, kulturne obi\u010daje[\/vc_column_text][\/vc_column][\/vc_row]<\/p>\n","protected":false},"excerpt":{"rendered":"<p>[vc_row css=&#8221;.vc_custom_1535981698777{margin-top: 15px !important;padding-bottom: 15px !important;}&#8221;][vc_column][vc_column_text] \u00d6IF kursevi nema\u010dkog jezika u Be\u010du &#8211; za izdavanje vize OIF kursevi nema\u010dkog jezika A1, A2, B1, B2 u Be\u010du &#8211; za izdavanje vize + boravi\u0161na dozvola Dolazite iz inostranstva i \u017eelite brzo da se smestite u Austriji, postanite deo sveta rada i razumete sebe razumljivo na nema\u010dkom? Nudimo&hellip; <a class=\"read-more\" href=\"https:\/\/www.sprachschule-aktiv-wien.at\/sr\/oeif-njemacki-kursevi-u-becu-a1-a2-b1\/\" title=\"Read \u00d6IF kursevi nema\u010dkog jezika u Be\u010du &#8211; za izdavanje vize\">Read more &raquo;<\/a><\/p>\n","protected":false},"author":7,"featured_media":0,"parent":0,"menu_order":0,"comment_status":"closed","ping_status":"closed","template":"","meta":{"footnotes":""},"class_list":["post-7239","page","type-page","status-publish","hentry"],"yoast_head":"<!-- This site is optimized with the Yoast SEO plugin v27.1.1 - https:\/\/yoast.com\/product\/yoast-seo-wordpress\/ -->\n<title>OIF kursevi nema\u010dkog jezika u Be\u010du - za izdavanje vize<\/title>\n<meta name=\"description\" content=\"Nudimo pripremne kurseve koji \u0107e vas brzo i efikasno upoznati sa sadr\u017eajem integracionih ispita koje morate pro\u0107i da biste ostali u Austriji.\" \/>\n<meta name=\"robots\" content=\"index, follow, max-snippet:-1, max-image-preview:large, max-video-preview:-1\" \/>\n<link rel=\"canonical\" href=\"https:\/\/www.sprachschule-aktiv-wien.at\/sr\/oeif-njemacki-kursevi-u-becu-a1-a2-b1\/\" \/>\n<meta property=\"og:locale\" content=\"sr_RS\" \/>\n<meta property=\"og:type\" content=\"article\" \/>\n<meta property=\"og:title\" content=\"OIF kursevi nema\u010dkog jezika u Be\u010du - za izdavanje vize\" \/>\n<meta property=\"og:description\" content=\"Nudimo pripremne kurseve koji \u0107e vas brzo i efikasno upoznati sa sadr\u017eajem integracionih ispita koje morate pro\u0107i da biste ostali u Austriji.\" \/>\n<meta property=\"og:url\" content=\"https:\/\/www.sprachschule-aktiv-wien.at\/sr\/oeif-njemacki-kursevi-u-becu-a1-a2-b1\/\" \/>\n<meta property=\"og:site_name\" content=\"Sprachschule Aktiv Wien\" \/>\n<meta property=\"article:modified_time\" content=\"2024-06-02T20:46:50+00:00\" \/>\n<meta property=\"og:image\" content=\"https:\/\/www.sprachschule-aktiv-wien.at\/wp-content\/uploads\/2021\/03\/oeif-kursevi-nemackog-jezika-u-becu.jpg\" \/>\n<meta name=\"twitter:label1\" content=\"\u041f\u0440\u043e\u0446\u0435\u045a\u0435\u043d\u043e \u0432\u0440\u0435\u043c\u0435 \u0447\u0438\u0442\u0430\u045a\u0430\" \/>\n\t<meta name=\"twitter:data1\" content=\"7 \u043c\u0438\u043d\u0443\u0442\u0430\" \/>\n<script type=\"application\/ld+json\" class=\"yoast-schema-graph\">{\"@context\":\"https:\/\/schema.org\",\"@graph\":[{\"@type\":\"WebPage\",\"@id\":\"https:\/\/www.sprachschule-aktiv-wien.at\/sr\/oeif-njemacki-kursevi-u-becu-a1-a2-b1\/\",\"url\":\"https:\/\/www.sprachschule-aktiv-wien.at\/sr\/oeif-njemacki-kursevi-u-becu-a1-a2-b1\/\",\"name\":\"OIF kursevi nema\u010dkog jezika u Be\u010du - za izdavanje vize\",\"isPartOf\":{\"@id\":\"https:\/\/www.sprachschule-aktiv-wien.at\/#website\"},\"primaryImageOfPage\":{\"@id\":\"https:\/\/www.sprachschule-aktiv-wien.at\/sr\/oeif-njemacki-kursevi-u-becu-a1-a2-b1\/#primaryimage\"},\"image\":{\"@id\":\"https:\/\/www.sprachschule-aktiv-wien.at\/sr\/oeif-njemacki-kursevi-u-becu-a1-a2-b1\/#primaryimage\"},\"thumbnailUrl\":\"https:\/\/www.sprachschule-aktiv-wien.at\/wp-content\/uploads\/2021\/03\/oeif-kursevi-nemackog-jezika-u-becu.jpg\",\"datePublished\":\"2018-07-30T16:38:10+00:00\",\"dateModified\":\"2024-06-02T20:46:50+00:00\",\"description\":\"Nudimo pripremne kurseve koji \u0107e vas brzo i efikasno upoznati sa sadr\u017eajem integracionih ispita koje morate pro\u0107i da biste ostali u Austriji.\",\"breadcrumb\":{\"@id\":\"https:\/\/www.sprachschule-aktiv-wien.at\/sr\/oeif-njemacki-kursevi-u-becu-a1-a2-b1\/#breadcrumb\"},\"inLanguage\":\"sr-RS\",\"potentialAction\":[{\"@type\":\"ReadAction\",\"target\":[\"https:\/\/www.sprachschule-aktiv-wien.at\/sr\/oeif-njemacki-kursevi-u-becu-a1-a2-b1\/\"]}]},{\"@type\":\"ImageObject\",\"inLanguage\":\"sr-RS\",\"@id\":\"https:\/\/www.sprachschule-aktiv-wien.at\/sr\/oeif-njemacki-kursevi-u-becu-a1-a2-b1\/#primaryimage\",\"url\":\"https:\/\/www.sprachschule-aktiv-wien.at\/wp-content\/uploads\/2021\/03\/oeif-kursevi-nemackog-jezika-u-becu.jpg\",\"contentUrl\":\"https:\/\/www.sprachschule-aktiv-wien.at\/wp-content\/uploads\/2021\/03\/oeif-kursevi-nemackog-jezika-u-becu.jpg\"},{\"@type\":\"BreadcrumbList\",\"@id\":\"https:\/\/www.sprachschule-aktiv-wien.at\/sr\/oeif-njemacki-kursevi-u-becu-a1-a2-b1\/#breadcrumb\",\"itemListElement\":[{\"@type\":\"ListItem\",\"position\":1,\"name\":\"Home\",\"item\":\"https:\/\/www.sprachschule-aktiv-wien.at\/sr\/\"},{\"@type\":\"ListItem\",\"position\":2,\"name\":\"\u00d6IF kursevi nema\u010dkog jezika u Be\u010du &#8211; za izdavanje vize\"}]},{\"@type\":\"WebSite\",\"@id\":\"https:\/\/www.sprachschule-aktiv-wien.at\/#website\",\"url\":\"https:\/\/www.sprachschule-aktiv-wien.at\/\",\"name\":\"Sprachschule Aktiv Wien\",\"description\":\"\",\"potentialAction\":[{\"@type\":\"SearchAction\",\"target\":{\"@type\":\"EntryPoint\",\"urlTemplate\":\"https:\/\/www.sprachschule-aktiv-wien.at\/?s={search_term_string}\"},\"query-input\":{\"@type\":\"PropertyValueSpecification\",\"valueRequired\":true,\"valueName\":\"search_term_string\"}}],\"inLanguage\":\"sr-RS\"}]}<\/script>\n<!-- \/ Yoast SEO plugin. -->","yoast_head_json":{"title":"OIF kursevi nema\u010dkog jezika u Be\u010du - za izdavanje vize","description":"Nudimo pripremne kurseve koji \u0107e vas brzo i efikasno upoznati sa sadr\u017eajem integracionih ispita koje morate pro\u0107i da biste ostali u Austriji.","robots":{"index":"index","follow":"follow","max-snippet":"max-snippet:-1","max-image-preview":"max-image-preview:large","max-video-preview":"max-video-preview:-1"},"canonical":"https:\/\/www.sprachschule-aktiv-wien.at\/sr\/oeif-njemacki-kursevi-u-becu-a1-a2-b1\/","og_locale":"sr_RS","og_type":"article","og_title":"OIF kursevi nema\u010dkog jezika u Be\u010du - za izdavanje vize","og_description":"Nudimo pripremne kurseve koji \u0107e vas brzo i efikasno upoznati sa sadr\u017eajem integracionih ispita koje morate pro\u0107i da biste ostali u Austriji.","og_url":"https:\/\/www.sprachschule-aktiv-wien.at\/sr\/oeif-njemacki-kursevi-u-becu-a1-a2-b1\/","og_site_name":"Sprachschule Aktiv Wien","article_modified_time":"2024-06-02T20:46:50+00:00","og_image":[{"url":"https:\/\/www.sprachschule-aktiv-wien.at\/wp-content\/uploads\/2021\/03\/oeif-kursevi-nemackog-jezika-u-becu.jpg","type":"","width":"","height":""}],"twitter_misc":{"\u041f\u0440\u043e\u0446\u0435\u045a\u0435\u043d\u043e \u0432\u0440\u0435\u043c\u0435 \u0447\u0438\u0442\u0430\u045a\u0430":"7 \u043c\u0438\u043d\u0443\u0442\u0430"},"schema":{"@context":"https:\/\/schema.org","@graph":[{"@type":"WebPage","@id":"https:\/\/www.sprachschule-aktiv-wien.at\/sr\/oeif-njemacki-kursevi-u-becu-a1-a2-b1\/","url":"https:\/\/www.sprachschule-aktiv-wien.at\/sr\/oeif-njemacki-kursevi-u-becu-a1-a2-b1\/","name":"OIF kursevi nema\u010dkog jezika u Be\u010du - za izdavanje vize","isPartOf":{"@id":"https:\/\/www.sprachschule-aktiv-wien.at\/#website"},"primaryImageOfPage":{"@id":"https:\/\/www.sprachschule-aktiv-wien.at\/sr\/oeif-njemacki-kursevi-u-becu-a1-a2-b1\/#primaryimage"},"image":{"@id":"https:\/\/www.sprachschule-aktiv-wien.at\/sr\/oeif-njemacki-kursevi-u-becu-a1-a2-b1\/#primaryimage"},"thumbnailUrl":"https:\/\/www.sprachschule-aktiv-wien.at\/wp-content\/uploads\/2021\/03\/oeif-kursevi-nemackog-jezika-u-becu.jpg","datePublished":"2018-07-30T16:38:10+00:00","dateModified":"2024-06-02T20:46:50+00:00","description":"Nudimo pripremne kurseve koji \u0107e vas brzo i efikasno upoznati sa sadr\u017eajem integracionih ispita koje morate pro\u0107i da biste ostali u Austriji.","breadcrumb":{"@id":"https:\/\/www.sprachschule-aktiv-wien.at\/sr\/oeif-njemacki-kursevi-u-becu-a1-a2-b1\/#breadcrumb"},"inLanguage":"sr-RS","potentialAction":[{"@type":"ReadAction","target":["https:\/\/www.sprachschule-aktiv-wien.at\/sr\/oeif-njemacki-kursevi-u-becu-a1-a2-b1\/"]}]},{"@type":"ImageObject","inLanguage":"sr-RS","@id":"https:\/\/www.sprachschule-aktiv-wien.at\/sr\/oeif-njemacki-kursevi-u-becu-a1-a2-b1\/#primaryimage","url":"https:\/\/www.sprachschule-aktiv-wien.at\/wp-content\/uploads\/2021\/03\/oeif-kursevi-nemackog-jezika-u-becu.jpg","contentUrl":"https:\/\/www.sprachschule-aktiv-wien.at\/wp-content\/uploads\/2021\/03\/oeif-kursevi-nemackog-jezika-u-becu.jpg"},{"@type":"BreadcrumbList","@id":"https:\/\/www.sprachschule-aktiv-wien.at\/sr\/oeif-njemacki-kursevi-u-becu-a1-a2-b1\/#breadcrumb","itemListElement":[{"@type":"ListItem","position":1,"name":"Home","item":"https:\/\/www.sprachschule-aktiv-wien.at\/sr\/"},{"@type":"ListItem","position":2,"name":"\u00d6IF kursevi nema\u010dkog jezika u Be\u010du &#8211; za izdavanje vize"}]},{"@type":"WebSite","@id":"https:\/\/www.sprachschule-aktiv-wien.at\/#website","url":"https:\/\/www.sprachschule-aktiv-wien.at\/","name":"Sprachschule Aktiv Wien","description":"","potentialAction":[{"@type":"SearchAction","target":{"@type":"EntryPoint","urlTemplate":"https:\/\/www.sprachschule-aktiv-wien.at\/?s={search_term_string}"},"query-input":{"@type":"PropertyValueSpecification","valueRequired":true,"valueName":"search_term_string"}}],"inLanguage":"sr-RS"}]}},"_links":{"self":[{"href":"https:\/\/www.sprachschule-aktiv-wien.at\/sr\/wp-json\/wp\/v2\/pages\/7239","targetHints":{"allow":["GET"]}}],"collection":[{"href":"https:\/\/www.sprachschule-aktiv-wien.at\/sr\/wp-json\/wp\/v2\/pages"}],"about":[{"href":"https:\/\/www.sprachschule-aktiv-wien.at\/sr\/wp-json\/wp\/v2\/types\/page"}],"author":[{"embeddable":true,"href":"https:\/\/www.sprachschule-aktiv-wien.at\/sr\/wp-json\/wp\/v2\/users\/7"}],"replies":[{"embeddable":true,"href":"https:\/\/www.sprachschule-aktiv-wien.at\/sr\/wp-json\/wp\/v2\/comments?post=7239"}],"version-history":[{"count":20,"href":"https:\/\/www.sprachschule-aktiv-wien.at\/sr\/wp-json\/wp\/v2\/pages\/7239\/revisions"}],"predecessor-version":[{"id":23119,"href":"https:\/\/www.sprachschule-aktiv-wien.at\/sr\/wp-json\/wp\/v2\/pages\/7239\/revisions\/23119"}],"wp:attachment":[{"href":"https:\/\/www.sprachschule-aktiv-wien.at\/sr\/wp-json\/wp\/v2\/media?parent=7239"}],"curies":[{"name":"wp","href":"https:\/\/api.w.org\/{rel}","templated":true}]}}