{"id":7235,"date":"2018-08-02T04:49:49","date_gmt":"2018-08-02T04:49:49","guid":{"rendered":"https:\/\/www.sprachschule-aktiv-wien.at\/?page_id=7235"},"modified":"2024-06-02T20:46:47","modified_gmt":"2024-06-02T20:46:47","slug":"nemacki-vecernji-kursevi-u-becu-vecernja-skola-za-kurseve-nemackog-jezika","status":"publish","type":"page","link":"https:\/\/www.sprachschule-aktiv-wien.at\/sr\/nemacki-vecernji-kursevi-u-becu-vecernja-skola-za-kurseve-nemackog-jezika\/","title":{"rendered":"Nema\u010dki ve\u010dernji kursevi u Be\u010du &#8211; ve\u010dernja \u0161kola za kurseve nema\u010dkog jezika"},"content":{"rendered":"<p>[vc_row css=&#8221;.vc_custom_1535982410682{margin-top: 15px !important;padding-bottom: 15px !important;}&#8221;][vc_column][vc_column_text]<\/p>\n<h1>Nema\u010dki ve\u010dernji kursevi u Be\u010du &#8211; ve\u010dernja \u0161kola za kurseve nema\u010dkog jezika<\/h1>\n<p>Ako \u017eelite nau\u010diti njema\u010dki jezik u Be\u010du, postoje razne mogu\u0107nosti. Ve\u0107ina zainteresovanih strana se odlu\u010dila za njema\u010dki ve\u010dernji kurs u Be\u010du. U maloj grupi \u0107ete nau\u010diti posle rada u opu\u0161tenoj atmosferi. Pored u\u010denja, upozna\u0107ete i fine ljude sa kojima \u0107ete voleti nau\u010diti njema\u010dki jezik. Nema\u010dki ve\u010dernji kursevi u Be\u010du &#8211; Ve\u010dernja \u0161kola za nema\u010dke kurseve: Informirajte se sada na na\u0161oj jezi\u010dkoj \u0161koli Aktiv Vien!<\/p>\n<div class=\"vc_btn3-container vc_btn3-inline\">\n\t\t<a href=\"\/sr\/kontakt\/\" class=\"pgs_btn pgs_btn_style_1 pgs_btn_xl\">\n\t\t\t<span>\n\t\t\t\tKontaktirajte nas\t\t\t<\/span>\n\t\t\t\t\t\t<i class=\"fa fa-external-link\"><\/i>\n\t\t\t\t\t<\/a>\n\t<\/div>\n\t<br \/>\n<a href=\"https:\/\/www.sprachschule-aktiv-wien.at\/wp-content\/uploads\/2021\/03\/sprachschule-aktiv-wien-oeif-zertifiziert-noe-zertifizert-waff-wiencert-oecert.jpg\"><img decoding=\"async\" class=\"alignnone wp-image-32594\" src=\"https:\/\/www.sprachschule-aktiv-wien.at\/wp-content\/uploads\/2021\/03\/sprachschule-aktiv-wien-oeif-zertifiziert-noe-zertifizert-waff-wiencert-oecert.jpg\" alt=\"Sprachschule Aktiv Wien - \u00d6IF, WAFF, \u00d6-CERT, WIEN-CERT, WIENER SPRACHGUTSCHEIN\" width=\"605\" height=\"101\" srcset=\"https:\/\/www.sprachschule-aktiv-wien.at\/wp-content\/uploads\/2021\/03\/sprachschule-aktiv-wien-oeif-zertifiziert-noe-zertifizert-waff-wiencert-oecert.jpg 689w, https:\/\/www.sprachschule-aktiv-wien.at\/wp-content\/uploads\/2021\/03\/sprachschule-aktiv-wien-oeif-zertifiziert-noe-zertifizert-waff-wiencert-oecert-300x50.jpg 300w\" sizes=\"(max-width: 605px) 100vw, 605px\" \/><\/a><\/p>\n<p>[\/vc_column_text][\/vc_column][\/vc_row][vc_row full_width=&#8221;stretch_row&#8221; css=&#8221;.vc_custom_1535982452887{padding-top: 15px !important;padding-bottom: 15px !important;background-color: #f9f9f9 !important;}&#8221;][vc_column][vc_column_text]<\/p>\n<h2>Ve\u010dernji kurs nema\u010dkog jezika 5 puta sedmi\u010dno &#8211; Cene i termini<\/h2>\n<p>Nivo: A1, A2, B1, B2, C1, C2 (svi nivoi od prvog ponedeljka u mesecu)<br \/>\nTermini: od ponedeljka do petka,\u00a0od 18:00 do 21:00 sati (*od 5 osoba: 3 \u00d7 60 minuta dnevno, za 4 osobe 2 \u00d7 60 minuta dnevno)<br \/>\nTrajanje kursa: 4 nedelje (A1, A2, B1, C1 ili C2), 8 nedelja (B2.1 + B2.2)<br \/>\nPo\u010detak kursa: svakog prvog ponedeljka u mesecu (ako je taj\u00a0 ponedeljak praznik, kurs po\u010dinje slede\u0107eg dana)<br \/>\nCena:<br \/>\n1 nedelja: 199 \u20ac<br \/>\n2 nedelje: 349 \u20ac<br \/>\n3 nedelje: 449 \u20ac<br \/>\n4 nedelje: 499 \u20ac (umesto 599 \u20ac )<br \/>\n8 nedelja: 998 \u20ac (umesto 1198 \u20ac)<br \/>\n\t<div class=\"vc_btn3-container vc_btn3-inline\">\n\t\t<a href=\"\/sr\/prijavite-se-sada%20\/\" class=\"pgs_btn pgs_btn_style_1 pgs_btn_xl\">\n\t\t\t<span>\n\t\t\t\tRegistruj se odmah\t\t\t<\/span>\n\t\t\t\t\t\t<i class=\"fa fa-external-link\"><\/i>\n\t\t\t\t\t<\/a>\n\t<\/div>\n<h2>Ve\u010dernji kurs nema\u010dkog jezika 2 puta sedmi\u010dno<\/h2>\n<p>Nivo: A1, A2, B1, B2, C1, C2<br \/>\nTermini: ponedeljak i sreda ili utorak i \u010detvrtak, od 17:30\u201319:00 \u00a0ili 19:00\u201320:30<br \/>\nCena: 319 \u20ac<br \/>\nDu\u017eina kursa: 4 \u010dasa nedeljno, 24 \u010dasa u roku od 6 nedelja, 1 \u010das (UE = Unterrichtseinheit) \u00a0traje 45 minuta<br \/>\nPo\u010detak kursa: svakog prvog ponedeljka u mesecu (u slu\u010daju da je prvi ponedeljak u mesecu praznik, kurs po\u010dinje slede\u0107eg dana)<br \/>\nDu\u017eina kursa: 6 nedelja<\/p>\n\t<div class=\"vc_btn3-container vc_btn3-inline\">\n\t\t<a href=\"\/sr\/prijavite-se-sada%20\/\" class=\"pgs_btn pgs_btn_style_1 pgs_btn_xl\">\n\t\t\t<span>\n\t\t\t\tRegistruj se odmah\t\t\t<\/span>\n\t\t\t\t\t\t<i class=\"fa fa-external-link\"><\/i>\n\t\t\t\t\t<\/a>\n\t<\/div>\n\t\n<p><a href=\"https:\/\/www.sprachschule-aktiv-wien.at\/wp-content\/uploads\/2021\/03\/njjemacki-tecajevi-u-becu-sprachschule-aktiv-wien.jpg\"><img decoding=\"async\" class=\"alignnone wp-image-32842\" src=\"https:\/\/www.sprachschule-aktiv-wien.at\/wp-content\/uploads\/2021\/03\/njjemacki-tecajevi-u-becu-sprachschule-aktiv-wien.jpg\" alt=\"Njema\u010dki te\u010dajevi u Be\u010du Sprachschule Aktiv Wien\" width=\"384\" height=\"287\" srcset=\"https:\/\/www.sprachschule-aktiv-wien.at\/wp-content\/uploads\/2021\/03\/njjemacki-tecajevi-u-becu-sprachschule-aktiv-wien.jpg 397w, https:\/\/www.sprachschule-aktiv-wien.at\/wp-content\/uploads\/2021\/03\/njjemacki-tecajevi-u-becu-sprachschule-aktiv-wien-300x224.jpg 300w, https:\/\/www.sprachschule-aktiv-wien.at\/wp-content\/uploads\/2021\/03\/njjemacki-tecajevi-u-becu-sprachschule-aktiv-wien-283x212.jpg 283w\" sizes=\"(max-width: 384px) 100vw, 384px\" \/><\/a> <a href=\"https:\/\/www.sprachschule-aktiv-wien.at\/wp-content\/uploads\/2021\/03\/njemacki-vecernji-tecajevi-u-becu-1.jpg\"><img decoding=\"async\" class=\"alignnone size-full wp-image-32864\" src=\"https:\/\/www.sprachschule-aktiv-wien.at\/wp-content\/uploads\/2021\/03\/njemacki-vecernji-tecajevi-u-becu-1.jpg\" alt=\"Njema\u010dki ve\u010dernji te\u010dajevi u Be\u010du\" width=\"512\" height=\"288\" srcset=\"https:\/\/www.sprachschule-aktiv-wien.at\/wp-content\/uploads\/2021\/03\/njemacki-vecernji-tecajevi-u-becu-1.jpg 512w, https:\/\/www.sprachschule-aktiv-wien.at\/wp-content\/uploads\/2021\/03\/njemacki-vecernji-tecajevi-u-becu-1-300x169.jpg 300w\" sizes=\"(max-width: 512px) 100vw, 512px\" \/><\/a>[\/vc_column_text][\/vc_column][\/vc_row][vc_row css=&#8221;.vc_custom_1535982484586{padding-top: 15px !important;padding-bottom: 15px !important;}&#8221;][vc_column][vc_column_text]<\/p>\n<p>Nema\u010dki ve\u010dernji \u010dasovi za po\u010detnike i napredne &#8211; Defini\u0161ite svoj cilj<\/p>\n<p>Bez obzira na nivo koji \u017eelite posti\u0107i, to mo\u017eete u\u010diniti u na\u0161oj jezi\u010dkoj \u0161koli u Be\u010du. Imate izbor izme\u0111u njema\u010dkih kurseva na nivoima A1, A2, B1, B2, C1 i C2. Mnogi u\u010desnici ve\u0107 imaju osnovna znanja. U ovom slu\u010daju nije uvek lako prona\u0107i pravi kurs. Iz tog razloga nudimo vam test za plasman. Ne morate dolaziti u Be\u010d jer je dostupan i online. Ako \u017eivite u Be\u010du ili planirate putovanje u grad, onda ste dobrodo\u0161li. U ovom slu\u010daju imamo test za vas. Na\u0161i stru\u010dnjaci zatim dodeljuju odre\u0111eni kurs na osnovu testa.<\/p>\n<p>Prijatni i simpati\u010dni Nastavnici<\/p>\n<p>Izbor na\u0161ih nastavnika je za nas veoma va\u017ean. Naravno, oni su izvorni govornici i dobri edukatori. Ovo je va\u017ean preduslov za va\u0161 uspeh, ali to samo nije dovoljno. Tako\u0111e je va\u017eno da su nastavnici prijateljski i simpati\u010dni. U toku kursa, trebalo bi da u\u017eivate u u\u010denju i u\u017eivate u ovom trenutku kao oboga\u0107ivanje va\u0161eg \u017eivota. Kao izvorni govornik, oni prirodno savr\u0161eno savladaju izgovor i slu\u017ee kao optimalan model. Tako \u0107ete u budu\u0107nosti nau\u010diti nema\u010dki ton i govoriti bez naglaska.<\/p>\n<p>Nema\u010dki ve\u010dernji kursevi u Be\u010du &#8211; ve\u010dernja \u0161kola za nema\u010dkog jezika u malim grupama<\/p>\n<p>Kada u\u010dite jezik, veli\u010dina grupe je va\u017ean faktor. Sa velikom grupom uvek postoji opasnost da \u0107e student sru\u0161iti u gomilu. Pored toga, mo\u017eda je to \u0161to nesvesno uzima sazvatnika od druga i neta\u010dni izgovor preuzima. Iz tog razloga, obezbe\u0111ujemo da snaga grupe ne prelazi deset. Na taj na\u010din mo\u017eete aktivno u\u010destvovati u nastavi u bilo kom trenutku.<\/p>\n<p>Mo\u017eete uzeti probnu lekciju i dobiti garanciju za povrat novca<\/p>\n<p>Ako jo\u0161 niste sigurni da li su grupne lekcije prava stvar za vas onda se prijavite za besplatnu probnu lekciju. Posle lekcije, mo\u017eete bolje da procenite na\u0161e performanse. Ako saznate nakon po\u010detka kursa da lekcije ne ispunjavaju va\u0161a o\u010dekivanja, samo nam recite. Dobi\u0107ete svoj novac nazad u ovom slu\u010daju.<\/p>\n<p>Nudimo vam vi\u0161e od jednog kursa jezika<\/p>\n<p>Be\u010d je prelep grad i ako nau\u010dite nema\u010dki tamo, treba i da upoznate grad. Na\u0161i nastavnici organizuju gradske ture i okrugle stolove. Ovo \u0107e vam pomo\u0107i da bolje upoznate Be\u010d i ostvarite kontakte sa svojim kolegama.[\/vc_column_text][\/vc_column][\/vc_row]<\/p>\n","protected":false},"excerpt":{"rendered":"<p>[vc_row css=&#8221;.vc_custom_1535982410682{margin-top: 15px !important;padding-bottom: 15px !important;}&#8221;][vc_column][vc_column_text] Nema\u010dki ve\u010dernji kursevi u Be\u010du &#8211; ve\u010dernja \u0161kola za kurseve nema\u010dkog jezika Ako \u017eelite nau\u010diti njema\u010dki jezik u Be\u010du, postoje razne mogu\u0107nosti. Ve\u0107ina zainteresovanih strana se odlu\u010dila za njema\u010dki ve\u010dernji kurs u Be\u010du. U maloj grupi \u0107ete nau\u010diti posle rada u opu\u0161tenoj atmosferi. Pored u\u010denja, upozna\u0107ete i fine ljude&hellip; <a class=\"read-more\" href=\"https:\/\/www.sprachschule-aktiv-wien.at\/sr\/nemacki-vecernji-kursevi-u-becu-vecernja-skola-za-kurseve-nemackog-jezika\/\" title=\"Read Nema\u010dki ve\u010dernji kursevi u Be\u010du &#8211; ve\u010dernja \u0161kola za kurseve nema\u010dkog jezika\">Read more &raquo;<\/a><\/p>\n","protected":false},"author":7,"featured_media":0,"parent":0,"menu_order":0,"comment_status":"closed","ping_status":"closed","template":"","meta":{"footnotes":""},"class_list":["post-7235","page","type-page","status-publish","hentry"],"yoast_head":"<!-- This site is optimized with the Yoast SEO plugin v27.1.1 - https:\/\/yoast.com\/product\/yoast-seo-wordpress\/ -->\n<title>Ve\u010dernji kurs nema\u010dkog jezika A1, A2, B1, B2, C1, C2 u Be\u010du<\/title>\n<meta name=\"description\" content=\"Ako \u017eelite nau\u010diti nema\u010dki jezik u Be\u010du, postoje razne mogu\u0107nosti. Ve\u0107ina zainteresovanih strana se odlu\u010dila za nema\u010dki ve\u010dernji kurs u Be\u010du.\" \/>\n<meta name=\"robots\" content=\"index, follow, max-snippet:-1, max-image-preview:large, max-video-preview:-1\" \/>\n<link rel=\"canonical\" href=\"https:\/\/www.sprachschule-aktiv-wien.at\/sr\/nemacki-vecernji-kursevi-u-becu-vecernja-skola-za-kurseve-nemackog-jezika\/\" \/>\n<meta property=\"og:locale\" content=\"sr_RS\" \/>\n<meta property=\"og:type\" content=\"article\" \/>\n<meta property=\"og:title\" content=\"Ve\u010dernji kurs nema\u010dkog jezika A1, A2, B1, B2, C1, C2 u Be\u010du\" \/>\n<meta property=\"og:description\" content=\"Ako \u017eelite nau\u010diti nema\u010dki jezik u Be\u010du, postoje razne mogu\u0107nosti. Ve\u0107ina zainteresovanih strana se odlu\u010dila za nema\u010dki ve\u010dernji kurs u Be\u010du.\" \/>\n<meta property=\"og:url\" content=\"https:\/\/www.sprachschule-aktiv-wien.at\/sr\/nemacki-vecernji-kursevi-u-becu-vecernja-skola-za-kurseve-nemackog-jezika\/\" \/>\n<meta property=\"og:site_name\" content=\"Sprachschule Aktiv Wien\" \/>\n<meta property=\"article:modified_time\" content=\"2024-06-02T20:46:47+00:00\" \/>\n<meta property=\"og:image\" content=\"https:\/\/www.sprachschule-aktiv-wien.at\/wp-content\/uploads\/2021\/03\/sprachschule-aktiv-wien-oeif-zertifiziert-noe-zertifizert-waff-wiencert-oecert.jpg\" \/>\n<meta name=\"twitter:label1\" content=\"\u041f\u0440\u043e\u0446\u0435\u045a\u0435\u043d\u043e \u0432\u0440\u0435\u043c\u0435 \u0447\u0438\u0442\u0430\u045a\u0430\" \/>\n\t<meta name=\"twitter:data1\" content=\"5 \u043c\u0438\u043d\u0443\u0442\u0430\" \/>\n<script type=\"application\/ld+json\" class=\"yoast-schema-graph\">{\"@context\":\"https:\/\/schema.org\",\"@graph\":[{\"@type\":\"WebPage\",\"@id\":\"https:\/\/www.sprachschule-aktiv-wien.at\/sr\/nemacki-vecernji-kursevi-u-becu-vecernja-skola-za-kurseve-nemackog-jezika\/\",\"url\":\"https:\/\/www.sprachschule-aktiv-wien.at\/sr\/nemacki-vecernji-kursevi-u-becu-vecernja-skola-za-kurseve-nemackog-jezika\/\",\"name\":\"Ve\u010dernji kurs nema\u010dkog jezika A1, A2, B1, B2, C1, C2 u Be\u010du\",\"isPartOf\":{\"@id\":\"https:\/\/www.sprachschule-aktiv-wien.at\/#website\"},\"primaryImageOfPage\":{\"@id\":\"https:\/\/www.sprachschule-aktiv-wien.at\/sr\/nemacki-vecernji-kursevi-u-becu-vecernja-skola-za-kurseve-nemackog-jezika\/#primaryimage\"},\"image\":{\"@id\":\"https:\/\/www.sprachschule-aktiv-wien.at\/sr\/nemacki-vecernji-kursevi-u-becu-vecernja-skola-za-kurseve-nemackog-jezika\/#primaryimage\"},\"thumbnailUrl\":\"https:\/\/www.sprachschule-aktiv-wien.at\/wp-content\/uploads\/2021\/03\/sprachschule-aktiv-wien-oeif-zertifiziert-noe-zertifizert-waff-wiencert-oecert.jpg\",\"datePublished\":\"2018-08-02T04:49:49+00:00\",\"dateModified\":\"2024-06-02T20:46:47+00:00\",\"description\":\"Ako \u017eelite nau\u010diti nema\u010dki jezik u Be\u010du, postoje razne mogu\u0107nosti. Ve\u0107ina zainteresovanih strana se odlu\u010dila za nema\u010dki ve\u010dernji kurs u Be\u010du.\",\"breadcrumb\":{\"@id\":\"https:\/\/www.sprachschule-aktiv-wien.at\/sr\/nemacki-vecernji-kursevi-u-becu-vecernja-skola-za-kurseve-nemackog-jezika\/#breadcrumb\"},\"inLanguage\":\"sr-RS\",\"potentialAction\":[{\"@type\":\"ReadAction\",\"target\":[\"https:\/\/www.sprachschule-aktiv-wien.at\/sr\/nemacki-vecernji-kursevi-u-becu-vecernja-skola-za-kurseve-nemackog-jezika\/\"]}]},{\"@type\":\"ImageObject\",\"inLanguage\":\"sr-RS\",\"@id\":\"https:\/\/www.sprachschule-aktiv-wien.at\/sr\/nemacki-vecernji-kursevi-u-becu-vecernja-skola-za-kurseve-nemackog-jezika\/#primaryimage\",\"url\":\"https:\/\/www.sprachschule-aktiv-wien.at\/wp-content\/uploads\/2021\/03\/sprachschule-aktiv-wien-oeif-zertifiziert-noe-zertifizert-waff-wiencert-oecert.jpg\",\"contentUrl\":\"https:\/\/www.sprachschule-aktiv-wien.at\/wp-content\/uploads\/2021\/03\/sprachschule-aktiv-wien-oeif-zertifiziert-noe-zertifizert-waff-wiencert-oecert.jpg\"},{\"@type\":\"BreadcrumbList\",\"@id\":\"https:\/\/www.sprachschule-aktiv-wien.at\/sr\/nemacki-vecernji-kursevi-u-becu-vecernja-skola-za-kurseve-nemackog-jezika\/#breadcrumb\",\"itemListElement\":[{\"@type\":\"ListItem\",\"position\":1,\"name\":\"Home\",\"item\":\"https:\/\/www.sprachschule-aktiv-wien.at\/sr\/\"},{\"@type\":\"ListItem\",\"position\":2,\"name\":\"Nema\u010dki ve\u010dernji kursevi u Be\u010du &#8211; ve\u010dernja \u0161kola za kurseve nema\u010dkog jezika\"}]},{\"@type\":\"WebSite\",\"@id\":\"https:\/\/www.sprachschule-aktiv-wien.at\/#website\",\"url\":\"https:\/\/www.sprachschule-aktiv-wien.at\/\",\"name\":\"Sprachschule Aktiv Wien\",\"description\":\"\",\"potentialAction\":[{\"@type\":\"SearchAction\",\"target\":{\"@type\":\"EntryPoint\",\"urlTemplate\":\"https:\/\/www.sprachschule-aktiv-wien.at\/?s={search_term_string}\"},\"query-input\":{\"@type\":\"PropertyValueSpecification\",\"valueRequired\":true,\"valueName\":\"search_term_string\"}}],\"inLanguage\":\"sr-RS\"}]}<\/script>\n<!-- \/ Yoast SEO plugin. -->","yoast_head_json":{"title":"Ve\u010dernji kurs nema\u010dkog jezika A1, A2, B1, B2, C1, C2 u Be\u010du","description":"Ako \u017eelite nau\u010diti nema\u010dki jezik u Be\u010du, postoje razne mogu\u0107nosti. Ve\u0107ina zainteresovanih strana se odlu\u010dila za nema\u010dki ve\u010dernji kurs u Be\u010du.","robots":{"index":"index","follow":"follow","max-snippet":"max-snippet:-1","max-image-preview":"max-image-preview:large","max-video-preview":"max-video-preview:-1"},"canonical":"https:\/\/www.sprachschule-aktiv-wien.at\/sr\/nemacki-vecernji-kursevi-u-becu-vecernja-skola-za-kurseve-nemackog-jezika\/","og_locale":"sr_RS","og_type":"article","og_title":"Ve\u010dernji kurs nema\u010dkog jezika A1, A2, B1, B2, C1, C2 u Be\u010du","og_description":"Ako \u017eelite nau\u010diti nema\u010dki jezik u Be\u010du, postoje razne mogu\u0107nosti. Ve\u0107ina zainteresovanih strana se odlu\u010dila za nema\u010dki ve\u010dernji kurs u Be\u010du.","og_url":"https:\/\/www.sprachschule-aktiv-wien.at\/sr\/nemacki-vecernji-kursevi-u-becu-vecernja-skola-za-kurseve-nemackog-jezika\/","og_site_name":"Sprachschule Aktiv Wien","article_modified_time":"2024-06-02T20:46:47+00:00","og_image":[{"url":"https:\/\/www.sprachschule-aktiv-wien.at\/wp-content\/uploads\/2021\/03\/sprachschule-aktiv-wien-oeif-zertifiziert-noe-zertifizert-waff-wiencert-oecert.jpg","type":"","width":"","height":""}],"twitter_misc":{"\u041f\u0440\u043e\u0446\u0435\u045a\u0435\u043d\u043e \u0432\u0440\u0435\u043c\u0435 \u0447\u0438\u0442\u0430\u045a\u0430":"5 \u043c\u0438\u043d\u0443\u0442\u0430"},"schema":{"@context":"https:\/\/schema.org","@graph":[{"@type":"WebPage","@id":"https:\/\/www.sprachschule-aktiv-wien.at\/sr\/nemacki-vecernji-kursevi-u-becu-vecernja-skola-za-kurseve-nemackog-jezika\/","url":"https:\/\/www.sprachschule-aktiv-wien.at\/sr\/nemacki-vecernji-kursevi-u-becu-vecernja-skola-za-kurseve-nemackog-jezika\/","name":"Ve\u010dernji kurs nema\u010dkog jezika A1, A2, B1, B2, C1, C2 u Be\u010du","isPartOf":{"@id":"https:\/\/www.sprachschule-aktiv-wien.at\/#website"},"primaryImageOfPage":{"@id":"https:\/\/www.sprachschule-aktiv-wien.at\/sr\/nemacki-vecernji-kursevi-u-becu-vecernja-skola-za-kurseve-nemackog-jezika\/#primaryimage"},"image":{"@id":"https:\/\/www.sprachschule-aktiv-wien.at\/sr\/nemacki-vecernji-kursevi-u-becu-vecernja-skola-za-kurseve-nemackog-jezika\/#primaryimage"},"thumbnailUrl":"https:\/\/www.sprachschule-aktiv-wien.at\/wp-content\/uploads\/2021\/03\/sprachschule-aktiv-wien-oeif-zertifiziert-noe-zertifizert-waff-wiencert-oecert.jpg","datePublished":"2018-08-02T04:49:49+00:00","dateModified":"2024-06-02T20:46:47+00:00","description":"Ako \u017eelite nau\u010diti nema\u010dki jezik u Be\u010du, postoje razne mogu\u0107nosti. Ve\u0107ina zainteresovanih strana se odlu\u010dila za nema\u010dki ve\u010dernji kurs u Be\u010du.","breadcrumb":{"@id":"https:\/\/www.sprachschule-aktiv-wien.at\/sr\/nemacki-vecernji-kursevi-u-becu-vecernja-skola-za-kurseve-nemackog-jezika\/#breadcrumb"},"inLanguage":"sr-RS","potentialAction":[{"@type":"ReadAction","target":["https:\/\/www.sprachschule-aktiv-wien.at\/sr\/nemacki-vecernji-kursevi-u-becu-vecernja-skola-za-kurseve-nemackog-jezika\/"]}]},{"@type":"ImageObject","inLanguage":"sr-RS","@id":"https:\/\/www.sprachschule-aktiv-wien.at\/sr\/nemacki-vecernji-kursevi-u-becu-vecernja-skola-za-kurseve-nemackog-jezika\/#primaryimage","url":"https:\/\/www.sprachschule-aktiv-wien.at\/wp-content\/uploads\/2021\/03\/sprachschule-aktiv-wien-oeif-zertifiziert-noe-zertifizert-waff-wiencert-oecert.jpg","contentUrl":"https:\/\/www.sprachschule-aktiv-wien.at\/wp-content\/uploads\/2021\/03\/sprachschule-aktiv-wien-oeif-zertifiziert-noe-zertifizert-waff-wiencert-oecert.jpg"},{"@type":"BreadcrumbList","@id":"https:\/\/www.sprachschule-aktiv-wien.at\/sr\/nemacki-vecernji-kursevi-u-becu-vecernja-skola-za-kurseve-nemackog-jezika\/#breadcrumb","itemListElement":[{"@type":"ListItem","position":1,"name":"Home","item":"https:\/\/www.sprachschule-aktiv-wien.at\/sr\/"},{"@type":"ListItem","position":2,"name":"Nema\u010dki ve\u010dernji kursevi u Be\u010du &#8211; ve\u010dernja \u0161kola za kurseve nema\u010dkog jezika"}]},{"@type":"WebSite","@id":"https:\/\/www.sprachschule-aktiv-wien.at\/#website","url":"https:\/\/www.sprachschule-aktiv-wien.at\/","name":"Sprachschule Aktiv Wien","description":"","potentialAction":[{"@type":"SearchAction","target":{"@type":"EntryPoint","urlTemplate":"https:\/\/www.sprachschule-aktiv-wien.at\/?s={search_term_string}"},"query-input":{"@type":"PropertyValueSpecification","valueRequired":true,"valueName":"search_term_string"}}],"inLanguage":"sr-RS"}]}},"_links":{"self":[{"href":"https:\/\/www.sprachschule-aktiv-wien.at\/sr\/wp-json\/wp\/v2\/pages\/7235","targetHints":{"allow":["GET"]}}],"collection":[{"href":"https:\/\/www.sprachschule-aktiv-wien.at\/sr\/wp-json\/wp\/v2\/pages"}],"about":[{"href":"https:\/\/www.sprachschule-aktiv-wien.at\/sr\/wp-json\/wp\/v2\/types\/page"}],"author":[{"embeddable":true,"href":"https:\/\/www.sprachschule-aktiv-wien.at\/sr\/wp-json\/wp\/v2\/users\/7"}],"replies":[{"embeddable":true,"href":"https:\/\/www.sprachschule-aktiv-wien.at\/sr\/wp-json\/wp\/v2\/comments?post=7235"}],"version-history":[{"count":20,"href":"https:\/\/www.sprachschule-aktiv-wien.at\/sr\/wp-json\/wp\/v2\/pages\/7235\/revisions"}],"predecessor-version":[{"id":11706,"href":"https:\/\/www.sprachschule-aktiv-wien.at\/sr\/wp-json\/wp\/v2\/pages\/7235\/revisions\/11706"}],"wp:attachment":[{"href":"https:\/\/www.sprachschule-aktiv-wien.at\/sr\/wp-json\/wp\/v2\/media?parent=7235"}],"curies":[{"name":"wp","href":"https:\/\/api.w.org\/{rel}","templated":true}]}}