{"id":7232,"date":"2018-07-26T11:55:06","date_gmt":"2018-07-26T11:55:06","guid":{"rendered":"https:\/\/www.sprachschule-aktiv-wien.at\/?page_id=7232"},"modified":"2023-09-22T10:46:14","modified_gmt":"2023-09-22T10:46:14","slug":"nemacki-privatni-casovi-u-becu-nemacki-profesor-za-privatne-casove","status":"publish","type":"page","link":"https:\/\/www.sprachschule-aktiv-wien.at\/sr\/nemacki-privatni-casovi-u-becu-nemacki-profesor-za-privatne-casove\/","title":{"rendered":"Nema\u010dki privatni \u010dasovi u Be\u010du: nema\u010dki profesor za privatne \u010dasove"},"content":{"rendered":"<p>[vc_row css=&#8221;.vc_custom_1535982068202{margin-top: 15px !important;padding-bottom: 15px !important;}&#8221;][vc_column][vc_column_text]<\/p>\n<h1>Nema\u010dki privatni \u010dasovi u Be\u010du: nema\u010dki profesor za privatne \u010dasove<\/h1>\n<p>Nema\u010dki privatni \u010dasovi u Be\u010du: nema\u010dki profesor za privatne \u010dasove. U\u010dite njema\u010dki u Be\u010du &#8211; jeftin i efikasan! Privatne lekcije u Be\u010du sa kvalifikovanim maternjim govornicima![\/vc_column_text][vc_row_inner][vc_column_inner width=&#8221;1\/2&#8243;][vc_column_text]<div class=\"BorlabsCookie _brlbs-cb-youtube\"><div class=\"_brlbs-content-blocker\"> <div class=\"_brlbs-embed _brlbs-video-youtube\"> <img class=\"_brlbs-thumbnail\" src=\"https:\/\/www.sprachschule-aktiv-wien.at\/wp-content\/plugins\/borlabs-cookie\/assets\/images\/cb-no-thumbnail.png\" alt=\"YouTube\"> <div class=\"_brlbs-caption\"> <p>Mit dem Laden des Videos akzeptieren Sie die Datenschutzerkl\u00e4rung von YouTube.<br><a href=\"https:\/\/policies.google.com\/privacy\" target=\"_blank\" rel=\"nofollow noopener noreferrer\">Mehr erfahren<\/a><\/p> <p><a class=\"_brlbs-btn _brlbs-icon-play-white\" href=\"#\" data-borlabs-cookie-unblock role=\"button\">Video laden<\/a><\/p> <p><label><input type=\"checkbox\" name=\"unblockAll\" value=\"1\" checked> <small>YouTube immer entsperren<\/small><\/label><\/p> <\/div> <\/div> <\/div><div class=\"borlabs-hide\" data-borlabs-cookie-type=\"content-blocker\" data-borlabs-cookie-id=\"youtube\"><script type=\"text\/template\">PGlmcmFtZSBzcmM9Imh0dHBzOi8vd3d3LnlvdXR1YmUtbm9jb29raWUuY29tL2VtYmVkLy1ZQzNEX1hRWGE4IiB3aWR0aD0iMTAwJSIgaGVpZ2h0PSIzMjAiIGZyYW1lYm9yZGVyPSIwIiBhbGxvd2Z1bGxzY3JlZW49ImFsbG93ZnVsbHNjcmVlbiIgZGF0YS1tY2UtZnJhZ21lbnQ9IjEiPjwvaWZyYW1lPg==<\/script><\/div><\/div>[\/vc_column_text][\/vc_column_inner][vc_column_inner width=&#8221;1\/2&#8243;][vc_column_text]<div class=\"BorlabsCookie _brlbs-cb-youtube\"><div class=\"_brlbs-content-blocker\"> <div class=\"_brlbs-embed _brlbs-video-youtube\"> <img class=\"_brlbs-thumbnail\" src=\"https:\/\/www.sprachschule-aktiv-wien.at\/wp-content\/plugins\/borlabs-cookie\/assets\/images\/cb-no-thumbnail.png\" alt=\"YouTube\"> <div class=\"_brlbs-caption\"> <p>Mit dem Laden des Videos akzeptieren Sie die Datenschutzerkl\u00e4rung von YouTube.<br><a href=\"https:\/\/policies.google.com\/privacy\" target=\"_blank\" rel=\"nofollow noopener noreferrer\">Mehr erfahren<\/a><\/p> <p><a class=\"_brlbs-btn _brlbs-icon-play-white\" href=\"#\" data-borlabs-cookie-unblock role=\"button\">Video laden<\/a><\/p> <p><label><input type=\"checkbox\" name=\"unblockAll\" value=\"1\" checked> <small>YouTube immer entsperren<\/small><\/label><\/p> <\/div> <\/div> <\/div><div class=\"borlabs-hide\" data-borlabs-cookie-type=\"content-blocker\" data-borlabs-cookie-id=\"youtube\"><script type=\"text\/template\">PGlmcmFtZSBzcmM9Imh0dHBzOi8vd3d3LnlvdXR1YmUtbm9jb29raWUuY29tL2VtYmVkL2FvVWVzTld2aHJJIiB3aWR0aD0iMTAwJSIgaGVpZ2h0PSIzMjAiIGZyYW1lYm9yZGVyPSIwIiBhbGxvd2Z1bGxzY3JlZW49ImFsbG93ZnVsbHNjcmVlbiIgZGF0YS1tY2UtZnJhZ21lbnQ9IjEiPjwvaWZyYW1lPg==<\/script><\/div><\/div>[\/vc_column_text][\/vc_column_inner][\/vc_row_inner][\/vc_column][\/vc_row][vc_row full_width=&#8221;stretch_row&#8221; css=&#8221;.vc_custom_1535982179220{padding-top: 15px !important;padding-bottom: 15px !important;background-color: #f9f9f9 !important;}&#8221;][vc_column][vc_column_text]<\/p>\n<h2>Cene i op\u0161te Informacije za svoj nema\u010dki privatni kurs<\/h2>\n\n<table id=\"tablepress-104\" class=\"tablepress tablepress-id-104\">\n<thead>\n<tr class=\"row-1\">\n\t<th class=\"column-1\">Cijena po lekciji u\u010denja  45 minuta<\/th><td class=\"column-2\"><\/td>\n<\/tr>\n<\/thead>\n<tbody class=\"row-striping row-hover\">\n<tr class=\"row-2\">\n\t<td class=\"column-1\"><b> 1-3 u\u010desnik <b><\/td><td class=\"column-2\"><b> 4-12 u\u010desnika <b><\/td>\n<\/tr>\n<tr class=\"row-3\">\n\t<td class=\"column-1\">od 10 sati, 48 \u20ac<\/td><td class=\"column-2\">od 20 sati, 59 \u20ac<\/td>\n<\/tr>\n<tr class=\"row-4\">\n\t<td class=\"column-1\">od 20 sati, 45 \u20ac<\/td><td class=\"column-2\">od 50 sati, 54 \u20ac<\/td>\n<\/tr>\n<tr class=\"row-5\">\n\t<td class=\"column-1\">od 30 sati, 43 \u20ac<\/td><td class=\"column-2\">od 80 sati, 50 \u20ac<\/td>\n<\/tr>\n<tr class=\"row-6\">\n\t<td class=\"column-1\">od 80 sati, 40 \u20ac<\/td><td class=\"column-2\"><\/td>\n<\/tr>\n<\/tbody>\n<\/table>\n<!-- #tablepress-104 from cache -->\n\t<div class=\"vc_btn3-container vc_btn3-inline\">\n\t\t<a href=\"\/sr\/prijavite-se-sada%20\/\" class=\"pgs_btn pgs_btn_style_1 pgs_btn_xl\">\n\t\t\t<span>\n\t\t\t\tRegistruj se odmah\t\t\t<\/span>\n\t\t\t\t\t\t<i class=\"fa fa-external-link\"><\/i>\n\t\t\t\t\t<\/a>\n\t<\/div>\n\t\n<h2>Kursevi nema\u010dkog jezika u Be\u010du &#8211; za odmor, studije, \u00a0OIF, OSD ili za posao<\/h2>\n<p>Na\u0161a \u0161kola nema\u010dkog jezika u Be\u010du svakoj zainteresovanoj osobi nudi ta\u010dan kurs njema\u010dkog jezika koji odgovara njihovim individualnim sposobnostima i zahtjevima. Za va\u0161e li\u010dne lekcije u Nema\u010dkoj u Be\u010du, mo\u017eete izme\u0111u ostalih da izaberete slede\u0107e doga\u0111aje:[\/vc_column_text][vc_row_inner][vc_column_inner width=&#8221;1\/2&#8243;][vc_column_text]Nema\u010dki za po\u010detnike<br \/>\nNema\u010dki pripremni kursevi za OIF \/ OSD ispite<br \/>\nNema\u010dki pripremni kursevi za dodatni ispit njema\u010dki (EPD)<br \/>\nNema\u010dka kancelarijska prepiska B2, C1<br \/>\nNema\u010dki pisci i slova B1, B2, C1<br \/>\nPoslovna komunikacija njema\u010dki<br \/>\nNema\u010dki za odmor<br \/>\nVikend kursevi<br \/>\nIntenzivan kurs za nema\u010dki u savr\u0161enstvu\u00a0nekoliko lekcija<br \/>\nNema\u010dki za posao<br \/>\nNema\u010dki trening aplikacija<br \/>\nNema\u010dki za emigrante[\/vc_column_text][\/vc_column_inner][vc_column_inner width=&#8221;1\/2&#8243;][vc_single_image image=&#8221;32918&#8243; img_size=&#8221;full&#8221;][\/vc_column_inner][\/vc_row_inner][\/vc_column][\/vc_row][vc_row css=&#8221;.vc_custom_1535982297952{padding-top: 15px !important;padding-bottom: 15px !important;}&#8221;][vc_column][vc_column_text]<\/p>\n<h2>Iskusni i simpati\u010dni nema\u010dki nastavnici<\/h2>\n<p>[\/vc_column_text][vc_row_inner][vc_column_inner][vc_column_text]Nema\u010dki je jedan od deset najva\u017enijih jezika na svetu, u Evropi je \u010dak i jezik sa najvi\u0161im govornicima. Sa nama u &#8220;Jezi\u010dkoj \u0161koli Active Vienna&#8221; mo\u017eete rezervirati njema\u010dki kurs, \u010dak i ako nemate prethodno znanje.\u00a0Tako iskoristite na\u0161e ponude sa niskim tro\u0161kovima i u\u010destvujte u sertifikovanom nema\u010dkom kursu za po\u010detnike.\u00a0Na\u0161i nastavnici jezika su svi maternji govornici i visoko motivisani da vam donose ne samo njema\u010dki jezik, ve\u0107 i austrijsku kulturu i na\u010din \u017eivota.\u00a0Osim toga, na va\u0161em njema\u010dkom kursu upozna\u0107ete nove, prijateljske ljude sa kojima mo\u017eete provesti slobodno vrijeme nakon kursa jezika.[\/vc_column_text][\/vc_column_inner][\/vc_row_inner][vc_column_text]<\/p>\n<h2>Nema\u010dki \u010dasovi za po\u010detnike i napredne A1, A2, B1, B2, C1, C2<\/h2>\n<p>Da li govorite nema\u010dki? \u017delite li produbiti svoje prethodno znanje? U jezi\u010dkoj \u0161koli Aktiv uvek \u0107ete prona\u0107i prave nema\u010dke individualne nastave za po\u010detnike i napredne.[\/vc_column_text][vc_column_text]<\/p>\n<h2>Njema\u010dki privatni \u010dasovi za po\u010detnike A1<\/h2>\n<p>Njema\u010dki privatni \u010dasovi A1 imaju za cilj po\u010detnike bez jezi\u010dkih ve\u0161tina (A1.1) i po\u010detnike sa malo znanja o njema\u010dkom jeziku (A1.2): U kursevima &#8220;Nema\u010dki za po\u010detnike&#8221; nau\u010di\u0107ete elementarne strukture re\u010denice i re\u010dnik koji \u0107e vam pomo\u0107i u jednostavnim svakodnevnim situacijama mo\u017ee vas razumeti: zamislite svakodnevne situacije kada kupujete, na telefonu ili kod doktora i osnovnu komunikaciju.<br \/>\nRezervi\u0161ite kurs sada![\/vc_column_text][vc_single_image image=&#8221;32941&#8243; img_size=&#8221;full&#8221;][\/vc_column][\/vc_row]<\/p>\n","protected":false},"excerpt":{"rendered":"<p>[vc_row css=&#8221;.vc_custom_1535982068202{margin-top: 15px !important;padding-bottom: 15px !important;}&#8221;][vc_column][vc_column_text] Nema\u010dki privatni \u010dasovi u Be\u010du: nema\u010dki profesor za privatne \u010dasove Nema\u010dki privatni \u010dasovi u Be\u010du: nema\u010dki profesor za privatne \u010dasove. U\u010dite njema\u010dki u Be\u010du &#8211; jeftin i efikasan! Privatne lekcije u Be\u010du sa kvalifikovanim maternjim govornicima![\/vc_column_text][vc_row_inner][vc_column_inner width=&#8221;1\/2&#8243;][vc_column_text] Mit dem Laden des Videos akzeptieren Sie die Datenschutzerkl\u00e4rung von YouTube.Mehr erfahren&hellip; <a class=\"read-more\" href=\"https:\/\/www.sprachschule-aktiv-wien.at\/sr\/nemacki-privatni-casovi-u-becu-nemacki-profesor-za-privatne-casove\/\" title=\"Read Nema\u010dki privatni \u010dasovi u Be\u010du: nema\u010dki profesor za privatne \u010dasove\">Read more &raquo;<\/a><\/p>\n","protected":false},"author":7,"featured_media":0,"parent":0,"menu_order":0,"comment_status":"closed","ping_status":"closed","template":"","meta":{"footnotes":""},"class_list":["post-7232","page","type-page","status-publish","hentry"],"yoast_head":"<!-- This site is optimized with the Yoast SEO plugin v27.1.1 - https:\/\/yoast.com\/product\/yoast-seo-wordpress\/ -->\n<title>Nema\u010dki privatni \u010dasovi u Be\u010du: nema\u010dki profesor za privatne \u010dasove<\/title>\n<meta name=\"description\" content=\"Nema\u010dki profesor za privatne \u010dasove. U\u010dite nema\u010dki u Be\u010du - jeftin, efikasan! Privatne lekcije u Be\u010du sa kvalifikovanim maternjim govornicima\" \/>\n<meta name=\"robots\" content=\"index, follow, max-snippet:-1, max-image-preview:large, max-video-preview:-1\" \/>\n<link rel=\"canonical\" href=\"https:\/\/www.sprachschule-aktiv-wien.at\/sr\/nemacki-privatni-casovi-u-becu-nemacki-profesor-za-privatne-casove\/\" \/>\n<meta property=\"og:locale\" content=\"sr_RS\" \/>\n<meta property=\"og:type\" content=\"article\" \/>\n<meta property=\"og:title\" content=\"Nema\u010dki privatni \u010dasovi u Be\u010du: nema\u010dki profesor za privatne \u010dasove\" \/>\n<meta property=\"og:description\" content=\"Nema\u010dki profesor za privatne \u010dasove. U\u010dite nema\u010dki u Be\u010du - jeftin, efikasan! Privatne lekcije u Be\u010du sa kvalifikovanim maternjim govornicima\" \/>\n<meta property=\"og:url\" content=\"https:\/\/www.sprachschule-aktiv-wien.at\/sr\/nemacki-privatni-casovi-u-becu-nemacki-profesor-za-privatne-casove\/\" \/>\n<meta property=\"og:site_name\" content=\"Sprachschule Aktiv Wien\" \/>\n<meta property=\"article:modified_time\" content=\"2023-09-22T10:46:14+00:00\" \/>\n<meta name=\"twitter:label1\" content=\"\u041f\u0440\u043e\u0446\u0435\u045a\u0435\u043d\u043e \u0432\u0440\u0435\u043c\u0435 \u0447\u0438\u0442\u0430\u045a\u0430\" \/>\n\t<meta name=\"twitter:data1\" content=\"3 \u043c\u0438\u043d\u0443\u0442\u0430\" \/>\n<script type=\"application\/ld+json\" class=\"yoast-schema-graph\">{\"@context\":\"https:\/\/schema.org\",\"@graph\":[{\"@type\":\"WebPage\",\"@id\":\"https:\/\/www.sprachschule-aktiv-wien.at\/sr\/nemacki-privatni-casovi-u-becu-nemacki-profesor-za-privatne-casove\/\",\"url\":\"https:\/\/www.sprachschule-aktiv-wien.at\/sr\/nemacki-privatni-casovi-u-becu-nemacki-profesor-za-privatne-casove\/\",\"name\":\"Nema\u010dki privatni \u010dasovi u Be\u010du: nema\u010dki profesor za privatne \u010dasove\",\"isPartOf\":{\"@id\":\"https:\/\/www.sprachschule-aktiv-wien.at\/#website\"},\"datePublished\":\"2018-07-26T11:55:06+00:00\",\"dateModified\":\"2023-09-22T10:46:14+00:00\",\"description\":\"Nema\u010dki profesor za privatne \u010dasove. U\u010dite nema\u010dki u Be\u010du - jeftin, efikasan! Privatne lekcije u Be\u010du sa kvalifikovanim maternjim govornicima\",\"breadcrumb\":{\"@id\":\"https:\/\/www.sprachschule-aktiv-wien.at\/sr\/nemacki-privatni-casovi-u-becu-nemacki-profesor-za-privatne-casove\/#breadcrumb\"},\"inLanguage\":\"sr-RS\",\"potentialAction\":[{\"@type\":\"ReadAction\",\"target\":[\"https:\/\/www.sprachschule-aktiv-wien.at\/sr\/nemacki-privatni-casovi-u-becu-nemacki-profesor-za-privatne-casove\/\"]}]},{\"@type\":\"BreadcrumbList\",\"@id\":\"https:\/\/www.sprachschule-aktiv-wien.at\/sr\/nemacki-privatni-casovi-u-becu-nemacki-profesor-za-privatne-casove\/#breadcrumb\",\"itemListElement\":[{\"@type\":\"ListItem\",\"position\":1,\"name\":\"Home\",\"item\":\"https:\/\/www.sprachschule-aktiv-wien.at\/sr\/\"},{\"@type\":\"ListItem\",\"position\":2,\"name\":\"Nema\u010dki privatni \u010dasovi u Be\u010du: nema\u010dki profesor za privatne \u010dasove\"}]},{\"@type\":\"WebSite\",\"@id\":\"https:\/\/www.sprachschule-aktiv-wien.at\/#website\",\"url\":\"https:\/\/www.sprachschule-aktiv-wien.at\/\",\"name\":\"Sprachschule Aktiv Wien\",\"description\":\"\",\"potentialAction\":[{\"@type\":\"SearchAction\",\"target\":{\"@type\":\"EntryPoint\",\"urlTemplate\":\"https:\/\/www.sprachschule-aktiv-wien.at\/?s={search_term_string}\"},\"query-input\":{\"@type\":\"PropertyValueSpecification\",\"valueRequired\":true,\"valueName\":\"search_term_string\"}}],\"inLanguage\":\"sr-RS\"}]}<\/script>\n<!-- \/ Yoast SEO plugin. -->","yoast_head_json":{"title":"Nema\u010dki privatni \u010dasovi u Be\u010du: nema\u010dki profesor za privatne \u010dasove","description":"Nema\u010dki profesor za privatne \u010dasove. U\u010dite nema\u010dki u Be\u010du - jeftin, efikasan! Privatne lekcije u Be\u010du sa kvalifikovanim maternjim govornicima","robots":{"index":"index","follow":"follow","max-snippet":"max-snippet:-1","max-image-preview":"max-image-preview:large","max-video-preview":"max-video-preview:-1"},"canonical":"https:\/\/www.sprachschule-aktiv-wien.at\/sr\/nemacki-privatni-casovi-u-becu-nemacki-profesor-za-privatne-casove\/","og_locale":"sr_RS","og_type":"article","og_title":"Nema\u010dki privatni \u010dasovi u Be\u010du: nema\u010dki profesor za privatne \u010dasove","og_description":"Nema\u010dki profesor za privatne \u010dasove. U\u010dite nema\u010dki u Be\u010du - jeftin, efikasan! Privatne lekcije u Be\u010du sa kvalifikovanim maternjim govornicima","og_url":"https:\/\/www.sprachschule-aktiv-wien.at\/sr\/nemacki-privatni-casovi-u-becu-nemacki-profesor-za-privatne-casove\/","og_site_name":"Sprachschule Aktiv Wien","article_modified_time":"2023-09-22T10:46:14+00:00","twitter_misc":{"\u041f\u0440\u043e\u0446\u0435\u045a\u0435\u043d\u043e \u0432\u0440\u0435\u043c\u0435 \u0447\u0438\u0442\u0430\u045a\u0430":"3 \u043c\u0438\u043d\u0443\u0442\u0430"},"schema":{"@context":"https:\/\/schema.org","@graph":[{"@type":"WebPage","@id":"https:\/\/www.sprachschule-aktiv-wien.at\/sr\/nemacki-privatni-casovi-u-becu-nemacki-profesor-za-privatne-casove\/","url":"https:\/\/www.sprachschule-aktiv-wien.at\/sr\/nemacki-privatni-casovi-u-becu-nemacki-profesor-za-privatne-casove\/","name":"Nema\u010dki privatni \u010dasovi u Be\u010du: nema\u010dki profesor za privatne \u010dasove","isPartOf":{"@id":"https:\/\/www.sprachschule-aktiv-wien.at\/#website"},"datePublished":"2018-07-26T11:55:06+00:00","dateModified":"2023-09-22T10:46:14+00:00","description":"Nema\u010dki profesor za privatne \u010dasove. U\u010dite nema\u010dki u Be\u010du - jeftin, efikasan! Privatne lekcije u Be\u010du sa kvalifikovanim maternjim govornicima","breadcrumb":{"@id":"https:\/\/www.sprachschule-aktiv-wien.at\/sr\/nemacki-privatni-casovi-u-becu-nemacki-profesor-za-privatne-casove\/#breadcrumb"},"inLanguage":"sr-RS","potentialAction":[{"@type":"ReadAction","target":["https:\/\/www.sprachschule-aktiv-wien.at\/sr\/nemacki-privatni-casovi-u-becu-nemacki-profesor-za-privatne-casove\/"]}]},{"@type":"BreadcrumbList","@id":"https:\/\/www.sprachschule-aktiv-wien.at\/sr\/nemacki-privatni-casovi-u-becu-nemacki-profesor-za-privatne-casove\/#breadcrumb","itemListElement":[{"@type":"ListItem","position":1,"name":"Home","item":"https:\/\/www.sprachschule-aktiv-wien.at\/sr\/"},{"@type":"ListItem","position":2,"name":"Nema\u010dki privatni \u010dasovi u Be\u010du: nema\u010dki profesor za privatne \u010dasove"}]},{"@type":"WebSite","@id":"https:\/\/www.sprachschule-aktiv-wien.at\/#website","url":"https:\/\/www.sprachschule-aktiv-wien.at\/","name":"Sprachschule Aktiv Wien","description":"","potentialAction":[{"@type":"SearchAction","target":{"@type":"EntryPoint","urlTemplate":"https:\/\/www.sprachschule-aktiv-wien.at\/?s={search_term_string}"},"query-input":{"@type":"PropertyValueSpecification","valueRequired":true,"valueName":"search_term_string"}}],"inLanguage":"sr-RS"}]}},"_links":{"self":[{"href":"https:\/\/www.sprachschule-aktiv-wien.at\/sr\/wp-json\/wp\/v2\/pages\/7232","targetHints":{"allow":["GET"]}}],"collection":[{"href":"https:\/\/www.sprachschule-aktiv-wien.at\/sr\/wp-json\/wp\/v2\/pages"}],"about":[{"href":"https:\/\/www.sprachschule-aktiv-wien.at\/sr\/wp-json\/wp\/v2\/types\/page"}],"author":[{"embeddable":true,"href":"https:\/\/www.sprachschule-aktiv-wien.at\/sr\/wp-json\/wp\/v2\/users\/7"}],"replies":[{"embeddable":true,"href":"https:\/\/www.sprachschule-aktiv-wien.at\/sr\/wp-json\/wp\/v2\/comments?post=7232"}],"version-history":[{"count":16,"href":"https:\/\/www.sprachschule-aktiv-wien.at\/sr\/wp-json\/wp\/v2\/pages\/7232\/revisions"}],"predecessor-version":[{"id":41090,"href":"https:\/\/www.sprachschule-aktiv-wien.at\/sr\/wp-json\/wp\/v2\/pages\/7232\/revisions\/41090"}],"wp:attachment":[{"href":"https:\/\/www.sprachschule-aktiv-wien.at\/sr\/wp-json\/wp\/v2\/media?parent=7232"}],"curies":[{"name":"wp","href":"https:\/\/api.w.org\/{rel}","templated":true}]}}