{"id":7229,"date":"2018-08-02T04:48:48","date_gmt":"2018-08-02T04:48:48","guid":{"rendered":"https:\/\/www.sprachschule-aktiv-wien.at\/?page_id=7229"},"modified":"2024-01-21T00:23:18","modified_gmt":"2024-01-21T00:23:18","slug":"intenzivni-kursevi-nemackog-jezika","status":"publish","type":"page","link":"https:\/\/www.sprachschule-aktiv-wien.at\/sr\/intenzivni-kursevi-nemackog-jezika\/","title":{"rendered":"Intenzivni kursevi nema\u010dkog jezika"},"content":{"rendered":"<p>[vc_row css=&#8221;.vc_custom_1535982548013{margin-top: 15px !important;padding-bottom: 15px !important;}&#8221;][vc_column][vc_column_text]<\/p>\n<h1>Intenzivni kursevi nema\u010dkog jezika<\/h1>\n<h2>Nema\u010dki intenzivni kursevi u Be\u010du A1, A2, B1, B2, C1, C2<\/h2>\n<p>Nema\u010dki intenzivni kursevi na svim nivoima A1 do C2 &#8211; Dostupni su sljede\u0107i jezi\u010dki nivoi:<br \/>\nNema\u010dki intenzivni kurs za po\u010detnike: A1, A2<br \/>\nIntermediat: intenzivni kursevi za B1, B2<br \/>\nIntenzivni nema\u010dki za napredne: C1 i C2[\/vc_column_text][vc_row_inner][vc_column_inner width=&#8221;1\/2&#8243;][vc_column_text]<div class=\"BorlabsCookie _brlbs-cb-youtube\"><div class=\"_brlbs-content-blocker\"> <div class=\"_brlbs-embed _brlbs-video-youtube\"> <img class=\"_brlbs-thumbnail\" src=\"https:\/\/www.sprachschule-aktiv-wien.at\/wp-content\/plugins\/borlabs-cookie\/assets\/images\/cb-no-thumbnail.png\" alt=\"YouTube\"> <div class=\"_brlbs-caption\"> <p>Mit dem Laden des Videos akzeptieren Sie die Datenschutzerkl\u00e4rung von YouTube.<br><a href=\"https:\/\/policies.google.com\/privacy\" target=\"_blank\" rel=\"nofollow noopener noreferrer\">Mehr erfahren<\/a><\/p> <p><a class=\"_brlbs-btn _brlbs-icon-play-white\" href=\"#\" data-borlabs-cookie-unblock role=\"button\">Video laden<\/a><\/p> <p><label><input type=\"checkbox\" name=\"unblockAll\" value=\"1\" checked> <small>YouTube immer entsperren<\/small><\/label><\/p> <\/div> <\/div> <\/div><div class=\"borlabs-hide\" data-borlabs-cookie-type=\"content-blocker\" data-borlabs-cookie-id=\"youtube\"><script type=\"text\/template\">PGlmcmFtZSBzcmM9Imh0dHBzOi8vd3d3LnlvdXR1YmUtbm9jb29raWUuY29tL2VtYmVkL1h6SUl6em00SmFZIiB3aWR0aD0iMTAwJSIgaGVpZ2h0PSIzMTUiIGZyYW1lYm9yZGVyPSIwIiBhbGxvd2Z1bGxzY3JlZW49ImFsbG93ZnVsbHNjcmVlbiIgZGF0YS1tY2UtZnJhZ21lbnQ9IjEiPjwvaWZyYW1lPg==<\/script><\/div><\/div><br \/>\n[\/vc_column_text][\/vc_column_inner][vc_column_inner width=&#8221;1\/2&#8243;][vc_column_text]<div class=\"BorlabsCookie _brlbs-cb-youtube\"><div class=\"_brlbs-content-blocker\"> <div class=\"_brlbs-embed _brlbs-video-youtube\"> <img class=\"_brlbs-thumbnail\" src=\"https:\/\/www.sprachschule-aktiv-wien.at\/wp-content\/plugins\/borlabs-cookie\/assets\/images\/cb-no-thumbnail.png\" alt=\"YouTube\"> <div class=\"_brlbs-caption\"> <p>Mit dem Laden des Videos akzeptieren Sie die Datenschutzerkl\u00e4rung von YouTube.<br><a href=\"https:\/\/policies.google.com\/privacy\" target=\"_blank\" rel=\"nofollow noopener noreferrer\">Mehr erfahren<\/a><\/p> <p><a class=\"_brlbs-btn _brlbs-icon-play-white\" href=\"#\" data-borlabs-cookie-unblock role=\"button\">Video laden<\/a><\/p> <p><label><input type=\"checkbox\" name=\"unblockAll\" value=\"1\" checked> <small>YouTube immer entsperren<\/small><\/label><\/p> <\/div> <\/div> <\/div><div class=\"borlabs-hide\" data-borlabs-cookie-type=\"content-blocker\" data-borlabs-cookie-id=\"youtube\"><script type=\"text\/template\">PGlmcmFtZSBzcmM9Imh0dHBzOi8vd3d3LnlvdXR1YmUtbm9jb29raWUuY29tL2VtYmVkL0dMSlk0RFVOOGpzIiB3aWR0aD0iMTAwJSIgaGVpZ2h0PSIzMTUiIGZyYW1lYm9yZGVyPSIwIiBhbGxvd2Z1bGxzY3JlZW49ImFsbG93ZnVsbHNjcmVlbiIgZGF0YS1tY2UtZnJhZ21lbnQ9IjEiPjwvaWZyYW1lPg==<\/script><\/div><\/div>[\/vc_column_text][\/vc_column_inner][\/vc_row_inner][\/vc_column][\/vc_row][vc_row full_width=&#8221;stretch_row&#8221; css=&#8221;.vc_custom_1535982639348{padding-top: 15px !important;padding-bottom: 15px !important;background-color: #f9f9f9 !important;}&#8221;][vc_column][vc_column_text]<\/p>\n<h2>Intenzivni kurs nema\u010dkog jezika u Be\u010du \u2013 u\u010dite nema\u010dki brzo<\/h2>\n<p>Ako \u017eelite intenzivno i \u0161to pre nau\u010diti nema\u010dki jezik, onda je na\u0161 kurs nema\u010dkog jezika u Be\u010du za Vas najbolji. Zavisno od li\u010dnog cilja, imamo u ponudi razli\u010dite kurseve i modele.<\/p>\n<h2>Intenzivni kursevi nema\u010dkog jezika \u2013 Cene i termini<\/h2>\n<p>Nivo: A1, A2, B1, B2, C1, C2 (svi nivoi od prvog ponedeljka u mesecu)<br \/>\nPo\u010detak kursa: svakog prvog ponedeljka u mesecu (ako je taj\u00a0 ponedeljak praznik, kurs po\u010dinje slede\u0107eg dana)<br \/>\nTermini: od ponedeljka do petka, od 8:00 do 11:00 sati, od 11:00 do 14:00 sati, od 18:00 do 21:00 sati (*od 5 osoba: 3 \u00d7 60 minuta dnevno, za 4 osobe 2 \u00d7 60 minuta dnevno)<br \/>\nTrajanje kursa: 4 nedelje (A1, A2, B1, C1 ili c2), 8 nedelja (B2.1 + B2.2)<br \/>\nCena:<br \/>\n1 nedelja: 199 \u20ac<br \/>\n2 nedelje: 349 \u20ac<br \/>\n3 nedelje: 449 \u20ac<br \/>\n4 nedelje: 499 \u20ac (umesto 599 \u20ac )<br \/>\n8 nedelja: 998 \u20ac (umesto 1198 \u20ac)<\/p>\n\t<div class=\"vc_btn3-container vc_btn3-inline\">\n\t\t<a href=\"\/sr\/prijavite-se-sada%20\/\" class=\"pgs_btn pgs_btn_style_1 pgs_btn_xl\">\n\t\t\t<span>\n\t\t\t\tRegistruj se odmah\t\t\t<\/span>\n\t\t\t\t\t\t<i class=\"fa fa-external-link\"><\/i>\n\t\t\t\t\t<\/a>\n\t<\/div>\n\t\n<p>[\/vc_column_text][vc_row_inner][vc_column_inner][vc_column_text]<\/p>\n<h2>U\u010dimo po\u010detnike i napredne<\/h2>\n<p>[\/vc_column_text][\/vc_column_inner][\/vc_row_inner][vc_row_inner][vc_column_inner width=&#8221;1\/2&#8243;][vc_column_text]Bez obzira na prethodno iskustvo koje ste doneli, sa nama ste definitivno u pravu. Bez nema\u010dkog znanja po\u010dinjete sa po\u010detnim kursom.<\/p>\n<p>Ako ve\u0107 imate prethodno znanje nema\u010dkog jezika, klasifikat \u0107emo vas na odgovaraju\u0107i kursa. Da biste utvrdili svoj trenutni nivo jezika na nema\u010dkom jeziku, mo\u017eete da uradite test za plasman.<\/p>\n<p>Ako jo\u0161 uvek niste u Be\u010du, olak\u0161ajte i udobno od ku\u0107e. Ako \u017eelite da upoznate na\u0161u \u0161kolu jezika Aktiv Vien, onda nas samo posetite u na\u0161im prostorijama.[\/vc_column_text][\/vc_column_inner][vc_column_inner width=&#8221;1\/2&#8243;][vc_single_image image=&#8221;36369&#8243; img_size=&#8221;full&#8221;][\/vc_column_inner][\/vc_row_inner][\/vc_column][\/vc_row][vc_row][vc_column][vc_column_text]<\/p>\n<h2>Na\u0161i nema\u010dki intenzivni kursevi ujutro<\/h2>\n<p>Klasik je nema\u010dki kurs ujutru. Svakog dana od 8:00 do 11:00 i od 11:00 do 14:00 \u010dasova posetite odabrani nema\u010dki kurs. U popodnevnim satima mo\u017eete pratiti materijal ili pogledati predivan grad. Za ljude sa prethodnim znanjem, \u010dasovi po\u010dinju svakog ponedjeljka. Nema\u010dki kurs po\u010dinje prvog ponedeljka meseca za po\u010detni kurs.<\/p>\n<h2>Va\u0161e prednosti:<\/h2>\n<p>Pre kursa, mo\u017eete provesti test besplatne prakse.Naravno, dobi\u0107ete certifikat nakon zavr\u0161etka nema\u010dkog kursa. Naravno, mogu\u0107nost je i u\u010de\u0161\u0107e na ispitu, kao \u0161to je nema\u010dki jezik kao i jezik (DaF), \u00d6IF, \u00d6SD, EPD ispit, ZD i ZMP.Na\u0161i kursevi vas pripremaju za studiranje na nema\u010dkom univerzitetu u Austriji.Na\u0161i kursevi jezika su tako\u0111e priznati za izdavanje \u0161engenske vize za u\u010denje nema\u010dkog jezika.Mi podu\u010davamo nastavnike maternjeg jezika. Prilikom izbora na\u0161ih trenera za jezik, mi se uveravamo da su prijateljski i simpati\u010dni. Zabavno je u\u010diti i brzo napredujete.[\/vc_column_text][\/vc_column][\/vc_row]<\/p>\n","protected":false},"excerpt":{"rendered":"<p>[vc_row css=&#8221;.vc_custom_1535982548013{margin-top: 15px !important;padding-bottom: 15px !important;}&#8221;][vc_column][vc_column_text] Intenzivni kursevi nema\u010dkog jezika Nema\u010dki intenzivni kursevi u Be\u010du A1, A2, B1, B2, C1, C2 Nema\u010dki intenzivni kursevi na svim nivoima A1 do C2 &#8211; Dostupni su sljede\u0107i jezi\u010dki nivoi: Nema\u010dki intenzivni kurs za po\u010detnike: A1, A2 Intermediat: intenzivni kursevi za B1, B2 Intenzivni nema\u010dki za napredne: C1 i&hellip; <a class=\"read-more\" href=\"https:\/\/www.sprachschule-aktiv-wien.at\/sr\/intenzivni-kursevi-nemackog-jezika\/\" title=\"Read Intenzivni kursevi nema\u010dkog jezika\">Read more &raquo;<\/a><\/p>\n","protected":false},"author":7,"featured_media":0,"parent":0,"menu_order":0,"comment_status":"closed","ping_status":"closed","template":"","meta":{"footnotes":""},"class_list":["post-7229","page","type-page","status-publish","hentry"],"yoast_head":"<!-- This site is optimized with the Yoast SEO plugin v27.1.1 - https:\/\/yoast.com\/product\/yoast-seo-wordpress\/ -->\n<title>Nema\u010dki intenzivni kursevi u Be\u010du A1, A2, B1, B2, C1, C2<\/title>\n<meta name=\"description\" content=\"Ako \u017eelite intenzivno i \u0161to pre nau\u010diti nema\u010dki jezik, onda je na\u0161 kurs nema\u010dkog jezika u Be\u010du za Vas najbolji\" \/>\n<meta name=\"robots\" content=\"index, follow, max-snippet:-1, max-image-preview:large, max-video-preview:-1\" \/>\n<link rel=\"canonical\" href=\"https:\/\/www.sprachschule-aktiv-wien.at\/sr\/intenzivni-kursevi-nemackog-jezika\/\" \/>\n<meta property=\"og:locale\" content=\"sr_RS\" \/>\n<meta property=\"og:type\" content=\"article\" \/>\n<meta property=\"og:title\" content=\"Nema\u010dki intenzivni kursevi u Be\u010du A1, A2, B1, B2, C1, C2\" \/>\n<meta property=\"og:description\" content=\"Ako \u017eelite intenzivno i \u0161to pre nau\u010diti nema\u010dki jezik, onda je na\u0161 kurs nema\u010dkog jezika u Be\u010du za Vas najbolji\" \/>\n<meta property=\"og:url\" content=\"https:\/\/www.sprachschule-aktiv-wien.at\/sr\/intenzivni-kursevi-nemackog-jezika\/\" \/>\n<meta property=\"og:site_name\" content=\"Sprachschule Aktiv Wien\" \/>\n<meta property=\"article:modified_time\" content=\"2024-01-21T00:23:18+00:00\" \/>\n<meta name=\"twitter:label1\" content=\"\u041f\u0440\u043e\u0446\u0435\u045a\u0435\u043d\u043e \u0432\u0440\u0435\u043c\u0435 \u0447\u0438\u0442\u0430\u045a\u0430\" \/>\n\t<meta name=\"twitter:data1\" content=\"3 \u043c\u0438\u043d\u0443\u0442\u0430\" \/>\n<script type=\"application\/ld+json\" class=\"yoast-schema-graph\">{\"@context\":\"https:\/\/schema.org\",\"@graph\":[{\"@type\":\"WebPage\",\"@id\":\"https:\/\/www.sprachschule-aktiv-wien.at\/sr\/intenzivni-kursevi-nemackog-jezika\/\",\"url\":\"https:\/\/www.sprachschule-aktiv-wien.at\/sr\/intenzivni-kursevi-nemackog-jezika\/\",\"name\":\"Nema\u010dki intenzivni kursevi u Be\u010du A1, A2, B1, B2, C1, C2\",\"isPartOf\":{\"@id\":\"https:\/\/www.sprachschule-aktiv-wien.at\/#website\"},\"datePublished\":\"2018-08-02T04:48:48+00:00\",\"dateModified\":\"2024-01-21T00:23:18+00:00\",\"description\":\"Ako \u017eelite intenzivno i \u0161to pre nau\u010diti nema\u010dki jezik, onda je na\u0161 kurs nema\u010dkog jezika u Be\u010du za Vas najbolji\",\"breadcrumb\":{\"@id\":\"https:\/\/www.sprachschule-aktiv-wien.at\/sr\/intenzivni-kursevi-nemackog-jezika\/#breadcrumb\"},\"inLanguage\":\"sr-RS\",\"potentialAction\":[{\"@type\":\"ReadAction\",\"target\":[\"https:\/\/www.sprachschule-aktiv-wien.at\/sr\/intenzivni-kursevi-nemackog-jezika\/\"]}]},{\"@type\":\"BreadcrumbList\",\"@id\":\"https:\/\/www.sprachschule-aktiv-wien.at\/sr\/intenzivni-kursevi-nemackog-jezika\/#breadcrumb\",\"itemListElement\":[{\"@type\":\"ListItem\",\"position\":1,\"name\":\"Home\",\"item\":\"https:\/\/www.sprachschule-aktiv-wien.at\/sr\/\"},{\"@type\":\"ListItem\",\"position\":2,\"name\":\"Intenzivni kursevi nema\u010dkog jezika\"}]},{\"@type\":\"WebSite\",\"@id\":\"https:\/\/www.sprachschule-aktiv-wien.at\/#website\",\"url\":\"https:\/\/www.sprachschule-aktiv-wien.at\/\",\"name\":\"Sprachschule Aktiv Wien\",\"description\":\"\",\"potentialAction\":[{\"@type\":\"SearchAction\",\"target\":{\"@type\":\"EntryPoint\",\"urlTemplate\":\"https:\/\/www.sprachschule-aktiv-wien.at\/?s={search_term_string}\"},\"query-input\":{\"@type\":\"PropertyValueSpecification\",\"valueRequired\":true,\"valueName\":\"search_term_string\"}}],\"inLanguage\":\"sr-RS\"}]}<\/script>\n<!-- \/ Yoast SEO plugin. -->","yoast_head_json":{"title":"Nema\u010dki intenzivni kursevi u Be\u010du A1, A2, B1, B2, C1, C2","description":"Ako \u017eelite intenzivno i \u0161to pre nau\u010diti nema\u010dki jezik, onda je na\u0161 kurs nema\u010dkog jezika u Be\u010du za Vas najbolji","robots":{"index":"index","follow":"follow","max-snippet":"max-snippet:-1","max-image-preview":"max-image-preview:large","max-video-preview":"max-video-preview:-1"},"canonical":"https:\/\/www.sprachschule-aktiv-wien.at\/sr\/intenzivni-kursevi-nemackog-jezika\/","og_locale":"sr_RS","og_type":"article","og_title":"Nema\u010dki intenzivni kursevi u Be\u010du A1, A2, B1, B2, C1, C2","og_description":"Ako \u017eelite intenzivno i \u0161to pre nau\u010diti nema\u010dki jezik, onda je na\u0161 kurs nema\u010dkog jezika u Be\u010du za Vas najbolji","og_url":"https:\/\/www.sprachschule-aktiv-wien.at\/sr\/intenzivni-kursevi-nemackog-jezika\/","og_site_name":"Sprachschule Aktiv Wien","article_modified_time":"2024-01-21T00:23:18+00:00","twitter_misc":{"\u041f\u0440\u043e\u0446\u0435\u045a\u0435\u043d\u043e \u0432\u0440\u0435\u043c\u0435 \u0447\u0438\u0442\u0430\u045a\u0430":"3 \u043c\u0438\u043d\u0443\u0442\u0430"},"schema":{"@context":"https:\/\/schema.org","@graph":[{"@type":"WebPage","@id":"https:\/\/www.sprachschule-aktiv-wien.at\/sr\/intenzivni-kursevi-nemackog-jezika\/","url":"https:\/\/www.sprachschule-aktiv-wien.at\/sr\/intenzivni-kursevi-nemackog-jezika\/","name":"Nema\u010dki intenzivni kursevi u Be\u010du A1, A2, B1, B2, C1, C2","isPartOf":{"@id":"https:\/\/www.sprachschule-aktiv-wien.at\/#website"},"datePublished":"2018-08-02T04:48:48+00:00","dateModified":"2024-01-21T00:23:18+00:00","description":"Ako \u017eelite intenzivno i \u0161to pre nau\u010diti nema\u010dki jezik, onda je na\u0161 kurs nema\u010dkog jezika u Be\u010du za Vas najbolji","breadcrumb":{"@id":"https:\/\/www.sprachschule-aktiv-wien.at\/sr\/intenzivni-kursevi-nemackog-jezika\/#breadcrumb"},"inLanguage":"sr-RS","potentialAction":[{"@type":"ReadAction","target":["https:\/\/www.sprachschule-aktiv-wien.at\/sr\/intenzivni-kursevi-nemackog-jezika\/"]}]},{"@type":"BreadcrumbList","@id":"https:\/\/www.sprachschule-aktiv-wien.at\/sr\/intenzivni-kursevi-nemackog-jezika\/#breadcrumb","itemListElement":[{"@type":"ListItem","position":1,"name":"Home","item":"https:\/\/www.sprachschule-aktiv-wien.at\/sr\/"},{"@type":"ListItem","position":2,"name":"Intenzivni kursevi nema\u010dkog jezika"}]},{"@type":"WebSite","@id":"https:\/\/www.sprachschule-aktiv-wien.at\/#website","url":"https:\/\/www.sprachschule-aktiv-wien.at\/","name":"Sprachschule Aktiv Wien","description":"","potentialAction":[{"@type":"SearchAction","target":{"@type":"EntryPoint","urlTemplate":"https:\/\/www.sprachschule-aktiv-wien.at\/?s={search_term_string}"},"query-input":{"@type":"PropertyValueSpecification","valueRequired":true,"valueName":"search_term_string"}}],"inLanguage":"sr-RS"}]}},"_links":{"self":[{"href":"https:\/\/www.sprachschule-aktiv-wien.at\/sr\/wp-json\/wp\/v2\/pages\/7229","targetHints":{"allow":["GET"]}}],"collection":[{"href":"https:\/\/www.sprachschule-aktiv-wien.at\/sr\/wp-json\/wp\/v2\/pages"}],"about":[{"href":"https:\/\/www.sprachschule-aktiv-wien.at\/sr\/wp-json\/wp\/v2\/types\/page"}],"author":[{"embeddable":true,"href":"https:\/\/www.sprachschule-aktiv-wien.at\/sr\/wp-json\/wp\/v2\/users\/7"}],"replies":[{"embeddable":true,"href":"https:\/\/www.sprachschule-aktiv-wien.at\/sr\/wp-json\/wp\/v2\/comments?post=7229"}],"version-history":[{"count":25,"href":"https:\/\/www.sprachschule-aktiv-wien.at\/sr\/wp-json\/wp\/v2\/pages\/7229\/revisions"}],"predecessor-version":[{"id":36376,"href":"https:\/\/www.sprachschule-aktiv-wien.at\/sr\/wp-json\/wp\/v2\/pages\/7229\/revisions\/36376"}],"wp:attachment":[{"href":"https:\/\/www.sprachschule-aktiv-wien.at\/sr\/wp-json\/wp\/v2\/media?parent=7229"}],"curies":[{"name":"wp","href":"https:\/\/api.w.org\/{rel}","templated":true}]}}