{"id":7499,"date":"2015-02-12T08:43:10","date_gmt":"2015-02-12T08:43:10","guid":{"rendered":"https:\/\/www.sprachschule-aktiv-wien.at\/deutsch-und-fremdsprachen-lernen-in-wien-sprachschule-aktiv\/"},"modified":"2024-06-02T21:05:21","modified_gmt":"2024-06-02T21:05:21","slug":"ucte-sa-nemecky-vo-viedni-kurzy-nemciny-pre-urovne-a1-az-c2-jazykova-skola-pre-kurzy-nemciny","status":"publish","type":"page","link":"https:\/\/www.sprachschule-aktiv-wien.at\/sk\/","title":{"rendered":"U\u010dte sa nemecky vo Viedni \u2013 kurzy nem\u010diny pre \u00farovne A1 a\u017e C2 \u2013 jazykov\u00e1 \u0161kola s kurzami nem\u010diny"},"content":{"rendered":"<p>[vc_row full_width=&#8221;stretch_row_content_no_spaces&#8221;][vc_column][vc_single_image image=&#8221;28618&#8243; img_size=&#8221;full&#8221;][\/vc_column][\/vc_row][vc_row css=&#8221;.vc_custom_1535032641903{margin-top: 15px !important;padding-bottom: 15px !important;}&#8221;][vc_column][vc_column_text]<\/p>\n<h1>U\u010dte sa nemecky vo Viedni \u2013 kurzy nem\u010diny pre \u00farovne A1 a\u017e C2 \u2013 jazykov\u00e1 \u0161kola s kurzami nem\u010diny<\/h1>\n<p>Intenz\u00edvne kurzy nem\u010diny vo Viedni A1, A2, B1, B2, C1, C2<br \/>\nIntenz\u00edvne kurzy nem\u010diny pre v\u0161etky \u00farovne od A1 do C2 \u2013 pon\u00fakame nasleduj\u00face \u00farovne:<\/p>\n<p>Intenz\u00edvne kurzy nem\u010diny pre za\u010diato\u010dn\u00edkov: A1, A2<br \/>\nIntenz\u00edvne kurzy nem\u010diny pre stredne pokro\u010dil\u00fdch B1, B2<br \/>\nIntenz\u00edvne kurzy nem\u010diny pre pokro\u010dil\u00fdch: C1 and C2<br \/>\nIntenz\u00edvne kurzy nem\u010diny vo Viedni \u2013 nau\u010dte sa r\u00fdchlo po nemecky<\/p>\n<p>Ak sa chcete u\u010di\u0165 nemeck\u00fd jazyk tak r\u00fdchlo a intenz\u00edvne ako je len mo\u017en\u00e9, na\u0161e kurzy Nem\u010diny vo Viedni s\u00fa pre V\u00e1s ide\u00e1lnou mo\u017enos\u0165ou. Pon\u00fakame r\u00f4zne druhy kurzov v z\u00e1vislosti od Vami stanoven\u00fdch cie\u013eov.[\/vc_column_text][vc_row_inner][vc_column_inner width=&#8221;1\/2&#8243;][vc_column_text]<div class=\"BorlabsCookie _brlbs-cb-youtube\"><div class=\"_brlbs-content-blocker\"> <div class=\"_brlbs-embed _brlbs-video-youtube\"> <img class=\"_brlbs-thumbnail\" src=\"https:\/\/www.sprachschule-aktiv-wien.at\/wp-content\/plugins\/borlabs-cookie\/assets\/images\/cb-no-thumbnail.png\" alt=\"YouTube\"> <div class=\"_brlbs-caption\"> <p>Mit dem Laden des Videos akzeptieren Sie die Datenschutzerkl\u00e4rung von YouTube.<br><a href=\"https:\/\/policies.google.com\/privacy\" target=\"_blank\" rel=\"nofollow noopener noreferrer\">Mehr erfahren<\/a><\/p> <p><a class=\"_brlbs-btn _brlbs-icon-play-white\" href=\"#\" data-borlabs-cookie-unblock role=\"button\">Video laden<\/a><\/p> <p><label><input type=\"checkbox\" name=\"unblockAll\" value=\"1\" checked> <small>YouTube immer entsperren<\/small><\/label><\/p> <\/div> <\/div> <\/div><div class=\"borlabs-hide\" data-borlabs-cookie-type=\"content-blocker\" data-borlabs-cookie-id=\"youtube\"><script type=\"text\/template\">PGlmcmFtZSBzcmM9Imh0dHBzOi8vd3d3LnlvdXR1YmUtbm9jb29raWUuY29tL2VtYmVkL1h6SUl6em00SmFZIiB3aWR0aD0iNTYwIiBoZWlnaHQ9IjMxNSIgZnJhbWVib3JkZXI9IjAiIGFsbG93ZnVsbHNjcmVlbj0iYWxsb3dmdWxsc2NyZWVuIj48L2lmcmFtZT4=<\/script><\/div><\/div>[\/vc_column_text][\/vc_column_inner][vc_column_inner width=&#8221;1\/2&#8243;][vc_column_text]<div class=\"BorlabsCookie _brlbs-cb-youtube\"><div class=\"_brlbs-content-blocker\"> <div class=\"_brlbs-embed _brlbs-video-youtube\"> <img class=\"_brlbs-thumbnail\" src=\"https:\/\/www.sprachschule-aktiv-wien.at\/wp-content\/plugins\/borlabs-cookie\/assets\/images\/cb-no-thumbnail.png\" alt=\"YouTube\"> <div class=\"_brlbs-caption\"> <p>Mit dem Laden des Videos akzeptieren Sie die Datenschutzerkl\u00e4rung von YouTube.<br><a href=\"https:\/\/policies.google.com\/privacy\" target=\"_blank\" rel=\"nofollow noopener noreferrer\">Mehr erfahren<\/a><\/p> <p><a class=\"_brlbs-btn _brlbs-icon-play-white\" href=\"#\" data-borlabs-cookie-unblock role=\"button\">Video laden<\/a><\/p> <p><label><input type=\"checkbox\" name=\"unblockAll\" value=\"1\" checked> <small>YouTube immer entsperren<\/small><\/label><\/p> <\/div> <\/div> <\/div><div class=\"borlabs-hide\" data-borlabs-cookie-type=\"content-blocker\" data-borlabs-cookie-id=\"youtube\"><script type=\"text\/template\">PGlmcmFtZSBzcmM9Imh0dHBzOi8vd3d3LnlvdXR1YmUtbm9jb29raWUuY29tL2VtYmVkL09tbERYMXJETC13IiB3aWR0aD0iNTYwIiBoZWlnaHQ9IjMxNSIgZnJhbWVib3JkZXI9IjAiIGFsbG93ZnVsbHNjcmVlbj0iYWxsb3dmdWxsc2NyZWVuIj48L2lmcmFtZT4=<\/script><\/div><\/div>[\/vc_column_text][\/vc_column_inner][\/vc_row_inner][\/vc_column][\/vc_row][vc_row full_width=&#8221;stretch_row&#8221; css=&#8221;.vc_custom_1535032725718{padding-top: 15px !important;padding-bottom: 15px !important;background-color: #f9f9f9 !important;}&#8221;][vc_column][vc_column_text]<\/p>\n<h2>Ceny a d\u00e1tumy pre intenz\u00edvne kurzy nem\u010diny<\/h2>\n<p><strong>\u00darove\u0148<\/strong>: A1, A2, B1, B2, C1, C2<br \/>\n<strong>Rozvrh kurzov<\/strong>: Pondelok a\u017e piatok, <span id=\"result_box\" class=\"short_text\" lang=\"pl\" tabindex=\"-1\">8:00\u201311:00, 11:00\u201314:00, 14:00-17:00, 18:00\u201321:00<br \/>\n<\/span><strong>Za\u010diatok kurzov<\/strong>: kurzy pre v\u0161etky \u00farovne za\u010d\u00ednaj\u00fa prv\u00fd pondelok v mesiaci. Ak je pondelok \u0161t\u00e1tny sviatok, kurzy za\u010d\u00ednaj\u00fa nasleduj\u00faci de\u0148.<br \/>\n<strong>D\u013a\u017eka kurzov<\/strong>: 4\u00a0-8 t\u00fd\u017ed\u0148ov<br \/>\n<strong>Ceny<\/strong>: 1 t\u00fd\u017ede\u0148: 199, &#8211; \u20ac \/ 2 t\u00fd\u017edne: 349, &#8211; \u20ac \/ 3 t\u00fd\u017edne: 449, &#8211; \u20ac \/ 4 t\u00fd\u017edne (1 mesiac): 499, &#8211; \u20ac \/ 8 t\u00fd\u017ed\u0148ov 998 \u20ac<br \/>\nKurzy je mo\u017en\u00e9 zarezervova\u0165 aj t\u00fd\u017edenne.<\/p>\n<h2>Ceny a d\u00e1tumy na\u0161ich skupinov\u00fdch\u00a0kurzov nem\u010diny<\/h2>\n<p><strong>\u00darove\u0148<\/strong>: A1, A2, B1, B2, C1, C2<br \/>\n<strong>Za\u010diatok kurzov<\/strong>: kurzy pre v\u0161etky \u00farovne za\u010d\u00ednaj\u00fa prv\u00fd pondelok alebo utorok v mesiaci. Ak je pondelok \u0161t\u00e1tny sviatok, kurzy za\u010d\u00ednaj\u00fa nasledovn\u00fd de\u0148.<br \/>\n<strong>Rozvrh kurzov<\/strong>: pondelok &amp; streda alebo utorok &amp; \u0161tvrtok, 17:30-19:00 \/ 19:00-20:30<br \/>\n<strong>D\u013a\u017eka kurzov:<\/strong> 6 t\u00fd\u017ednov<br \/>\n<strong>Cena<\/strong>: 319 \u20ac<\/p>\n<div class=\"BorlabsCookie _brlbs-cb-youtube\"><div class=\"_brlbs-content-blocker\"> <div class=\"_brlbs-embed _brlbs-video-youtube\"> <img class=\"_brlbs-thumbnail\" src=\"https:\/\/www.sprachschule-aktiv-wien.at\/wp-content\/plugins\/borlabs-cookie\/assets\/images\/cb-no-thumbnail.png\" alt=\"YouTube\"> <div class=\"_brlbs-caption\"> <p>Mit dem Laden des Videos akzeptieren Sie die Datenschutzerkl\u00e4rung von YouTube.<br><a href=\"https:\/\/policies.google.com\/privacy\" target=\"_blank\" rel=\"nofollow noopener noreferrer\">Mehr erfahren<\/a><\/p> <p><a class=\"_brlbs-btn _brlbs-icon-play-white\" href=\"#\" data-borlabs-cookie-unblock role=\"button\">Video laden<\/a><\/p> <p><label><input type=\"checkbox\" name=\"unblockAll\" value=\"1\" checked> <small>YouTube immer entsperren<\/small><\/label><\/p> <\/div> <\/div> <\/div><div class=\"borlabs-hide\" data-borlabs-cookie-type=\"content-blocker\" data-borlabs-cookie-id=\"youtube\"><script type=\"text\/template\">PHA+PGlmcmFtZSBzcmM9Imh0dHBzOi8vd3d3LnlvdXR1YmUtbm9jb29raWUuY29tL2VtYmVkL0xoREdzOVNHUFRvIiB3aWR0aD0iMTAwJSIgaGVpZ2h0PSIzNTAiIGZyYW1lYm9yZGVyPSIwIiBhbGxvd2Z1bGxzY3JlZW49ImFsbG93ZnVsbHNjcmVlbiI+PC9pZnJhbWU+PC9wPg==<\/script><\/div><\/div>\n<h2>Pon\u00fakame kurzy pre za\u010diato\u010dn\u00edkov a aj pokro\u010dil\u00fdch<\/h2>\n<p>Nez\u00e1le\u017e\u00ed na Va\u0161ich predo\u0161l\u00fdch sk\u00fasenostiach, u n\u00e1s ste na spr\u00e1vnom mieste. Za\u010diato\u010dn\u00edcke kurzy m\u00f4\u017eete za\u010da\u0165 v kurze pre \u00fapln\u00fdch za\u010diato\u010dn\u00edkov, aj bez z\u00e1kladov nem\u010diny. Ak u\u017e m\u00e1te znalos\u0165 nemeck\u00e9ho jazyka, n\u00e1jdeme V\u00e1m vhodn\u00fd kurz. Na zaradenie do spr\u00e1vnej \u00farovne, m\u00f4\u017eete vyplni\u0165 n\u00e1\u0161 test. Ak e\u0161te nie ste vo Viedni, m\u00f4\u017eete ho vyplni\u0165 cez internet, inak m\u00f4\u017eete samozrejme nav\u0161t\u00edvi\u0165 na\u0161u jazykov\u00fa \u0161kolu Aktiv vo Viedni.<\/p>\n<p>[\/vc_column_text][vc_single_image image=&#8221;36567&#8243; img_size=&#8221;full&#8221;][\/vc_column][\/vc_row][vc_row css=&#8221;.vc_custom_1535032762470{padding-top: 15px !important;padding-bottom: 15px !important;}&#8221;][vc_column][vc_column_text]<\/p>\n<h2>N\u00e1\u0161 rann\u00fd intenz\u00edvny kurz Nem\u010diny<\/h2>\n<p>N\u00e1\u0161 be\u017en\u00fd intenz\u00edvny kurz Nem\u010diny za\u010d\u00edna r\u00e1no, a to ka\u017ed\u00fd de\u0148 od 8:00 do 11:00 alebo od 11:00 do 14:00. Vtedy m\u00f4\u017eete nav\u0161tevova\u0165 Vami zvolen\u00fd kurz nemeck\u00e9ho jazyka. Poobede si m\u00f4\u017eete zopakova\u0165, \u010do ste sa nau\u010dili alebo si pozrie\u0165 kr\u00e1snu Viede\u0148. Hodiny \u0161tudentov, ktor\u00fd u\u017e maj\u00fa znalosti Nem\u010diny, za\u010d\u00ednaj\u00fa ka\u017ed\u00fd pondelok. Za\u010diato\u010dn\u00edci za\u010d\u00ednaj\u00fa v\u017edy prv\u00fd pondelok v mesiaci. Na\u0161e polointenz\u00edvne kurzy nem\u010diny sa konaj\u00fa ka\u017ed\u00fd de\u0148 od Pondelok a\u017e \u0161tvrtok od 17:30 do 19:00 alebo od 19:00 do 20:30.<\/p>\n<h2>Kurzy nem\u010diny vo Viedni s\u00fa v mal\u00fdch skupin\u00e1ch<\/h2>\n<p>Pre efekt\u00edvnos\u0165 na\u0161ej v\u00fduky je mal\u00e1 skupina mimoriadne d\u00f4le\u017eit\u00e1. V mal\u00fdch skupin\u00e1ch pristupujeme ku ka\u017ed\u00e9mu jednotlivo, \u010d\u00edm sa r\u00fdchlej\u0161ie odstr\u00e1nia jazykov\u00e9 probl\u00e9my. Jazykom sa budete zaobera\u0165 intenz\u00edvnej\u0161ie a t\u00fdm sa aj r\u00fdchlej\u0161ie zlep\u0161ova\u0165. To s\u00fa d\u00f4vody, pre\u010do na\u0161e kurzy nikdy nepresiahnu po\u010det 10 \u00fa\u010dastn\u00edkov.<\/p>\n<h2>Kurzy nem\u010diny vo Viedni \u2013 v\u00fdhoda pre V\u00e1s<\/h2>\n<p>Odu\u0161evnenie na\u0161ich u\u010dite\u013eov sa nevz\u0165ahuje iba na u\u010denie jazyka. Organizuj\u00fa exkurzie a in\u00e9 \u010dinnosti. Viede\u0148 je kr\u00e1sne mesto s nekone\u010dn\u00fdmi mo\u017enos\u0165ami pre prezeranie pamiatok. Na\u0161i u\u010ditelia nechc\u00fa iba vyu\u010dova\u0165 jazyk, chc\u00fa V\u00e1m aj predstavi\u0165 rak\u00fasky sp\u00f4sob \u017eivota.<\/p>\n<h2>Va\u0161e v\u00fdhody<\/h2>\n<p>Sk\u00fa\u0161obn\u00e1 hodina zdarma.<br \/>\nExkurzie a aktivity po kurzoch nem\u010diny.<br \/>\nNez\u00e1v\u00e4zn\u00fd test na zaradenie do \u00farovne cez internet alebo osobne u n\u00e1s.<br \/>\nKvalifikovan\u00ed a empatick\u00ed u\u010ditelia s nem\u010dinou ako matersk\u00fdm jazykom.<br \/>\nUzn\u00e1van\u00e9 jazykov\u00e9 certifik\u00e1ty.<br \/>\nPr\u00edprava na jazykov\u00e9 sk\u00fa\u0161ky: \u00d6IF, \u00d6SD, EPD na prijatie na univerzitu, Goethe certifik\u00e1t, at\u010f.<br \/>\nNa\u0161e kurzy V\u00e1s pripravia na \u0161t\u00fadium na nemecky hovoriacich univerzit\u00e1ch v Rak\u00fasku, trval\u00fd pobyt a \u017eiados\u0165 o rak\u00faske ob\u010dianstvo.<br \/>\nNa\u0161e kurzy s\u00fa uzn\u00e1van\u00e9 aj pre udelenie Schengensk\u00e9ho v\u00edza za znalos\u0165 nemeck\u00e9ho jazyka.<\/p>\n<p>[\/vc_column_text][\/vc_column][\/vc_row]<\/p>\n","protected":false},"excerpt":{"rendered":"<p>[vc_row full_width=&#8221;stretch_row_content_no_spaces&#8221;][vc_column][vc_single_image image=&#8221;28618&#8243; img_size=&#8221;full&#8221;][\/vc_column][\/vc_row][vc_row css=&#8221;.vc_custom_1535032641903{margin-top: 15px !important;padding-bottom: 15px !important;}&#8221;][vc_column][vc_column_text] U\u010dte sa nemecky vo Viedni \u2013 kurzy nem\u010diny pre \u00farovne A1 a\u017e C2 \u2013 jazykov\u00e1 \u0161kola s kurzami nem\u010diny Intenz\u00edvne kurzy nem\u010diny vo Viedni A1, A2, B1, B2, C1, C2 Intenz\u00edvne kurzy nem\u010diny pre v\u0161etky \u00farovne od A1 do C2 \u2013 pon\u00fakame nasleduj\u00face \u00farovne: Intenz\u00edvne kurzy&hellip; <a class=\"read-more\" href=\"https:\/\/www.sprachschule-aktiv-wien.at\/sk\/\" title=\"Read U\u010dte sa nemecky vo Viedni \u2013 kurzy nem\u010diny pre \u00farovne A1 a\u017e C2 \u2013 jazykov\u00e1 \u0161kola s kurzami nem\u010diny\">Read more &raquo;<\/a><\/p>\n","protected":false},"author":7,"featured_media":0,"parent":0,"menu_order":0,"comment_status":"closed","ping_status":"closed","template":"","meta":{"footnotes":""},"class_list":["post-7499","page","type-page","status-publish","hentry"],"yoast_head":"<!-- This site is optimized with the Yoast SEO plugin v27.1.1 - https:\/\/yoast.com\/product\/yoast-seo-wordpress\/ -->\n<title>U\u010dte sa Nemecky vo Viedni \u2013 Kurzy Nem\u010diny A1-C2<\/title>\n<meta name=\"description\" content=\"U\u010dte sa Nemecky vo Viedni \u2013 Kurzy Nem\u010diny pre \u00farovne A1 a\u017e C2 \u2013 Jazykov\u00e1 \u0161kola pre kurzy Nem\u010diny. Sprachschule Aktiv.\" \/>\n<meta name=\"robots\" content=\"index, follow, max-snippet:-1, max-image-preview:large, max-video-preview:-1\" \/>\n<link rel=\"canonical\" href=\"https:\/\/www.sprachschule-aktiv-wien.at\/sk\/\" \/>\n<meta property=\"og:locale\" content=\"sk_SK\" \/>\n<meta property=\"og:type\" content=\"article\" \/>\n<meta property=\"og:title\" content=\"U\u010dte sa Nemecky vo Viedni \u2013 Kurzy Nem\u010diny A1-C2\" \/>\n<meta property=\"og:description\" content=\"U\u010dte sa Nemecky vo Viedni \u2013 Kurzy Nem\u010diny pre \u00farovne A1 a\u017e C2 \u2013 Jazykov\u00e1 \u0161kola pre kurzy Nem\u010diny. Sprachschule Aktiv.\" \/>\n<meta property=\"og:url\" content=\"https:\/\/www.sprachschule-aktiv-wien.at\/sk\/\" \/>\n<meta property=\"og:site_name\" content=\"Sprachschule Aktiv Wien\" \/>\n<meta property=\"article:modified_time\" content=\"2024-06-02T21:05:21+00:00\" \/>\n<meta name=\"twitter:label1\" content=\"Predpokladan\u00fd \u010das \u010d\u00edtania\" \/>\n\t<meta name=\"twitter:data1\" content=\"4 min\u00faty\" \/>\n<script type=\"application\/ld+json\" class=\"yoast-schema-graph\">{\"@context\":\"https:\/\/schema.org\",\"@graph\":[{\"@type\":\"WebPage\",\"@id\":\"https:\/\/www.sprachschule-aktiv-wien.at\/sk\/\",\"url\":\"https:\/\/www.sprachschule-aktiv-wien.at\/sk\/\",\"name\":\"U\u010dte sa Nemecky vo Viedni \u2013 Kurzy Nem\u010diny A1-C2\",\"isPartOf\":{\"@id\":\"https:\/\/www.sprachschule-aktiv-wien.at\/#website\"},\"datePublished\":\"2015-02-12T08:43:10+00:00\",\"dateModified\":\"2024-06-02T21:05:21+00:00\",\"description\":\"U\u010dte sa Nemecky vo Viedni \u2013 Kurzy Nem\u010diny pre \u00farovne A1 a\u017e C2 \u2013 Jazykov\u00e1 \u0161kola pre kurzy Nem\u010diny. Sprachschule Aktiv.\",\"breadcrumb\":{\"@id\":\"https:\/\/www.sprachschule-aktiv-wien.at\/sk\/#breadcrumb\"},\"inLanguage\":\"sk-SK\",\"potentialAction\":[{\"@type\":\"ReadAction\",\"target\":[\"https:\/\/www.sprachschule-aktiv-wien.at\/sk\/\"]}]},{\"@type\":\"BreadcrumbList\",\"@id\":\"https:\/\/www.sprachschule-aktiv-wien.at\/sk\/#breadcrumb\",\"itemListElement\":[{\"@type\":\"ListItem\",\"position\":1,\"name\":\"Home\",\"item\":\"https:\/\/www.sprachschule-aktiv-wien.at\/sk\/\"},{\"@type\":\"ListItem\",\"position\":2,\"name\":\"U\u010dte sa nemecky vo Viedni \u2013 kurzy nem\u010diny pre \u00farovne A1 a\u017e C2 \u2013 jazykov\u00e1 \u0161kola s kurzami nem\u010diny\"}]},{\"@type\":\"WebSite\",\"@id\":\"https:\/\/www.sprachschule-aktiv-wien.at\/#website\",\"url\":\"https:\/\/www.sprachschule-aktiv-wien.at\/\",\"name\":\"Sprachschule Aktiv Wien\",\"description\":\"\",\"potentialAction\":[{\"@type\":\"SearchAction\",\"target\":{\"@type\":\"EntryPoint\",\"urlTemplate\":\"https:\/\/www.sprachschule-aktiv-wien.at\/?s={search_term_string}\"},\"query-input\":{\"@type\":\"PropertyValueSpecification\",\"valueRequired\":true,\"valueName\":\"search_term_string\"}}],\"inLanguage\":\"sk-SK\"}]}<\/script>\n<!-- \/ Yoast SEO plugin. -->","yoast_head_json":{"title":"U\u010dte sa Nemecky vo Viedni \u2013 Kurzy Nem\u010diny A1-C2","description":"U\u010dte sa Nemecky vo Viedni \u2013 Kurzy Nem\u010diny pre \u00farovne A1 a\u017e C2 \u2013 Jazykov\u00e1 \u0161kola pre kurzy Nem\u010diny. Sprachschule Aktiv.","robots":{"index":"index","follow":"follow","max-snippet":"max-snippet:-1","max-image-preview":"max-image-preview:large","max-video-preview":"max-video-preview:-1"},"canonical":"https:\/\/www.sprachschule-aktiv-wien.at\/sk\/","og_locale":"sk_SK","og_type":"article","og_title":"U\u010dte sa Nemecky vo Viedni \u2013 Kurzy Nem\u010diny A1-C2","og_description":"U\u010dte sa Nemecky vo Viedni \u2013 Kurzy Nem\u010diny pre \u00farovne A1 a\u017e C2 \u2013 Jazykov\u00e1 \u0161kola pre kurzy Nem\u010diny. Sprachschule Aktiv.","og_url":"https:\/\/www.sprachschule-aktiv-wien.at\/sk\/","og_site_name":"Sprachschule Aktiv Wien","article_modified_time":"2024-06-02T21:05:21+00:00","twitter_misc":{"Predpokladan\u00fd \u010das \u010d\u00edtania":"4 min\u00faty"},"schema":{"@context":"https:\/\/schema.org","@graph":[{"@type":"WebPage","@id":"https:\/\/www.sprachschule-aktiv-wien.at\/sk\/","url":"https:\/\/www.sprachschule-aktiv-wien.at\/sk\/","name":"U\u010dte sa Nemecky vo Viedni \u2013 Kurzy Nem\u010diny A1-C2","isPartOf":{"@id":"https:\/\/www.sprachschule-aktiv-wien.at\/#website"},"datePublished":"2015-02-12T08:43:10+00:00","dateModified":"2024-06-02T21:05:21+00:00","description":"U\u010dte sa Nemecky vo Viedni \u2013 Kurzy Nem\u010diny pre \u00farovne A1 a\u017e C2 \u2013 Jazykov\u00e1 \u0161kola pre kurzy Nem\u010diny. Sprachschule Aktiv.","breadcrumb":{"@id":"https:\/\/www.sprachschule-aktiv-wien.at\/sk\/#breadcrumb"},"inLanguage":"sk-SK","potentialAction":[{"@type":"ReadAction","target":["https:\/\/www.sprachschule-aktiv-wien.at\/sk\/"]}]},{"@type":"BreadcrumbList","@id":"https:\/\/www.sprachschule-aktiv-wien.at\/sk\/#breadcrumb","itemListElement":[{"@type":"ListItem","position":1,"name":"Home","item":"https:\/\/www.sprachschule-aktiv-wien.at\/sk\/"},{"@type":"ListItem","position":2,"name":"U\u010dte sa nemecky vo Viedni \u2013 kurzy nem\u010diny pre \u00farovne A1 a\u017e C2 \u2013 jazykov\u00e1 \u0161kola s kurzami nem\u010diny"}]},{"@type":"WebSite","@id":"https:\/\/www.sprachschule-aktiv-wien.at\/#website","url":"https:\/\/www.sprachschule-aktiv-wien.at\/","name":"Sprachschule Aktiv Wien","description":"","potentialAction":[{"@type":"SearchAction","target":{"@type":"EntryPoint","urlTemplate":"https:\/\/www.sprachschule-aktiv-wien.at\/?s={search_term_string}"},"query-input":{"@type":"PropertyValueSpecification","valueRequired":true,"valueName":"search_term_string"}}],"inLanguage":"sk-SK"}]}},"_links":{"self":[{"href":"https:\/\/www.sprachschule-aktiv-wien.at\/sk\/wp-json\/wp\/v2\/pages\/7499","targetHints":{"allow":["GET"]}}],"collection":[{"href":"https:\/\/www.sprachschule-aktiv-wien.at\/sk\/wp-json\/wp\/v2\/pages"}],"about":[{"href":"https:\/\/www.sprachschule-aktiv-wien.at\/sk\/wp-json\/wp\/v2\/types\/page"}],"author":[{"embeddable":true,"href":"https:\/\/www.sprachschule-aktiv-wien.at\/sk\/wp-json\/wp\/v2\/users\/7"}],"replies":[{"embeddable":true,"href":"https:\/\/www.sprachschule-aktiv-wien.at\/sk\/wp-json\/wp\/v2\/comments?post=7499"}],"version-history":[{"count":27,"href":"https:\/\/www.sprachschule-aktiv-wien.at\/sk\/wp-json\/wp\/v2\/pages\/7499\/revisions"}],"predecessor-version":[{"id":42429,"href":"https:\/\/www.sprachschule-aktiv-wien.at\/sk\/wp-json\/wp\/v2\/pages\/7499\/revisions\/42429"}],"wp:attachment":[{"href":"https:\/\/www.sprachschule-aktiv-wien.at\/sk\/wp-json\/wp\/v2\/media?parent=7499"}],"curies":[{"name":"wp","href":"https:\/\/api.w.org\/{rel}","templated":true}]}}