{"id":7313,"date":"2018-08-02T04:52:14","date_gmt":"2018-08-02T04:52:14","guid":{"rendered":"https:\/\/www.sprachschule-aktiv-wien.at\/?page_id=7313"},"modified":"2023-09-22T11:07:24","modified_gmt":"2023-09-22T11:07:24","slug":"njemacki-privatne-lekcije-u-becu-njemacki-ucitelj-za-privatne-satove","status":"publish","type":"page","link":"https:\/\/www.sprachschule-aktiv-wien.at\/hr\/njemacki-privatne-lekcije-u-becu-njemacki-ucitelj-za-privatne-satove\/","title":{"rendered":"Njema\u010dki privatne lekcije u Be\u010du: njema\u010dki u\u010ditelj za privatne satove"},"content":{"rendered":"<p>[vc_row css=&#8221;.vc_custom_1535018526065{margin-top: 15px !important;padding-bottom: 15px !important;}&#8221;][vc_column][vc_column_text]<\/p>\n<h1>Njema\u010dki privatne lekcije u Be\u010du: njema\u010dki u\u010ditelj za privatne satove<\/h1>\n<p>[\/vc_column_text][\/vc_column][\/vc_row][vc_row][vc_column][vc_column_text]Saznajte njema\u010dki u Be\u010du &#8211; jeftin i u\u010dinkovit! Njema\u010dki nastavnici \u017eeljeli su privatne lekcije? Privatne lekcije u Be\u010du s kvalificiranim izvornim govornicima!<\/p>\n\n<table id=\"tablepress-108\" class=\"tablepress tablepress-id-108\">\n<thead>\n<tr class=\"row-1\">\n\t<th class=\"column-1\">Cijena po lekciju 45 minuta<\/th>\n<\/tr>\n<\/thead>\n<tbody class=\"row-striping row-hover\">\n<tr class=\"row-2\">\n\t<td class=\"column-1\">1-3 sudionik<\/td>\n<\/tr>\n<tr class=\"row-3\">\n\t<td class=\"column-1\">od 10 nastavnih jedinki, 48 \u20ac<\/td>\n<\/tr>\n<tr class=\"row-4\">\n\t<td class=\"column-1\">od 20 nastavnih jedinki, 45 \u20ac<\/td>\n<\/tr>\n<tr class=\"row-5\">\n\t<td class=\"column-1\">od 30 nastavnih jedinki, 43 \u20ac <\/td>\n<\/tr>\n<tr class=\"row-6\">\n\t<td class=\"column-1\">od 80 nastavnih jedinki, 40 \u20ac<\/td>\n<\/tr>\n<\/tbody>\n<\/table>\n<!-- #tablepress-108 from cache -->\n\t<div class=\"vc_btn3-container vc_btn3-inline\">\n\t\t<a href=\"\/hr\/registracija\/\" class=\"pgs_btn pgs_btn_style_1 pgs_btn_xl\">\n\t\t\t<span>\n\t\t\t\tPrijavite se sada\t\t\t<\/span>\n\t\t\t\t\t\t<i class=\"fa fa-external-link\"><\/i>\n\t\t\t\t\t<\/a>\n\t<\/div>\n\t\n<p>[\/vc_column_text][vc_row_inner][vc_column_inner width=&#8221;1\/2&#8243;][vc_column_text]<div class=\"BorlabsCookie _brlbs-cb-youtube\"><div class=\"_brlbs-content-blocker\"> <div class=\"_brlbs-embed _brlbs-video-youtube\"> <img class=\"_brlbs-thumbnail\" src=\"https:\/\/www.sprachschule-aktiv-wien.at\/wp-content\/plugins\/borlabs-cookie\/assets\/images\/cb-no-thumbnail.png\" alt=\"YouTube\"> <div class=\"_brlbs-caption\"> <p>Mit dem Laden des Videos akzeptieren Sie die Datenschutzerkl\u00e4rung von YouTube.<br><a href=\"https:\/\/policies.google.com\/privacy\" target=\"_blank\" rel=\"nofollow noopener noreferrer\">Mehr erfahren<\/a><\/p> <p><a class=\"_brlbs-btn _brlbs-icon-play-white\" href=\"#\" data-borlabs-cookie-unblock role=\"button\">Video laden<\/a><\/p> <p><label><input type=\"checkbox\" name=\"unblockAll\" value=\"1\" checked> <small>YouTube immer entsperren<\/small><\/label><\/p> <\/div> <\/div> <\/div><div class=\"borlabs-hide\" data-borlabs-cookie-type=\"content-blocker\" data-borlabs-cookie-id=\"youtube\"><script type=\"text\/template\">PGlmcmFtZSBzcmM9Imh0dHBzOi8vd3d3LnlvdXR1YmUtbm9jb29raWUuY29tL2VtYmVkL2FvVWVzTld2aHJJIiB3aWR0aD0iMTAwJSIgaGVpZ2h0PSIzMTUiIGZyYW1lYm9yZGVyPSIwIiBhbGxvd2Z1bGxzY3JlZW49ImFsbG93ZnVsbHNjcmVlbiI+PC9pZnJhbWU+<\/script><\/div><\/div>[\/vc_column_text][\/vc_column_inner][vc_column_inner width=&#8221;1\/2&#8243;][vc_column_text]<div class=\"BorlabsCookie _brlbs-cb-youtube\"><div class=\"_brlbs-content-blocker\"> <div class=\"_brlbs-embed _brlbs-video-youtube\"> <img class=\"_brlbs-thumbnail\" src=\"https:\/\/www.sprachschule-aktiv-wien.at\/wp-content\/plugins\/borlabs-cookie\/assets\/images\/cb-no-thumbnail.png\" alt=\"YouTube\"> <div class=\"_brlbs-caption\"> <p>Mit dem Laden des Videos akzeptieren Sie die Datenschutzerkl\u00e4rung von YouTube.<br><a href=\"https:\/\/policies.google.com\/privacy\" target=\"_blank\" rel=\"nofollow noopener noreferrer\">Mehr erfahren<\/a><\/p> <p><a class=\"_brlbs-btn _brlbs-icon-play-white\" href=\"#\" data-borlabs-cookie-unblock role=\"button\">Video laden<\/a><\/p> <p><label><input type=\"checkbox\" name=\"unblockAll\" value=\"1\" checked> <small>YouTube immer entsperren<\/small><\/label><\/p> <\/div> <\/div> <\/div><div class=\"borlabs-hide\" data-borlabs-cookie-type=\"content-blocker\" data-borlabs-cookie-id=\"youtube\"><script type=\"text\/template\">PGlmcmFtZSBzcmM9Imh0dHBzOi8vd3d3LnlvdXR1YmUtbm9jb29raWUuY29tL2VtYmVkLy1ZQzNEX1hRWGE4IiB3aWR0aD0iMTAwJSIgaGVpZ2h0PSIzMTUiIGZyYW1lYm9yZGVyPSIwIiBhbGxvd2Z1bGxzY3JlZW49ImFsbG93ZnVsbHNjcmVlbiI+PC9pZnJhbWU+<\/script><\/div><\/div>[\/vc_column_text][\/vc_column_inner][\/vc_row_inner][\/vc_column][\/vc_row][vc_row full_width=&#8221;stretch_row&#8221; css=&#8221;.vc_custom_1535018582224{padding-top: 15px !important;padding-bottom: 15px !important;background-color: #f9f9f9 !important;}&#8221;][vc_column][vc_column_text]<\/p>\n<h2>Te\u010dajevi njema\u010dkog jezika u Be\u010du &#8211; za odmor, studija, OIF, OSD, ili za poso<\/h2>\n<p>[\/vc_column_text][vc_row_inner][vc_column_inner width=&#8221;1\/2&#8243;][vc_column_text]Na\u0161a \u0161kola njema\u010dkog jezika u Be\u010du nudi svima zainteresiranim osobama to\u010dno te\u010daj njema\u010dkog jezika koji odgovara njihovim individualnim sposobnostima i zahtjevima. Za va\u0161e osobne njema\u010dke lekcije u Be\u010du, izme\u0111u ostalog mo\u017eete izabrati za sljede\u0107e doga\u0111aje:<\/p>\n<ul>\n<li>Njema\u010dki za po\u010detnike<\/li>\n<li>Njema\u010dki pripremni te\u010dajevi za \u00d6IF \/ \u00d6SD ispite<\/li>\n<li>Te\u010dajevi njema\u010dkog usavr\u0161avanja za njema\u010dki dopunski ispit (EPD)<\/li>\n<li>Njema\u010dka uredska korespondencija B2, C1<\/li>\n<li>Njemacko pisanje i gramatika B1, B2, C1<\/li>\n<li>Poslovna komunikacija njema\u010dki<\/li>\n<li>Njema\u010dki za blagdane<\/li>\n<li>Vikend te\u010dajevi<\/li>\n<li>Intenzivni te\u010daj za njema\u010dki jezik u savr\u0161enstvu nekoliko sati<\/li>\n<li>Njema\u010dki za posao<\/li>\n<li>Obuka za njema\u010dki program<\/li>\n<li>Njema\u010dki za iseljene<\/li>\n<\/ul>\n<p>[\/vc_column_text][\/vc_column_inner][vc_column_inner width=&#8221;1\/2&#8243;][vc_column_text]<a href=\"https:\/\/www.sprachschule-aktiv-wien.at\/wp-content\/uploads\/2021\/03\/njemacki-privatne-lekcije-u-becu.jpg\"><img decoding=\"async\" class=\"alignnone wp-image-31206\" src=\"https:\/\/www.sprachschule-aktiv-wien.at\/wp-content\/uploads\/2021\/03\/njemacki-privatne-lekcije-u-becu.jpg\" alt=\"Njema\u010dki privatne lekcije u Be\u010du\" width=\"609\" height=\"420\" srcset=\"https:\/\/www.sprachschule-aktiv-wien.at\/wp-content\/uploads\/2021\/03\/njemacki-privatne-lekcije-u-becu.jpg 700w, https:\/\/www.sprachschule-aktiv-wien.at\/wp-content\/uploads\/2021\/03\/njemacki-privatne-lekcije-u-becu-300x207.jpg 300w\" sizes=\"(max-width: 609px) 100vw, 609px\" \/><\/a>[\/vc_column_text][\/vc_column_inner][\/vc_row_inner][vc_column_text]<\/p>\n<h2>Iskusni i simpati\u010dni njema\u010dki u\u010ditelji<\/h2>\n<p>Njema\u010dki je jedan od deset najva\u017enijih jezika na svijetu, au Europi \u010dak je i jezik s ve\u0107ina izvornih govornika. S nama u &#8220;Aktivnoj \u0161koli jezika&#8221; mo\u017eete naru\u010diti njema\u010dki te\u010daj, \u010dak i ako nemate prethodno znanje. Dakle iskoristiti na\u0161e niske cijene ponude i sudjeluju u certificiranim te\u010daj njema\u010dkog jezika za po\u010detnike.<\/p>\n<p>Na\u0161i profesori su izvorni govornici i visoko motivirani da vas ne samo njema\u010dki jezik, ali i austrijske kulture i na\u010dina \u017eivota bli\u017ee. Osim toga, na njema\u010dkom te\u010daju susreti \u0107ete se s novim, prijateljskim osobama s kojima mo\u017eete provesti slobodno vrijeme nakon te\u010daja jezika. Svi te\u010dajevi njema\u010dkog jezika vode iskusni izvorni govornici sa solidnim nastavnim iskustvom.<\/p>\n<h2>Njema\u010dki privatne lekcije za po\u010detnike i napredne A1, A2, B1, B2, C1, C2<\/h2>\n<p>Govorite li njema\u010dki? \u017delite li produbiti svoje prethodno znanje? U \u0161koli jezika aktiv uvijek \u0107ete na\u0107i pravu njema\u010dku jednobojnu nastavu za po\u010detnike i napredne:[\/vc_column_text][\/vc_column][\/vc_row][vc_row full_width=&#8221;stretch_row&#8221; css=&#8221;.vc_custom_1535018781367{padding-top: 15px !important;padding-bottom: 15px !important;background-color: #f9f9f9 !important;}&#8221;][vc_column][vc_column_text]<\/p>\n<h2>Njema\u010dke privatne lekcije za po\u010detnike A1<\/h2>\n<p>Njema\u010dke privatne lekcije A1 su namijenjene po\u010detnicima bez jezi\u010dnih vje\u0161tina (A1.1) i po\u010detnika s malo znanja njema\u010dkog jezika (A1.2): U te\u010dajevima &#8220;Njema\u010dki za po\u010detnike&#8221; nau\u010dit \u0107ete osnovne re\u010denice i rje\u010dnik koji \u0107e vam pomo\u0107i u jednostavnim svakodnevnim situacijama mo\u017ee vas razumjeti: zamislite svakodnevne situacije kada kupujete, telefonom ili lije\u010dniku i osnovnom komunikacijom.<\/p>\n<p>Rezervirajte na\u0161 te\u010daj sada!<\/p>\n<h2>Njema\u010dke privatne nastave A2<\/h2>\n<p>Pod &#8220;njema\u010dkom privatnom \u0161kolom A2&#8221; na\u0107i \u0107ete te\u010daj njema\u010dkog jezika za polaznike s prethodnim znanjem, koji se stje\u010du na odgovaraju\u0107im te\u010dajevima A1. Na ovome \u0107e, na njema\u010dkom te\u010daju za po\u010detnike A2, nau\u010diti kako komunicirati u poznatim svakodnevnim situacijama i \u010ditati i razumjeti jednostavne tekstove.<\/p>\n<p>Njema\u010dki od po\u010detka &#8211; njema\u010dki intenzivni te\u010dajevi u Be\u010du i te\u010dajevi njema\u010dkog jezika A1-A2 omogu\u0107uju vam da se uklopite u Austriju! Priznati Austrijski fond za integraciju (\u00d6IF) i Grad Be\u010d, njema\u010dki te\u010dajevi A1-A2, uklju\u010duju\u0107i \u00d6IF ispit, posebni su te\u010dajevi integracije. Svatko tko ima javnu obrazovnu putovnicu ili be\u010dki jezik bon koristi mogu\u0107nosti financiranja za te\u010dajeve njema\u010dkog jezika A1-A2 &#8211; vi\u0161e informacija mo\u017eete dobiti od Grada Be\u010da.<\/p>\n<h2>Njema\u010dki individualna nastava uz prethodnu B1 znanja &#8211; B2<\/h2>\n<p>\u017delite li koristiti njema\u010dki samostalno? Njema\u010dki intenzivni te\u010dajevi Be\u010d B1 i B2 pripremaju se za raspravu i izvje\u0161tavanje o zajedni\u010dkim svakodnevnim temama &#8211; i pogodni su za one koji su dostigli razinu A2.<\/p>\n<p>Njema\u010dki te\u010dajevi B1 i B2 su pogodni za sudionike s osnovnim znanjem koji bi \u017eeljeli produbiti osnovnu gramatiku i \u017eeljeli imati slo\u017eene razgovore o zanimljivim temama.<\/p>\n<h2>Saznajte njema\u010dki jezik za napredne C1 &#8211; C2<\/h2>\n<p>Za razliku od njema\u010dkih kolegija A1-A2 ili njema\u010dkih te\u010dajeva B1-B2, njema\u010dki te\u010dajevi na C1 i C2 razini u Be\u010du zahtijevaju slo\u017eenu jezi\u010dnu uporabu. Kao sudionik njema\u010dkih te\u010dajeva C1, iskusni ste na njema\u010dkom jeziku i sada nau\u010dite izraziti se verbalno i pisanim putem na brojnim temama kompetentno i jasno, kao i razumjeti gotovo svaki tekst.<\/p>\n<p>Niste li sigurni da se mo\u017eete pripremiti za njema\u010dki ispit? Na\u0161i kvalificirani njema\u010dki nastavnici vas optimalno pripremaju za \u017eeljeni ispit. Sprachschule Aktiv Wien \u0107e vas prilagoditi \u017eeljenoj razini u\u010denja prilago\u0111enom va\u0161im individualnim potrebama.<\/p>\n<p>Da biste stekli studij u Austriji, morate dostaviti dokaz njema\u010dkog jezika na razini C1. Prihva\u0107ene su sljede\u0107e potvrde:<\/p>\n<p>&#8211; Diploma austrijskog jezika &#8211; \u00d6SD Zertifikat C1<br \/>\n&#8211; Goethe Institut &#8211; Goetheov certifikat C1<br \/>\n&#8211; telc Njema\u010dki &#8220;C1 Visoka \u0161kola&#8221;<br \/>\n&#8211; Dopunski ispit njema\u010dki (EPD)<\/p>\n<p>Studenti koji su primljeni na preddiplomski studij be\u010dke sveu\u010dili\u0161ta (VWU) moraju polo\u017eiti dopunski ispit njema\u010dki (EPD). \u00d6SD certifikati i tako dalje. Vi\u0161e nisu prepoznati u ovom slu\u010daju.<\/p>\n<p>\u010cestitamo! Ako ste spremni za njema\u010dke te\u010dajeve C2 u Be\u010du, to zna\u010di da se mo\u017eete izrazito izraziti na njema\u010dkom jeziku. Razgovarati o knji\u017eevnim, politi\u010dkim ili znanstvenim temama? Nema problema &#8211; C2 njema\u010dki te\u010dajevi u Be\u010du odvest \u0107e vas do njema\u010dkog jezika za poslovni jezik.<\/p>\n<h2><a href=\"https:\/\/www.sprachschule-aktiv-wien.at\/wp-content\/uploads\/2021\/03\/tecajevi-njemackog-jezika-u-becu-za-odmor-studija-oeif-oesd.jpg\"><img decoding=\"async\" class=\"alignnone wp-image-31229\" src=\"https:\/\/www.sprachschule-aktiv-wien.at\/wp-content\/uploads\/2021\/03\/tecajevi-njemackog-jezika-u-becu-za-odmor-studija-oeif-oesd.jpg\" alt=\"Te\u010dajevi njema\u010dkog jezika u Be\u010du za odmor, studija, \u00d6IF, \u00d6SD.jpg\" width=\"579\" height=\"408\" srcset=\"https:\/\/www.sprachschule-aktiv-wien.at\/wp-content\/uploads\/2021\/03\/tecajevi-njemackog-jezika-u-becu-za-odmor-studija-oeif-oesd.jpg 737w, https:\/\/www.sprachschule-aktiv-wien.at\/wp-content\/uploads\/2021\/03\/tecajevi-njemackog-jezika-u-becu-za-odmor-studija-oeif-oesd-300x211.jpg 300w\" sizes=\"(max-width: 579px) 100vw, 579px\" \/><\/a><\/h2>\n<h2>Neobvezuju\u0107i savjeti i klasifikacija<\/h2>\n<p>Niste sigurni na kojoj se razini kre\u0107ete? Jednostavno se obratite na\u0161em osoblju na Sprachschule Aktiv u Be\u010du i iskoristite jednu od na\u0161ih jezi\u010dnih konzultacija za te\u010dajeve njema\u010dkog jezika &#8211; bez obveze. Jer ni\u0161ta ne odlu\u010duje toliko o va\u0161em uspjehu u\u010denja kao njema\u010dki te\u010daj koji vam zaista odgovara. Na\u0161i iskusni u\u010ditelji poduzeti potrebno vrijeme! Ovo \u0107e vam dati jasnu klasifikaciju va\u0161ih trenuta\u010dnih jezi\u010dnih vje\u0161tina.[\/vc_column_text][\/vc_column][\/vc_row]<\/p>\n","protected":false},"excerpt":{"rendered":"<p>[vc_row css=&#8221;.vc_custom_1535018526065{margin-top: 15px !important;padding-bottom: 15px !important;}&#8221;][vc_column][vc_column_text] Njema\u010dki privatne lekcije u Be\u010du: njema\u010dki u\u010ditelj za privatne satove [\/vc_column_text][\/vc_column][\/vc_row][vc_row][vc_column][vc_column_text]Saznajte njema\u010dki u Be\u010du &#8211; jeftin i u\u010dinkovit! Njema\u010dki nastavnici \u017eeljeli su privatne lekcije? Privatne lekcije u Be\u010du s kvalificiranim izvornim govornicima! [\/vc_column_text][vc_row_inner][vc_column_inner width=&#8221;1\/2&#8243;][vc_column_text] Mit dem Laden des Videos akzeptieren Sie die Datenschutzerkl\u00e4rung von YouTube.Mehr erfahren Video laden YouTube&hellip; <a class=\"read-more\" href=\"https:\/\/www.sprachschule-aktiv-wien.at\/hr\/njemacki-privatne-lekcije-u-becu-njemacki-ucitelj-za-privatne-satove\/\" title=\"Read Njema\u010dki privatne lekcije u Be\u010du: njema\u010dki u\u010ditelj za privatne satove\">Read more &raquo;<\/a><\/p>\n","protected":false},"author":7,"featured_media":0,"parent":0,"menu_order":0,"comment_status":"closed","ping_status":"closed","template":"","meta":{"footnotes":""},"class_list":["post-7313","page","type-page","status-publish","hentry"],"yoast_head":"<!-- This site is optimized with the Yoast SEO plugin v27.1.1 - https:\/\/yoast.com\/product\/yoast-seo-wordpress\/ -->\n<title>Njema\u010dki privatne lekcije u Be\u010du: u\u010ditelj za privatne satove<\/title>\n<meta name=\"description\" content=\"Saznajte njema\u010dki u Be\u010du A1, A2, B1, B2, C1, C2 - jeftin i u\u010dinkovit! Privatne lekcije u Be\u010du s kvalificiranim izvornim govornicima\" \/>\n<meta name=\"robots\" content=\"index, follow, max-snippet:-1, max-image-preview:large, max-video-preview:-1\" \/>\n<link rel=\"canonical\" href=\"https:\/\/www.sprachschule-aktiv-wien.at\/hr\/njemacki-privatne-lekcije-u-becu-njemacki-ucitelj-za-privatne-satove\/\" \/>\n<meta property=\"og:locale\" content=\"hr_HR\" \/>\n<meta property=\"og:type\" content=\"article\" \/>\n<meta property=\"og:title\" content=\"Njema\u010dki privatne lekcije u Be\u010du: u\u010ditelj za privatne satove\" \/>\n<meta property=\"og:description\" content=\"Saznajte njema\u010dki u Be\u010du A1, A2, B1, B2, C1, C2 - jeftin i u\u010dinkovit! Privatne lekcije u Be\u010du s kvalificiranim izvornim govornicima\" \/>\n<meta property=\"og:url\" content=\"https:\/\/www.sprachschule-aktiv-wien.at\/hr\/njemacki-privatne-lekcije-u-becu-njemacki-ucitelj-za-privatne-satove\/\" \/>\n<meta property=\"og:site_name\" content=\"Sprachschule Aktiv Wien\" \/>\n<meta property=\"article:modified_time\" content=\"2023-09-22T11:07:24+00:00\" \/>\n<meta property=\"og:image\" content=\"https:\/\/www.sprachschule-aktiv-wien.at\/wp-content\/uploads\/2021\/03\/njemacki-privatne-lekcije-u-becu.jpg\" \/>\n<meta name=\"twitter:label1\" content=\"Est. reading time\" \/>\n\t<meta name=\"twitter:data1\" content=\"6 minutes\" \/>\n<script type=\"application\/ld+json\" class=\"yoast-schema-graph\">{\"@context\":\"https:\/\/schema.org\",\"@graph\":[{\"@type\":\"WebPage\",\"@id\":\"https:\/\/www.sprachschule-aktiv-wien.at\/hr\/njemacki-privatne-lekcije-u-becu-njemacki-ucitelj-za-privatne-satove\/\",\"url\":\"https:\/\/www.sprachschule-aktiv-wien.at\/hr\/njemacki-privatne-lekcije-u-becu-njemacki-ucitelj-za-privatne-satove\/\",\"name\":\"Njema\u010dki privatne lekcije u Be\u010du: u\u010ditelj za privatne satove\",\"isPartOf\":{\"@id\":\"https:\/\/www.sprachschule-aktiv-wien.at\/#website\"},\"primaryImageOfPage\":{\"@id\":\"https:\/\/www.sprachschule-aktiv-wien.at\/hr\/njemacki-privatne-lekcije-u-becu-njemacki-ucitelj-za-privatne-satove\/#primaryimage\"},\"image\":{\"@id\":\"https:\/\/www.sprachschule-aktiv-wien.at\/hr\/njemacki-privatne-lekcije-u-becu-njemacki-ucitelj-za-privatne-satove\/#primaryimage\"},\"thumbnailUrl\":\"https:\/\/www.sprachschule-aktiv-wien.at\/wp-content\/uploads\/2021\/03\/njemacki-privatne-lekcije-u-becu.jpg\",\"datePublished\":\"2018-08-02T04:52:14+00:00\",\"dateModified\":\"2023-09-22T11:07:24+00:00\",\"description\":\"Saznajte njema\u010dki u Be\u010du A1, A2, B1, B2, C1, C2 - jeftin i u\u010dinkovit! Privatne lekcije u Be\u010du s kvalificiranim izvornim govornicima\",\"breadcrumb\":{\"@id\":\"https:\/\/www.sprachschule-aktiv-wien.at\/hr\/njemacki-privatne-lekcije-u-becu-njemacki-ucitelj-za-privatne-satove\/#breadcrumb\"},\"inLanguage\":\"hr-HR\",\"potentialAction\":[{\"@type\":\"ReadAction\",\"target\":[\"https:\/\/www.sprachschule-aktiv-wien.at\/hr\/njemacki-privatne-lekcije-u-becu-njemacki-ucitelj-za-privatne-satove\/\"]}]},{\"@type\":\"ImageObject\",\"inLanguage\":\"hr-HR\",\"@id\":\"https:\/\/www.sprachschule-aktiv-wien.at\/hr\/njemacki-privatne-lekcije-u-becu-njemacki-ucitelj-za-privatne-satove\/#primaryimage\",\"url\":\"https:\/\/www.sprachschule-aktiv-wien.at\/wp-content\/uploads\/2021\/03\/njemacki-privatne-lekcije-u-becu.jpg\",\"contentUrl\":\"https:\/\/www.sprachschule-aktiv-wien.at\/wp-content\/uploads\/2021\/03\/njemacki-privatne-lekcije-u-becu.jpg\"},{\"@type\":\"BreadcrumbList\",\"@id\":\"https:\/\/www.sprachschule-aktiv-wien.at\/hr\/njemacki-privatne-lekcije-u-becu-njemacki-ucitelj-za-privatne-satove\/#breadcrumb\",\"itemListElement\":[{\"@type\":\"ListItem\",\"position\":1,\"name\":\"Home\",\"item\":\"https:\/\/www.sprachschule-aktiv-wien.at\/hr\/\"},{\"@type\":\"ListItem\",\"position\":2,\"name\":\"Njema\u010dki privatne lekcije u Be\u010du: njema\u010dki u\u010ditelj za privatne satove\"}]},{\"@type\":\"WebSite\",\"@id\":\"https:\/\/www.sprachschule-aktiv-wien.at\/#website\",\"url\":\"https:\/\/www.sprachschule-aktiv-wien.at\/\",\"name\":\"Sprachschule Aktiv Wien\",\"description\":\"\",\"potentialAction\":[{\"@type\":\"SearchAction\",\"target\":{\"@type\":\"EntryPoint\",\"urlTemplate\":\"https:\/\/www.sprachschule-aktiv-wien.at\/?s={search_term_string}\"},\"query-input\":{\"@type\":\"PropertyValueSpecification\",\"valueRequired\":true,\"valueName\":\"search_term_string\"}}],\"inLanguage\":\"hr-HR\"}]}<\/script>\n<!-- \/ Yoast SEO plugin. -->","yoast_head_json":{"title":"Njema\u010dki privatne lekcije u Be\u010du: u\u010ditelj za privatne satove","description":"Saznajte njema\u010dki u Be\u010du A1, A2, B1, B2, C1, C2 - jeftin i u\u010dinkovit! Privatne lekcije u Be\u010du s kvalificiranim izvornim govornicima","robots":{"index":"index","follow":"follow","max-snippet":"max-snippet:-1","max-image-preview":"max-image-preview:large","max-video-preview":"max-video-preview:-1"},"canonical":"https:\/\/www.sprachschule-aktiv-wien.at\/hr\/njemacki-privatne-lekcije-u-becu-njemacki-ucitelj-za-privatne-satove\/","og_locale":"hr_HR","og_type":"article","og_title":"Njema\u010dki privatne lekcije u Be\u010du: u\u010ditelj za privatne satove","og_description":"Saznajte njema\u010dki u Be\u010du A1, A2, B1, B2, C1, C2 - jeftin i u\u010dinkovit! Privatne lekcije u Be\u010du s kvalificiranim izvornim govornicima","og_url":"https:\/\/www.sprachschule-aktiv-wien.at\/hr\/njemacki-privatne-lekcije-u-becu-njemacki-ucitelj-za-privatne-satove\/","og_site_name":"Sprachschule Aktiv Wien","article_modified_time":"2023-09-22T11:07:24+00:00","og_image":[{"url":"https:\/\/www.sprachschule-aktiv-wien.at\/wp-content\/uploads\/2021\/03\/njemacki-privatne-lekcije-u-becu.jpg","type":"","width":"","height":""}],"twitter_misc":{"Est. reading time":"6 minutes"},"schema":{"@context":"https:\/\/schema.org","@graph":[{"@type":"WebPage","@id":"https:\/\/www.sprachschule-aktiv-wien.at\/hr\/njemacki-privatne-lekcije-u-becu-njemacki-ucitelj-za-privatne-satove\/","url":"https:\/\/www.sprachschule-aktiv-wien.at\/hr\/njemacki-privatne-lekcije-u-becu-njemacki-ucitelj-za-privatne-satove\/","name":"Njema\u010dki privatne lekcije u Be\u010du: u\u010ditelj za privatne satove","isPartOf":{"@id":"https:\/\/www.sprachschule-aktiv-wien.at\/#website"},"primaryImageOfPage":{"@id":"https:\/\/www.sprachschule-aktiv-wien.at\/hr\/njemacki-privatne-lekcije-u-becu-njemacki-ucitelj-za-privatne-satove\/#primaryimage"},"image":{"@id":"https:\/\/www.sprachschule-aktiv-wien.at\/hr\/njemacki-privatne-lekcije-u-becu-njemacki-ucitelj-za-privatne-satove\/#primaryimage"},"thumbnailUrl":"https:\/\/www.sprachschule-aktiv-wien.at\/wp-content\/uploads\/2021\/03\/njemacki-privatne-lekcije-u-becu.jpg","datePublished":"2018-08-02T04:52:14+00:00","dateModified":"2023-09-22T11:07:24+00:00","description":"Saznajte njema\u010dki u Be\u010du A1, A2, B1, B2, C1, C2 - jeftin i u\u010dinkovit! Privatne lekcije u Be\u010du s kvalificiranim izvornim govornicima","breadcrumb":{"@id":"https:\/\/www.sprachschule-aktiv-wien.at\/hr\/njemacki-privatne-lekcije-u-becu-njemacki-ucitelj-za-privatne-satove\/#breadcrumb"},"inLanguage":"hr-HR","potentialAction":[{"@type":"ReadAction","target":["https:\/\/www.sprachschule-aktiv-wien.at\/hr\/njemacki-privatne-lekcije-u-becu-njemacki-ucitelj-za-privatne-satove\/"]}]},{"@type":"ImageObject","inLanguage":"hr-HR","@id":"https:\/\/www.sprachschule-aktiv-wien.at\/hr\/njemacki-privatne-lekcije-u-becu-njemacki-ucitelj-za-privatne-satove\/#primaryimage","url":"https:\/\/www.sprachschule-aktiv-wien.at\/wp-content\/uploads\/2021\/03\/njemacki-privatne-lekcije-u-becu.jpg","contentUrl":"https:\/\/www.sprachschule-aktiv-wien.at\/wp-content\/uploads\/2021\/03\/njemacki-privatne-lekcije-u-becu.jpg"},{"@type":"BreadcrumbList","@id":"https:\/\/www.sprachschule-aktiv-wien.at\/hr\/njemacki-privatne-lekcije-u-becu-njemacki-ucitelj-za-privatne-satove\/#breadcrumb","itemListElement":[{"@type":"ListItem","position":1,"name":"Home","item":"https:\/\/www.sprachschule-aktiv-wien.at\/hr\/"},{"@type":"ListItem","position":2,"name":"Njema\u010dki privatne lekcije u Be\u010du: njema\u010dki u\u010ditelj za privatne satove"}]},{"@type":"WebSite","@id":"https:\/\/www.sprachschule-aktiv-wien.at\/#website","url":"https:\/\/www.sprachschule-aktiv-wien.at\/","name":"Sprachschule Aktiv Wien","description":"","potentialAction":[{"@type":"SearchAction","target":{"@type":"EntryPoint","urlTemplate":"https:\/\/www.sprachschule-aktiv-wien.at\/?s={search_term_string}"},"query-input":{"@type":"PropertyValueSpecification","valueRequired":true,"valueName":"search_term_string"}}],"inLanguage":"hr-HR"}]}},"_links":{"self":[{"href":"https:\/\/www.sprachschule-aktiv-wien.at\/hr\/wp-json\/wp\/v2\/pages\/7313","targetHints":{"allow":["GET"]}}],"collection":[{"href":"https:\/\/www.sprachschule-aktiv-wien.at\/hr\/wp-json\/wp\/v2\/pages"}],"about":[{"href":"https:\/\/www.sprachschule-aktiv-wien.at\/hr\/wp-json\/wp\/v2\/types\/page"}],"author":[{"embeddable":true,"href":"https:\/\/www.sprachschule-aktiv-wien.at\/hr\/wp-json\/wp\/v2\/users\/7"}],"replies":[{"embeddable":true,"href":"https:\/\/www.sprachschule-aktiv-wien.at\/hr\/wp-json\/wp\/v2\/comments?post=7313"}],"version-history":[{"count":10,"href":"https:\/\/www.sprachschule-aktiv-wien.at\/hr\/wp-json\/wp\/v2\/pages\/7313\/revisions"}],"predecessor-version":[{"id":27205,"href":"https:\/\/www.sprachschule-aktiv-wien.at\/hr\/wp-json\/wp\/v2\/pages\/7313\/revisions\/27205"}],"wp:attachment":[{"href":"https:\/\/www.sprachschule-aktiv-wien.at\/hr\/wp-json\/wp\/v2\/media?parent=7313"}],"curies":[{"name":"wp","href":"https:\/\/api.w.org\/{rel}","templated":true}]}}