{"id":7306,"date":"2018-08-02T04:52:34","date_gmt":"2018-08-02T04:52:34","guid":{"rendered":"https:\/\/www.sprachschule-aktiv-wien.at\/?page_id=7306"},"modified":"2024-06-02T21:02:39","modified_gmt":"2024-06-02T21:02:39","slug":"njemacki-vecernji-tecajevi-u-becu-vecernja-skola-za-njemacke-tecajeve","status":"publish","type":"page","link":"https:\/\/www.sprachschule-aktiv-wien.at\/hr\/njemacki-vecernji-tecajevi-u-becu-vecernja-skola-za-njemacke-tecajeve\/","title":{"rendered":"Njema\u010dki ve\u010dernji te\u010dajevi u Be\u010du &#8211; ve\u010dernja \u0161kola za njema\u010dke te\u010dajeve"},"content":{"rendered":"<p>[vc_row css=&#8221;.vc_custom_1535018078053{margin-top: 15px !important;padding-bottom: 15px !important;}&#8221;][vc_column][vc_column_text]<\/p>\n<h1>Njema\u010dki ve\u010dernji te\u010dajevi u Be\u010du &#8211; ve\u010dernja \u0161kola za njema\u010dke te\u010dajeve<\/h1>\n<p>[\/vc_column_text][vc_row_inner][vc_column_inner width=&#8221;1\/2&#8243;][vc_column_text]Ako \u017eelite nau\u010diti njema\u010dki u Be\u010du, postoje razli\u010dite opcije. Ve\u0107ina zainteresiranih se odlu\u010duje za njema\u010dki ve\u010dernji te\u010daj u Be\u010du.<\/p>\n<p>Nau\u010dit \u0107ete u maloj skupini nakon posla u opu\u0161tenoj atmosferi. Pored u\u010denja, susrest \u0107ete se i s lijepim ljudima s kojima \u0107ete voljeti njema\u010dki jezik.<\/p>\n<p>Njema\u010dki ve\u010dernji te\u010dajevi u Be\u010du &#8211; Ve\u010dernja \u0161kola za njema\u010dke te\u010dajeve: Obavijestite sada na\u0161u \u0161kolu jezika Aktiv Wien!<\/p>\n<div class=\"vc_btn3-container vc_btn3-inline\">\n\t\t<a href=\"\/hr\/kontakt\/\" class=\"pgs_btn pgs_btn_style_1 pgs_btn_xl\">\n\t\t\t<span>\n\t\t\t\tBrzi upit\t\t\t<\/span>\n\t\t\t\t\t\t<i class=\"fa fa-external-link\"><\/i>\n\t\t\t\t\t<\/a>\n\t<\/div>\n\t[\/vc_column_text][\/vc_column_inner][vc_column_inner width=&#8221;1\/2&#8243;][vc_single_image image=&#8221;35470&#8243; img_size=&#8221;full&#8221;][vc_column_text]<a href=\"https:\/\/www.sprachschule-aktiv-wien.at\/wp-content\/uploads\/2021\/03\/sprachschule-aktiv-wien-oeif-zertifiziert-noe-zertifizert-waff-wiencert-oecert.jpg\"><img decoding=\"async\" class=\"alignnone wp-image-32581\" src=\"https:\/\/www.sprachschule-aktiv-wien.at\/wp-content\/uploads\/2021\/03\/sprachschule-aktiv-wien-oeif-zertifiziert-noe-zertifizert-waff-wiencert-oecert.jpg\" alt=\"Sprachschule Aktiv Wien - \u00d6IF, WAFF, \u00d6-CERT, WIEN-CERT, WIENER SPRACHGUTSCHEIN\" width=\"569\" height=\"95\" srcset=\"https:\/\/www.sprachschule-aktiv-wien.at\/wp-content\/uploads\/2021\/03\/sprachschule-aktiv-wien-oeif-zertifiziert-noe-zertifizert-waff-wiencert-oecert.jpg 689w, https:\/\/www.sprachschule-aktiv-wien.at\/wp-content\/uploads\/2021\/03\/sprachschule-aktiv-wien-oeif-zertifiziert-noe-zertifizert-waff-wiencert-oecert-300x50.jpg 300w\" sizes=\"(max-width: 569px) 100vw, 569px\" \/><\/a>[\/vc_column_text][\/vc_column_inner][\/vc_row_inner][\/vc_column][\/vc_row][vc_row full_width=&#8221;stretch_row&#8221; css=&#8221;.vc_custom_1535018161497{padding-top: 15px !important;padding-bottom: 15px !important;background-color: #f9f9f9 !important;}&#8221;][vc_column][vc_column_text]<\/p>\n<h2>Ve\u010dernji te\u010daj njema\u010dkog jezika 5 puta tjedno \u2013 Cijene i termini<\/h2>\n<p>Razine: A1, A2, B1, B2, C1, C2 (sve razine od prvog ponedjeljka u mjesecu)<br \/>\nPo\u010detak te\u010daja: svakog prvog ponedjeljka u mjesecu (ako je taj ponedjeljak praznik, te\u010daj po\u010dinje sljede\u0107eg dana)<br \/>\nTermini: od ponedjeljka do petka, 18:00-21:00 (* od 5 osoba: 3 \u00d7 60 minuta dnevno, za 4 osobe 2 \u00d7 60 minuta dnevno)<br \/>\nTrajanje te\u010daja: 4 &#8211; 8 tjedna<br \/>\nCijena:<br \/>\n1 tjedan: 199 \u20ac<br \/>\n2 tjedna: 349 \u20ac<br \/>\n3 tjedna: 449 \u20ac<br \/>\n4 tjedna: 499 \u20ac (umesto 599 \u20ac )<br \/>\n8 tjedana: 998 \u20ac (umesto 1198 \u20ac)<br \/>\n\t<div class=\"vc_btn3-container vc_btn3-inline\">\n\t\t<a href=\"\/hr\/registracija\/\" class=\"pgs_btn pgs_btn_style_1 pgs_btn_xl\">\n\t\t\t<span>\n\t\t\t\tPrijavite se sada\t\t\t<\/span>\n\t\t\t\t\t\t<i class=\"fa fa-external-link\"><\/i>\n\t\t\t\t\t<\/a>\n\t<\/div>\n<h2>Ve\u010dernji te\u010daj njema\u010dkog jezika 2 puta tjedno<\/h2>\n<p>Razine: A1, A2, B1, B2, C1, C2<br \/>\nTermini: ponedjeljak i srijeda ili utorak i \u010detvrtak od 18:00 do 19:30 \u010dasova<br \/>\nTrajanje te\u010daja : 6 tjedana (za min. 4 polaznika)<br \/>\nDuljina te\u010daja: 4 nastavna sata tjedno, 24 nastavna sata u 6 tjedana, 1 nastavni \u010das traje 45 minuta<br \/>\nCijena: 319 \u20ac<br \/>\nPo\u010detak te\u010daja: svakog prvog ponedjeljka u mjesecu (ako je taj ponedjeljak praznik, te\u010daj po\u010dinje sljede\u0107eg dana)<\/p>\n\t<div class=\"vc_btn3-container vc_btn3-inline\">\n\t\t<a href=\"\/hr\/registracija\/\" class=\"pgs_btn pgs_btn_style_1 pgs_btn_xl\">\n\t\t\t<span>\n\t\t\t\tPrijavite se sada\t\t\t<\/span>\n\t\t\t\t\t\t<i class=\"fa fa-external-link\"><\/i>\n\t\t\t\t\t<\/a>\n\t<\/div>\n\t\n<p>[\/vc_column_text][\/vc_column][\/vc_row][vc_row css=&#8221;.vc_custom_1535018198817{padding-top: 15px !important;padding-bottom: 15px !important;}&#8221;][vc_column][vc_column_text]<\/p>\n<h2>Njema\u010dke ve\u010dernje nastave za po\u010detnike i napredne &#8211; Definirajte svoj cilj<\/h2>\n<p>[\/vc_column_text][vc_row_inner][vc_column_inner width=&#8221;1\/2&#8243;][vc_column_text]Bez obzira na razinu koju \u017eelite posti\u0107i, to mo\u017eete u\u010diniti u na\u0161oj \u0161koli jezika u Be\u010du. Mo\u017eete odabrati izme\u0111u njema\u010dkih kolegija na razinama A1, A2, B1, B2, C1 i C2. Mnogi od na\u0161ih sudionika ve\u0107 imaju osnovna znanja.<\/p>\n<p>U ovom slu\u010daju nije uvijek lako prona\u0107i pravi kurs. Zbog toga vam nudimo test polo\u017eaja. Ne morate dolaziti u Be\u010d jer je dostupan i na internetu. Ako \u017eivite u Be\u010du ili planirate putovanje u grad, onda ste dobrodo\u0161li.<\/p>\n<p>U ovom slu\u010daju pripremili smo test za vas. Na\u0161i stru\u010dnjaci tada dodjeljuju odre\u0111eni te\u010daj temeljen na testu.[\/vc_column_text][\/vc_column_inner][vc_column_inner width=&#8221;1\/2&#8243;][vc_single_image image=&#8221;32847&#8243; img_size=&#8221;full&#8221;][\/vc_column_inner][\/vc_row_inner][\/vc_column][\/vc_row][vc_row css=&#8221;.vc_custom_1535018261182{padding-top: 15px !important;padding-bottom: 15px !important;}&#8221;][vc_column][vc_column_text]<\/p>\n<h2>Prijateljski i simpati\u010dni u\u010ditelji<\/h2>\n<p>Odabir na\u0161ih nastavnika vrlo je va\u017ean za nas. Naravno, oni su izvorni govornici i dobri odgojitelji. Ovo je va\u017eno preduvjet va\u0161eg uspjeha, ali to nije dovoljno. Tako\u0111er je va\u017eno da su u\u010ditelji prijateljski i suosje\u0107ajni. Tijekom te\u010daja trebali biste u\u017eivati u u\u010denju i u\u017eivati u ovom trenutku kao oboga\u0107ivanje va\u0161em \u017eivotu. Kao izvorni govornik, oni prirodno dobro svladavaju izgovor i slu\u017ee kao optimalni model. Ovako \u0107ete nau\u010diti njema\u010dki ton i govoriti bez naglaska u budu\u0107nosti.<\/p>\n<h2>Njema\u010dki ve\u010dernji te\u010dajevi u Be\u010du &#8211; ve\u010dernja \u0161kola za njema\u010dke te\u010dajeve u malim skupinama<\/h2>\n<p>Kada u\u010dite jezik, veli\u010dina grupe va\u017ean je \u010dimbenik. Uz veliku grupu uvijek postoji opasnost da \u0107e u\u010denik u\u0107i u gomilu. Osim toga, mo\u017eda je i on nesvjesno uzimao kolege iz razreda kao model glasovne uloge i \u010diji neto\u010dan izgovor preuzima. Iz tog razloga, pobrinemo se da snaga grupe ne prelazi deset. Na taj na\u010din mo\u017eete aktivno sudjelovati u lekcijama u bilo kojem trenutku.<\/p>\n<h2>Mo\u017eete uzeti probnu lekciju i dobiti garanciju za povrat novca<\/h2>\n<p>Ako jo\u0161 niste sigurni je li lekcije za grupu u redu za vas u ve\u010dernjim satima, prijavite se za besplatnu lekciju s probnom verzijom. Nakon lekcije, mo\u017eete bolje ocijeniti na\u0161u izvedbu. Ako nakon po\u010detka te\u010daja saznate da lekcije ne ispunjavaju va\u0161a o\u010dekivanja, javite nam. U tom slu\u010daju dobiti novac natrag.<\/p>\n<h2>Nudimo vam vi\u0161e od teku\u0107eg jezika<\/h2>\n<p>Be\u010d je lijep grad i ako na\u0111ete njema\u010dki jezik treba upoznati grad. Na\u0161i nastavnici organiziraju gradske ture i okrugle stolove. To \u0107e vam pomo\u0107i da bolje upoznate Be\u010d i uspostavite kontakte s kolegama kolegija.[\/vc_column_text][\/vc_column][\/vc_row]<\/p>\n","protected":false},"excerpt":{"rendered":"<p>[vc_row css=&#8221;.vc_custom_1535018078053{margin-top: 15px !important;padding-bottom: 15px !important;}&#8221;][vc_column][vc_column_text] Njema\u010dki ve\u010dernji te\u010dajevi u Be\u010du &#8211; ve\u010dernja \u0161kola za njema\u010dke te\u010dajeve [\/vc_column_text][vc_row_inner][vc_column_inner width=&#8221;1\/2&#8243;][vc_column_text]Ako \u017eelite nau\u010diti njema\u010dki u Be\u010du, postoje razli\u010dite opcije. Ve\u0107ina zainteresiranih se odlu\u010duje za njema\u010dki ve\u010dernji te\u010daj u Be\u010du. Nau\u010dit \u0107ete u maloj skupini nakon posla u opu\u0161tenoj atmosferi. Pored u\u010denja, susrest \u0107ete se i s lijepim&hellip; <a class=\"read-more\" href=\"https:\/\/www.sprachschule-aktiv-wien.at\/hr\/njemacki-vecernji-tecajevi-u-becu-vecernja-skola-za-njemacke-tecajeve\/\" title=\"Read Njema\u010dki ve\u010dernji te\u010dajevi u Be\u010du &#8211; ve\u010dernja \u0161kola za njema\u010dke te\u010dajeve\">Read more &raquo;<\/a><\/p>\n","protected":false},"author":7,"featured_media":0,"parent":0,"menu_order":0,"comment_status":"closed","ping_status":"closed","template":"","meta":{"footnotes":""},"class_list":["post-7306","page","type-page","status-publish","hentry"],"yoast_head":"<!-- This site is optimized with the Yoast SEO plugin v27.1.1 - https:\/\/yoast.com\/product\/yoast-seo-wordpress\/ -->\n<title>Njema\u010dki ve\u010dernji te\u010dajevi u Be\u010du - \u0161kola za njema\u010dke te\u010dajeve<\/title>\n<meta name=\"description\" content=\"Nau\u010dit \u0107ete u maloj skupini u opu\u0161tenoj ve\u010dernoj atmosferi. Pored u\u010denja, susrest \u0107ete se i s ljudima s kojima \u0107ete voljeti njema\u010dki jezik\" \/>\n<meta name=\"robots\" content=\"index, follow, max-snippet:-1, max-image-preview:large, max-video-preview:-1\" \/>\n<link rel=\"canonical\" href=\"https:\/\/www.sprachschule-aktiv-wien.at\/hr\/njemacki-vecernji-tecajevi-u-becu-vecernja-skola-za-njemacke-tecajeve\/\" \/>\n<meta property=\"og:locale\" content=\"hr_HR\" \/>\n<meta property=\"og:type\" content=\"article\" \/>\n<meta property=\"og:title\" content=\"Njema\u010dki ve\u010dernji te\u010dajevi u Be\u010du - \u0161kola za njema\u010dke te\u010dajeve\" \/>\n<meta property=\"og:description\" content=\"Nau\u010dit \u0107ete u maloj skupini u opu\u0161tenoj ve\u010dernoj atmosferi. Pored u\u010denja, susrest \u0107ete se i s ljudima s kojima \u0107ete voljeti njema\u010dki jezik\" \/>\n<meta property=\"og:url\" content=\"https:\/\/www.sprachschule-aktiv-wien.at\/hr\/njemacki-vecernji-tecajevi-u-becu-vecernja-skola-za-njemacke-tecajeve\/\" \/>\n<meta property=\"og:site_name\" content=\"Sprachschule Aktiv Wien\" \/>\n<meta property=\"article:modified_time\" content=\"2024-06-02T21:02:39+00:00\" \/>\n<meta property=\"og:image\" content=\"https:\/\/www.sprachschule-aktiv-wien.at\/wp-content\/uploads\/2021\/03\/sprachschule-aktiv-wien-oeif-zertifiziert-noe-zertifizert-waff-wiencert-oecert.jpg\" \/>\n<meta name=\"twitter:label1\" content=\"Est. reading time\" \/>\n\t<meta name=\"twitter:data1\" content=\"4 minutes\" \/>\n<script type=\"application\/ld+json\" class=\"yoast-schema-graph\">{\"@context\":\"https:\/\/schema.org\",\"@graph\":[{\"@type\":\"WebPage\",\"@id\":\"https:\/\/www.sprachschule-aktiv-wien.at\/hr\/njemacki-vecernji-tecajevi-u-becu-vecernja-skola-za-njemacke-tecajeve\/\",\"url\":\"https:\/\/www.sprachschule-aktiv-wien.at\/hr\/njemacki-vecernji-tecajevi-u-becu-vecernja-skola-za-njemacke-tecajeve\/\",\"name\":\"Njema\u010dki ve\u010dernji te\u010dajevi u Be\u010du - \u0161kola za njema\u010dke te\u010dajeve\",\"isPartOf\":{\"@id\":\"https:\/\/www.sprachschule-aktiv-wien.at\/#website\"},\"primaryImageOfPage\":{\"@id\":\"https:\/\/www.sprachschule-aktiv-wien.at\/hr\/njemacki-vecernji-tecajevi-u-becu-vecernja-skola-za-njemacke-tecajeve\/#primaryimage\"},\"image\":{\"@id\":\"https:\/\/www.sprachschule-aktiv-wien.at\/hr\/njemacki-vecernji-tecajevi-u-becu-vecernja-skola-za-njemacke-tecajeve\/#primaryimage\"},\"thumbnailUrl\":\"https:\/\/www.sprachschule-aktiv-wien.at\/wp-content\/uploads\/2021\/03\/sprachschule-aktiv-wien-oeif-zertifiziert-noe-zertifizert-waff-wiencert-oecert.jpg\",\"datePublished\":\"2018-08-02T04:52:34+00:00\",\"dateModified\":\"2024-06-02T21:02:39+00:00\",\"description\":\"Nau\u010dit \u0107ete u maloj skupini u opu\u0161tenoj ve\u010dernoj atmosferi. Pored u\u010denja, susrest \u0107ete se i s ljudima s kojima \u0107ete voljeti njema\u010dki jezik\",\"breadcrumb\":{\"@id\":\"https:\/\/www.sprachschule-aktiv-wien.at\/hr\/njemacki-vecernji-tecajevi-u-becu-vecernja-skola-za-njemacke-tecajeve\/#breadcrumb\"},\"inLanguage\":\"hr-HR\",\"potentialAction\":[{\"@type\":\"ReadAction\",\"target\":[\"https:\/\/www.sprachschule-aktiv-wien.at\/hr\/njemacki-vecernji-tecajevi-u-becu-vecernja-skola-za-njemacke-tecajeve\/\"]}]},{\"@type\":\"ImageObject\",\"inLanguage\":\"hr-HR\",\"@id\":\"https:\/\/www.sprachschule-aktiv-wien.at\/hr\/njemacki-vecernji-tecajevi-u-becu-vecernja-skola-za-njemacke-tecajeve\/#primaryimage\",\"url\":\"https:\/\/www.sprachschule-aktiv-wien.at\/wp-content\/uploads\/2021\/03\/sprachschule-aktiv-wien-oeif-zertifiziert-noe-zertifizert-waff-wiencert-oecert.jpg\",\"contentUrl\":\"https:\/\/www.sprachschule-aktiv-wien.at\/wp-content\/uploads\/2021\/03\/sprachschule-aktiv-wien-oeif-zertifiziert-noe-zertifizert-waff-wiencert-oecert.jpg\"},{\"@type\":\"BreadcrumbList\",\"@id\":\"https:\/\/www.sprachschule-aktiv-wien.at\/hr\/njemacki-vecernji-tecajevi-u-becu-vecernja-skola-za-njemacke-tecajeve\/#breadcrumb\",\"itemListElement\":[{\"@type\":\"ListItem\",\"position\":1,\"name\":\"Home\",\"item\":\"https:\/\/www.sprachschule-aktiv-wien.at\/hr\/\"},{\"@type\":\"ListItem\",\"position\":2,\"name\":\"Njema\u010dki ve\u010dernji te\u010dajevi u Be\u010du &#8211; ve\u010dernja \u0161kola za njema\u010dke te\u010dajeve\"}]},{\"@type\":\"WebSite\",\"@id\":\"https:\/\/www.sprachschule-aktiv-wien.at\/#website\",\"url\":\"https:\/\/www.sprachschule-aktiv-wien.at\/\",\"name\":\"Sprachschule Aktiv Wien\",\"description\":\"\",\"potentialAction\":[{\"@type\":\"SearchAction\",\"target\":{\"@type\":\"EntryPoint\",\"urlTemplate\":\"https:\/\/www.sprachschule-aktiv-wien.at\/?s={search_term_string}\"},\"query-input\":{\"@type\":\"PropertyValueSpecification\",\"valueRequired\":true,\"valueName\":\"search_term_string\"}}],\"inLanguage\":\"hr-HR\"}]}<\/script>\n<!-- \/ Yoast SEO plugin. -->","yoast_head_json":{"title":"Njema\u010dki ve\u010dernji te\u010dajevi u Be\u010du - \u0161kola za njema\u010dke te\u010dajeve","description":"Nau\u010dit \u0107ete u maloj skupini u opu\u0161tenoj ve\u010dernoj atmosferi. Pored u\u010denja, susrest \u0107ete se i s ljudima s kojima \u0107ete voljeti njema\u010dki jezik","robots":{"index":"index","follow":"follow","max-snippet":"max-snippet:-1","max-image-preview":"max-image-preview:large","max-video-preview":"max-video-preview:-1"},"canonical":"https:\/\/www.sprachschule-aktiv-wien.at\/hr\/njemacki-vecernji-tecajevi-u-becu-vecernja-skola-za-njemacke-tecajeve\/","og_locale":"hr_HR","og_type":"article","og_title":"Njema\u010dki ve\u010dernji te\u010dajevi u Be\u010du - \u0161kola za njema\u010dke te\u010dajeve","og_description":"Nau\u010dit \u0107ete u maloj skupini u opu\u0161tenoj ve\u010dernoj atmosferi. Pored u\u010denja, susrest \u0107ete se i s ljudima s kojima \u0107ete voljeti njema\u010dki jezik","og_url":"https:\/\/www.sprachschule-aktiv-wien.at\/hr\/njemacki-vecernji-tecajevi-u-becu-vecernja-skola-za-njemacke-tecajeve\/","og_site_name":"Sprachschule Aktiv Wien","article_modified_time":"2024-06-02T21:02:39+00:00","og_image":[{"url":"https:\/\/www.sprachschule-aktiv-wien.at\/wp-content\/uploads\/2021\/03\/sprachschule-aktiv-wien-oeif-zertifiziert-noe-zertifizert-waff-wiencert-oecert.jpg","type":"","width":"","height":""}],"twitter_misc":{"Est. reading time":"4 minutes"},"schema":{"@context":"https:\/\/schema.org","@graph":[{"@type":"WebPage","@id":"https:\/\/www.sprachschule-aktiv-wien.at\/hr\/njemacki-vecernji-tecajevi-u-becu-vecernja-skola-za-njemacke-tecajeve\/","url":"https:\/\/www.sprachschule-aktiv-wien.at\/hr\/njemacki-vecernji-tecajevi-u-becu-vecernja-skola-za-njemacke-tecajeve\/","name":"Njema\u010dki ve\u010dernji te\u010dajevi u Be\u010du - \u0161kola za njema\u010dke te\u010dajeve","isPartOf":{"@id":"https:\/\/www.sprachschule-aktiv-wien.at\/#website"},"primaryImageOfPage":{"@id":"https:\/\/www.sprachschule-aktiv-wien.at\/hr\/njemacki-vecernji-tecajevi-u-becu-vecernja-skola-za-njemacke-tecajeve\/#primaryimage"},"image":{"@id":"https:\/\/www.sprachschule-aktiv-wien.at\/hr\/njemacki-vecernji-tecajevi-u-becu-vecernja-skola-za-njemacke-tecajeve\/#primaryimage"},"thumbnailUrl":"https:\/\/www.sprachschule-aktiv-wien.at\/wp-content\/uploads\/2021\/03\/sprachschule-aktiv-wien-oeif-zertifiziert-noe-zertifizert-waff-wiencert-oecert.jpg","datePublished":"2018-08-02T04:52:34+00:00","dateModified":"2024-06-02T21:02:39+00:00","description":"Nau\u010dit \u0107ete u maloj skupini u opu\u0161tenoj ve\u010dernoj atmosferi. Pored u\u010denja, susrest \u0107ete se i s ljudima s kojima \u0107ete voljeti njema\u010dki jezik","breadcrumb":{"@id":"https:\/\/www.sprachschule-aktiv-wien.at\/hr\/njemacki-vecernji-tecajevi-u-becu-vecernja-skola-za-njemacke-tecajeve\/#breadcrumb"},"inLanguage":"hr-HR","potentialAction":[{"@type":"ReadAction","target":["https:\/\/www.sprachschule-aktiv-wien.at\/hr\/njemacki-vecernji-tecajevi-u-becu-vecernja-skola-za-njemacke-tecajeve\/"]}]},{"@type":"ImageObject","inLanguage":"hr-HR","@id":"https:\/\/www.sprachschule-aktiv-wien.at\/hr\/njemacki-vecernji-tecajevi-u-becu-vecernja-skola-za-njemacke-tecajeve\/#primaryimage","url":"https:\/\/www.sprachschule-aktiv-wien.at\/wp-content\/uploads\/2021\/03\/sprachschule-aktiv-wien-oeif-zertifiziert-noe-zertifizert-waff-wiencert-oecert.jpg","contentUrl":"https:\/\/www.sprachschule-aktiv-wien.at\/wp-content\/uploads\/2021\/03\/sprachschule-aktiv-wien-oeif-zertifiziert-noe-zertifizert-waff-wiencert-oecert.jpg"},{"@type":"BreadcrumbList","@id":"https:\/\/www.sprachschule-aktiv-wien.at\/hr\/njemacki-vecernji-tecajevi-u-becu-vecernja-skola-za-njemacke-tecajeve\/#breadcrumb","itemListElement":[{"@type":"ListItem","position":1,"name":"Home","item":"https:\/\/www.sprachschule-aktiv-wien.at\/hr\/"},{"@type":"ListItem","position":2,"name":"Njema\u010dki ve\u010dernji te\u010dajevi u Be\u010du &#8211; ve\u010dernja \u0161kola za njema\u010dke te\u010dajeve"}]},{"@type":"WebSite","@id":"https:\/\/www.sprachschule-aktiv-wien.at\/#website","url":"https:\/\/www.sprachschule-aktiv-wien.at\/","name":"Sprachschule Aktiv Wien","description":"","potentialAction":[{"@type":"SearchAction","target":{"@type":"EntryPoint","urlTemplate":"https:\/\/www.sprachschule-aktiv-wien.at\/?s={search_term_string}"},"query-input":{"@type":"PropertyValueSpecification","valueRequired":true,"valueName":"search_term_string"}}],"inLanguage":"hr-HR"}]}},"_links":{"self":[{"href":"https:\/\/www.sprachschule-aktiv-wien.at\/hr\/wp-json\/wp\/v2\/pages\/7306","targetHints":{"allow":["GET"]}}],"collection":[{"href":"https:\/\/www.sprachschule-aktiv-wien.at\/hr\/wp-json\/wp\/v2\/pages"}],"about":[{"href":"https:\/\/www.sprachschule-aktiv-wien.at\/hr\/wp-json\/wp\/v2\/types\/page"}],"author":[{"embeddable":true,"href":"https:\/\/www.sprachschule-aktiv-wien.at\/hr\/wp-json\/wp\/v2\/users\/7"}],"replies":[{"embeddable":true,"href":"https:\/\/www.sprachschule-aktiv-wien.at\/hr\/wp-json\/wp\/v2\/comments?post=7306"}],"version-history":[{"count":20,"href":"https:\/\/www.sprachschule-aktiv-wien.at\/hr\/wp-json\/wp\/v2\/pages\/7306\/revisions"}],"predecessor-version":[{"id":42423,"href":"https:\/\/www.sprachschule-aktiv-wien.at\/hr\/wp-json\/wp\/v2\/pages\/7306\/revisions\/42423"}],"wp:attachment":[{"href":"https:\/\/www.sprachschule-aktiv-wien.at\/hr\/wp-json\/wp\/v2\/media?parent=7306"}],"curies":[{"name":"wp","href":"https:\/\/api.w.org\/{rel}","templated":true}]}}