{"id":7299,"date":"2018-08-02T04:51:46","date_gmt":"2018-08-02T04:51:46","guid":{"rendered":"https:\/\/www.sprachschule-aktiv-wien.at\/?page_id=7299"},"modified":"2024-06-02T21:02:14","modified_gmt":"2024-06-02T21:02:14","slug":"njemacki-intenzivni-tecajevi-u-becu-a1-a2-b1-b2-c1-c2","status":"publish","type":"page","link":"https:\/\/www.sprachschule-aktiv-wien.at\/hr\/njemacki-intenzivni-tecajevi-u-becu-a1-a2-b1-b2-c1-c2\/","title":{"rendered":"Njema\u010dki intenzivni te\u010dajevi u Be\u010du A1, A2, B1, B2, C1, C2"},"content":{"rendered":"<p>[vc_row css=&#8221;.vc_custom_1535017715372{margin-top: 15px !important;padding-bottom: 15px !important;}&#8221;][vc_column][vc_column_text]<\/p>\n<h1>Njema\u010dki intenzivni te\u010dajevi u Be\u010du A1, A2, B1, B2, C1, C2<\/h1>\n<p>Njema\u010dki intenzivni te\u010dajevi na svim razinama A1 do C2 &#8211; Dostupni su sljede\u0107i jezi\u010dni nivoi:<\/p>\n<p>Njema\u010dki intenzivni te\u010daj za po\u010detnike: A1, A2<br \/>\nIntermediate: intenzivni te\u010dajevi za B1, B2<br \/>\nIntenzivan njema\u010dki za napredne: C1 i C2[\/vc_column_text][vc_row_inner][vc_column_inner width=&#8221;1\/2&#8243;][vc_column_text]<div class=\"BorlabsCookie _brlbs-cb-youtube\"><div class=\"_brlbs-content-blocker\"> <div class=\"_brlbs-embed _brlbs-video-youtube\"> <img class=\"_brlbs-thumbnail\" src=\"https:\/\/www.sprachschule-aktiv-wien.at\/wp-content\/plugins\/borlabs-cookie\/assets\/images\/cb-no-thumbnail.png\" alt=\"YouTube\"> <div class=\"_brlbs-caption\"> <p>Mit dem Laden des Videos akzeptieren Sie die Datenschutzerkl\u00e4rung von YouTube.<br><a href=\"https:\/\/policies.google.com\/privacy\" target=\"_blank\" rel=\"nofollow noopener noreferrer\">Mehr erfahren<\/a><\/p> <p><a class=\"_brlbs-btn _brlbs-icon-play-white\" href=\"#\" data-borlabs-cookie-unblock role=\"button\">Video laden<\/a><\/p> <p><label><input type=\"checkbox\" name=\"unblockAll\" value=\"1\" checked> <small>YouTube immer entsperren<\/small><\/label><\/p> <\/div> <\/div> <\/div><div class=\"borlabs-hide\" data-borlabs-cookie-type=\"content-blocker\" data-borlabs-cookie-id=\"youtube\"><script type=\"text\/template\">PGlmcmFtZSBzcmM9Imh0dHBzOi8vd3d3LnlvdXR1YmUtbm9jb29raWUuY29tL2VtYmVkL0xoREdzOVNHUFRvIiB3aWR0aD0iMTAwJSIgaGVpZ2h0PSIzMTUiIGZyYW1lYm9yZGVyPSIwIiBhbGxvd2Z1bGxzY3JlZW49ImFsbG93ZnVsbHNjcmVlbiI+PC9pZnJhbWU+<\/script><\/div><\/div>[\/vc_column_text][\/vc_column_inner][vc_column_inner width=&#8221;1\/2&#8243;][vc_column_text]<div class=\"BorlabsCookie _brlbs-cb-youtube\"><div class=\"_brlbs-content-blocker\"> <div class=\"_brlbs-embed _brlbs-video-youtube\"> <img class=\"_brlbs-thumbnail\" src=\"https:\/\/www.sprachschule-aktiv-wien.at\/wp-content\/plugins\/borlabs-cookie\/assets\/images\/cb-no-thumbnail.png\" alt=\"YouTube\"> <div class=\"_brlbs-caption\"> <p>Mit dem Laden des Videos akzeptieren Sie die Datenschutzerkl\u00e4rung von YouTube.<br><a href=\"https:\/\/policies.google.com\/privacy\" target=\"_blank\" rel=\"nofollow noopener noreferrer\">Mehr erfahren<\/a><\/p> <p><a class=\"_brlbs-btn _brlbs-icon-play-white\" href=\"#\" data-borlabs-cookie-unblock role=\"button\">Video laden<\/a><\/p> <p><label><input type=\"checkbox\" name=\"unblockAll\" value=\"1\" checked> <small>YouTube immer entsperren<\/small><\/label><\/p> <\/div> <\/div> <\/div><div class=\"borlabs-hide\" data-borlabs-cookie-type=\"content-blocker\" data-borlabs-cookie-id=\"youtube\"><script type=\"text\/template\">PGlmcmFtZSBzcmM9Imh0dHBzOi8vd3d3LnlvdXR1YmUtbm9jb29raWUuY29tL2VtYmVkL1h6SUl6em00SmFZIiB3aWR0aD0iMTAwJSIgaGVpZ2h0PSIzMTUiIGZyYW1lYm9yZGVyPSIwIiBhbGxvd2Z1bGxzY3JlZW49ImFsbG93ZnVsbHNjcmVlbiI+PC9pZnJhbWU+<\/script><\/div><\/div>[\/vc_column_text][\/vc_column_inner][\/vc_row_inner][\/vc_column][\/vc_row][vc_row full_width=&#8221;stretch_row&#8221; css=&#8221;.vc_custom_1535017827130{padding-top: 15px !important;padding-bottom: 15px !important;background-color: #f9f9f9 !important;}&#8221;][vc_column][vc_column_text]<\/p>\n<h2>Intenzivni te\u010daj njema\u010dkog jezika u Be\u010du \u2013 u\u010dite njema\u010dki brzo<\/h2>\n<p>Ako \u017eelite intenzivno i \u0161to prije nau\u010diti njema\u010dki jezik, onda je na\u0161 te\u010daj njema\u010dkog jezika u Be\u010du za Vas najbolji. Ovisno o osobnom cilju, imamo u ponudi razli\u010dite te\u010dajeve i modele.<\/p>\n\t<div class=\"vc_btn3-container vc_btn3-inline\">\n\t\t<a href=\"\/hr\/kontakt\/\" class=\"pgs_btn pgs_btn_style_1 pgs_btn_xl\">\n\t\t\t<span>\n\t\t\t\tBrzi upit\t\t\t<\/span>\n\t\t\t\t\t\t<i class=\"fa fa-external-link\"><\/i>\n\t\t\t\t\t<\/a>\n\t<\/div>\n\t\n<h2>Intenzivni te\u010dajevi njema\u010dkog jezika \u2013 Cijene i termini<\/h2>\n<p>Razine: A1, A2, B1, B2, C1, C2 (sve razine od prvog ponedjeljka u mjesecu)<br \/>\nPo\u010detak te\u010daja: svakog prvog ponedjeljka u mjesecu (ako je taj ponedjeljak praznik, te\u010daj po\u010dinje sljede\u0107eg dana)<br \/>\nTermini: od ponedjeljka do petka, 8:00\u201311:00, 11:00\u201314:00, 14:00-17:00, 18:00\u201321:00 (* od 5 osoba: 3 \u00d7 60 minuta dnevno, za 4 osobe 2 \u00d7 60 minuta dnevno)<br \/>\nTrajanje te\u010daja: 4 &#8211; 8 tjedna<br \/>\nCijena:<br \/>\n1 tjedan: 199 \u20ac<br \/>\n2 tjedna: 349 \u20ac<br \/>\n3 tjedna: 449 \u20ac<br \/>\n4 tjedna: 499 \u20ac (umesto 599 \u20ac )<br \/>\n8 tjedana: 998 \u20ac (umesto 1198 \u20ac)<\/p>\n\t<div class=\"vc_btn3-container vc_btn3-inline\">\n\t\t<a href=\"\/anmeldung\/\" class=\"pgs_btn pgs_btn_style_1 pgs_btn_xl\">\n\t\t\t<span>\n\t\t\t\tPrijavite se sada\t\t\t<\/span>\n\t\t\t\t\t\t<i class=\"fa fa-external-link\"><\/i>\n\t\t\t\t\t<\/a>\n\t<\/div>\n\t\n<h2>Ve\u010dernji kurs njema\u010dkog jezika 2 puta tjedno\u00a0\u2013 Cijene i termini<\/h2>\n<p>Nivo: A1, A2, B1, B2, C1, C2 (svi nivoi po\u010dinju od prvog ponedjeljka u mjesecu)<br \/>\nTermini: od ponedjeljka i srijeda ili utorak i \u010detvrtak, od 17:30-19:00 ili od 19:00-20:30<br \/>\nDu\u017eina te\u010daja: 4 \u010dasova tjedno, 24 \u010dasova mjesecno, 1 \u010das (UE = Unterrichtseinheit) \u00a0traje 45 minuta<br \/>\nCijena: 319 \u20ac<br \/>\nPo\u010detak te\u010daja: svakog prvog ponedjeljka ili utorka u mjesecu<br \/>\nDu\u017eina te\u010daja: 6 tjedana<\/p>\n<div class=\"vc_btn3-container vc_btn3-inline\">\n\t\t<a href=\"\/anmeldung\/\" class=\"pgs_btn pgs_btn_style_1 pgs_btn_xl\">\n\t\t\t<span>\n\t\t\t\tPrijavite se sada\t\t\t<\/span>\n\t\t\t\t\t\t<i class=\"fa fa-external-link\"><\/i>\n\t\t\t\t\t<\/a>\n\t<\/div>\n\t[\/vc_column_text][\/vc_column][\/vc_row][vc_row css=&#8221;.vc_custom_1535017873266{padding-top: 15px !important;padding-bottom: 15px !important;}&#8221;][vc_column][vc_column_text]<\/p>\n<h2>Pou\u010davamo po\u010detnike i napredne<\/h2>\n<p>[\/vc_column_text][vc_row_inner][vc_column_inner width=&#8221;1\/2&#8243;][vc_column_text]Bez obzira na prethodno iskustvo koje ste unijeli, s nama ste definitivno u pravu. Bez njema\u010dkog znanja po\u010dinjete s po\u010detnim te\u010dajem.<\/p>\n<p>Ako ve\u0107 imate prethodno znanje njema\u010dkog jezika, klasificirat \u0107emo vas na odgovaraju\u0107i te\u010daj. Da biste odredili trenuta\u010dnu razinu jezika na njema\u010dkom jeziku, mo\u017eete provesti testiranje polo\u017eaja.<\/p>\n<p>Ako jo\u0161 niste u Be\u010du, olak\u0161ajte i udobni od ku\u0107e. Ako biste \u017eeljeli upoznati na\u0161u \u0161kolu jezika Aktiv Wien, onda nas samo posjetite u na\u0161im sobama.[\/vc_column_text][\/vc_column_inner][vc_column_inner width=&#8221;1\/2&#8243;][vc_single_image image=&#8221;32892&#8243; img_size=&#8221;full&#8221;][\/vc_column_inner][\/vc_row_inner][vc_column_text]<\/p>\n<h2>Na\u0161i njema\u010dki intenzivni te\u010dajevi ujutro<\/h2>\n<p>Klasik je njema\u010dki te\u010daj ujutro. Svakodnevno od 9:00 do 12:00 posjetit \u0107ete odabrani njema\u010dki te\u010daj. U popodnevnim satima mo\u017eete pratiti materijal ili pogledati predivan grad. Za osobe s prethodnom znanju, nastava zapo\u010dinje svaki ponedjeljak. Njema\u010dki te\u010daj po\u010dinje uvijek prvi ponedjeljak u mjesecu za po\u010detni te\u010daj. Na\u0161i njema\u010dki polu-intenzivni te\u010dajevi nave\u010der se odr\u017eavaju svakodnevno od ponedjeljka do petka od 17:30 do 19:00 ili od 19:00 do 20:30 sati.[\/vc_column_text][\/vc_column][\/vc_row][vc_row][vc_column][vc_column_text]<\/p>\n<h2>Va\u0161e prednosti:<\/h2>\n<p>[\/vc_column_text][vc_row_inner][vc_column_inner width=&#8221;1\/2&#8243;][vc_column_text]Prije te\u010daja mo\u017eete besplatno testirati polo\u017eaj. Po\u010detak je bez rizika za vas. Prvi sat smatra se probnom lekcijom. Ako vam se ne svi\u0111a klasa ili u\u010diteljica, javite nam. U tom slu\u010daju dobit \u0107ete svoj novac bez ikakvih problema natrag.<\/p>\n<p>Naravno, nakon zavr\u0161etka njema\u010dkog te\u010daja dobit \u0107ete certifikat. Naravno, mogu\u0107e je i sudjelovanje na ispitima kao \u0161to su njema\u010dki kao strani jezik (DaF), EPD ispit, \u00d6IF, \u00d6SD, ZD i ZMP.<\/p>\n<p>Na\u0161i te\u010dajevi vas pripremiti za studiranje na njema\u010dkom sveu\u010dili\u0161tu u Austriji.\u00a0Na\u0161i te\u010dajevi jezika tako\u0111er su priznati za dodjelu Schengenske vize za u\u010denje njema\u010dkog jezika.\u00a0Podu\u010davamo u\u010ditelje materinjeg jezika. Pri odabiru na\u0161ih jezi\u010dnih trenera, pobrinemo se da su prijateljski i simpati\u010dni. Zabavno je podu\u010davati i napredovati brzo.[\/vc_column_text][\/vc_column_inner][vc_column_inner width=&#8221;1\/2&#8243;][vc_single_image image=&#8221;32869&#8243; img_size=&#8221;full&#8221;][\/vc_column_inner][\/vc_row_inner][\/vc_column][\/vc_row]<\/p>\n","protected":false},"excerpt":{"rendered":"<p>[vc_row css=&#8221;.vc_custom_1535017715372{margin-top: 15px !important;padding-bottom: 15px !important;}&#8221;][vc_column][vc_column_text] Njema\u010dki intenzivni te\u010dajevi u Be\u010du A1, A2, B1, B2, C1, C2 Njema\u010dki intenzivni te\u010dajevi na svim razinama A1 do C2 &#8211; Dostupni su sljede\u0107i jezi\u010dni nivoi: Njema\u010dki intenzivni te\u010daj za po\u010detnike: A1, A2 Intermediate: intenzivni te\u010dajevi za B1, B2 Intenzivan njema\u010dki za napredne: C1 i C2[\/vc_column_text][vc_row_inner][vc_column_inner width=&#8221;1\/2&#8243;][vc_column_text] Mit dem&hellip; <a class=\"read-more\" href=\"https:\/\/www.sprachschule-aktiv-wien.at\/hr\/njemacki-intenzivni-tecajevi-u-becu-a1-a2-b1-b2-c1-c2\/\" title=\"Read Njema\u010dki intenzivni te\u010dajevi u Be\u010du A1, A2, B1, B2, C1, C2\">Read more &raquo;<\/a><\/p>\n","protected":false},"author":7,"featured_media":0,"parent":0,"menu_order":0,"comment_status":"closed","ping_status":"closed","template":"","meta":{"footnotes":""},"class_list":["post-7299","page","type-page","status-publish","hentry"],"yoast_head":"<!-- This site is optimized with the Yoast SEO plugin v27.1.1 - https:\/\/yoast.com\/product\/yoast-seo-wordpress\/ -->\n<title>Njema\u010dki intenzivni te\u010dajevi u Be\u010du A1, A2, B1, B2, C1, C2<\/title>\n<meta name=\"description\" content=\"Ako \u017eelite nau\u010diti njema\u010dki jezik \u0161to je br\u017ee, onda na\u0161 njema\u010dki te\u010daj u Be\u010du idealan za vas. Nudimo razli\u010dite te\u010dajeve i modele kolegija.\" \/>\n<meta name=\"robots\" content=\"index, follow, max-snippet:-1, max-image-preview:large, max-video-preview:-1\" \/>\n<link rel=\"canonical\" href=\"https:\/\/www.sprachschule-aktiv-wien.at\/hr\/njemacki-intenzivni-tecajevi-u-becu-a1-a2-b1-b2-c1-c2\/\" \/>\n<meta property=\"og:locale\" content=\"hr_HR\" \/>\n<meta property=\"og:type\" content=\"article\" \/>\n<meta property=\"og:title\" content=\"Njema\u010dki intenzivni te\u010dajevi u Be\u010du A1, A2, B1, B2, C1, C2\" \/>\n<meta property=\"og:description\" content=\"Ako \u017eelite nau\u010diti njema\u010dki jezik \u0161to je br\u017ee, onda na\u0161 njema\u010dki te\u010daj u Be\u010du idealan za vas. Nudimo razli\u010dite te\u010dajeve i modele kolegija.\" \/>\n<meta property=\"og:url\" content=\"https:\/\/www.sprachschule-aktiv-wien.at\/hr\/njemacki-intenzivni-tecajevi-u-becu-a1-a2-b1-b2-c1-c2\/\" \/>\n<meta property=\"og:site_name\" content=\"Sprachschule Aktiv Wien\" \/>\n<meta property=\"article:modified_time\" content=\"2024-06-02T21:02:14+00:00\" \/>\n<meta name=\"twitter:label1\" content=\"Est. reading time\" \/>\n\t<meta name=\"twitter:data1\" content=\"4 minutes\" \/>\n<script type=\"application\/ld+json\" class=\"yoast-schema-graph\">{\"@context\":\"https:\/\/schema.org\",\"@graph\":[{\"@type\":\"WebPage\",\"@id\":\"https:\/\/www.sprachschule-aktiv-wien.at\/hr\/njemacki-intenzivni-tecajevi-u-becu-a1-a2-b1-b2-c1-c2\/\",\"url\":\"https:\/\/www.sprachschule-aktiv-wien.at\/hr\/njemacki-intenzivni-tecajevi-u-becu-a1-a2-b1-b2-c1-c2\/\",\"name\":\"Njema\u010dki intenzivni te\u010dajevi u Be\u010du A1, A2, B1, B2, C1, C2\",\"isPartOf\":{\"@id\":\"https:\/\/www.sprachschule-aktiv-wien.at\/#website\"},\"datePublished\":\"2018-08-02T04:51:46+00:00\",\"dateModified\":\"2024-06-02T21:02:14+00:00\",\"description\":\"Ako \u017eelite nau\u010diti njema\u010dki jezik \u0161to je br\u017ee, onda na\u0161 njema\u010dki te\u010daj u Be\u010du idealan za vas. Nudimo razli\u010dite te\u010dajeve i modele kolegija.\",\"breadcrumb\":{\"@id\":\"https:\/\/www.sprachschule-aktiv-wien.at\/hr\/njemacki-intenzivni-tecajevi-u-becu-a1-a2-b1-b2-c1-c2\/#breadcrumb\"},\"inLanguage\":\"hr-HR\",\"potentialAction\":[{\"@type\":\"ReadAction\",\"target\":[\"https:\/\/www.sprachschule-aktiv-wien.at\/hr\/njemacki-intenzivni-tecajevi-u-becu-a1-a2-b1-b2-c1-c2\/\"]}]},{\"@type\":\"BreadcrumbList\",\"@id\":\"https:\/\/www.sprachschule-aktiv-wien.at\/hr\/njemacki-intenzivni-tecajevi-u-becu-a1-a2-b1-b2-c1-c2\/#breadcrumb\",\"itemListElement\":[{\"@type\":\"ListItem\",\"position\":1,\"name\":\"Home\",\"item\":\"https:\/\/www.sprachschule-aktiv-wien.at\/hr\/\"},{\"@type\":\"ListItem\",\"position\":2,\"name\":\"Njema\u010dki intenzivni te\u010dajevi u Be\u010du A1, A2, B1, B2, C1, C2\"}]},{\"@type\":\"WebSite\",\"@id\":\"https:\/\/www.sprachschule-aktiv-wien.at\/#website\",\"url\":\"https:\/\/www.sprachschule-aktiv-wien.at\/\",\"name\":\"Sprachschule Aktiv Wien\",\"description\":\"\",\"potentialAction\":[{\"@type\":\"SearchAction\",\"target\":{\"@type\":\"EntryPoint\",\"urlTemplate\":\"https:\/\/www.sprachschule-aktiv-wien.at\/?s={search_term_string}\"},\"query-input\":{\"@type\":\"PropertyValueSpecification\",\"valueRequired\":true,\"valueName\":\"search_term_string\"}}],\"inLanguage\":\"hr-HR\"}]}<\/script>\n<!-- \/ Yoast SEO plugin. -->","yoast_head_json":{"title":"Njema\u010dki intenzivni te\u010dajevi u Be\u010du A1, A2, B1, B2, C1, C2","description":"Ako \u017eelite nau\u010diti njema\u010dki jezik \u0161to je br\u017ee, onda na\u0161 njema\u010dki te\u010daj u Be\u010du idealan za vas. Nudimo razli\u010dite te\u010dajeve i modele kolegija.","robots":{"index":"index","follow":"follow","max-snippet":"max-snippet:-1","max-image-preview":"max-image-preview:large","max-video-preview":"max-video-preview:-1"},"canonical":"https:\/\/www.sprachschule-aktiv-wien.at\/hr\/njemacki-intenzivni-tecajevi-u-becu-a1-a2-b1-b2-c1-c2\/","og_locale":"hr_HR","og_type":"article","og_title":"Njema\u010dki intenzivni te\u010dajevi u Be\u010du A1, A2, B1, B2, C1, C2","og_description":"Ako \u017eelite nau\u010diti njema\u010dki jezik \u0161to je br\u017ee, onda na\u0161 njema\u010dki te\u010daj u Be\u010du idealan za vas. Nudimo razli\u010dite te\u010dajeve i modele kolegija.","og_url":"https:\/\/www.sprachschule-aktiv-wien.at\/hr\/njemacki-intenzivni-tecajevi-u-becu-a1-a2-b1-b2-c1-c2\/","og_site_name":"Sprachschule Aktiv Wien","article_modified_time":"2024-06-02T21:02:14+00:00","twitter_misc":{"Est. reading time":"4 minutes"},"schema":{"@context":"https:\/\/schema.org","@graph":[{"@type":"WebPage","@id":"https:\/\/www.sprachschule-aktiv-wien.at\/hr\/njemacki-intenzivni-tecajevi-u-becu-a1-a2-b1-b2-c1-c2\/","url":"https:\/\/www.sprachschule-aktiv-wien.at\/hr\/njemacki-intenzivni-tecajevi-u-becu-a1-a2-b1-b2-c1-c2\/","name":"Njema\u010dki intenzivni te\u010dajevi u Be\u010du A1, A2, B1, B2, C1, C2","isPartOf":{"@id":"https:\/\/www.sprachschule-aktiv-wien.at\/#website"},"datePublished":"2018-08-02T04:51:46+00:00","dateModified":"2024-06-02T21:02:14+00:00","description":"Ako \u017eelite nau\u010diti njema\u010dki jezik \u0161to je br\u017ee, onda na\u0161 njema\u010dki te\u010daj u Be\u010du idealan za vas. Nudimo razli\u010dite te\u010dajeve i modele kolegija.","breadcrumb":{"@id":"https:\/\/www.sprachschule-aktiv-wien.at\/hr\/njemacki-intenzivni-tecajevi-u-becu-a1-a2-b1-b2-c1-c2\/#breadcrumb"},"inLanguage":"hr-HR","potentialAction":[{"@type":"ReadAction","target":["https:\/\/www.sprachschule-aktiv-wien.at\/hr\/njemacki-intenzivni-tecajevi-u-becu-a1-a2-b1-b2-c1-c2\/"]}]},{"@type":"BreadcrumbList","@id":"https:\/\/www.sprachschule-aktiv-wien.at\/hr\/njemacki-intenzivni-tecajevi-u-becu-a1-a2-b1-b2-c1-c2\/#breadcrumb","itemListElement":[{"@type":"ListItem","position":1,"name":"Home","item":"https:\/\/www.sprachschule-aktiv-wien.at\/hr\/"},{"@type":"ListItem","position":2,"name":"Njema\u010dki intenzivni te\u010dajevi u Be\u010du A1, A2, B1, B2, C1, C2"}]},{"@type":"WebSite","@id":"https:\/\/www.sprachschule-aktiv-wien.at\/#website","url":"https:\/\/www.sprachschule-aktiv-wien.at\/","name":"Sprachschule Aktiv Wien","description":"","potentialAction":[{"@type":"SearchAction","target":{"@type":"EntryPoint","urlTemplate":"https:\/\/www.sprachschule-aktiv-wien.at\/?s={search_term_string}"},"query-input":{"@type":"PropertyValueSpecification","valueRequired":true,"valueName":"search_term_string"}}],"inLanguage":"hr-HR"}]}},"_links":{"self":[{"href":"https:\/\/www.sprachschule-aktiv-wien.at\/hr\/wp-json\/wp\/v2\/pages\/7299","targetHints":{"allow":["GET"]}}],"collection":[{"href":"https:\/\/www.sprachschule-aktiv-wien.at\/hr\/wp-json\/wp\/v2\/pages"}],"about":[{"href":"https:\/\/www.sprachschule-aktiv-wien.at\/hr\/wp-json\/wp\/v2\/types\/page"}],"author":[{"embeddable":true,"href":"https:\/\/www.sprachschule-aktiv-wien.at\/hr\/wp-json\/wp\/v2\/users\/7"}],"replies":[{"embeddable":true,"href":"https:\/\/www.sprachschule-aktiv-wien.at\/hr\/wp-json\/wp\/v2\/comments?post=7299"}],"version-history":[{"count":22,"href":"https:\/\/www.sprachschule-aktiv-wien.at\/hr\/wp-json\/wp\/v2\/pages\/7299\/revisions"}],"predecessor-version":[{"id":42422,"href":"https:\/\/www.sprachschule-aktiv-wien.at\/hr\/wp-json\/wp\/v2\/pages\/7299\/revisions\/42422"}],"wp:attachment":[{"href":"https:\/\/www.sprachschule-aktiv-wien.at\/hr\/wp-json\/wp\/v2\/media?parent=7299"}],"curies":[{"name":"wp","href":"https:\/\/api.w.org\/{rel}","templated":true}]}}