{"id":7292,"date":"2018-08-02T04:53:25","date_gmt":"2018-08-02T04:53:25","guid":{"rendered":"https:\/\/www.sprachschule-aktiv-wien.at\/?page_id=7292"},"modified":"2021-03-16T19:15:14","modified_gmt":"2021-03-16T19:15:14","slug":"saznajte-njemacki-jezik-u-becu-njemacki-tecajevi-a1-do-c2-jezicna-skola-za-njemacke-tecajeve","status":"publish","type":"page","link":"https:\/\/www.sprachschule-aktiv-wien.at\/hr\/saznajte-njemacki-jezik-u-becu-njemacki-tecajevi-a1-do-c2-jezicna-skola-za-njemacke-tecajeve\/","title":{"rendered":"Saznajte njema\u010dki jezik u Be\u010du &#8211; njema\u010dki te\u010dajevi A1 do C2 &#8211; jezi\u010dna \u0161kola za njema\u010dke te\u010dajeve"},"content":{"rendered":"<p>[vc_row css=&#8221;.vc_custom_1535017342519{margin-top: 15px !important;padding-bottom: 15px !important;}&#8221;][vc_column][vc_column_text]<\/p>\n<h1>Saznajte njema\u010dki jezik u Be\u010du &#8211; njema\u010dki te\u010dajevi A1 do C2 &#8211; jezi\u010dna \u0161kola za njema\u010dke te\u010dajeve<\/h1>\n<p>Njema\u010dki te\u010dajevi u Be\u010du &#8211; U\u010dite njema\u010dki u Be\u010du! Na\u0161a jezi\u010dna \u0161kola specijalizirana je za njema\u010dke te\u010dajeve. Be\u010d je jedan od najljep\u0161ih njema\u010dkih gradova u Europi. Saznajte njema\u010dki jezik i u\u017eivajte u austrijskoj kulturi. Nudimo razli\u010dite te\u010dajeve njema\u010dkog jezika na razli\u010ditim jezi\u010dnim razinama.[\/vc_column_text][vc_row_inner][vc_column_inner width=&#8221;1\/2&#8243;][vc_column_text]<div class=\"BorlabsCookie _brlbs-cb-youtube\"><div class=\"_brlbs-content-blocker\"> <div class=\"_brlbs-embed _brlbs-video-youtube\"> <img class=\"_brlbs-thumbnail\" src=\"https:\/\/www.sprachschule-aktiv-wien.at\/wp-content\/plugins\/borlabs-cookie\/assets\/images\/cb-no-thumbnail.png\" alt=\"YouTube\"> <div class=\"_brlbs-caption\"> <p>Mit dem Laden des Videos akzeptieren Sie die Datenschutzerkl\u00e4rung von YouTube.<br><a href=\"https:\/\/policies.google.com\/privacy\" target=\"_blank\" rel=\"nofollow noopener noreferrer\">Mehr erfahren<\/a><\/p> <p><a class=\"_brlbs-btn _brlbs-icon-play-white\" href=\"#\" data-borlabs-cookie-unblock role=\"button\">Video laden<\/a><\/p> <p><label><input type=\"checkbox\" name=\"unblockAll\" value=\"1\" checked> <small>YouTube immer entsperren<\/small><\/label><\/p> <\/div> <\/div> <\/div><div class=\"borlabs-hide\" data-borlabs-cookie-type=\"content-blocker\" data-borlabs-cookie-id=\"youtube\"><script type=\"text\/template\">PGlmcmFtZSBzcmM9Imh0dHBzOi8vd3d3LnlvdXR1YmUtbm9jb29raWUuY29tL2VtYmVkL09tbERYMXJETC13IiB3aWR0aD0iMTAwJSIgaGVpZ2h0PSIzMTUiIGZyYW1lYm9yZGVyPSIwIiBhbGxvd2Z1bGxzY3JlZW49ImFsbG93ZnVsbHNjcmVlbiI+PC9pZnJhbWU+<\/script><\/div><\/div>[\/vc_column_text][\/vc_column_inner][vc_column_inner width=&#8221;1\/2&#8243;][vc_column_text]<div class=\"BorlabsCookie _brlbs-cb-youtube\"><div class=\"_brlbs-content-blocker\"> <div class=\"_brlbs-embed _brlbs-video-youtube\"> <img class=\"_brlbs-thumbnail\" src=\"https:\/\/www.sprachschule-aktiv-wien.at\/wp-content\/plugins\/borlabs-cookie\/assets\/images\/cb-no-thumbnail.png\" alt=\"YouTube\"> <div class=\"_brlbs-caption\"> <p>Mit dem Laden des Videos akzeptieren Sie die Datenschutzerkl\u00e4rung von YouTube.<br><a href=\"https:\/\/policies.google.com\/privacy\" target=\"_blank\" rel=\"nofollow noopener noreferrer\">Mehr erfahren<\/a><\/p> <p><a class=\"_brlbs-btn _brlbs-icon-play-white\" href=\"#\" data-borlabs-cookie-unblock role=\"button\">Video laden<\/a><\/p> <p><label><input type=\"checkbox\" name=\"unblockAll\" value=\"1\" checked> <small>YouTube immer entsperren<\/small><\/label><\/p> <\/div> <\/div> <\/div><div class=\"borlabs-hide\" data-borlabs-cookie-type=\"content-blocker\" data-borlabs-cookie-id=\"youtube\"><script type=\"text\/template\">PGlmcmFtZSBzcmM9Imh0dHBzOi8vd3d3LnlvdXR1YmUtbm9jb29raWUuY29tL2VtYmVkL1h6SUl6em00SmFZIiB3aWR0aD0iMTAwJSIgaGVpZ2h0PSIzMTUiIGZyYW1lYm9yZGVyPSIwIiBhbGxvd2Z1bGxzY3JlZW49ImFsbG93ZnVsbHNjcmVlbiI+PC9pZnJhbWU+<\/script><\/div><\/div>[\/vc_column_text][\/vc_column_inner][\/vc_row_inner][\/vc_column][\/vc_row][vc_row full_width=&#8221;stretch_row&#8221; css=&#8221;.vc_custom_1535017453388{padding-top: 15px !important;padding-bottom: 15px !important;background-color: #f9f9f9 !important;}&#8221;][vc_column][vc_column_text]<\/p>\n<h2>Njema\u010dki te\u010dajevi u Be\u010du za po\u010detnike ili napredne &#8211; A1, A2, B1, B2, C1, C2<\/h2>\n<p>Bez obzira na razinu koju ste postigli i za \u0161ta ciljate: imamo pravi te\u010daj za vas. Svi kolegiji dostupni su na razinama A1, A2, B1, B2, C1 i C2. Prema va\u0161im individualnim idejama nudimo sljede\u0107e te\u010dajeve:<\/p>\n<ul>\n<li>Njema\u010dki intenzivni te\u010dajevi: Svaki dan tri sata ujutro ili poluintenzivni te\u010daj samo jedan i pol sati, bilo ujutro ili nave\u010der.<\/li>\n<li>Ve\u010dernja nastava: Nastava se odr\u017eava u malim skupinama. U\u010dite u mirnoj i prijateljskoj atmosferi.<\/li>\n<li>Privatne lekcije: Na\u0161i u\u010ditelji dolaze k vama i temelje se na va\u0161im idejama.<\/li>\n<li>\u00d6IF \/ \u00d6SD njema\u010dki te\u010dajevi: Ako \u017eelite polagati certifikacijski ispit, onda \u0107emo vas optimalno pripremiti.<\/li>\n<li>\u00d6IF \/ \u00d6SD te\u010dajevi pripreme: Kako bismo se pripremili za \u00d6IF \/ \u00d6SD ispit, na raspolaganju su vam te\u010dajevi za pripremu ispita.<\/li>\n<li>Njema\u010dki te\u010daj s smje\u0161tajnim kapacitetom<\/li>\n<li>Njema\u010dki te\u010daj i viza za Austriju<\/li>\n<li>Be\u010du &#8211; Slobodno vrijeme i op\u0107e informacije<\/li>\n<\/ul>\n\t<div class=\"vc_btn3-container vc_btn3-inline\">\n\t\t<a href=\"\/hr\/kontakt\/\" class=\"pgs_btn pgs_btn_style_1 pgs_btn_xl\">\n\t\t\t<span>\n\t\t\t\tBrzi upit\t\t\t<\/span>\n\t\t\t\t\t\t<i class=\"fa fa-external-link\"><\/i>\n\t\t\t\t\t<\/a>\n\t<\/div>\n\t\n<h2>Njema\u010dki te\u010daj u Be\u010du odvija se u malim skupinama<\/h2>\n<p>Za optimalan uspjeh u\u010denja, veli\u010dina grupe klju\u010dni je \u010dimbenik. \u0160to je skupina manja, to vam lak\u0161e mo\u017eete odgovoriti na pitanja i ukloniti probleme. Oni se intenzivnije bave jezikom i time posti\u017eu br\u017ei napredak. Zbog toga se pobrinemo da veli\u010dina grupe od deset sudionika ne bude prekora\u010dena.<\/p>\n<h2><a href=\"https:\/\/www.sprachschule-aktiv-wien.at\/wp-content\/uploads\/2021\/03\/saznajte-njemacki-jezik-u-Becu.jpg\"><img decoding=\"async\" class=\"alignnone wp-image-31159\" src=\"https:\/\/www.sprachschule-aktiv-wien.at\/wp-content\/uploads\/2021\/03\/saznajte-njemacki-jezik-u-Becu.jpg\" alt=\"Saznajte njema\u010dki jezik u Be\u010du\" width=\"491\" height=\"338\" srcset=\"https:\/\/www.sprachschule-aktiv-wien.at\/wp-content\/uploads\/2021\/03\/saznajte-njemacki-jezik-u-Becu.jpg 624w, https:\/\/www.sprachschule-aktiv-wien.at\/wp-content\/uploads\/2021\/03\/saznajte-njemacki-jezik-u-Becu-300x207.jpg 300w\" sizes=\"(max-width: 491px) 100vw, 491px\" \/><\/a><\/h2>\n<h2>U\u010ditelj je klju\u010dni \u010dimbenik<\/h2>\n<p>Pored veli\u010dine grupe, u\u010diteljica jezika va\u017ean je \u010dimbenik uspjeha u\u010denja. Mi ne donosimo odluku za ili protiv u\u010ditelja lako. Va\u017eno je, naravno, da je izvorni govornik i da mo\u017ee pokazati pedago\u0161ku sposobnost. Osim toga, ona mora biti prijateljska osobnost koja motivira u\u010denike i poti\u010de suradnju. Zato je zabavno razgovarati na njema\u010dkom. Ovdje \u0107ete na\u0107i slike i videozapise na\u0161ih njema\u010dkih nastavnika, soba za u\u010denje i na\u0161u \u0161kolu njema\u010dkog jezika u Be\u010du.<\/p>\n<p>[\/vc_column_text][\/vc_column][\/vc_row][vc_row css=&#8221;.vc_custom_1535017612348{padding-top: 15px !important;padding-bottom: 15px !important;}&#8221;][vc_column][vc_column_text]<\/p>\n<h2>Saznajte njema\u010dki u Be\u010du bez rizika<\/h2>\n<p>Prije svega, va\u017eno je da sudjelujete na pravom kolegiju. Zbog toga vam nudimo besplatan test polo\u017eaja. To mo\u017eete u\u010diniti kod ku\u0107e preko Interneta ili u na\u0161im u\u010dionicama u Be\u010du. Dakle, mo\u017eete biti sigurni da ste poha\u0111ali pravi te\u010daj. Napravljate brzi napredak jer se ne osje\u0107ate preplavljeni ili nedovoljno izazovni.<\/p>\n<p>Prvi sat je uvijek pokusna lekcija. Za to vrijeme mo\u017eete mirno testirati te\u010daj. Dopustite joj da crijevo osje\u0107a govoriti, volite li u\u010ditelja ili ne. Ako niste potpuno zadovoljni, dobit \u0107ete svoj novac ravno natrag.<\/p>\n<h2>Vodimo brigu o vizu za Austriju &#8211; te\u010daj njema\u010dkog jezika i vizu<\/h2>\n<p>Ako \u017eelite studirati u Austriji i niste dr\u017eavljanin dr\u017eave \u010dlanice EU, potrebna vam je viza za te\u010daj njema\u010dkog jezika. Pomo\u0107i \u0107emo vam u stvaranju. Ako nemate jezi\u010dne vje\u0161tine, ispravno ispunjavanje obrasca mo\u017ee biti izazovno<\/p>\n<h2>Na\u0161a \u0161kola njema\u010dkog jezika nalazi se u sredi\u0161tu Be\u010da<\/h2>\n<p>Lako mozete do\u0107i automobilom ili javnim prijevozom. Adresa za na\u0161e te\u010dajeve u Be\u010du: Faulmanngasse 4, 1040 Be\u010d.<\/p>\n<h2><a href=\"https:\/\/www.sprachschule-aktiv-wien.at\/wp-content\/uploads\/2021\/03\/tecajevi-njemackog-jezika-u-becu.jpg\"><img decoding=\"async\" class=\"alignnone  wp-image-31318\" src=\"https:\/\/www.sprachschule-aktiv-wien.at\/wp-content\/uploads\/2021\/03\/tecajevi-njemackog-jezika-u-becu.jpg\" alt=\"Te\u010dajevi njema\u010dkog jezika u Be\u010du\" width=\"671\" height=\"486\" srcset=\"https:\/\/www.sprachschule-aktiv-wien.at\/wp-content\/uploads\/2021\/03\/tecajevi-njemackog-jezika-u-becu.jpg 652w, https:\/\/www.sprachschule-aktiv-wien.at\/wp-content\/uploads\/2021\/03\/tecajevi-njemackog-jezika-u-becu-300x217.jpg 300w\" sizes=\"(max-width: 671px) 100vw, 671px\" \/><\/a><\/h2>\n<h2>Te\u010dajevi njema\u010dkog jezika u Be\u010du &#8211; Va\u0161e prednosti<\/h2>\n<p>slobodno vrijeme. Be\u010d je vrlo lijep grad i tu su bezbrojne znamenitosti. Na\u0161i se u\u010ditelji ne vide samo kao pedagozi, ve\u0107 vas i \u017eele upoznati s njema\u010dkim i posebno austrijskim na\u010dinom \u017eivota.<\/p>\n<p>Na\u0161e prednosti na prvi pogled:<\/p>\n<ul>\n<li>Besplatna probna lekcija<\/li>\n<li>Jamstvo povrata novca<\/li>\n<li>Izleti i aktivnosti u slobodno vrijeme nakon njema\u010dkog te\u010daja<\/li>\n<li>Neobvezuju\u0107a klasifikacija on-line ili osobno u na\u0161oj \u0161koli jezika<\/li>\n<li>Kvalificirani i simpati\u010dni njema\u010dki u\u010ditelji<\/li>\n<li>Priznati jezi\u010dni certifikati<\/li>\n<\/ul>\n<h2>Njema\u010dki te\u010dajevi u Be\u010du s besplatnim nastavnim satom<\/h2>\n<p>Ako \u017eelite nau\u010diti njema\u010dki jezik u prekrasnom gradu Be\u010du, prijavite se sada. Ne riskirate. Jer, ako vam se ne svi\u0111a te\u010daj, onda vam vratimo novac. Sada organizirajte njema\u010dki te\u010daj s besplatnim nastavnim sato[\/vc_column_text][\/vc_column][\/vc_row]<\/p>\n","protected":false},"excerpt":{"rendered":"<p>[vc_row css=&#8221;.vc_custom_1535017342519{margin-top: 15px !important;padding-bottom: 15px !important;}&#8221;][vc_column][vc_column_text] Saznajte njema\u010dki jezik u Be\u010du &#8211; njema\u010dki te\u010dajevi A1 do C2 &#8211; jezi\u010dna \u0161kola za njema\u010dke te\u010dajeve Njema\u010dki te\u010dajevi u Be\u010du &#8211; U\u010dite njema\u010dki u Be\u010du! Na\u0161a jezi\u010dna \u0161kola specijalizirana je za njema\u010dke te\u010dajeve. Be\u010d je jedan od najljep\u0161ih njema\u010dkih gradova u Europi. Saznajte njema\u010dki jezik i u\u017eivajte u&hellip; <a class=\"read-more\" href=\"https:\/\/www.sprachschule-aktiv-wien.at\/hr\/saznajte-njemacki-jezik-u-becu-njemacki-tecajevi-a1-do-c2-jezicna-skola-za-njemacke-tecajeve\/\" title=\"Read Saznajte njema\u010dki jezik u Be\u010du &#8211; njema\u010dki te\u010dajevi A1 do C2 &#8211; jezi\u010dna \u0161kola za njema\u010dke te\u010dajeve\">Read more &raquo;<\/a><\/p>\n","protected":false},"author":7,"featured_media":0,"parent":0,"menu_order":0,"comment_status":"closed","ping_status":"closed","template":"","meta":{"footnotes":""},"class_list":["post-7292","page","type-page","status-publish","hentry"],"yoast_head":"<!-- This site is optimized with the Yoast SEO plugin v27.1.1 - https:\/\/yoast.com\/product\/yoast-seo-wordpress\/ -->\n<title>Saznajte njema\u010dki jezik u Be\u010du - njema\u010dki te\u010dajevi<\/title>\n<meta name=\"description\" content=\"Njema\u010dki te\u010dajevi u Be\u010du - U\u010dite njema\u010dki u Be\u010du! Na\u0161a jezi\u010dna \u0161kola specijalizirana je za njema\u010dke te\u010dajeve. Sprachschule Aktiv.\" \/>\n<meta name=\"robots\" content=\"index, follow, max-snippet:-1, max-image-preview:large, max-video-preview:-1\" \/>\n<link rel=\"canonical\" href=\"https:\/\/www.sprachschule-aktiv-wien.at\/hr\/saznajte-njemacki-jezik-u-becu-njemacki-tecajevi-a1-do-c2-jezicna-skola-za-njemacke-tecajeve\/\" \/>\n<meta property=\"og:locale\" content=\"hr_HR\" \/>\n<meta property=\"og:type\" content=\"article\" \/>\n<meta property=\"og:title\" content=\"Saznajte njema\u010dki jezik u Be\u010du - njema\u010dki te\u010dajevi\" \/>\n<meta property=\"og:description\" content=\"Njema\u010dki te\u010dajevi u Be\u010du - U\u010dite njema\u010dki u Be\u010du! Na\u0161a jezi\u010dna \u0161kola specijalizirana je za njema\u010dke te\u010dajeve. Sprachschule Aktiv.\" \/>\n<meta property=\"og:url\" content=\"https:\/\/www.sprachschule-aktiv-wien.at\/hr\/saznajte-njemacki-jezik-u-becu-njemacki-tecajevi-a1-do-c2-jezicna-skola-za-njemacke-tecajeve\/\" \/>\n<meta property=\"og:site_name\" content=\"Sprachschule Aktiv Wien\" \/>\n<meta property=\"article:modified_time\" content=\"2021-03-16T19:15:14+00:00\" \/>\n<meta property=\"og:image\" content=\"https:\/\/www.sprachschule-aktiv-wien.at\/wp-content\/uploads\/2021\/03\/saznajte-njemacki-jezik-u-Becu.jpg\" \/>\n<meta name=\"twitter:label1\" content=\"Est. reading time\" \/>\n\t<meta name=\"twitter:data1\" content=\"4 minutes\" \/>\n<script type=\"application\/ld+json\" class=\"yoast-schema-graph\">{\"@context\":\"https:\/\/schema.org\",\"@graph\":[{\"@type\":\"WebPage\",\"@id\":\"https:\/\/www.sprachschule-aktiv-wien.at\/hr\/saznajte-njemacki-jezik-u-becu-njemacki-tecajevi-a1-do-c2-jezicna-skola-za-njemacke-tecajeve\/\",\"url\":\"https:\/\/www.sprachschule-aktiv-wien.at\/hr\/saznajte-njemacki-jezik-u-becu-njemacki-tecajevi-a1-do-c2-jezicna-skola-za-njemacke-tecajeve\/\",\"name\":\"Saznajte njema\u010dki jezik u Be\u010du - njema\u010dki te\u010dajevi\",\"isPartOf\":{\"@id\":\"https:\/\/www.sprachschule-aktiv-wien.at\/#website\"},\"primaryImageOfPage\":{\"@id\":\"https:\/\/www.sprachschule-aktiv-wien.at\/hr\/saznajte-njemacki-jezik-u-becu-njemacki-tecajevi-a1-do-c2-jezicna-skola-za-njemacke-tecajeve\/#primaryimage\"},\"image\":{\"@id\":\"https:\/\/www.sprachschule-aktiv-wien.at\/hr\/saznajte-njemacki-jezik-u-becu-njemacki-tecajevi-a1-do-c2-jezicna-skola-za-njemacke-tecajeve\/#primaryimage\"},\"thumbnailUrl\":\"https:\/\/www.sprachschule-aktiv-wien.at\/wp-content\/uploads\/2021\/03\/saznajte-njemacki-jezik-u-Becu.jpg\",\"datePublished\":\"2018-08-02T04:53:25+00:00\",\"dateModified\":\"2021-03-16T19:15:14+00:00\",\"description\":\"Njema\u010dki te\u010dajevi u Be\u010du - U\u010dite njema\u010dki u Be\u010du! Na\u0161a jezi\u010dna \u0161kola specijalizirana je za njema\u010dke te\u010dajeve. Sprachschule Aktiv.\",\"breadcrumb\":{\"@id\":\"https:\/\/www.sprachschule-aktiv-wien.at\/hr\/saznajte-njemacki-jezik-u-becu-njemacki-tecajevi-a1-do-c2-jezicna-skola-za-njemacke-tecajeve\/#breadcrumb\"},\"inLanguage\":\"hr-HR\",\"potentialAction\":[{\"@type\":\"ReadAction\",\"target\":[\"https:\/\/www.sprachschule-aktiv-wien.at\/hr\/saznajte-njemacki-jezik-u-becu-njemacki-tecajevi-a1-do-c2-jezicna-skola-za-njemacke-tecajeve\/\"]}]},{\"@type\":\"ImageObject\",\"inLanguage\":\"hr-HR\",\"@id\":\"https:\/\/www.sprachschule-aktiv-wien.at\/hr\/saznajte-njemacki-jezik-u-becu-njemacki-tecajevi-a1-do-c2-jezicna-skola-za-njemacke-tecajeve\/#primaryimage\",\"url\":\"https:\/\/www.sprachschule-aktiv-wien.at\/wp-content\/uploads\/2021\/03\/saznajte-njemacki-jezik-u-Becu.jpg\",\"contentUrl\":\"https:\/\/www.sprachschule-aktiv-wien.at\/wp-content\/uploads\/2021\/03\/saznajte-njemacki-jezik-u-Becu.jpg\"},{\"@type\":\"BreadcrumbList\",\"@id\":\"https:\/\/www.sprachschule-aktiv-wien.at\/hr\/saznajte-njemacki-jezik-u-becu-njemacki-tecajevi-a1-do-c2-jezicna-skola-za-njemacke-tecajeve\/#breadcrumb\",\"itemListElement\":[{\"@type\":\"ListItem\",\"position\":1,\"name\":\"Home\",\"item\":\"https:\/\/www.sprachschule-aktiv-wien.at\/hr\/\"},{\"@type\":\"ListItem\",\"position\":2,\"name\":\"Saznajte njema\u010dki jezik u Be\u010du &#8211; njema\u010dki te\u010dajevi A1 do C2 &#8211; jezi\u010dna \u0161kola za njema\u010dke te\u010dajeve\"}]},{\"@type\":\"WebSite\",\"@id\":\"https:\/\/www.sprachschule-aktiv-wien.at\/#website\",\"url\":\"https:\/\/www.sprachschule-aktiv-wien.at\/\",\"name\":\"Sprachschule Aktiv Wien\",\"description\":\"\",\"potentialAction\":[{\"@type\":\"SearchAction\",\"target\":{\"@type\":\"EntryPoint\",\"urlTemplate\":\"https:\/\/www.sprachschule-aktiv-wien.at\/?s={search_term_string}\"},\"query-input\":{\"@type\":\"PropertyValueSpecification\",\"valueRequired\":true,\"valueName\":\"search_term_string\"}}],\"inLanguage\":\"hr-HR\"}]}<\/script>\n<!-- \/ Yoast SEO plugin. -->","yoast_head_json":{"title":"Saznajte njema\u010dki jezik u Be\u010du - njema\u010dki te\u010dajevi","description":"Njema\u010dki te\u010dajevi u Be\u010du - U\u010dite njema\u010dki u Be\u010du! Na\u0161a jezi\u010dna \u0161kola specijalizirana je za njema\u010dke te\u010dajeve. Sprachschule Aktiv.","robots":{"index":"index","follow":"follow","max-snippet":"max-snippet:-1","max-image-preview":"max-image-preview:large","max-video-preview":"max-video-preview:-1"},"canonical":"https:\/\/www.sprachschule-aktiv-wien.at\/hr\/saznajte-njemacki-jezik-u-becu-njemacki-tecajevi-a1-do-c2-jezicna-skola-za-njemacke-tecajeve\/","og_locale":"hr_HR","og_type":"article","og_title":"Saznajte njema\u010dki jezik u Be\u010du - njema\u010dki te\u010dajevi","og_description":"Njema\u010dki te\u010dajevi u Be\u010du - U\u010dite njema\u010dki u Be\u010du! Na\u0161a jezi\u010dna \u0161kola specijalizirana je za njema\u010dke te\u010dajeve. Sprachschule Aktiv.","og_url":"https:\/\/www.sprachschule-aktiv-wien.at\/hr\/saznajte-njemacki-jezik-u-becu-njemacki-tecajevi-a1-do-c2-jezicna-skola-za-njemacke-tecajeve\/","og_site_name":"Sprachschule Aktiv Wien","article_modified_time":"2021-03-16T19:15:14+00:00","og_image":[{"url":"https:\/\/www.sprachschule-aktiv-wien.at\/wp-content\/uploads\/2021\/03\/saznajte-njemacki-jezik-u-Becu.jpg","type":"","width":"","height":""}],"twitter_misc":{"Est. reading time":"4 minutes"},"schema":{"@context":"https:\/\/schema.org","@graph":[{"@type":"WebPage","@id":"https:\/\/www.sprachschule-aktiv-wien.at\/hr\/saznajte-njemacki-jezik-u-becu-njemacki-tecajevi-a1-do-c2-jezicna-skola-za-njemacke-tecajeve\/","url":"https:\/\/www.sprachschule-aktiv-wien.at\/hr\/saznajte-njemacki-jezik-u-becu-njemacki-tecajevi-a1-do-c2-jezicna-skola-za-njemacke-tecajeve\/","name":"Saznajte njema\u010dki jezik u Be\u010du - njema\u010dki te\u010dajevi","isPartOf":{"@id":"https:\/\/www.sprachschule-aktiv-wien.at\/#website"},"primaryImageOfPage":{"@id":"https:\/\/www.sprachschule-aktiv-wien.at\/hr\/saznajte-njemacki-jezik-u-becu-njemacki-tecajevi-a1-do-c2-jezicna-skola-za-njemacke-tecajeve\/#primaryimage"},"image":{"@id":"https:\/\/www.sprachschule-aktiv-wien.at\/hr\/saznajte-njemacki-jezik-u-becu-njemacki-tecajevi-a1-do-c2-jezicna-skola-za-njemacke-tecajeve\/#primaryimage"},"thumbnailUrl":"https:\/\/www.sprachschule-aktiv-wien.at\/wp-content\/uploads\/2021\/03\/saznajte-njemacki-jezik-u-Becu.jpg","datePublished":"2018-08-02T04:53:25+00:00","dateModified":"2021-03-16T19:15:14+00:00","description":"Njema\u010dki te\u010dajevi u Be\u010du - U\u010dite njema\u010dki u Be\u010du! Na\u0161a jezi\u010dna \u0161kola specijalizirana je za njema\u010dke te\u010dajeve. Sprachschule Aktiv.","breadcrumb":{"@id":"https:\/\/www.sprachschule-aktiv-wien.at\/hr\/saznajte-njemacki-jezik-u-becu-njemacki-tecajevi-a1-do-c2-jezicna-skola-za-njemacke-tecajeve\/#breadcrumb"},"inLanguage":"hr-HR","potentialAction":[{"@type":"ReadAction","target":["https:\/\/www.sprachschule-aktiv-wien.at\/hr\/saznajte-njemacki-jezik-u-becu-njemacki-tecajevi-a1-do-c2-jezicna-skola-za-njemacke-tecajeve\/"]}]},{"@type":"ImageObject","inLanguage":"hr-HR","@id":"https:\/\/www.sprachschule-aktiv-wien.at\/hr\/saznajte-njemacki-jezik-u-becu-njemacki-tecajevi-a1-do-c2-jezicna-skola-za-njemacke-tecajeve\/#primaryimage","url":"https:\/\/www.sprachschule-aktiv-wien.at\/wp-content\/uploads\/2021\/03\/saznajte-njemacki-jezik-u-Becu.jpg","contentUrl":"https:\/\/www.sprachschule-aktiv-wien.at\/wp-content\/uploads\/2021\/03\/saznajte-njemacki-jezik-u-Becu.jpg"},{"@type":"BreadcrumbList","@id":"https:\/\/www.sprachschule-aktiv-wien.at\/hr\/saznajte-njemacki-jezik-u-becu-njemacki-tecajevi-a1-do-c2-jezicna-skola-za-njemacke-tecajeve\/#breadcrumb","itemListElement":[{"@type":"ListItem","position":1,"name":"Home","item":"https:\/\/www.sprachschule-aktiv-wien.at\/hr\/"},{"@type":"ListItem","position":2,"name":"Saznajte njema\u010dki jezik u Be\u010du &#8211; njema\u010dki te\u010dajevi A1 do C2 &#8211; jezi\u010dna \u0161kola za njema\u010dke te\u010dajeve"}]},{"@type":"WebSite","@id":"https:\/\/www.sprachschule-aktiv-wien.at\/#website","url":"https:\/\/www.sprachschule-aktiv-wien.at\/","name":"Sprachschule Aktiv Wien","description":"","potentialAction":[{"@type":"SearchAction","target":{"@type":"EntryPoint","urlTemplate":"https:\/\/www.sprachschule-aktiv-wien.at\/?s={search_term_string}"},"query-input":{"@type":"PropertyValueSpecification","valueRequired":true,"valueName":"search_term_string"}}],"inLanguage":"hr-HR"}]}},"_links":{"self":[{"href":"https:\/\/www.sprachschule-aktiv-wien.at\/hr\/wp-json\/wp\/v2\/pages\/7292","targetHints":{"allow":["GET"]}}],"collection":[{"href":"https:\/\/www.sprachschule-aktiv-wien.at\/hr\/wp-json\/wp\/v2\/pages"}],"about":[{"href":"https:\/\/www.sprachschule-aktiv-wien.at\/hr\/wp-json\/wp\/v2\/types\/page"}],"author":[{"embeddable":true,"href":"https:\/\/www.sprachschule-aktiv-wien.at\/hr\/wp-json\/wp\/v2\/users\/7"}],"replies":[{"embeddable":true,"href":"https:\/\/www.sprachschule-aktiv-wien.at\/hr\/wp-json\/wp\/v2\/comments?post=7292"}],"version-history":[{"count":8,"href":"https:\/\/www.sprachschule-aktiv-wien.at\/hr\/wp-json\/wp\/v2\/pages\/7292\/revisions"}],"predecessor-version":[{"id":31158,"href":"https:\/\/www.sprachschule-aktiv-wien.at\/hr\/wp-json\/wp\/v2\/pages\/7292\/revisions\/31158"}],"wp:attachment":[{"href":"https:\/\/www.sprachschule-aktiv-wien.at\/hr\/wp-json\/wp\/v2\/media?parent=7292"}],"curies":[{"name":"wp","href":"https:\/\/api.w.org\/{rel}","templated":true}]}}