{"id":5096,"date":"2017-12-14T13:34:39","date_gmt":"2017-12-14T13:34:39","guid":{"rendered":"https:\/\/www.sprachschule-aktiv-wien.at\/blog\/"},"modified":"2021-09-23T15:06:41","modified_gmt":"2021-09-23T15:06:41","slug":"blog","status":"publish","type":"page","link":"https:\/\/www.sprachschule-aktiv-wien.at\/fr\/blog\/","title":{"rendered":"Blog sur l&#8217;Autriche. Apprendre l&#8217;allemand et les langues \u00e9trang\u00e8res &#8211; cours de langues"},"content":{"rendered":"<p>[vc_row css=&#8221;.vc_custom_1615833299480{margin-top: 40px !important;}&#8221;][vc_column][vc_column_text]<\/p>\n<h1>Blog sur l\u2019Autriche. Apprendre l\u2019allemand et les langues\u00a0\u00e9trang\u00e8res\u2013 cours de langues<\/h1>\n<h2>Cours de langues<\/h2>\n<p>[\/vc_column_text][\/vc_column][\/vc_row][vc_row][vc_column][vc_basic_grid post_type=&#8221;post&#8221; max_items=&#8221;1000&#8243; style=&#8221;pagination&#8221; items_per_page=&#8221;12&#8243; grid_id=&#8221;vc_gid:1615833291929-ae790a0c-fb43-1&#8243;][\/vc_column][\/vc_row]<\/p>\n","protected":false},"excerpt":{"rendered":"<p>[vc_row css=&#8221;.vc_custom_1615833299480{margin-top: 40px !important;}&#8221;][vc_column][vc_column_text] Blog sur l\u2019Autriche. Apprendre l\u2019allemand et les langues\u00a0\u00e9trang\u00e8res\u2013 cours de langues Cours de langues [\/vc_column_text][\/vc_column][\/vc_row][vc_row][vc_column][vc_basic_grid post_type=&#8221;post&#8221; max_items=&#8221;1000&#8243; style=&#8221;pagination&#8221; items_per_page=&#8221;12&#8243; grid_id=&#8221;vc_gid:1615833291929-ae790a0c-fb43-1&#8243;][\/vc_column][\/vc_row]<\/p>\n","protected":false},"author":6,"featured_media":0,"parent":0,"menu_order":0,"comment_status":"closed","ping_status":"closed","template":"","meta":{"footnotes":""},"class_list":["post-5096","page","type-page","status-publish","hentry"],"yoast_head":"<!-- This site is optimized with the Yoast SEO plugin v27.1.1 - https:\/\/yoast.com\/product\/yoast-seo-wordpress\/ -->\n<title>Blog sur l&#039;Autriche \u2013 apprendre l&#039;allemand et d\u2019autres langues<\/title>\n<meta name=\"description\" content=\"Dans notre blog, il y a des informations int\u00e9ressantes sur l&#039;apprentissage des langues \u00e0 Vienne. Cours de langue, \u00e9v\u00e9nements Stammtisch, ...\" \/>\n<meta name=\"robots\" content=\"index, follow, max-snippet:-1, max-image-preview:large, max-video-preview:-1\" \/>\n<link rel=\"canonical\" href=\"https:\/\/www.sprachschule-aktiv-wien.at\/fr\/blog\/\" \/>\n<meta property=\"og:locale\" content=\"fr_FR\" \/>\n<meta property=\"og:type\" content=\"article\" \/>\n<meta property=\"og:title\" content=\"Blog sur l&#039;Autriche \u2013 apprendre l&#039;allemand et d\u2019autres langues\" \/>\n<meta property=\"og:description\" content=\"Dans notre blog, il y a des informations int\u00e9ressantes sur l&#039;apprentissage des langues \u00e0 Vienne. Cours de langue, \u00e9v\u00e9nements Stammtisch, ...\" \/>\n<meta property=\"og:url\" content=\"https:\/\/www.sprachschule-aktiv-wien.at\/fr\/blog\/\" \/>\n<meta property=\"og:site_name\" content=\"Sprachschule Aktiv Wien\" \/>\n<meta property=\"article:modified_time\" content=\"2021-09-23T15:06:41+00:00\" \/>\n<meta name=\"twitter:label1\" content=\"Dur\u00e9e de lecture estim\u00e9e\" \/>\n\t<meta name=\"twitter:data1\" content=\"1 minute\" \/>\n<script type=\"application\/ld+json\" class=\"yoast-schema-graph\">{\"@context\":\"https:\/\/schema.org\",\"@graph\":[{\"@type\":\"WebPage\",\"@id\":\"https:\/\/www.sprachschule-aktiv-wien.at\/fr\/blog\/\",\"url\":\"https:\/\/www.sprachschule-aktiv-wien.at\/fr\/blog\/\",\"name\":\"Blog sur l'Autriche \u2013 apprendre l'allemand et d\u2019autres langues\",\"isPartOf\":{\"@id\":\"https:\/\/www.sprachschule-aktiv-wien.at\/#website\"},\"datePublished\":\"2017-12-14T13:34:39+00:00\",\"dateModified\":\"2021-09-23T15:06:41+00:00\",\"description\":\"Dans notre blog, il y a des informations int\u00e9ressantes sur l'apprentissage des langues \u00e0 Vienne. Cours de langue, \u00e9v\u00e9nements Stammtisch, ...\",\"breadcrumb\":{\"@id\":\"https:\/\/www.sprachschule-aktiv-wien.at\/fr\/blog\/#breadcrumb\"},\"inLanguage\":\"fr-FR\",\"potentialAction\":[{\"@type\":\"ReadAction\",\"target\":[\"https:\/\/www.sprachschule-aktiv-wien.at\/fr\/blog\/\"]}]},{\"@type\":\"BreadcrumbList\",\"@id\":\"https:\/\/www.sprachschule-aktiv-wien.at\/fr\/blog\/#breadcrumb\",\"itemListElement\":[{\"@type\":\"ListItem\",\"position\":1,\"name\":\"Home\",\"item\":\"https:\/\/www.sprachschule-aktiv-wien.at\/fr\/\"},{\"@type\":\"ListItem\",\"position\":2,\"name\":\"Blog sur l&#8217;Autriche. Apprendre l&#8217;allemand et les langues \u00e9trang\u00e8res &#8211; cours de langues\"}]},{\"@type\":\"WebSite\",\"@id\":\"https:\/\/www.sprachschule-aktiv-wien.at\/#website\",\"url\":\"https:\/\/www.sprachschule-aktiv-wien.at\/\",\"name\":\"Sprachschule Aktiv Wien\",\"description\":\"\",\"potentialAction\":[{\"@type\":\"SearchAction\",\"target\":{\"@type\":\"EntryPoint\",\"urlTemplate\":\"https:\/\/www.sprachschule-aktiv-wien.at\/?s={search_term_string}\"},\"query-input\":{\"@type\":\"PropertyValueSpecification\",\"valueRequired\":true,\"valueName\":\"search_term_string\"}}],\"inLanguage\":\"fr-FR\"}]}<\/script>\n<!-- \/ Yoast SEO plugin. -->","yoast_head_json":{"title":"Blog sur l'Autriche \u2013 apprendre l'allemand et d\u2019autres langues","description":"Dans notre blog, il y a des informations int\u00e9ressantes sur l'apprentissage des langues \u00e0 Vienne. Cours de langue, \u00e9v\u00e9nements Stammtisch, ...","robots":{"index":"index","follow":"follow","max-snippet":"max-snippet:-1","max-image-preview":"max-image-preview:large","max-video-preview":"max-video-preview:-1"},"canonical":"https:\/\/www.sprachschule-aktiv-wien.at\/fr\/blog\/","og_locale":"fr_FR","og_type":"article","og_title":"Blog sur l'Autriche \u2013 apprendre l'allemand et d\u2019autres langues","og_description":"Dans notre blog, il y a des informations int\u00e9ressantes sur l'apprentissage des langues \u00e0 Vienne. Cours de langue, \u00e9v\u00e9nements Stammtisch, ...","og_url":"https:\/\/www.sprachschule-aktiv-wien.at\/fr\/blog\/","og_site_name":"Sprachschule Aktiv Wien","article_modified_time":"2021-09-23T15:06:41+00:00","twitter_misc":{"Dur\u00e9e de lecture estim\u00e9e":"1 minute"},"schema":{"@context":"https:\/\/schema.org","@graph":[{"@type":"WebPage","@id":"https:\/\/www.sprachschule-aktiv-wien.at\/fr\/blog\/","url":"https:\/\/www.sprachschule-aktiv-wien.at\/fr\/blog\/","name":"Blog sur l'Autriche \u2013 apprendre l'allemand et d\u2019autres langues","isPartOf":{"@id":"https:\/\/www.sprachschule-aktiv-wien.at\/#website"},"datePublished":"2017-12-14T13:34:39+00:00","dateModified":"2021-09-23T15:06:41+00:00","description":"Dans notre blog, il y a des informations int\u00e9ressantes sur l'apprentissage des langues \u00e0 Vienne. Cours de langue, \u00e9v\u00e9nements Stammtisch, ...","breadcrumb":{"@id":"https:\/\/www.sprachschule-aktiv-wien.at\/fr\/blog\/#breadcrumb"},"inLanguage":"fr-FR","potentialAction":[{"@type":"ReadAction","target":["https:\/\/www.sprachschule-aktiv-wien.at\/fr\/blog\/"]}]},{"@type":"BreadcrumbList","@id":"https:\/\/www.sprachschule-aktiv-wien.at\/fr\/blog\/#breadcrumb","itemListElement":[{"@type":"ListItem","position":1,"name":"Home","item":"https:\/\/www.sprachschule-aktiv-wien.at\/fr\/"},{"@type":"ListItem","position":2,"name":"Blog sur l&#8217;Autriche. Apprendre l&#8217;allemand et les langues \u00e9trang\u00e8res &#8211; cours de langues"}]},{"@type":"WebSite","@id":"https:\/\/www.sprachschule-aktiv-wien.at\/#website","url":"https:\/\/www.sprachschule-aktiv-wien.at\/","name":"Sprachschule Aktiv Wien","description":"","potentialAction":[{"@type":"SearchAction","target":{"@type":"EntryPoint","urlTemplate":"https:\/\/www.sprachschule-aktiv-wien.at\/?s={search_term_string}"},"query-input":{"@type":"PropertyValueSpecification","valueRequired":true,"valueName":"search_term_string"}}],"inLanguage":"fr-FR"}]}},"_links":{"self":[{"href":"https:\/\/www.sprachschule-aktiv-wien.at\/fr\/wp-json\/wp\/v2\/pages\/5096","targetHints":{"allow":["GET"]}}],"collection":[{"href":"https:\/\/www.sprachschule-aktiv-wien.at\/fr\/wp-json\/wp\/v2\/pages"}],"about":[{"href":"https:\/\/www.sprachschule-aktiv-wien.at\/fr\/wp-json\/wp\/v2\/types\/page"}],"author":[{"embeddable":true,"href":"https:\/\/www.sprachschule-aktiv-wien.at\/fr\/wp-json\/wp\/v2\/users\/6"}],"replies":[{"embeddable":true,"href":"https:\/\/www.sprachschule-aktiv-wien.at\/fr\/wp-json\/wp\/v2\/comments?post=5096"}],"version-history":[{"count":11,"href":"https:\/\/www.sprachschule-aktiv-wien.at\/fr\/wp-json\/wp\/v2\/pages\/5096\/revisions"}],"predecessor-version":[{"id":37445,"href":"https:\/\/www.sprachschule-aktiv-wien.at\/fr\/wp-json\/wp\/v2\/pages\/5096\/revisions\/37445"}],"wp:attachment":[{"href":"https:\/\/www.sprachschule-aktiv-wien.at\/fr\/wp-json\/wp\/v2\/media?parent=5096"}],"curies":[{"name":"wp","href":"https:\/\/api.w.org\/{rel}","templated":true}]}}