{"id":6745,"date":"2018-07-02T13:31:03","date_gmt":"2018-07-02T13:31:03","guid":{"rendered":"https:\/\/www.sprachschule-aktiv-wien.at\/?page_id=6745"},"modified":"2023-05-11T13:32:48","modified_gmt":"2023-05-11T13:32:48","slug":"cursos-de-preparacion-de-los-examenes-oeif-oesd-en-viena","status":"publish","type":"page","link":"https:\/\/www.sprachschule-aktiv-wien.at\/es\/cursos-de-preparacion-de-los-examenes-oeif-oesd-en-viena\/","title":{"rendered":"Cursos de preparaci\u00f3n a los ex\u00e1menes del \u00d6IF\/\u00d6SD en Viena"},"content":{"rendered":"<p>[vc_row css=&#8221;.vc_custom_1534936415220{margin-top: 15px !important;padding-bottom: 15px !important;}&#8221;][vc_column][vc_column_text]<\/p>\n<h1>Cursos de preparaci\u00f3n a los ex\u00e1menes del \u00d6IF\/\u00d6SD en Viena<\/h1>\n<p>Para prepararse a los ex\u00e1menes del \u00d6IF o del \u00d6SD, le ofrecemos nuestros cursos de preparaci\u00f3n. Los ex\u00e1menes de A1 a C2 ser\u00e1n explicados y practicados sobre la base de modelos pr\u00e1cticos del examen. El curso de preparaci\u00f3n al examen del \u00d6IF conecta con el idioma y los valores del curso, y le permite, no s\u00f3lo prepararse al contenido, sino tambi\u00e9n formalmente a las las pruebas de integraci\u00f3n.<\/p>\n<div class=\"BorlabsCookie _brlbs-cb-youtube\"><div class=\"_brlbs-content-blocker\"> <div class=\"_brlbs-embed _brlbs-video-youtube\"> <img class=\"_brlbs-thumbnail\" src=\"https:\/\/www.sprachschule-aktiv-wien.at\/wp-content\/plugins\/borlabs-cookie\/assets\/images\/cb-no-thumbnail.png\" alt=\"YouTube\"> <div class=\"_brlbs-caption\"> <p>Mit dem Laden des Videos akzeptieren Sie die Datenschutzerkl\u00e4rung von YouTube.<br><a href=\"https:\/\/policies.google.com\/privacy\" target=\"_blank\" rel=\"nofollow noopener noreferrer\">Mehr erfahren<\/a><\/p> <p><a class=\"_brlbs-btn _brlbs-icon-play-white\" href=\"#\" data-borlabs-cookie-unblock role=\"button\">Video laden<\/a><\/p> <p><label><input type=\"checkbox\" name=\"unblockAll\" value=\"1\" checked> <small>YouTube immer entsperren<\/small><\/label><\/p> <\/div> <\/div> <\/div><div class=\"borlabs-hide\" data-borlabs-cookie-type=\"content-blocker\" data-borlabs-cookie-id=\"youtube\"><script type=\"text\/template\">PHA+PGlmcmFtZSBzcmM9Imh0dHBzOi8vd3d3LnlvdXR1YmUtbm9jb29raWUuY29tL2VtYmVkL09tbERYMXJETC13IiB3aWR0aD0iMTAwJSIgaGVpZ2h0PSIzMTUiIGZyYW1lYm9yZGVyPSIwIiBhbGxvd2Z1bGxzY3JlZW49ImFsbG93ZnVsbHNjcmVlbiI+PC9pZnJhbWU+<\/script><\/div><\/div>[\/vc_column_text][\/vc_column][\/vc_row][vc_row full_width=&#8221;stretch_row&#8221; css=&#8221;.vc_custom_1534936476143{padding-top: 15px !important;padding-bottom: 15px !important;background-color: #f9f9f9 !important;}&#8221;][vc_column][vc_column_text]<\/p>\n<h2>Cursos de preparaci\u00f3n a los ex\u00e1menes del \u00d6IF en Viena<\/h2>\n<p>Los cursos de preparaci\u00f3n a los ex\u00e1menes\u00a0 del \u00d6IF tienen lugar un s\u00e1bado despu\u00e9s del final del curso o antes de la fecha del examen \u00d6IF correspondiente. Durante un tal curso, hace un modelo del test orientado a la pr\u00e1ctica y al nivel del curso A1, A2, B1 o B2, bajo condiciones reales, como tendr\u00e1 que hacerlo para el ex\u00e1men de integraci\u00f3n del \u00d6IF.<\/p>\n<p>Le explicamos previamente c\u00f3mo se desarrolla exactamente cada examen, le mostramos c\u00f3mo estan oraganizados y a qu\u00e9 debe prestar atenci\u00f3n, y se discuten las soluciones despu\u00e9s de un turno de prueba en grupo.<\/p>\n<p>Si prefiere una explicaci\u00f3n individual del examen, tambi\u00e9n est\u00e1n disponibles nuestros cursos privados.<\/p>\n<p><strong>Nivel:<\/strong> A1, A2, B1, B2<br \/>\n<strong>Objetivo del cuso:<\/strong> adquirir el nivel de integraci\u00f3n de alem\u00e1n A1, A2, B1 o B2<br \/>\n<strong>Grupo de destinatarios:<\/strong> todos los que quieren hacer un examen del \u00d6IF o quieren adquirir un nivel de alem\u00e1n A1\/A2\/B1\/B2 inclusive conocimientos de orientaci\u00f3n en Austria.<br \/>\n<strong>Requisitios previos<\/strong>: curso de alem\u00e1n ya realizado al nivel del examen.<\/p>\n<h2>Curso de preparaci\u00f3n a los examenes del \u00d6SD en Viena<\/h2>\n<p><strong>Nivel:<\/strong> A1, A2, B1, B2, C1, C2<br \/>\n<strong>Objetivo del curso:<\/strong> preparaci\u00f3n al examen del \u00d6SD<br \/>\n<strong>Grupo de destinatarios<\/strong>: todos los que quieren pasar un examen del \u00d6SD<br \/>\n<strong>Requisitos previos:<\/strong> curso de alem\u00e1n ya realizado al nivel del examen<\/p>\n\t<div class=\"vc_btn3-container vc_btn3-inline\">\n\t\t<a href=\"\/es\/contactar\/\" class=\"pgs_btn pgs_btn_style_1 pgs_btn_xl\">\n\t\t\t<span>\n\t\t\t\tCont\u00e1ctenos\t\t\t<\/span>\n\t\t\t\t\t\t<i class=\"fa fa-external-link\"><\/i>\n\t\t\t\t\t<\/a>\n\t<\/div>\n\t\n<h2>Precio y per\u00edodos de los ex\u00e1menes del \u00d6IF y \u00d6SD en Viena<\/h2>\n<p>Aqu\u00ed encuentra fechas y precios actuales para los ex\u00e1menes del \u00d6SD y del \u00d6IF: <a href=\"https:\/\/www.sprachschule-aktiv-wien.at\/oeif-pruefungen\/\">Link<\/a><\/p>\n<p>[\/vc_column_text][\/vc_column][\/vc_row][vc_row css=&#8221;.vc_custom_1534936542034{padding-top: 15px !important;padding-bottom: 15px !important;}&#8221;][vc_column][vc_column_text]<\/p>\n<h2>Precios y fechas de nuestros cursos de preparaci\u00f3n al examen del \u00d6IF y \u00d6SD en Viena.<\/h2>\n<p><strong>Per\u00edodos y precios: <\/strong><a href=\"https:\/\/www.sprachschule-aktiv-wien.at\/vorbereitungskurse-oeif-oesd-pruefungen\/\">Link<\/a><\/p>\n\t<div class=\"vc_btn3-container vc_btn3-inline\">\n\t\t<a href=\"\/es\/inscribete-en-nuestros-cursos-de-aleman-en-vienna\/\" class=\"pgs_btn pgs_btn_style_1 pgs_btn_xl\">\n\t\t\t<span>\n\t\t\t\tInscr\u00edbase\t\t\t<\/span>\n\t\t\t\t\t\t<i class=\"fa fa-external-link\"><\/i>\n\t\t\t\t\t<\/a>\n\t<\/div>\n\t\n<h2>Cursos de preparaci\u00f3n al examen del \u00d6IF A1<\/h2>\n<p>El examen del \u00d6IF A1 tendr\u00e1 que aprobarse para solicitar un t\u00edtulo de residencia en Austria.<\/p>\n<p><strong>Duraci\u00f3n del curso:<\/strong> 180 minutos<br \/>\n<strong>Duraci\u00f3n del examen:<\/strong> 125 minutos<br \/>\n<strong>Contenido del examen<\/strong>:<br \/>\nM\u00f3dulos: Vocabulario y gram\u00e1tica \u2013 10 min.<br \/>\nLectura: 30 min.<br \/>\nAudio: 15 min.<br \/>\nEscrito: 15 min.<br \/>\nOral: 15 min.<br \/>\nValores y conocimientos de orientaci\u00f3n: 40 min.<\/p>\n<h2>Cursos de preparaci\u00f3n al examen del \u00d6IF A2<\/h2>\n<p>El examen A2\u00a0 tiene validez como certificado de idioma para la prolongaci\u00f3n del t\u00edtulo de residencia.<\/p>\n<p><strong>Duraci\u00f3n del curso: <\/strong>200 minutos<br \/>\n<strong>Duraci\u00f3n del examen: <\/strong>140 minutos<br \/>\n<strong>Contenido del examen:<br \/>\n<\/strong>Lectura: 40 min.<br \/>\nAudio: 12 min.<br \/>\nEscrito: 25 min.<br \/>\nOral: 10 min.<br \/>\nValores y conocimientos de orientaci\u00f3n: 40 min.<\/p>\n<h2>Cursos de preparaci\u00f3n al examen del \u00d6IF B1<\/h2>\n<p>El examen del \u00d6IF B1 es necesario para solicitar la prolongaci\u00f3n de la estad\u00eda en Austria o la ciudadan\u00eda austr\u00edaca o tambi\u00e9n el t\u00edtulo de residencia permanente en Austria.<\/p>\n<p><strong>Duraci\u00f3n del curso:<\/strong> 220 minutos<br \/>\n<strong>Duraci\u00f3n del examen:<\/strong> 170 minutos<br \/>\n<strong>Contenido del examen:<br \/>\n<\/strong>Lectura: 45 min.<br \/>\nAudio: 25 min.<br \/>\nEscrito: 30 min.<br \/>\nOral: 16 min.<br \/>\nValores y conocimiento de orientaci\u00f3n: 40 min.<\/p>\n<p>Mediante estos ex\u00e1menes de modelo puede aplicar y verificar los conocimientos adquiridos en una concreta situaci\u00f3n de examen y aplicar los conocimientos de los cursos, tambi\u00e9n de idiomas y valores. A continuaci\u00f3n, el profesor comparar\u00e1 las respuestas a junto con ustedes. Nuestro profesorado alem\u00e1n estar\u00e1 encantado de responder a cualquier pregunta que pueda tener y le dar\u00e1 un par de consejos \u00fatiles a lo largo del camino\u2026<\/p>\n<h2>Preparaci\u00f3n a los ex\u00e1menes del \u00d6SD<\/h2>\n<p>Para todos los niveles de A1 hasta C2 se puede preparar tanto al contenido como tambi\u00e9n formalmente a los ex\u00e1menes del \u00d6SD. Hace un examen modelo orientado a la pr\u00e1ctica para los niveles de examen A1, A2, B1, B2, C1 o C2\u00a0 bajo condiciones de tiempo real, tal como tendr\u00e1 que hacer en el examen real del \u00d6SD. Ante todo le explicamos las modalidades del examen, a continuaci\u00f3n comentamos en el grupo los resultados en conjunto.<\/p>\n<p>Si prefiere un curso individual en el cual nos ocupamos de sus puntos debiles podemos atravesar los m\u00f3dulos poco a poco con ustedes, quiz\u00e1s tambi\u00e9n podemos hacer m\u00e1s (ejercicios o actividades) o pruebas de paso de los ex\u00e1menes de modelo, est\u00e1 a su disposici\u00f3n nuestro curso privado.<\/p>\n<p>El\u00a0 cerificado del \u00d6SD C1 es reconocido como comprobante de conocimientos de alem\u00e1n suficientes para la formaci\u00f3n y es necesario para la admisi\u00f3n en la Universidad de Viena.<\/p>\n<h2>Preparaci\u00f3n de examen al certificado del \u00d6SD A1<\/h2>\n<p><strong>Duraci\u00f3n<\/strong><strong>\u00a0del curso:<\/strong> 120 minutos<br \/>\n<strong>Requisitos previos:<\/strong> Nivel A1 alcanzado<br \/>\n<strong>Contenido del examen:<br \/>\n<\/strong>Lectura:\u00a025 min.<br \/>\nAudio: 10 min.<br \/>\nEscrito: 20 min.<br \/>\nOral: 10 min.<\/p>\n<p><strong>Habilidades comprobadas: <\/strong>Competencia ling\u00fc\u00edstica de manera sencilla, situaciones rutinarias de la vida cotidiana de base elemental con temas y actividades familiares. M\u00f3dulos lectura, audio, escrito y oral, con un enfoque principal en las habilidades receptivas de lectura y audio.[\/vc_column_text][\/vc_column][\/vc_row][vc_row full_width=&#8221;stretch_row&#8221; css=&#8221;.vc_custom_1534936620201{padding-top: 15px !important;padding-bottom: 15px !important;background-color: #f9f9f9 !important;}&#8221;][vc_column][vc_column_text]<\/p>\n<h2>Preparaci\u00f3n de examen al certificado del \u00d6SD A2<\/h2>\n<p><strong>Duraci\u00f3n del curso:<\/strong> 140 minutos<br \/>\n<strong>Requisitos previos:<\/strong> Nivel A2 alcanzado<br \/>\n<strong>Contenido del examen:<br \/>\n<\/strong>Lectura : 30 min.<br \/>\nAudio: 15 min.<br \/>\nEscrito: 30 min.<br \/>\nOral: 10 min.<\/p>\n<p><strong>Habilidades comprobadas: <\/strong>Competencia ling\u00fc\u00edstica en situaciones rutinarias de la vida cotidiana y laboral de base elemental con temas y actividades familiares. M\u00f3dulos lectura, audio, escrito y oral, con un enfoque principal en las habilidades receptivas de lectura y audio.<\/p>\n<h2>Preparaci\u00f3n de examen al certificado del \u00d6SD\u00a0B1<\/h2>\n<p><strong>Duraci\u00f3n del curso:<\/strong> 240 minutos<br \/>\n<strong>Requisitos previos: <\/strong>Nivel B1 alcanzado<br \/>\n<strong>Contenido del examen<\/strong>:<br \/>\nLectura: 65 min.<br \/>\nAudio: 40 min.<br \/>\nEscrito: 60 min.<br \/>\nOral: 15 min.<\/p>\n<p><strong>Habilidades comprobadas:<\/strong> Competencia comunicativa con correcci\u00f3n formal en el uso de la lengua independiente en situaciones diarias y laborales. M\u00f3dulos lectura, audio, escrito y oral, con un enfoque principal en la vida real en el mundo de lengua alemana.<\/p>\n<h2>Preparaci\u00f3n de examen al certificado del \u00d6SD B2<\/h2>\n<p><strong>Duraci\u00f3n del curso<\/strong>: 320 minutos<br \/>\n<strong>Requisitos previos<\/strong>: Nivel B2 alcanzado<br \/>\n<strong>Contenido del examen:<br \/>\n<\/strong>Lectura: 90 min.<br \/>\nAudio: 30 min.<br \/>\nEscrito: 90 min.<br \/>\nOral: Examen individual 15-20 min, examen de par 20-25 min.<\/p>\n<p><strong>Habilidades comprobadas: <\/strong>Competencia ling\u00fc\u00edstica en situaciones de comunicaci\u00f3n, en las que van en \u00e1mbitos privados fuera de (medio) p\u00fablicos as\u00ed como en \u00e1mbitos laborales. Capacidad de expresarse en un espectro tem\u00e1tico claro, detallado y espont\u00e1neo y de llevar con fluidez una conversaci\u00f3n con hablantes nativos. M\u00f3dulos lectura, audio, escrito y oral.<\/p>\n<h2>Preparaci\u00f3n de examen al certificado del \u00d6SD C1<\/h2>\n<p><strong>Duraci\u00f3n del curso:<\/strong> 360 minutos<br \/>\n<strong>Requisitos previos<\/strong>: Nivel C1.1 alcanzado<br \/>\n<strong>Contenido del examen:<br \/>\n<\/strong>Lectura: 90 min.<br \/>\nAudio: 40 min.<br \/>\nEscrito: 90 min.<br \/>\nOral: 15-20 min.<\/p>\n<p><strong>Reconocimientos: <\/strong>Prueba requerida en conocimientos de alem\u00e1n para la admisi\u00f3n a los estudios en las universidades austr\u00edacas. Prueba de conocimientos de alem\u00e1n reconocida en las instituciones y universidades mundiales de habla alemana.<\/p>\n<p><strong>Habilidades comprobadas: <\/strong>Competencia ling\u00fc\u00edstica en diversas situaciones de la vida social y profesional as\u00ed como comunicaci\u00f3n en contextos m\u00e1s complejos. M\u00f3dulos lectura, audio, escrito y oral.<\/p>\n<h2>Preparaci\u00f3n de examen al certificado del \u00d6SD C2<\/h2>\n<p><strong>Duraci\u00f3n del curso:<\/strong> 300 minutos<br \/>\n<strong>Requisitos previos:<\/strong> Nivel C2<br \/>\n<strong>Contenido del examen:<br \/>\n<\/strong>Lectura: 90 min.<br \/>\nAudio: 40 min.<br \/>\nEscrito: 75 min.<br \/>\nOral: 20 min.<\/p>\n<p><strong>Habilidades comprobadas: <\/strong>Competencia avanzada en diversas \u00e1reas. Habilidad comunicativa en situaciones de la vida profesional y econ\u00f3mica as\u00ed como en contextos m\u00e1s complejos. M\u00f3dulos lectura, audio, escrito y oral.<\/p>\n<p>Mediante estos ex\u00e1menes de modelo puede aplicar y verificar conocimientos en una situaci\u00f3n de ex\u00e1men concreta, comparar las respuestas a continuaci\u00f3n junto a su profesor Nuestro profesorado alem\u00e1n estar\u00e1 encantado de responder a cualquier pregunta que pueda tener y le dar\u00e1 un par de consejos \u00fatiles a lo largo del camino&#8230;[\/vc_column_text][\/vc_column][\/vc_row]<\/p>\n","protected":false},"excerpt":{"rendered":"<p>[vc_row css=&#8221;.vc_custom_1534936415220{margin-top: 15px !important;padding-bottom: 15px !important;}&#8221;][vc_column][vc_column_text] Cursos de preparaci\u00f3n a los ex\u00e1menes del \u00d6IF\/\u00d6SD en Viena Para prepararse a los ex\u00e1menes del \u00d6IF o del \u00d6SD, le ofrecemos nuestros cursos de preparaci\u00f3n. Los ex\u00e1menes de A1 a C2 ser\u00e1n explicados y practicados sobre la base de modelos pr\u00e1cticos del examen. El curso de preparaci\u00f3n al&hellip; <a class=\"read-more\" href=\"https:\/\/www.sprachschule-aktiv-wien.at\/es\/cursos-de-preparacion-de-los-examenes-oeif-oesd-en-viena\/\" title=\"Read Cursos de preparaci\u00f3n a los ex\u00e1menes del \u00d6IF\/\u00d6SD en Viena\">Read more &raquo;<\/a><\/p>\n","protected":false},"author":7,"featured_media":0,"parent":0,"menu_order":0,"comment_status":"closed","ping_status":"closed","template":"","meta":{"footnotes":""},"class_list":["post-6745","page","type-page","status-publish","hentry"],"yoast_head":"<!-- This site is optimized with the Yoast SEO plugin v27.1.1 - https:\/\/yoast.com\/product\/yoast-seo-wordpress\/ -->\n<title>Cursos de preparaci\u00f3n para los ex\u00e1menes \u00d6IF\/\u00d6SD en Viena<\/title>\n<meta name=\"description\" content=\"Para prepararse para los ex\u00e1menes \u00d6IF o \u00d6SD, nuestros cursos de preparaci\u00f3n est\u00e1n a su disposici\u00f3n con profesores cualificados.\" \/>\n<meta name=\"robots\" content=\"index, follow, max-snippet:-1, max-image-preview:large, max-video-preview:-1\" \/>\n<link rel=\"canonical\" href=\"https:\/\/www.sprachschule-aktiv-wien.at\/es\/cursos-de-preparacion-de-los-examenes-oeif-oesd-en-viena\/\" \/>\n<meta property=\"og:locale\" content=\"es_ES\" \/>\n<meta property=\"og:type\" content=\"article\" \/>\n<meta property=\"og:title\" content=\"Cursos de preparaci\u00f3n para los ex\u00e1menes \u00d6IF\/\u00d6SD en Viena\" \/>\n<meta property=\"og:description\" content=\"Para prepararse para los ex\u00e1menes \u00d6IF o \u00d6SD, nuestros cursos de preparaci\u00f3n est\u00e1n a su disposici\u00f3n con profesores cualificados.\" \/>\n<meta property=\"og:url\" content=\"https:\/\/www.sprachschule-aktiv-wien.at\/es\/cursos-de-preparacion-de-los-examenes-oeif-oesd-en-viena\/\" \/>\n<meta property=\"og:site_name\" content=\"Sprachschule Aktiv Wien\" \/>\n<meta property=\"article:modified_time\" content=\"2023-05-11T13:32:48+00:00\" \/>\n<meta name=\"twitter:label1\" content=\"Tiempo de lectura\" \/>\n\t<meta name=\"twitter:data1\" content=\"8 minutos\" \/>\n<script type=\"application\/ld+json\" class=\"yoast-schema-graph\">{\"@context\":\"https:\/\/schema.org\",\"@graph\":[{\"@type\":\"WebPage\",\"@id\":\"https:\/\/www.sprachschule-aktiv-wien.at\/es\/cursos-de-preparacion-de-los-examenes-oeif-oesd-en-viena\/\",\"url\":\"https:\/\/www.sprachschule-aktiv-wien.at\/es\/cursos-de-preparacion-de-los-examenes-oeif-oesd-en-viena\/\",\"name\":\"Cursos de preparaci\u00f3n para los ex\u00e1menes \u00d6IF\/\u00d6SD en Viena\",\"isPartOf\":{\"@id\":\"https:\/\/www.sprachschule-aktiv-wien.at\/#website\"},\"datePublished\":\"2018-07-02T13:31:03+00:00\",\"dateModified\":\"2023-05-11T13:32:48+00:00\",\"description\":\"Para prepararse para los ex\u00e1menes \u00d6IF o \u00d6SD, nuestros cursos de preparaci\u00f3n est\u00e1n a su disposici\u00f3n con profesores cualificados.\",\"breadcrumb\":{\"@id\":\"https:\/\/www.sprachschule-aktiv-wien.at\/es\/cursos-de-preparacion-de-los-examenes-oeif-oesd-en-viena\/#breadcrumb\"},\"inLanguage\":\"es\",\"potentialAction\":[{\"@type\":\"ReadAction\",\"target\":[\"https:\/\/www.sprachschule-aktiv-wien.at\/es\/cursos-de-preparacion-de-los-examenes-oeif-oesd-en-viena\/\"]}]},{\"@type\":\"BreadcrumbList\",\"@id\":\"https:\/\/www.sprachschule-aktiv-wien.at\/es\/cursos-de-preparacion-de-los-examenes-oeif-oesd-en-viena\/#breadcrumb\",\"itemListElement\":[{\"@type\":\"ListItem\",\"position\":1,\"name\":\"Home\",\"item\":\"https:\/\/www.sprachschule-aktiv-wien.at\/es\/\"},{\"@type\":\"ListItem\",\"position\":2,\"name\":\"Cursos de preparaci\u00f3n a los ex\u00e1menes del \u00d6IF\/\u00d6SD en Viena\"}]},{\"@type\":\"WebSite\",\"@id\":\"https:\/\/www.sprachschule-aktiv-wien.at\/#website\",\"url\":\"https:\/\/www.sprachschule-aktiv-wien.at\/\",\"name\":\"Sprachschule Aktiv Wien\",\"description\":\"\",\"potentialAction\":[{\"@type\":\"SearchAction\",\"target\":{\"@type\":\"EntryPoint\",\"urlTemplate\":\"https:\/\/www.sprachschule-aktiv-wien.at\/?s={search_term_string}\"},\"query-input\":{\"@type\":\"PropertyValueSpecification\",\"valueRequired\":true,\"valueName\":\"search_term_string\"}}],\"inLanguage\":\"es\"}]}<\/script>\n<!-- \/ Yoast SEO plugin. -->","yoast_head_json":{"title":"Cursos de preparaci\u00f3n para los ex\u00e1menes \u00d6IF\/\u00d6SD en Viena","description":"Para prepararse para los ex\u00e1menes \u00d6IF o \u00d6SD, nuestros cursos de preparaci\u00f3n est\u00e1n a su disposici\u00f3n con profesores cualificados.","robots":{"index":"index","follow":"follow","max-snippet":"max-snippet:-1","max-image-preview":"max-image-preview:large","max-video-preview":"max-video-preview:-1"},"canonical":"https:\/\/www.sprachschule-aktiv-wien.at\/es\/cursos-de-preparacion-de-los-examenes-oeif-oesd-en-viena\/","og_locale":"es_ES","og_type":"article","og_title":"Cursos de preparaci\u00f3n para los ex\u00e1menes \u00d6IF\/\u00d6SD en Viena","og_description":"Para prepararse para los ex\u00e1menes \u00d6IF o \u00d6SD, nuestros cursos de preparaci\u00f3n est\u00e1n a su disposici\u00f3n con profesores cualificados.","og_url":"https:\/\/www.sprachschule-aktiv-wien.at\/es\/cursos-de-preparacion-de-los-examenes-oeif-oesd-en-viena\/","og_site_name":"Sprachschule Aktiv Wien","article_modified_time":"2023-05-11T13:32:48+00:00","twitter_misc":{"Tiempo de lectura":"8 minutos"},"schema":{"@context":"https:\/\/schema.org","@graph":[{"@type":"WebPage","@id":"https:\/\/www.sprachschule-aktiv-wien.at\/es\/cursos-de-preparacion-de-los-examenes-oeif-oesd-en-viena\/","url":"https:\/\/www.sprachschule-aktiv-wien.at\/es\/cursos-de-preparacion-de-los-examenes-oeif-oesd-en-viena\/","name":"Cursos de preparaci\u00f3n para los ex\u00e1menes \u00d6IF\/\u00d6SD en Viena","isPartOf":{"@id":"https:\/\/www.sprachschule-aktiv-wien.at\/#website"},"datePublished":"2018-07-02T13:31:03+00:00","dateModified":"2023-05-11T13:32:48+00:00","description":"Para prepararse para los ex\u00e1menes \u00d6IF o \u00d6SD, nuestros cursos de preparaci\u00f3n est\u00e1n a su disposici\u00f3n con profesores cualificados.","breadcrumb":{"@id":"https:\/\/www.sprachschule-aktiv-wien.at\/es\/cursos-de-preparacion-de-los-examenes-oeif-oesd-en-viena\/#breadcrumb"},"inLanguage":"es","potentialAction":[{"@type":"ReadAction","target":["https:\/\/www.sprachschule-aktiv-wien.at\/es\/cursos-de-preparacion-de-los-examenes-oeif-oesd-en-viena\/"]}]},{"@type":"BreadcrumbList","@id":"https:\/\/www.sprachschule-aktiv-wien.at\/es\/cursos-de-preparacion-de-los-examenes-oeif-oesd-en-viena\/#breadcrumb","itemListElement":[{"@type":"ListItem","position":1,"name":"Home","item":"https:\/\/www.sprachschule-aktiv-wien.at\/es\/"},{"@type":"ListItem","position":2,"name":"Cursos de preparaci\u00f3n a los ex\u00e1menes del \u00d6IF\/\u00d6SD en Viena"}]},{"@type":"WebSite","@id":"https:\/\/www.sprachschule-aktiv-wien.at\/#website","url":"https:\/\/www.sprachschule-aktiv-wien.at\/","name":"Sprachschule Aktiv Wien","description":"","potentialAction":[{"@type":"SearchAction","target":{"@type":"EntryPoint","urlTemplate":"https:\/\/www.sprachschule-aktiv-wien.at\/?s={search_term_string}"},"query-input":{"@type":"PropertyValueSpecification","valueRequired":true,"valueName":"search_term_string"}}],"inLanguage":"es"}]}},"_links":{"self":[{"href":"https:\/\/www.sprachschule-aktiv-wien.at\/es\/wp-json\/wp\/v2\/pages\/6745","targetHints":{"allow":["GET"]}}],"collection":[{"href":"https:\/\/www.sprachschule-aktiv-wien.at\/es\/wp-json\/wp\/v2\/pages"}],"about":[{"href":"https:\/\/www.sprachschule-aktiv-wien.at\/es\/wp-json\/wp\/v2\/types\/page"}],"author":[{"embeddable":true,"href":"https:\/\/www.sprachschule-aktiv-wien.at\/es\/wp-json\/wp\/v2\/users\/7"}],"replies":[{"embeddable":true,"href":"https:\/\/www.sprachschule-aktiv-wien.at\/es\/wp-json\/wp\/v2\/comments?post=6745"}],"version-history":[{"count":33,"href":"https:\/\/www.sprachschule-aktiv-wien.at\/es\/wp-json\/wp\/v2\/pages\/6745\/revisions"}],"predecessor-version":[{"id":40447,"href":"https:\/\/www.sprachschule-aktiv-wien.at\/es\/wp-json\/wp\/v2\/pages\/6745\/revisions\/40447"}],"wp:attachment":[{"href":"https:\/\/www.sprachschule-aktiv-wien.at\/es\/wp-json\/wp\/v2\/media?parent=6745"}],"curies":[{"name":"wp","href":"https:\/\/api.w.org\/{rel}","templated":true}]}}