{"id":3539,"date":"2017-05-29T14:49:31","date_gmt":"2017-05-29T14:49:31","guid":{"rendered":"https:\/\/www.sprachschule-aktiv-wien.at\/bildergalerie\/"},"modified":"2021-03-24T03:46:33","modified_gmt":"2021-03-24T03:46:33","slug":"fotos-videos-escuela-aleman-viena","status":"publish","type":"page","link":"https:\/\/www.sprachschule-aktiv-wien.at\/es\/fotos-videos-escuela-aleman-viena\/","title":{"rendered":"Galer\u00eda de im\u00e1genes, fotos, videos de nuestra escuela de alem\u00e1n en Viena"},"content":{"rendered":"<p>[vc_row css=&#8221;.vc_custom_1534937295535{margin-top: 15px !important;padding-bottom: 15px !important;}&#8221;][vc_column][vc_column_text]<\/p>\n<h1>Galer\u00eda de im\u00e1genes, fotos, videos de nuestra escuela de alem\u00e1n en Viena<\/h1>\n<p>Aqu\u00ed le presentamos una galer\u00eda de im\u00e1genes, fotos y videos de nuestra escuela de alem\u00e1n en Viena.<\/p>\n<div class=\"BorlabsCookie _brlbs-cb-youtube\"><div class=\"_brlbs-content-blocker\"> <div class=\"_brlbs-embed _brlbs-video-youtube\"> <img class=\"_brlbs-thumbnail\" src=\"https:\/\/www.sprachschule-aktiv-wien.at\/wp-content\/plugins\/borlabs-cookie\/assets\/images\/cb-no-thumbnail.png\" alt=\"YouTube\"> <div class=\"_brlbs-caption\"> <p>Mit dem Laden des Videos akzeptieren Sie die Datenschutzerkl\u00e4rung von YouTube.<br><a href=\"https:\/\/policies.google.com\/privacy\" target=\"_blank\" rel=\"nofollow noopener noreferrer\">Mehr erfahren<\/a><\/p> <p><a class=\"_brlbs-btn _brlbs-icon-play-white\" href=\"#\" data-borlabs-cookie-unblock role=\"button\">Video laden<\/a><\/p> <p><label><input type=\"checkbox\" name=\"unblockAll\" value=\"1\" checked> <small>YouTube immer entsperren<\/small><\/label><\/p> <\/div> <\/div> <\/div><div class=\"borlabs-hide\" data-borlabs-cookie-type=\"content-blocker\" data-borlabs-cookie-id=\"youtube\"><script type=\"text\/template\">PHA+PGlmcmFtZSBzcmM9Imh0dHBzOi8vd3d3LnlvdXR1YmUtbm9jb29raWUuY29tL2VtYmVkL09tbERYMXJETC13IiB3aWR0aD0iMTAwJSIgaGVpZ2h0PSIzNTAiIGZyYW1lYm9yZGVyPSIwIiBhbGxvd2Z1bGxzY3JlZW49ImFsbG93ZnVsbHNjcmVlbiI+PC9pZnJhbWU+<\/script><\/div><\/div>[\/vc_column_text][\/vc_column][\/vc_row][vc_row full_width=&#8221;stretch_row&#8221; css=&#8221;.vc_custom_1534937344208{padding-top: 15px !important;padding-bottom: 15px !important;background-color: #f9f9f9 !important;}&#8221;][vc_column][vc_column_text]<\/p>\n\n\t\t<div id='gallery-1' class='gallery galleryid-3539 gallery-columns-3 gallery-size-medium gallery1'><script type=\"text\/javascript\">\r\n\/\/ <![CDATA[\r\n\tjQuery(document).ready(function () {\r\n\t\tjQuery(\".gallery1 a\").attr(\"rel\",\"gallery1\");\t\r\n\t\tjQuery('a[rel=\"gallery1\"]').colorbox({maxWidth:\"95%\", maxHeight:\"95%\",title: function(){ return jQuery(this).children().attr(\"alt\"); }, });\r\n\t});\r\n\/\/ ]]>\r\n<\/script>\n<figure class=\"gallery-item\">\n<div class=\"gallery-icon\">\r\n<a href=\"https:\/\/www.sprachschule-aktiv-wien.at\/wp-content\/uploads\/2020\/04\/sprachschule-aktiv-wien-1-1.jpg\" title=\"\" rel=\"gallery1\"><img decoding=\"async\" src=\"https:\/\/www.sprachschule-aktiv-wien.at\/wp-content\/uploads\/2020\/04\/sprachschule-aktiv-wien-1-1-300x176.jpg\" width=\"300\" height=\"176\" alt=\"Sprachschule Aktiv Wien\" \/><\/a>\r\n<\/div><\/figure><figure class=\"gallery-item\">\n<div class=\"gallery-icon\">\r\n<a href=\"https:\/\/www.sprachschule-aktiv-wien.at\/wp-content\/uploads\/2021\/03\/sprachschule-aktiv-wien-40-600x352-1.jpg\" title=\"\" rel=\"gallery1\"><img decoding=\"async\" src=\"https:\/\/www.sprachschule-aktiv-wien.at\/wp-content\/uploads\/2021\/03\/sprachschule-aktiv-wien-40-600x352-1-300x176.jpg\" width=\"300\" height=\"176\" alt=\"Sprachschule Aktiv Wien\" \/><\/a>\r\n<\/div><\/figure><figure class=\"gallery-item\">\n<div class=\"gallery-icon\">\r\n<a href=\"https:\/\/www.sprachschule-aktiv-wien.at\/wp-content\/uploads\/2020\/04\/sprachschule-aktiv-wien-2.jpg\" title=\"\" rel=\"gallery1\"><img decoding=\"async\" src=\"https:\/\/www.sprachschule-aktiv-wien.at\/wp-content\/uploads\/2020\/04\/sprachschule-aktiv-wien-2-300x176.jpg\" width=\"300\" height=\"176\" alt=\"Sprachschule Aktiv Wien\" \/><\/a>\r\n<\/div><\/figure><figure class=\"gallery-item\">\n<div class=\"gallery-icon\">\r\n<a href=\"https:\/\/www.sprachschule-aktiv-wien.at\/wp-content\/uploads\/2020\/04\/sprachschule-aktiv-wien-3.jpg\" title=\"\" rel=\"gallery1\"><img decoding=\"async\" src=\"https:\/\/www.sprachschule-aktiv-wien.at\/wp-content\/uploads\/2020\/04\/sprachschule-aktiv-wien-3-300x176.jpg\" width=\"300\" height=\"176\" alt=\"Sprachschule Aktiv Wien\" \/><\/a>\r\n<\/div><\/figure><figure class=\"gallery-item\">\n<div class=\"gallery-icon\">\r\n<a href=\"https:\/\/www.sprachschule-aktiv-wien.at\/wp-content\/uploads\/2020\/04\/sprachschule-aktiv-wien-4.jpg\" title=\"\" rel=\"gallery1\"><img decoding=\"async\" src=\"https:\/\/www.sprachschule-aktiv-wien.at\/wp-content\/uploads\/2020\/04\/sprachschule-aktiv-wien-4-300x176.jpg\" width=\"300\" height=\"176\" alt=\"Sprachschule Aktiv Wien\" \/><\/a>\r\n<\/div><\/figure><figure class=\"gallery-item\">\n<div class=\"gallery-icon\">\r\n<a href=\"https:\/\/www.sprachschule-aktiv-wien.at\/wp-content\/uploads\/2021\/03\/sprachschule-aktiv-wien-41-600x352-1.jpg\" title=\"\" rel=\"gallery1\"><img decoding=\"async\" src=\"https:\/\/www.sprachschule-aktiv-wien.at\/wp-content\/uploads\/2021\/03\/sprachschule-aktiv-wien-41-600x352-1-300x176.jpg\" width=\"300\" height=\"176\" alt=\"Sprachschule Aktiv Wien\" \/><\/a>\r\n<\/div><\/figure><figure class=\"gallery-item\">\n<div class=\"gallery-icon\">\r\n<a href=\"https:\/\/www.sprachschule-aktiv-wien.at\/wp-content\/uploads\/2020\/04\/sprachschule-aktiv-wien-5.jpg\" title=\"\" rel=\"gallery1\"><img decoding=\"async\" src=\"https:\/\/www.sprachschule-aktiv-wien.at\/wp-content\/uploads\/2020\/04\/sprachschule-aktiv-wien-5-300x176.jpg\" width=\"300\" height=\"176\" alt=\"Sprachschule Aktiv Wien\" \/><\/a>\r\n<\/div><\/figure><figure class=\"gallery-item\">\n<div class=\"gallery-icon\">\r\n<a href=\"https:\/\/www.sprachschule-aktiv-wien.at\/wp-content\/uploads\/2020\/04\/sprachschule-aktiv-wien-6.jpg\" title=\"\" rel=\"gallery1\"><img decoding=\"async\" src=\"https:\/\/www.sprachschule-aktiv-wien.at\/wp-content\/uploads\/2020\/04\/sprachschule-aktiv-wien-6-300x176.jpg\" width=\"300\" height=\"176\" alt=\"Sprachschule Aktiv Wien\" \/><\/a>\r\n<\/div><\/figure><figure class=\"gallery-item\">\n<div class=\"gallery-icon\">\r\n<a href=\"https:\/\/www.sprachschule-aktiv-wien.at\/wp-content\/uploads\/2020\/04\/sprachschule-aktiv-wien-7.jpg\" title=\"\" rel=\"gallery1\"><img decoding=\"async\" src=\"https:\/\/www.sprachschule-aktiv-wien.at\/wp-content\/uploads\/2020\/04\/sprachschule-aktiv-wien-7-300x176.jpg\" width=\"300\" height=\"176\" alt=\"Sprachschule Aktiv Wien\" \/><\/a>\r\n<\/div><\/figure><figure class=\"gallery-item\">\n<div class=\"gallery-icon\">\r\n<a href=\"https:\/\/www.sprachschule-aktiv-wien.at\/wp-content\/uploads\/2020\/04\/sprachschule-aktiv-wien-9.jpg\" title=\"\" rel=\"gallery1\"><img decoding=\"async\" src=\"https:\/\/www.sprachschule-aktiv-wien.at\/wp-content\/uploads\/2020\/04\/sprachschule-aktiv-wien-9-300x176.jpg\" width=\"300\" height=\"176\" alt=\"Sprachschule Aktiv Wien\" \/><\/a>\r\n<\/div><\/figure><figure class=\"gallery-item\">\n<div class=\"gallery-icon\">\r\n<a href=\"https:\/\/www.sprachschule-aktiv-wien.at\/wp-content\/uploads\/2020\/04\/sprachschule-aktiv-wien-10.jpg\" title=\"\" rel=\"gallery1\"><img decoding=\"async\" src=\"https:\/\/www.sprachschule-aktiv-wien.at\/wp-content\/uploads\/2020\/04\/sprachschule-aktiv-wien-10-300x176.jpg\" width=\"300\" height=\"176\" alt=\"Sprachschule Aktiv Wien\" \/><\/a>\r\n<\/div><\/figure><figure class=\"gallery-item\">\n<div class=\"gallery-icon\">\r\n<a href=\"https:\/\/www.sprachschule-aktiv-wien.at\/wp-content\/uploads\/2020\/04\/sprachschule-aktiv-wien-11.jpg\" title=\"\" rel=\"gallery1\"><img decoding=\"async\" src=\"https:\/\/www.sprachschule-aktiv-wien.at\/wp-content\/uploads\/2020\/04\/sprachschule-aktiv-wien-11-300x176.jpg\" width=\"300\" height=\"176\" alt=\"Sprachschule Aktiv Wien\" \/><\/a>\r\n<\/div><\/figure><figure class=\"gallery-item\">\n<div class=\"gallery-icon\">\r\n<a href=\"https:\/\/www.sprachschule-aktiv-wien.at\/wp-content\/uploads\/2020\/04\/sprachschule-aktiv-wien-12.jpg\" title=\"\" rel=\"gallery1\"><img decoding=\"async\" src=\"https:\/\/www.sprachschule-aktiv-wien.at\/wp-content\/uploads\/2020\/04\/sprachschule-aktiv-wien-12-300x176.jpg\" width=\"300\" height=\"176\" alt=\"Sprachschule Aktiv Wien\" \/><\/a>\r\n<\/div><\/figure><figure class=\"gallery-item\">\n<div class=\"gallery-icon\">\r\n<a href=\"https:\/\/www.sprachschule-aktiv-wien.at\/wp-content\/uploads\/2020\/04\/sprachschule-aktiv-wien-13.jpg\" title=\"\" rel=\"gallery1\"><img decoding=\"async\" src=\"https:\/\/www.sprachschule-aktiv-wien.at\/wp-content\/uploads\/2020\/04\/sprachschule-aktiv-wien-13-300x176.jpg\" width=\"300\" height=\"176\" alt=\"Sprachschule Aktiv Wien\" \/><\/a>\r\n<\/div><\/figure><figure class=\"gallery-item\">\n<div class=\"gallery-icon\">\r\n<a href=\"https:\/\/www.sprachschule-aktiv-wien.at\/wp-content\/uploads\/2020\/04\/sprachschule-aktiv-wien-14.jpg\" title=\"\" rel=\"gallery1\"><img decoding=\"async\" src=\"https:\/\/www.sprachschule-aktiv-wien.at\/wp-content\/uploads\/2020\/04\/sprachschule-aktiv-wien-14-300x176.jpg\" width=\"300\" height=\"176\" alt=\"Sprachschule Aktiv Wien\" \/><\/a>\r\n<\/div><\/figure><figure class=\"gallery-item\">\n<div class=\"gallery-icon\">\r\n<a href=\"https:\/\/www.sprachschule-aktiv-wien.at\/wp-content\/uploads\/2020\/04\/sprachschule-aktiv-wien-15.jpg\" title=\"\" rel=\"gallery1\"><img decoding=\"async\" src=\"https:\/\/www.sprachschule-aktiv-wien.at\/wp-content\/uploads\/2020\/04\/sprachschule-aktiv-wien-15-300x176.jpg\" width=\"300\" height=\"176\" alt=\"Sprachschule Aktiv Wien\" \/><\/a>\r\n<\/div><\/figure><figure class=\"gallery-item\">\n<div class=\"gallery-icon\">\r\n<a href=\"https:\/\/www.sprachschule-aktiv-wien.at\/wp-content\/uploads\/2020\/04\/sprachschule-aktiv-wien-16.jpg\" title=\"\" rel=\"gallery1\"><img decoding=\"async\" src=\"https:\/\/www.sprachschule-aktiv-wien.at\/wp-content\/uploads\/2020\/04\/sprachschule-aktiv-wien-16-300x176.jpg\" width=\"300\" height=\"176\" alt=\"Sprachschule Aktiv Wien\" \/><\/a>\r\n<\/div><\/figure><figure class=\"gallery-item\">\n<div class=\"gallery-icon\">\r\n<a href=\"https:\/\/www.sprachschule-aktiv-wien.at\/wp-content\/uploads\/2020\/04\/sprachschule-aktiv-wien-17.jpg\" title=\"\" rel=\"gallery1\"><img decoding=\"async\" src=\"https:\/\/www.sprachschule-aktiv-wien.at\/wp-content\/uploads\/2020\/04\/sprachschule-aktiv-wien-17-300x176.jpg\" width=\"300\" height=\"176\" alt=\"Sprachschule Aktiv Wien\" \/><\/a>\r\n<\/div><\/figure><figure class=\"gallery-item\">\n<div class=\"gallery-icon\">\r\n<a href=\"https:\/\/www.sprachschule-aktiv-wien.at\/wp-content\/uploads\/2020\/04\/sprachschule-aktiv-wien-18.jpg\" title=\"\" rel=\"gallery1\"><img decoding=\"async\" src=\"https:\/\/www.sprachschule-aktiv-wien.at\/wp-content\/uploads\/2020\/04\/sprachschule-aktiv-wien-18-300x176.jpg\" width=\"300\" height=\"176\" alt=\"Sprachschule Aktiv Wien\" \/><\/a>\r\n<\/div><\/figure><figure class=\"gallery-item\">\n<div class=\"gallery-icon\">\r\n<a href=\"https:\/\/www.sprachschule-aktiv-wien.at\/wp-content\/uploads\/2020\/04\/sprachschule-aktiv-wien-19.jpg\" title=\"\" rel=\"gallery1\"><img decoding=\"async\" src=\"https:\/\/www.sprachschule-aktiv-wien.at\/wp-content\/uploads\/2020\/04\/sprachschule-aktiv-wien-19-300x176.jpg\" width=\"300\" height=\"176\" alt=\"Sprachschule Aktiv Wien\" \/><\/a>\r\n<\/div><\/figure><figure class=\"gallery-item\">\n<div class=\"gallery-icon\">\r\n<a href=\"https:\/\/www.sprachschule-aktiv-wien.at\/wp-content\/uploads\/2020\/04\/sprachschule-aktiv-wien-20.jpg\" title=\"\" rel=\"gallery1\"><img decoding=\"async\" src=\"https:\/\/www.sprachschule-aktiv-wien.at\/wp-content\/uploads\/2020\/04\/sprachschule-aktiv-wien-20-300x176.jpg\" width=\"300\" height=\"176\" alt=\"Sprachschule Aktiv Wien\" \/><\/a>\r\n<\/div><\/figure><figure class=\"gallery-item\">\n<div class=\"gallery-icon\">\r\n<a href=\"https:\/\/www.sprachschule-aktiv-wien.at\/wp-content\/uploads\/2020\/04\/sprachschule-aktiv-wien-21.jpg\" title=\"\" rel=\"gallery1\"><img decoding=\"async\" src=\"https:\/\/www.sprachschule-aktiv-wien.at\/wp-content\/uploads\/2020\/04\/sprachschule-aktiv-wien-21-300x176.jpg\" width=\"300\" height=\"176\" alt=\"Sprachschule Aktiv Wien\" \/><\/a>\r\n<\/div><\/figure><figure class=\"gallery-item\">\n<div class=\"gallery-icon\">\r\n<a href=\"https:\/\/www.sprachschule-aktiv-wien.at\/wp-content\/uploads\/2020\/04\/sprachschule-aktiv-wien-22.jpg\" title=\"\" rel=\"gallery1\"><img decoding=\"async\" src=\"https:\/\/www.sprachschule-aktiv-wien.at\/wp-content\/uploads\/2020\/04\/sprachschule-aktiv-wien-22-300x176.jpg\" width=\"300\" height=\"176\" alt=\"Sprachschule Aktiv Wien\" \/><\/a>\r\n<\/div><\/figure><figure class=\"gallery-item\">\n<div class=\"gallery-icon\">\r\n<a href=\"https:\/\/www.sprachschule-aktiv-wien.at\/wp-content\/uploads\/2020\/04\/sprachschule-aktiv-wien-23.jpg\" title=\"\" rel=\"gallery1\"><img decoding=\"async\" src=\"https:\/\/www.sprachschule-aktiv-wien.at\/wp-content\/uploads\/2020\/04\/sprachschule-aktiv-wien-23-300x176.jpg\" width=\"300\" height=\"176\" alt=\"Sprachschule Aktiv Wien\" \/><\/a>\r\n<\/div><\/figure><figure class=\"gallery-item\">\n<div class=\"gallery-icon\">\r\n<a href=\"https:\/\/www.sprachschule-aktiv-wien.at\/wp-content\/uploads\/2020\/04\/sprachschule-aktiv-wien-24-1.jpg\" title=\"\" rel=\"gallery1\"><img decoding=\"async\" src=\"https:\/\/www.sprachschule-aktiv-wien.at\/wp-content\/uploads\/2020\/04\/sprachschule-aktiv-wien-24-1-300x176.jpg\" width=\"300\" height=\"176\" alt=\"Sprachschule Aktiv Wien\" \/><\/a>\r\n<\/div><\/figure><figure class=\"gallery-item\">\n<div class=\"gallery-icon\">\r\n<a href=\"https:\/\/www.sprachschule-aktiv-wien.at\/wp-content\/uploads\/2020\/04\/sprachschule-aktiv-wien-25.jpg\" title=\"\" rel=\"gallery1\"><img decoding=\"async\" src=\"https:\/\/www.sprachschule-aktiv-wien.at\/wp-content\/uploads\/2020\/04\/sprachschule-aktiv-wien-25-300x176.jpg\" width=\"300\" height=\"176\" alt=\"Sprachschule Aktiv Wien\" \/><\/a>\r\n<\/div><\/figure><figure class=\"gallery-item\">\n<div class=\"gallery-icon\">\r\n<a href=\"https:\/\/www.sprachschule-aktiv-wien.at\/wp-content\/uploads\/2020\/04\/sprachschule-aktiv-wien-26.jpg\" title=\"\" rel=\"gallery1\"><img decoding=\"async\" src=\"https:\/\/www.sprachschule-aktiv-wien.at\/wp-content\/uploads\/2020\/04\/sprachschule-aktiv-wien-26-300x176.jpg\" width=\"300\" height=\"176\" alt=\"Sprachschule Aktiv Wien\" \/><\/a>\r\n<\/div><\/figure><figure class=\"gallery-item\">\n<div class=\"gallery-icon\">\r\n<a href=\"https:\/\/www.sprachschule-aktiv-wien.at\/wp-content\/uploads\/2020\/04\/sprachschule-aktiv-wien-27.jpg\" title=\"\" rel=\"gallery1\"><img decoding=\"async\" src=\"https:\/\/www.sprachschule-aktiv-wien.at\/wp-content\/uploads\/2020\/04\/sprachschule-aktiv-wien-27-300x176.jpg\" width=\"300\" height=\"176\" alt=\"Sprachschule Aktiv Wien\" \/><\/a>\r\n<\/div><\/figure><figure class=\"gallery-item\">\n<div class=\"gallery-icon\">\r\n<a href=\"https:\/\/www.sprachschule-aktiv-wien.at\/wp-content\/uploads\/2020\/04\/sprachschule-aktiv-wien-28.jpg\" title=\"\" rel=\"gallery1\"><img decoding=\"async\" src=\"https:\/\/www.sprachschule-aktiv-wien.at\/wp-content\/uploads\/2020\/04\/sprachschule-aktiv-wien-28-300x176.jpg\" width=\"300\" height=\"176\" alt=\"Sprachschule Aktiv Wien\" \/><\/a>\r\n<\/div><\/figure><figure class=\"gallery-item\">\n<div class=\"gallery-icon\">\r\n<a href=\"https:\/\/www.sprachschule-aktiv-wien.at\/wp-content\/uploads\/2020\/04\/sprachschule-aktiv-wien-29.jpg\" title=\"\" rel=\"gallery1\"><img decoding=\"async\" src=\"https:\/\/www.sprachschule-aktiv-wien.at\/wp-content\/uploads\/2020\/04\/sprachschule-aktiv-wien-29-300x176.jpg\" width=\"300\" height=\"176\" alt=\"Sprachschule Aktiv Wien\" \/><\/a>\r\n<\/div><\/figure><figure class=\"gallery-item\">\n<div class=\"gallery-icon\">\r\n<a href=\"https:\/\/www.sprachschule-aktiv-wien.at\/wp-content\/uploads\/2020\/04\/sprachschule-aktiv-wien-30.jpg\" title=\"\" rel=\"gallery1\"><img decoding=\"async\" src=\"https:\/\/www.sprachschule-aktiv-wien.at\/wp-content\/uploads\/2020\/04\/sprachschule-aktiv-wien-30-300x176.jpg\" width=\"300\" height=\"176\" alt=\"Sprachschule Aktiv Wien\" \/><\/a>\r\n<\/div><\/figure><figure class=\"gallery-item\">\n<div class=\"gallery-icon\">\r\n<a href=\"https:\/\/www.sprachschule-aktiv-wien.at\/wp-content\/uploads\/2020\/04\/sprachschule-aktiv-wien-31.jpg\" title=\"\" rel=\"gallery1\"><img decoding=\"async\" src=\"https:\/\/www.sprachschule-aktiv-wien.at\/wp-content\/uploads\/2020\/04\/sprachschule-aktiv-wien-31-300x176.jpg\" width=\"300\" height=\"176\" alt=\"Sprachschule Aktiv Wien\" \/><\/a>\r\n<\/div><\/figure><figure class=\"gallery-item\">\n<div class=\"gallery-icon\">\r\n<a href=\"https:\/\/www.sprachschule-aktiv-wien.at\/wp-content\/uploads\/2020\/04\/sprachschule-aktiv-wien-32.jpg\" title=\"\" rel=\"gallery1\"><img decoding=\"async\" src=\"https:\/\/www.sprachschule-aktiv-wien.at\/wp-content\/uploads\/2020\/04\/sprachschule-aktiv-wien-32-300x176.jpg\" width=\"300\" height=\"176\" alt=\"Sprachschule Aktiv Wien\" \/><\/a>\r\n<\/div><\/figure><figure class=\"gallery-item\">\n<div class=\"gallery-icon\">\r\n<a href=\"https:\/\/www.sprachschule-aktiv-wien.at\/wp-content\/uploads\/2020\/04\/sprachschule-aktiv-wien-33.jpg\" title=\"\" rel=\"gallery1\"><img decoding=\"async\" src=\"https:\/\/www.sprachschule-aktiv-wien.at\/wp-content\/uploads\/2020\/04\/sprachschule-aktiv-wien-33-300x176.jpg\" width=\"300\" height=\"176\" alt=\"Sprachschule Aktiv Wien\" \/><\/a>\r\n<\/div><\/figure><figure class=\"gallery-item\">\n<div class=\"gallery-icon\">\r\n<a href=\"https:\/\/www.sprachschule-aktiv-wien.at\/wp-content\/uploads\/2020\/04\/sprachschule-aktiv-wien-34.jpg\" title=\"\" rel=\"gallery1\"><img decoding=\"async\" src=\"https:\/\/www.sprachschule-aktiv-wien.at\/wp-content\/uploads\/2020\/04\/sprachschule-aktiv-wien-34-300x176.jpg\" width=\"300\" height=\"176\" alt=\"Sprachschule Aktiv Wien\" \/><\/a>\r\n<\/div><\/figure><figure class=\"gallery-item\">\n<div class=\"gallery-icon\">\r\n<a href=\"https:\/\/www.sprachschule-aktiv-wien.at\/wp-content\/uploads\/2020\/04\/sprachschule-aktiv-wien-35.jpg\" title=\"\" rel=\"gallery1\"><img decoding=\"async\" src=\"https:\/\/www.sprachschule-aktiv-wien.at\/wp-content\/uploads\/2020\/04\/sprachschule-aktiv-wien-35-300x176.jpg\" width=\"300\" height=\"176\" alt=\"Sprachschule Aktiv Wien\" \/><\/a>\r\n<\/div><\/figure><figure class=\"gallery-item\">\n<div class=\"gallery-icon\">\r\n<a href=\"https:\/\/www.sprachschule-aktiv-wien.at\/wp-content\/uploads\/2020\/04\/sprachschule-aktiv-wien-36.jpg\" title=\"\" rel=\"gallery1\"><img decoding=\"async\" src=\"https:\/\/www.sprachschule-aktiv-wien.at\/wp-content\/uploads\/2020\/04\/sprachschule-aktiv-wien-36-300x176.jpg\" width=\"300\" height=\"176\" alt=\"Sprachschule Aktiv Wien\" \/><\/a>\r\n<\/div><\/figure><figure class=\"gallery-item\">\n<div class=\"gallery-icon\">\r\n<a href=\"https:\/\/www.sprachschule-aktiv-wien.at\/wp-content\/uploads\/2020\/04\/sprachschule-aktiv-wien-37.jpg\" title=\"\" rel=\"gallery1\"><img decoding=\"async\" src=\"https:\/\/www.sprachschule-aktiv-wien.at\/wp-content\/uploads\/2020\/04\/sprachschule-aktiv-wien-37-300x176.jpg\" width=\"300\" height=\"176\" alt=\"Sprachschule Aktiv Wien\" \/><\/a>\r\n<\/div><\/figure><figure class=\"gallery-item\">\n<div class=\"gallery-icon\">\r\n<a href=\"https:\/\/www.sprachschule-aktiv-wien.at\/wp-content\/uploads\/2020\/04\/sprachschule-aktiv-wien-38.jpg\" title=\"\" rel=\"gallery1\"><img decoding=\"async\" src=\"https:\/\/www.sprachschule-aktiv-wien.at\/wp-content\/uploads\/2020\/04\/sprachschule-aktiv-wien-38-300x176.jpg\" width=\"300\" height=\"176\" alt=\"Sprachschule Aktiv Wien\" \/><\/a>\r\n<\/div><\/figure><figure class=\"gallery-item\">\n<div class=\"gallery-icon\">\r\n<a href=\"https:\/\/www.sprachschule-aktiv-wien.at\/wp-content\/uploads\/2020\/04\/sprachschule-aktiv-wien-39.jpg\" title=\"\" rel=\"gallery1\"><img decoding=\"async\" src=\"https:\/\/www.sprachschule-aktiv-wien.at\/wp-content\/uploads\/2020\/04\/sprachschule-aktiv-wien-39-300x176.jpg\" width=\"300\" height=\"176\" alt=\"Sprachschule Aktiv Wien\" \/><\/a>\r\n<\/div><\/figure><figure class=\"gallery-item\">\n<div class=\"gallery-icon\">\r\n<a href=\"https:\/\/www.sprachschule-aktiv-wien.at\/wp-content\/uploads\/2020\/04\/sprachschule-aktiv-wien-40.jpg\" title=\"\" rel=\"gallery1\"><img decoding=\"async\" src=\"https:\/\/www.sprachschule-aktiv-wien.at\/wp-content\/uploads\/2020\/04\/sprachschule-aktiv-wien-40-300x176.jpg\" width=\"300\" height=\"176\" alt=\"Sprachschule Aktiv Wien\" \/><\/a>\r\n<\/div><\/figure><figure class=\"gallery-item\">\n<div class=\"gallery-icon\">\r\n<a href=\"https:\/\/www.sprachschule-aktiv-wien.at\/wp-content\/uploads\/2021\/03\/sprachschule-aktiv-wien-62-1-600x352-1.jpg\" title=\"\" rel=\"gallery1\"><img decoding=\"async\" src=\"https:\/\/www.sprachschule-aktiv-wien.at\/wp-content\/uploads\/2021\/03\/sprachschule-aktiv-wien-62-1-600x352-1-300x176.jpg\" width=\"300\" height=\"176\" alt=\"\" \/><\/a>\r\n<\/div><\/figure><figure class=\"gallery-item\">\n<div class=\"gallery-icon\">\r\n<a href=\"https:\/\/www.sprachschule-aktiv-wien.at\/wp-content\/uploads\/2017\/05\/sprachschule-aktiv-wien-31.jpg\" title=\"\" rel=\"gallery1\"><img decoding=\"async\" src=\"https:\/\/www.sprachschule-aktiv-wien.at\/wp-content\/uploads\/2017\/05\/sprachschule-aktiv-wien-31-300x176.jpg\" width=\"300\" height=\"176\" alt=\"Sprachschule Aktiv Wien - Deutsch und Fremdsprachen lernen\" \/><\/a>\r\n<\/div><\/figure><figure class=\"gallery-item\">\n<div class=\"gallery-icon\">\r\n<a href=\"https:\/\/www.sprachschule-aktiv-wien.at\/wp-content\/uploads\/2017\/05\/sprachschule-aktiv-wien-33.jpg\" title=\"\" rel=\"gallery1\"><img decoding=\"async\" src=\"https:\/\/www.sprachschule-aktiv-wien.at\/wp-content\/uploads\/2017\/05\/sprachschule-aktiv-wien-33-300x176.jpg\" width=\"300\" height=\"176\" alt=\"Deutsch und Fremdsprachen in der Sprachschule Aktiv Wien lernen\" \/><\/a>\r\n<\/div><\/figure><figure class=\"gallery-item\">\n<div class=\"gallery-icon\">\r\n<a href=\"https:\/\/www.sprachschule-aktiv-wien.at\/wp-content\/uploads\/2017\/05\/sprachschule-aktiv-wien-37.jpg\" title=\"\" rel=\"gallery1\"><img decoding=\"async\" src=\"https:\/\/www.sprachschule-aktiv-wien.at\/wp-content\/uploads\/2017\/05\/sprachschule-aktiv-wien-37-300x176.jpg\" width=\"300\" height=\"176\" alt=\"Deutsch und Fremdsprachen lernen in der Sprachschule Aktiv Wien\" \/><\/a>\r\n<\/div><\/figure><figure class=\"gallery-item\">\n<div class=\"gallery-icon\">\r\n<a href=\"https:\/\/www.sprachschule-aktiv-wien.at\/wp-content\/uploads\/2017\/05\/sprachschule-aktiv-wien-38.jpg\" title=\"\" rel=\"gallery1\"><img decoding=\"async\" src=\"https:\/\/www.sprachschule-aktiv-wien.at\/wp-content\/uploads\/2017\/05\/sprachschule-aktiv-wien-38-300x176.jpg\" width=\"300\" height=\"176\" alt=\"Deutsch und Fremdsprachen lernen in der Sprachschule Aktiv Wien\" \/><\/a>\r\n<\/div><\/figure><figure class=\"gallery-item\">\n<div class=\"gallery-icon\">\r\n<a href=\"https:\/\/www.sprachschule-aktiv-wien.at\/wp-content\/uploads\/2017\/05\/sprachschule-aktiv-wien-39.jpg\" title=\"\" rel=\"gallery1\"><img decoding=\"async\" src=\"https:\/\/www.sprachschule-aktiv-wien.at\/wp-content\/uploads\/2017\/05\/sprachschule-aktiv-wien-39-300x176.jpg\" width=\"300\" height=\"176\" alt=\"Deutsch und Fremdsprachen lernen in der Sprachschule Aktiv Wien\" \/><\/a>\r\n<\/div><\/figure><figure class=\"gallery-item\">\n<div class=\"gallery-icon\">\r\n<a href=\"https:\/\/www.sprachschule-aktiv-wien.at\/wp-content\/uploads\/2017\/05\/sprachschule-aktiv-wien.jpg\" title=\"\" rel=\"gallery1\"><img decoding=\"async\" src=\"https:\/\/www.sprachschule-aktiv-wien.at\/wp-content\/uploads\/2017\/05\/sprachschule-aktiv-wien-300x176.jpg\" width=\"300\" height=\"176\" alt=\"Deutsch und Fremdsprachen lernen in der Sprachschule Aktiv Wien\" \/><\/a>\r\n<\/div><\/figure><figure class=\"gallery-item\">\n<div class=\"gallery-icon\">\r\n<a href=\"https:\/\/www.sprachschule-aktiv-wien.at\/wp-content\/uploads\/2021\/03\/sprachschule-aktiv-wien-46-600x352-1.jpg\" title=\"\" rel=\"gallery1\"><img decoding=\"async\" src=\"https:\/\/www.sprachschule-aktiv-wien.at\/wp-content\/uploads\/2021\/03\/sprachschule-aktiv-wien-46-600x352-1-300x176.jpg\" width=\"300\" height=\"176\" alt=\"Sprachschule Aktiv Wien\" \/><\/a>\r\n<\/div><\/figure><figure class=\"gallery-item\">\n<div class=\"gallery-icon\">\r\n<a href=\"https:\/\/www.sprachschule-aktiv-wien.at\/wp-content\/uploads\/2021\/03\/sprachschule-aktiv-wien-45-600x352-1.jpg\" title=\"\" rel=\"gallery1\"><img decoding=\"async\" src=\"https:\/\/www.sprachschule-aktiv-wien.at\/wp-content\/uploads\/2021\/03\/sprachschule-aktiv-wien-45-600x352-1-300x176.jpg\" width=\"300\" height=\"176\" alt=\"Sprachschule Aktiv Wien\" \/><\/a>\r\n<\/div><\/figure><figure class=\"gallery-item\">\n<div class=\"gallery-icon\">\r\n<a href=\"https:\/\/www.sprachschule-aktiv-wien.at\/wp-content\/uploads\/2021\/03\/sprachschule-aktiv-wien-44-600x352-1.jpg\" title=\"\" rel=\"gallery1\"><img decoding=\"async\" src=\"https:\/\/www.sprachschule-aktiv-wien.at\/wp-content\/uploads\/2021\/03\/sprachschule-aktiv-wien-44-600x352-1-300x176.jpg\" width=\"300\" height=\"176\" alt=\"Sprachschule Aktiv Wien\" \/><\/a>\r\n<\/div><\/figure><figure class=\"gallery-item\">\n<div class=\"gallery-icon\">\r\n<a href=\"https:\/\/www.sprachschule-aktiv-wien.at\/wp-content\/uploads\/2021\/03\/sprachschule-aktiv-wien-43-600x352-1.jpg\" title=\"\" rel=\"gallery1\"><img decoding=\"async\" src=\"https:\/\/www.sprachschule-aktiv-wien.at\/wp-content\/uploads\/2021\/03\/sprachschule-aktiv-wien-43-600x352-1-300x176.jpg\" width=\"300\" height=\"176\" alt=\"Sprachschule Aktiv Wien\" \/><\/a>\r\n<\/div><\/figure><figure class=\"gallery-item\">\n<div class=\"gallery-icon\">\r\n<a href=\"https:\/\/www.sprachschule-aktiv-wien.at\/wp-content\/uploads\/2021\/03\/sprachschule-aktiv-wien-42-600x352-1.jpg\" title=\"\" rel=\"gallery1\"><img decoding=\"async\" src=\"https:\/\/www.sprachschule-aktiv-wien.at\/wp-content\/uploads\/2021\/03\/sprachschule-aktiv-wien-42-600x352-1-300x176.jpg\" width=\"300\" height=\"176\" alt=\"Sprachschule Aktiv Wien\" \/><\/a>\r\n<\/div><\/figure><figure class=\"gallery-item\">\n<div class=\"gallery-icon\">\r\n<a href=\"https:\/\/www.sprachschule-aktiv-wien.at\/wp-content\/uploads\/2021\/03\/sprachschule-aktiv-wien-47-600x352-1.jpg\" title=\"\" rel=\"gallery1\"><img decoding=\"async\" src=\"https:\/\/www.sprachschule-aktiv-wien.at\/wp-content\/uploads\/2021\/03\/sprachschule-aktiv-wien-47-600x352-1-300x176.jpg\" width=\"300\" height=\"176\" alt=\"Sprachschule Aktiv Wien\" \/><\/a>\r\n<\/div><\/figure><figure class=\"gallery-item\">\n<div class=\"gallery-icon\">\r\n<a href=\"https:\/\/www.sprachschule-aktiv-wien.at\/wp-content\/uploads\/2021\/03\/sprachschule-aktiv-wien-73-600x352-1.jpg\" title=\"\" rel=\"gallery1\"><img decoding=\"async\" src=\"https:\/\/www.sprachschule-aktiv-wien.at\/wp-content\/uploads\/2021\/03\/sprachschule-aktiv-wien-73-600x352-1-300x176.jpg\" width=\"300\" height=\"176\" alt=\"\" \/><\/a>\r\n<\/div><\/figure><figure class=\"gallery-item\">\n<div class=\"gallery-icon\">\r\n<a href=\"https:\/\/www.sprachschule-aktiv-wien.at\/wp-content\/uploads\/2021\/03\/sprachschule-aktiv-wien-72-600x352-1.jpg\" title=\"\" rel=\"gallery1\"><img decoding=\"async\" src=\"https:\/\/www.sprachschule-aktiv-wien.at\/wp-content\/uploads\/2021\/03\/sprachschule-aktiv-wien-72-600x352-1-300x176.jpg\" width=\"300\" height=\"176\" alt=\"\" \/><\/a>\r\n<\/div><\/figure><figure class=\"gallery-item\">\n<div class=\"gallery-icon\">\r\n<a href=\"https:\/\/www.sprachschule-aktiv-wien.at\/wp-content\/uploads\/2021\/03\/sprachschule-aktiv-wien-71-600x352-1.jpg\" title=\"\" rel=\"gallery1\"><img decoding=\"async\" src=\"https:\/\/www.sprachschule-aktiv-wien.at\/wp-content\/uploads\/2021\/03\/sprachschule-aktiv-wien-71-600x352-1-300x176.jpg\" width=\"300\" height=\"176\" alt=\"\" \/><\/a>\r\n<\/div><\/figure><figure class=\"gallery-item\">\n<div class=\"gallery-icon\">\r\n<a href=\"https:\/\/www.sprachschule-aktiv-wien.at\/wp-content\/uploads\/2021\/03\/sprachschule-aktiv-wien-70-600x352-1.jpg\" title=\"\" rel=\"gallery1\"><img decoding=\"async\" src=\"https:\/\/www.sprachschule-aktiv-wien.at\/wp-content\/uploads\/2021\/03\/sprachschule-aktiv-wien-70-600x352-1-300x176.jpg\" width=\"300\" height=\"176\" alt=\"\" \/><\/a>\r\n<\/div><\/figure><figure class=\"gallery-item\">\n<div class=\"gallery-icon\">\r\n<a href=\"https:\/\/www.sprachschule-aktiv-wien.at\/wp-content\/uploads\/2021\/03\/sprachschule-aktiv-wien-69-600x352-1.jpg\" title=\"\" rel=\"gallery1\"><img decoding=\"async\" src=\"https:\/\/www.sprachschule-aktiv-wien.at\/wp-content\/uploads\/2021\/03\/sprachschule-aktiv-wien-69-600x352-1-300x176.jpg\" width=\"300\" height=\"176\" alt=\"\" \/><\/a>\r\n<\/div><\/figure><figure class=\"gallery-item\">\n<div class=\"gallery-icon\">\r\n<a href=\"https:\/\/www.sprachschule-aktiv-wien.at\/wp-content\/uploads\/2021\/03\/sprachschule-aktiv-wien-66-600x352-1.jpg\" title=\"\" rel=\"gallery1\"><img decoding=\"async\" src=\"https:\/\/www.sprachschule-aktiv-wien.at\/wp-content\/uploads\/2021\/03\/sprachschule-aktiv-wien-66-600x352-1-300x176.jpg\" width=\"300\" height=\"176\" alt=\"\" \/><\/a>\r\n<\/div><\/figure><figure class=\"gallery-item\">\n<div class=\"gallery-icon\">\r\n<a href=\"https:\/\/www.sprachschule-aktiv-wien.at\/wp-content\/uploads\/2021\/03\/sprachschule-aktiv-wien-63-1-600x352-1.jpg\" title=\"\" rel=\"gallery1\"><img decoding=\"async\" src=\"https:\/\/www.sprachschule-aktiv-wien.at\/wp-content\/uploads\/2021\/03\/sprachschule-aktiv-wien-63-1-600x352-1-300x176.jpg\" width=\"300\" height=\"176\" alt=\"\" \/><\/a>\r\n<\/div><\/figure><figure class=\"gallery-item\">\n<div class=\"gallery-icon\">\r\n<a href=\"https:\/\/www.sprachschule-aktiv-wien.at\/wp-content\/uploads\/2021\/03\/sprachschule-aktiv-wien-60-600x352-1.jpg\" title=\"\" rel=\"gallery1\"><img decoding=\"async\" src=\"https:\/\/www.sprachschule-aktiv-wien.at\/wp-content\/uploads\/2021\/03\/sprachschule-aktiv-wien-60-600x352-1-300x176.jpg\" width=\"300\" height=\"176\" alt=\"\" \/><\/a>\r\n<\/div><\/figure><figure class=\"gallery-item\">\n<div class=\"gallery-icon\">\r\n<a href=\"https:\/\/www.sprachschule-aktiv-wien.at\/wp-content\/uploads\/2021\/03\/sprachschule-aktiv-wien-56-600x352-1.jpg\" title=\"\" rel=\"gallery1\"><img decoding=\"async\" src=\"https:\/\/www.sprachschule-aktiv-wien.at\/wp-content\/uploads\/2021\/03\/sprachschule-aktiv-wien-56-600x352-1-300x176.jpg\" width=\"300\" height=\"176\" alt=\"\" \/><\/a>\r\n<\/div><\/figure><figure class=\"gallery-item\">\n<div class=\"gallery-icon\">\r\n<a href=\"https:\/\/www.sprachschule-aktiv-wien.at\/wp-content\/uploads\/2021\/03\/sprachschule-aktiv-wien-55-600x352-1.jpg\" title=\"\" rel=\"gallery1\"><img decoding=\"async\" src=\"https:\/\/www.sprachschule-aktiv-wien.at\/wp-content\/uploads\/2021\/03\/sprachschule-aktiv-wien-55-600x352-1-300x176.jpg\" width=\"300\" height=\"176\" alt=\"\" \/><\/a>\r\n<\/div><\/figure><figure class=\"gallery-item\">\n<div class=\"gallery-icon\">\r\n<a href=\"https:\/\/www.sprachschule-aktiv-wien.at\/wp-content\/uploads\/2021\/03\/sprachschule-aktiv-wien-52-600x352-1.jpg\" title=\"\" rel=\"gallery1\"><img decoding=\"async\" src=\"https:\/\/www.sprachschule-aktiv-wien.at\/wp-content\/uploads\/2021\/03\/sprachschule-aktiv-wien-52-600x352-1-300x176.jpg\" width=\"300\" height=\"176\" alt=\"\" \/><\/a>\r\n<\/div><\/figure><figure class=\"gallery-item\">\n<div class=\"gallery-icon\">\r\n<a href=\"https:\/\/www.sprachschule-aktiv-wien.at\/wp-content\/uploads\/2021\/03\/sprachschule-aktiv-wien-50-600x352-1.jpg\" title=\"\" rel=\"gallery1\"><img decoding=\"async\" src=\"https:\/\/www.sprachschule-aktiv-wien.at\/wp-content\/uploads\/2021\/03\/sprachschule-aktiv-wien-50-600x352-1-300x176.jpg\" width=\"300\" height=\"176\" alt=\"\" \/><\/a>\r\n<\/div><\/figure><figure class=\"gallery-item\">\n<div class=\"gallery-icon\">\r\n<a href=\"https:\/\/www.sprachschule-aktiv-wien.at\/wp-content\/uploads\/2021\/03\/sprachschule-aktiv-wien-49-600x352-1.jpg\" title=\"\" rel=\"gallery1\"><img decoding=\"async\" src=\"https:\/\/www.sprachschule-aktiv-wien.at\/wp-content\/uploads\/2021\/03\/sprachschule-aktiv-wien-49-600x352-1-300x176.jpg\" width=\"300\" height=\"176\" alt=\"\" \/><\/a>\r\n<\/div><\/figure><figure class=\"gallery-item\">\n<div class=\"gallery-icon\">\r\n<a href=\"https:\/\/www.sprachschule-aktiv-wien.at\/wp-content\/uploads\/2021\/03\/sprachschule-aktiv-wien-48-600x352-1.jpg\" title=\"\" rel=\"gallery1\"><img decoding=\"async\" src=\"https:\/\/www.sprachschule-aktiv-wien.at\/wp-content\/uploads\/2021\/03\/sprachschule-aktiv-wien-48-600x352-1-300x176.jpg\" width=\"300\" height=\"176\" alt=\"\" \/><\/a>\r\n<\/div><\/figure>\r\n\t\t<\/div>\n\n<p>[\/vc_column_text][\/vc_column][\/vc_row][vc_row css=&#8221;.vc_custom_1534937366959{padding-top: 15px !important;padding-bottom: 15px !important;}&#8221;][vc_column][vc_column_text]<\/p>\n<h2>Sobre nosotros \u2013 Im\u00e1genes y v\u00eddeos de la Sprachschule Aktiv de Viena<\/h2>\n<p>Aqu\u00ed puede obtener una primera impresi\u00f3n de nuestra escuela en Viena. Dedique algunos minutos en ver nuestras im\u00e1genes y v\u00eddeos, sum\u00e9rjase en el ambiente de nuestra escuela. De esta forma podr\u00e1 hacerse una imagen de las clases en nuestra escuela. Aqu\u00ed puede ver a nuestros profesores, que le instruir\u00e1n no s\u00f3lo en el idioma, sino tambi\u00e9n en la cultura austr\u00edaca. Ellos son pedagogos y hablantes nativos, tienen una formaci\u00f3n universitaria y saben c\u00f3mo motivar a los estudiantes. Nuestra escuela se encuentra en la zona central de Viena con facil acceso. Nuestras aulas son a\u00fctas a ofrecerle un ambiente agradable para un aprendizaje \u00f3ptimo.<\/p>\n<h2>Nuestros profesores son hablantes nativos, simp\u00e1ticos y con una gran dedicaci\u00f3n para la docencia<\/h2>\n<p>\u00a1Venga a conocer a nuestros profesores! Ellos son los responsables de los cursos y tienen un importante papel en su educaci\u00f3n. Por esta raz\u00f3n los elegimos conscientemente. Solo aceptamos a profesores que son hablantes nativos, o a los que tienen estudios superiores, con una personalidad \u00edntegra y alegre. Como instructores del grupo son los responsables del aprendizaje, englobando no s\u00f3lo la materia sino tambi\u00e9n la camarader\u00eda y la diversi\u00f3n a la vez que mejoras r\u00e1pidamente sus habilidades lingu\u00edsticas. Los profesores no s\u00f3lo le instruir\u00e1n en el idioma, le mostrar\u00e1n tambi\u00e9n de primera mano la cultura austr\u00edaca.<\/p>\n<h2>Nuestros alumnos tienen diferentes objetivos, pero comparten la pasi\u00f3n por el idioma<\/h2>\n<p>Nuestros alumnos tienen inicialmente conocimientos diferentes y objetivos individuales. Sin embargo, todos comparten la pasi\u00f3n por aprender, ya sea por trabajo, por amor al idioma o por las siguientes vacaciones que vayan a tomar. Otros quieren simplemente ampliar sus horizontes abriendose a un nuevo mundo desconocido para ellos.<\/p>\n<p>El tiempo es un recurso muy valuoso, por eso hemos dise\u00f1ado varias modalidades de cursos para adaptarse a cada uno, tanto si prefiere un curso por la noche sin estr\u00e9s y con la posibilidad de relacionarse con los otros alumnos y con un menor requisito horario como si prefiere un curso m\u00e1s r\u00e1pido e intensivo con un horario mucho m\u00e1s dedicado e incluso clases particulares si lo prefiere.[\/vc_column_text][\/vc_column][\/vc_row]<\/p>\n","protected":false},"excerpt":{"rendered":"<p>[vc_row css=&#8221;.vc_custom_1534937295535{margin-top: 15px !important;padding-bottom: 15px !important;}&#8221;][vc_column][vc_column_text] Galer\u00eda de im\u00e1genes, fotos, videos de nuestra escuela de alem\u00e1n en Viena Aqu\u00ed le presentamos una galer\u00eda de im\u00e1genes, fotos y videos de nuestra escuela de alem\u00e1n en Viena. Mit dem Laden des Videos akzeptieren Sie die Datenschutzerkl\u00e4rung von YouTube.Mehr erfahren Video laden YouTube immer entsperren [\/vc_column_text][\/vc_column][\/vc_row][vc_row full_width=&#8221;stretch_row&#8221; css=&#8221;.vc_custom_1534937344208{padding-top:&hellip; <a class=\"read-more\" href=\"https:\/\/www.sprachschule-aktiv-wien.at\/es\/fotos-videos-escuela-aleman-viena\/\" title=\"Read Galer\u00eda de im\u00e1genes, fotos, videos de nuestra escuela de alem\u00e1n en Viena\">Read more &raquo;<\/a><\/p>\n","protected":false},"author":7,"featured_media":0,"parent":0,"menu_order":0,"comment_status":"closed","ping_status":"closed","template":"","meta":{"footnotes":""},"class_list":["post-3539","page","type-page","status-publish","hentry"],"yoast_head":"<!-- This site is optimized with the Yoast SEO plugin v27.1.1 - https:\/\/yoast.com\/product\/yoast-seo-wordpress\/ -->\n<title>Fotos, Videos de nuestra escuela de alem\u00e1n en Viena<\/title>\n<meta name=\"description\" content=\"Fotos y videos de nuestra escuela de alem\u00e1n en Viena. F\u00edjate en nuestras im\u00e1genes y media de nuestra academia de idiomas.\" \/>\n<meta name=\"robots\" content=\"index, follow, max-snippet:-1, max-image-preview:large, max-video-preview:-1\" \/>\n<link rel=\"canonical\" href=\"https:\/\/www.sprachschule-aktiv-wien.at\/es\/fotos-videos-escuela-aleman-viena\/\" \/>\n<meta property=\"og:locale\" content=\"es_ES\" \/>\n<meta property=\"og:type\" content=\"article\" \/>\n<meta property=\"og:title\" content=\"Fotos, Videos de nuestra escuela de alem\u00e1n en Viena\" \/>\n<meta property=\"og:description\" content=\"Fotos y videos de nuestra escuela de alem\u00e1n en Viena. F\u00edjate en nuestras im\u00e1genes y media de nuestra academia de idiomas.\" \/>\n<meta property=\"og:url\" content=\"https:\/\/www.sprachschule-aktiv-wien.at\/es\/fotos-videos-escuela-aleman-viena\/\" \/>\n<meta property=\"og:site_name\" content=\"Sprachschule Aktiv Wien\" \/>\n<meta property=\"article:modified_time\" content=\"2021-03-24T03:46:33+00:00\" \/>\n<meta name=\"twitter:label1\" content=\"Tiempo de lectura\" \/>\n\t<meta name=\"twitter:data1\" content=\"2 minutos\" \/>\n<script type=\"application\/ld+json\" class=\"yoast-schema-graph\">{\"@context\":\"https:\/\/schema.org\",\"@graph\":[{\"@type\":\"WebPage\",\"@id\":\"https:\/\/www.sprachschule-aktiv-wien.at\/es\/fotos-videos-escuela-aleman-viena\/\",\"url\":\"https:\/\/www.sprachschule-aktiv-wien.at\/es\/fotos-videos-escuela-aleman-viena\/\",\"name\":\"Fotos, Videos de nuestra escuela de alem\u00e1n en Viena\",\"isPartOf\":{\"@id\":\"https:\/\/www.sprachschule-aktiv-wien.at\/#website\"},\"datePublished\":\"2017-05-29T14:49:31+00:00\",\"dateModified\":\"2021-03-24T03:46:33+00:00\",\"description\":\"Fotos y videos de nuestra escuela de alem\u00e1n en Viena. F\u00edjate en nuestras im\u00e1genes y media de nuestra academia de idiomas.\",\"breadcrumb\":{\"@id\":\"https:\/\/www.sprachschule-aktiv-wien.at\/es\/fotos-videos-escuela-aleman-viena\/#breadcrumb\"},\"inLanguage\":\"es\",\"potentialAction\":[{\"@type\":\"ReadAction\",\"target\":[\"https:\/\/www.sprachschule-aktiv-wien.at\/es\/fotos-videos-escuela-aleman-viena\/\"]}]},{\"@type\":\"BreadcrumbList\",\"@id\":\"https:\/\/www.sprachschule-aktiv-wien.at\/es\/fotos-videos-escuela-aleman-viena\/#breadcrumb\",\"itemListElement\":[{\"@type\":\"ListItem\",\"position\":1,\"name\":\"Home\",\"item\":\"https:\/\/www.sprachschule-aktiv-wien.at\/es\/\"},{\"@type\":\"ListItem\",\"position\":2,\"name\":\"Galer\u00eda de im\u00e1genes, fotos, videos de nuestra escuela de alem\u00e1n en Viena\"}]},{\"@type\":\"WebSite\",\"@id\":\"https:\/\/www.sprachschule-aktiv-wien.at\/#website\",\"url\":\"https:\/\/www.sprachschule-aktiv-wien.at\/\",\"name\":\"Sprachschule Aktiv Wien\",\"description\":\"\",\"potentialAction\":[{\"@type\":\"SearchAction\",\"target\":{\"@type\":\"EntryPoint\",\"urlTemplate\":\"https:\/\/www.sprachschule-aktiv-wien.at\/?s={search_term_string}\"},\"query-input\":{\"@type\":\"PropertyValueSpecification\",\"valueRequired\":true,\"valueName\":\"search_term_string\"}}],\"inLanguage\":\"es\"}]}<\/script>\n<!-- \/ Yoast SEO plugin. -->","yoast_head_json":{"title":"Fotos, Videos de nuestra escuela de alem\u00e1n en Viena","description":"Fotos y videos de nuestra escuela de alem\u00e1n en Viena. F\u00edjate en nuestras im\u00e1genes y media de nuestra academia de idiomas.","robots":{"index":"index","follow":"follow","max-snippet":"max-snippet:-1","max-image-preview":"max-image-preview:large","max-video-preview":"max-video-preview:-1"},"canonical":"https:\/\/www.sprachschule-aktiv-wien.at\/es\/fotos-videos-escuela-aleman-viena\/","og_locale":"es_ES","og_type":"article","og_title":"Fotos, Videos de nuestra escuela de alem\u00e1n en Viena","og_description":"Fotos y videos de nuestra escuela de alem\u00e1n en Viena. F\u00edjate en nuestras im\u00e1genes y media de nuestra academia de idiomas.","og_url":"https:\/\/www.sprachschule-aktiv-wien.at\/es\/fotos-videos-escuela-aleman-viena\/","og_site_name":"Sprachschule Aktiv Wien","article_modified_time":"2021-03-24T03:46:33+00:00","twitter_misc":{"Tiempo de lectura":"2 minutos"},"schema":{"@context":"https:\/\/schema.org","@graph":[{"@type":"WebPage","@id":"https:\/\/www.sprachschule-aktiv-wien.at\/es\/fotos-videos-escuela-aleman-viena\/","url":"https:\/\/www.sprachschule-aktiv-wien.at\/es\/fotos-videos-escuela-aleman-viena\/","name":"Fotos, Videos de nuestra escuela de alem\u00e1n en Viena","isPartOf":{"@id":"https:\/\/www.sprachschule-aktiv-wien.at\/#website"},"datePublished":"2017-05-29T14:49:31+00:00","dateModified":"2021-03-24T03:46:33+00:00","description":"Fotos y videos de nuestra escuela de alem\u00e1n en Viena. F\u00edjate en nuestras im\u00e1genes y media de nuestra academia de idiomas.","breadcrumb":{"@id":"https:\/\/www.sprachschule-aktiv-wien.at\/es\/fotos-videos-escuela-aleman-viena\/#breadcrumb"},"inLanguage":"es","potentialAction":[{"@type":"ReadAction","target":["https:\/\/www.sprachschule-aktiv-wien.at\/es\/fotos-videos-escuela-aleman-viena\/"]}]},{"@type":"BreadcrumbList","@id":"https:\/\/www.sprachschule-aktiv-wien.at\/es\/fotos-videos-escuela-aleman-viena\/#breadcrumb","itemListElement":[{"@type":"ListItem","position":1,"name":"Home","item":"https:\/\/www.sprachschule-aktiv-wien.at\/es\/"},{"@type":"ListItem","position":2,"name":"Galer\u00eda de im\u00e1genes, fotos, videos de nuestra escuela de alem\u00e1n en Viena"}]},{"@type":"WebSite","@id":"https:\/\/www.sprachschule-aktiv-wien.at\/#website","url":"https:\/\/www.sprachschule-aktiv-wien.at\/","name":"Sprachschule Aktiv Wien","description":"","potentialAction":[{"@type":"SearchAction","target":{"@type":"EntryPoint","urlTemplate":"https:\/\/www.sprachschule-aktiv-wien.at\/?s={search_term_string}"},"query-input":{"@type":"PropertyValueSpecification","valueRequired":true,"valueName":"search_term_string"}}],"inLanguage":"es"}]}},"_links":{"self":[{"href":"https:\/\/www.sprachschule-aktiv-wien.at\/es\/wp-json\/wp\/v2\/pages\/3539","targetHints":{"allow":["GET"]}}],"collection":[{"href":"https:\/\/www.sprachschule-aktiv-wien.at\/es\/wp-json\/wp\/v2\/pages"}],"about":[{"href":"https:\/\/www.sprachschule-aktiv-wien.at\/es\/wp-json\/wp\/v2\/types\/page"}],"author":[{"embeddable":true,"href":"https:\/\/www.sprachschule-aktiv-wien.at\/es\/wp-json\/wp\/v2\/users\/7"}],"replies":[{"embeddable":true,"href":"https:\/\/www.sprachschule-aktiv-wien.at\/es\/wp-json\/wp\/v2\/comments?post=3539"}],"version-history":[{"count":14,"href":"https:\/\/www.sprachschule-aktiv-wien.at\/es\/wp-json\/wp\/v2\/pages\/3539\/revisions"}],"predecessor-version":[{"id":32462,"href":"https:\/\/www.sprachschule-aktiv-wien.at\/es\/wp-json\/wp\/v2\/pages\/3539\/revisions\/32462"}],"wp:attachment":[{"href":"https:\/\/www.sprachschule-aktiv-wien.at\/es\/wp-json\/wp\/v2\/media?parent=3539"}],"curies":[{"name":"wp","href":"https:\/\/api.w.org\/{rel}","templated":true}]}}