{"id":3524,"date":"2017-06-15T04:48:14","date_gmt":"2017-06-15T04:48:14","guid":{"rendered":"https:\/\/www.sprachschule-aktiv-wien.at\/aprende-aleman\/testdaf-kurse\/"},"modified":"2021-09-16T19:12:08","modified_gmt":"2021-09-16T19:12:08","slug":"curso-de-aleman-oeif","status":"publish","type":"page","link":"https:\/\/www.sprachschule-aktiv-wien.at\/es\/cursos-aleman-viena\/curso-de-aleman-oeif\/","title":{"rendered":"Curso de alem\u00e1n \u00d6IF en Viena \u2013 preparaci\u00f3n de ex\u00e1menes"},"content":{"rendered":"<p>[vc_row css=&#8221;.vc_custom_1534936743746{margin-top: 15px !important;padding-bottom: 15px !important;}&#8221;][vc_column][vc_column_text]<\/p>\n<h1>Curso de alem\u00e1n \u00d6IF en Viena \u2013 preparaci\u00f3n de ex\u00e1menes<\/h1>\n<p>[\/vc_column_text][\/vc_column][\/vc_row][vc_row][vc_column][vc_column_text]\u00bfViene del extranjero y quiere establecerse r\u00e1pidamente en Austria, formar parte del mundo laboral y poder comunicarse en alem\u00e1n de forma comprensible? Nosotros le ofrecemos un curso de preparaci\u00f3n que lo familiarizar\u00e1 de forma r\u00e1pida y eficaz con el contenido de las pruebas de integraci\u00f3n que debe superar para poder permanecer en Austria.<\/p>\n<h2><a href=\"https:\/\/www.sprachschule-aktiv-wien.at\/wp-content\/uploads\/2021\/03\/curso-de-aleman-oeif-en-viena-\u2013-preparacion-de-examenes.jpg\"><img decoding=\"async\" class=\"alignnone size-full wp-image-31430\" src=\"https:\/\/www.sprachschule-aktiv-wien.at\/wp-content\/uploads\/2021\/03\/curso-de-aleman-oeif-en-viena-\u2013-preparacion-de-examenes.jpg\" alt=\"Curso de alem\u00e1n \u00d6IF en Viena\" width=\"850\" height=\"504\" srcset=\"https:\/\/www.sprachschule-aktiv-wien.at\/wp-content\/uploads\/2021\/03\/curso-de-aleman-oeif-en-viena-\u2013-preparacion-de-examenes.jpg 850w, https:\/\/www.sprachschule-aktiv-wien.at\/wp-content\/uploads\/2021\/03\/curso-de-aleman-oeif-en-viena-\u2013-preparacion-de-examenes-300x178.jpg 300w, https:\/\/www.sprachschule-aktiv-wien.at\/wp-content\/uploads\/2021\/03\/curso-de-aleman-oeif-en-viena-\u2013-preparacion-de-examenes-768x455.jpg 768w, https:\/\/www.sprachschule-aktiv-wien.at\/wp-content\/uploads\/2021\/03\/curso-de-aleman-oeif-en-viena-\u2013-preparacion-de-examenes-124x74.jpg 124w\" sizes=\"(max-width: 850px) 100vw, 850px\" \/><\/a><\/h2>\n<h2>Nuestro curso de idioma alem\u00e1n \u00d6IF<\/h2>\n<p>La Sprachschule Aktiv Wien le ofrece un curso de alem\u00e1n \u00d6IF adecuado para su ex\u00e1men. En las 4 u 8 semanas antes del ex\u00e1men practica con nuestros maestros profesionales en un curso intensivo 5 veces por semana el contenido tanto para el ex\u00e1men escrito como para el ex\u00e1men oral del \u00d6IF. Lo familarizamos tambi\u00e9n con los requisitos previos. Al final del curso puede hacer el ex\u00e1men del \u00d6IF a vuestro nivel de idioma.<\/p>\n\t<div class=\"vc_btn3-container vc_btn3-inline\">\n\t\t<a href=\"\/es\/contactar\/\" class=\"pgs_btn pgs_btn_style_1 pgs_btn_xl\">\n\t\t\t<span>\n\t\t\t\tCont\u00e1ctenos\t\t\t<\/span>\n\t\t\t\t\t\t<i class=\"fa fa-external-link\"><\/i>\n\t\t\t\t\t<\/a>\n\t<\/div>\n\t\n<h2>Precio y per\u00edodos de nuestro curso de alem\u00e1n \u00d6IF en Viena<\/h2>\n<p><strong>Niveles<\/strong>: A1, A2, B1, B2<br \/>\n<strong>Horarios\u00a0del curso:<\/strong>\u00a0de lunes a vierenes, 08:00-11:00 \/ 11:00-14:00 \/ \/ 14:00-17:00 \/18:00-21:00 (*a partir de 5 personas 3\u00d760 minutos al d\u00eda,\u00a0con 4 personas 2\u00d760 minutos al d\u00eda)<br \/>\n<strong>Objetivo del cuso:<\/strong>\u00a0Adquirir el nivel de integraci\u00f3n alem\u00e1n A1, A2, B1 o B2<br \/>\n<strong>Grupo de destinatarios:<\/strong>\u00a0Todos, los que quieren hacen un \u00d6IF-Examen o quieren adquirir un nivel de alem\u00e1n A1\/A2\/B1\/B2 incl. conocimientos de orientaci\u00f3n austr\u00edaca<br \/>\n<strong>Requisitios previos<\/strong>: Curso de alem\u00e1n ya realizado en el nivel anterior<br \/>\n<strong>Fechas\u00a0de comienzo:<\/strong>\u00a0Cada primer lunes de cada mes (si el lunes es festivo, el curso tendr\u00e1 lugar al d\u00eda siguiente).<br \/>\n<strong>Duraci\u00f3n\u00a0del curso:<\/strong>\u00a04 &#8211; 8 semanas<br \/>\n<strong>Precio\u00a0del curso:<\/strong><br \/>\n1 semana: 199 \u20ac<br \/>\n2 semanas: 349 \u20ac<br \/>\n3 semanas: 449 \u20ac<br \/>\n4 semanas: 499 \u20ac (en vez de de 599 \u20ac)<br \/>\n8 semanas: 998 \u20ac (en vez de 1198 \u20ac)<\/p>\n<div class=\"vc_btn3-container vc_btn3-inline\">\n\t\t<a href=\"\/es\/inscribete-en-nuestros-cursos-de-aleman-en-vienna\/\" class=\"pgs_btn pgs_btn_style_1 pgs_btn_xl\">\n\t\t\t<span>\n\t\t\t\tInscr\u00edbase\t\t\t<\/span>\n\t\t\t\t\t\t<i class=\"fa fa-external-link\"><\/i>\n\t\t\t\t\t<\/a>\n\t<\/div>\n\t[\/vc_column_text][\/vc_column][\/vc_row][vc_row full_width=&#8221;stretch_row&#8221; css=&#8221;.vc_custom_1534936839510{padding-top: 15px !important;padding-bottom: 15px !important;background-color: #f9f9f9 !important;}&#8221;][vc_column][vc_column_text]<\/p>\n<h2>Curso de alem\u00e1n \u00d6IF A1 en Viena<\/h2>\n<p>Quien quiera solicitar un <strong>documento de residencia por primera <\/strong>vez en Austria, tiene que poder demostrar <strong>conocimientos de alem\u00e1n<\/strong> a <strong>nivel A1<\/strong>. Para ello est\u00e1 prevista la prueba estandarizada de integraci\u00f3n del Fondo de Integraci\u00f3n Austr\u00edaco (\u00d6IF) <em>A1 \u2013 Fit f\u00fcr \u00d6sterreich.<\/em><\/p>\n<p>En una primera parte del curso le transmititimos conocimientos b\u00e1sicos del idioma alem\u00e1n, apuntando a enfrentar situaciones comunicativas sencillas, en particular a expresar necesidades concretas, como por ejemplo en los temas presentarse, comer y beber, trabajar, viajar, ir de compras, visita m\u00e9dica, tr\u00e1mites burocr\u00e1ticos, convivencia, etc.<\/p>\n<p>En una segunda parte lo familiarizamos con las reglas y los valores de la convivencia cotidiana en Austria, que se basan en los objetivos de aprendizaje del plan de estudios A1 del \u00d6IF e informan sobre temas culturales como lengua y educaci\u00f3n, trabajo y econom\u00eda, salud, vivienda y vecindad, principios de convivencia \/ integraci\u00f3n legal y diversidad de la convivencia \/ integraci\u00f3n cultural.<\/p>\n<p>Al final del curso le presentamos un test modelo del examen de integraci\u00f3n <em>A1 \u2013 Fit f\u00fcr \u00d6sterreich<\/em>, el cual est\u00e1 reconocido como certificado de idioma para adquirir el nivel A1 del Marco Com\u00fan Europeo de Referencia para las lenguas. Debe ser aprobado durante el examen de integraci\u00f3n del \u00d6IF para poder solicitar un permiso de residencia en Austria.<\/p>\n<h2>Curso de alem\u00e1n \u00d6IF A2<\/h2>\n<p>Para la prolongaci\u00f3n de su estad\u00eda en Austria necesita conocimientos de alem\u00e1n a nivel A2. A quien <strong>ya se le ha concedido un permiso de residencia<\/strong>, debe cumplir el m\u00f3dulo 1 del acuerdo de integraci\u00f3n <strong>en un plazo de 2 a\u00f1os<\/strong> y demostrar<strong> conocimientos de alem\u00e1n<\/strong> a <strong>nivel A2<\/strong>. Para ello est\u00e1 prevista la prueba de integraci\u00f3n estandarizada del Fondo de Integraci\u00f3n Austr\u00edaco (\u00d6IF) <em>A2 \u2013 \u00d6IF-Test Neu (2011)<\/em>. Este test est\u00e1 reconocido como certificado de idioma para el cumplimiento de m\u00f3dulo 1 del acuerdo de integraci\u00f3n \u2013 prolongaci\u00f3n de estad\u00eda en Austria hasta 3 a\u00f1os. Tambi\u00e9n el <em>Deutsch-Test f\u00fcr \u00d6sterreich <\/em>comprueba conocimientos de nivel A2 a B1.<\/p>\n<p>La primera parte del curso le permite aprofundizar sus conocimientos de alem\u00e1n y le transmite competencias para poder vivir y trabajar en Austria. As\u00ed le ense\u00f1amos temas como por ejemplo medios de comunicaci\u00f3n, escuela, lugares de trabajo, vivienda, fiestas, b\u00fasqueda de trabajo, salud, bancos y seguros, viajar, etc.<\/p>\n<p>La segunda parte lo familiariza con las reglas y los valores de la convivencia cotidiana en Austria, que se basan en los objetivos de aprendizaje del plan de estudios A2 del \u00d6IF e informan sobre temas culturales como lengua y educaci\u00f3n, trabajo y econom\u00eda, salud, vivienda y vecindad, principios de convivencia \/ integraci\u00f3n legal y diversidad de la convivencia \/ integraci\u00f3n cultural.<\/p>\n<p>Al final del curso le presentamos un test modelo del ex\u00e1men de integraci\u00f3n <em>A2 \u2013 \u00d6IF-Test Neu (2011)<\/em>, el cual est\u00e1 reconocido como certificado de idioma para adquirir el nivel A2 del Marco Com\u00fan Europeo de Referencia para las lenguas. Sirve para cumplir con el m\u00f3dulo 1 del acuerdo de integraci\u00f3n y, si el t\u00edtulo de residencia ya ha sido otorgado, debe ser aprobado durante el examen de integraci\u00f3n del \u00d6IF debe ser aprobado en el plazo de 2 a\u00f1os para demostrar conocimientos de alem\u00e1n a nivel A2.<\/p>\n<h2>Curso de alem\u00e1n \u00d6IF B1<\/h2>\n<p>Si quiere solicitar la \u201c<strong>residencia permanente<\/strong> -UE\u201d o la<strong> ciudadan\u00eda<\/strong> austr\u00edaca tiene que demostrar <strong>conocimientos de alem\u00e1n<\/strong> a <strong>nivel B1<\/strong>. Para ello est\u00e1 prevista la prueba de integraci\u00f3n estandarizada del Fondo Austr\u00edaco de la Integraci\u00f3n (\u00d6IF) <em>B1 \u2013 Deutsch-Test f\u00fcr \u00d6sterreich (DT\u00d6)<\/em>.<\/p>\n<p>La primera parte el curso lo ayuda a ampliar sus conocimientos de alem\u00e1n y a utilizar la lengua alemana de forma independiente, de modo que pueda llevar su vida cotidiana en Austria a largo plazo. Para ello ser\u00e1n tratados temas como por ejemplo, vida familiar, contactos, igualdad de derechos, mundo laboral, consumo, viaje y circulaci\u00f3n, naturaleza y medio ambiente, salud, pol\u00edtica e historia, etc.<\/p>\n<p>En una segunda parte lo familiarizamos con las reglas y los valores de la convivencia cotidiana en Austria, que se basan en los objetivos de aprendizaje del plan de estudios B1 del \u00d6IF e informan sobre temas culturales como lengua y educaci\u00f3n, trabajo y econom\u00eda, salud, vivienda y vecindad, principios de convivencia \/ integraci\u00f3n legal y diversidad de la convivencia \/ integraci\u00f3n cultural.<\/p>\n<p>Al final del curso le presentamos un test modelo del examen de integraci\u00f3n <em>B1 \u2013 Deutsch-Test f\u00fcr \u00d6sterreich (DT\u00d6) <\/em>, el cual est\u00e1 reconocido como certificado de idioma para adquirir el nivel B1 del Marco Com\u00fan Europeo de Referencia para las lenguas. Sirve para cumplir con el m\u00f3dulo 2 del acuerdo de integraci\u00f3n y debe ser aprobado durante el examen de integraci\u00f3n del \u00d6IF para poder solicitar la residencia permanente en Austria o la ciudadan\u00eda austr\u00edaca.<\/p>\n<h2>Contenido y objetivos de nuestros cursos de alem\u00e1n<\/h2>\n<p>\u00bfSabe ahora qu\u00e9 examen de integraci\u00f3n del \u00d6IF (Fondo de Integraci\u00f3n Austr\u00edaco) es adecuado para usted? Nosotros le ayudamos a adquirir paso a paso conocimientos de alem\u00e1n en los niveles A1, A2 o B1. En 80 lecciones por nivel el contenido del curso cubre conocimientos del idioma as\u00ed como de valores y conocimiento de orientaci\u00f3n que son necesarios para alcanzar el nivel previsto. El nivel previsto es alcanzado en 4 semanas.<\/p>\n<p>Nuestros profesores de alem\u00e1n experimentados y pacientes lo guiar\u00e1n a trav\u00e9s de los cursos sirvi\u00e9ndose del libro de texto <em> Pluspunkt Deutsch \u2013 Leben in \u00d6sterreich<\/em>, que se guia en el Marco Com\u00fan Europeo de Referencia para las Lenguas. De esta manera nos aseguramos de que los contenidos del curso le ayuden de forma \u00f3ptima a superar las pruebas de integraci\u00f3n y a integrarse lo antes posible en Austria.<\/p>\n<h2>Contenido valores y orientaci\u00f3n<\/h2>\n<p>Compras: nutrici\u00f3n, alimentos, suministros diarios, dinero<br \/>\nVivienda y regional: vivienda, alquiler, entorno local<br \/>\nSalud y social: sistema de sanidad, sistema social, visita m\u00e9dica, hospitalizaci\u00f3n<br \/>\nEducaci\u00f3n: formaci\u00f3n (escuela y educaci\u00f3n superior), identidad propia (curr\u00edculum, biograf\u00eda, conocimientos, habilidades, objetivos), educaci\u00f3n y guarder\u00eda infantil<br \/>\nMercado laboral: b\u00fasqueda de trabajo, trabajo y oficio, econom\u00eda, sector de oficio especifico<br \/>\nCirculaci\u00f3n: medios de transporte, orientaci\u00f3n<br \/>\nTiempo libre y asociaciones: aficiones, deporte, intereses, actividades culturales<br \/>\nAdministraci\u00f3n: ministerios, organismos, bancos, seguros, gesti\u00f3n burocr\u00e1tica, sistema social en Austria, contratos<br \/>\nEstado de derecho y valores: valores b\u00e1sicos de una sociedad democr\u00e1tica europea, forma de gobierno, instituciones pol\u00edticas, estados federales, historia<br \/>\nDialogo intercultural: fiestas y tradiciones, tradiciones culturales<\/p>\n<p><a href=\"file:\/\/\/C:\/%3fpage_id=2598\">Curso de alem\u00e1n \u00d6IF\/\u00d6SD<\/a>: si necesita una prueba certificada, lo preparamos optimalmente para ella.<br \/>\n<a href=\"https:\/\/www.sprachschule-aktiv-wien.at\/vorbereitungskurse-oeif-oesd-pruefungen\/\">Curso de preparaci\u00f3n de ex\u00e1menes del \u00d6IF\/\u00d6SD<\/a>: para prepararse para los ex\u00e1menes del \u00d6IF y \u00d6SD puede recurir a nuestros cursos de preparaci\u00f3n de ex\u00e1menes de alem\u00e1n.<br \/>\n<a href=\"file:\/\/\/C:\/%3fpage_id=2598\">Cursos intensivos de alem\u00e1n<\/a>: 3 horas por d\u00eda por la ma\u00f1ana o s\u00f3lo 1 hora y media como curso semi-intensivo, opcionalmente por la ma\u00f1ana o por la tarde.<br \/>\n<a href=\"file:\/\/\/C:\/%3fpage_id=2386\">Cursos de tarde de alem\u00e1n<\/a>: las clases de imparten en grupos peque\u00f1os. Aprende en atm\u00f3sfera tranquila y agradable.<br \/>\n<a href=\"file:\/\/\/C:\/%3fpage_id=521\">Clases particulares de alem\u00e1n<\/a>: nuestros profesores vienen a su perta y se adaptan a Usted.<br \/>\n<a href=\"file:\/\/\/C:\/%3fpage_id=2609\">Cursos de alem\u00e1n con alojamiento:<\/a>[\/vc_column_text][\/vc_column][\/vc_row]<\/p>\n","protected":false},"excerpt":{"rendered":"<p>[vc_row css=&#8221;.vc_custom_1534936743746{margin-top: 15px !important;padding-bottom: 15px !important;}&#8221;][vc_column][vc_column_text] Curso de alem\u00e1n \u00d6IF en Viena \u2013 preparaci\u00f3n de ex\u00e1menes [\/vc_column_text][\/vc_column][\/vc_row][vc_row][vc_column][vc_column_text]\u00bfViene del extranjero y quiere establecerse r\u00e1pidamente en Austria, formar parte del mundo laboral y poder comunicarse en alem\u00e1n de forma comprensible? Nosotros le ofrecemos un curso de preparaci\u00f3n que lo familiarizar\u00e1 de forma r\u00e1pida y eficaz con el&hellip; <a class=\"read-more\" href=\"https:\/\/www.sprachschule-aktiv-wien.at\/es\/cursos-aleman-viena\/curso-de-aleman-oeif\/\" title=\"Read Curso de alem\u00e1n \u00d6IF en Viena \u2013 preparaci\u00f3n de ex\u00e1menes\">Read more &raquo;<\/a><\/p>\n","protected":false},"author":7,"featured_media":0,"parent":3486,"menu_order":0,"comment_status":"closed","ping_status":"closed","template":"","meta":{"footnotes":""},"class_list":["post-3524","page","type-page","status-publish","hentry"],"yoast_head":"<!-- This site is optimized with the Yoast SEO plugin v27.1.1 - https:\/\/yoast.com\/product\/yoast-seo-wordpress\/ -->\n<title>\u00d6IF Curso de Alem\u00e1n en Viena \u2013 Preparaci\u00f3n de ex\u00e1menes<\/title>\n<meta name=\"description\" content=\"\u00bfViene del extranjero y quiere vivir en Austria por estudios o trabajo? \u00d6IF-Cursos de preparacion de alem\u00e1n en Viena para su estad\u00eda\" \/>\n<meta name=\"robots\" content=\"index, follow, max-snippet:-1, max-image-preview:large, max-video-preview:-1\" \/>\n<link rel=\"canonical\" href=\"https:\/\/www.sprachschule-aktiv-wien.at\/es\/cursos-aleman-viena\/curso-de-aleman-oeif\/\" \/>\n<meta property=\"og:locale\" content=\"es_ES\" \/>\n<meta property=\"og:type\" content=\"article\" \/>\n<meta property=\"og:title\" content=\"\u00d6IF Curso de Alem\u00e1n en Viena \u2013 Preparaci\u00f3n de ex\u00e1menes\" \/>\n<meta property=\"og:description\" content=\"\u00bfViene del extranjero y quiere vivir en Austria por estudios o trabajo? \u00d6IF-Cursos de preparacion de alem\u00e1n en Viena para su estad\u00eda\" \/>\n<meta property=\"og:url\" content=\"https:\/\/www.sprachschule-aktiv-wien.at\/es\/cursos-aleman-viena\/curso-de-aleman-oeif\/\" \/>\n<meta property=\"og:site_name\" content=\"Sprachschule Aktiv Wien\" \/>\n<meta property=\"article:modified_time\" content=\"2021-09-16T19:12:08+00:00\" \/>\n<meta property=\"og:image\" content=\"https:\/\/www.sprachschule-aktiv-wien.at\/wp-content\/uploads\/2021\/03\/curso-de-aleman-oeif-en-viena-\u2013-preparacion-de-examenes.jpg\" \/>\n<meta name=\"twitter:label1\" content=\"Tiempo de lectura\" \/>\n\t<meta name=\"twitter:data1\" content=\"7 minutos\" \/>\n<script type=\"application\/ld+json\" class=\"yoast-schema-graph\">{\"@context\":\"https:\/\/schema.org\",\"@graph\":[{\"@type\":\"WebPage\",\"@id\":\"https:\/\/www.sprachschule-aktiv-wien.at\/es\/cursos-aleman-viena\/curso-de-aleman-oeif\/\",\"url\":\"https:\/\/www.sprachschule-aktiv-wien.at\/es\/cursos-aleman-viena\/curso-de-aleman-oeif\/\",\"name\":\"\u00d6IF Curso de Alem\u00e1n en Viena \u2013 Preparaci\u00f3n de ex\u00e1menes\",\"isPartOf\":{\"@id\":\"https:\/\/www.sprachschule-aktiv-wien.at\/#website\"},\"datePublished\":\"2017-06-15T04:48:14+00:00\",\"dateModified\":\"2021-09-16T19:12:08+00:00\",\"description\":\"\u00bfViene del extranjero y quiere vivir en Austria por estudios o trabajo? \u00d6IF-Cursos de preparacion de alem\u00e1n en Viena para su estad\u00eda\",\"breadcrumb\":{\"@id\":\"https:\/\/www.sprachschule-aktiv-wien.at\/es\/cursos-aleman-viena\/curso-de-aleman-oeif\/#breadcrumb\"},\"inLanguage\":\"es\",\"potentialAction\":[{\"@type\":\"ReadAction\",\"target\":[\"https:\/\/www.sprachschule-aktiv-wien.at\/es\/cursos-aleman-viena\/curso-de-aleman-oeif\/\"]}]},{\"@type\":\"BreadcrumbList\",\"@id\":\"https:\/\/www.sprachschule-aktiv-wien.at\/es\/cursos-aleman-viena\/curso-de-aleman-oeif\/#breadcrumb\",\"itemListElement\":[{\"@type\":\"ListItem\",\"position\":1,\"name\":\"Home\",\"item\":\"https:\/\/www.sprachschule-aktiv-wien.at\/es\/\"},{\"@type\":\"ListItem\",\"position\":2,\"name\":\"Cursos de alem\u00e1n en Viena para todos los niveles en la escuela de idiomas &#8220;Sprachschule Aktiv&#8221;\",\"item\":\"https:\/\/www.sprachschule-aktiv-wien.at\/es\/cursos-aleman-viena\/\"},{\"@type\":\"ListItem\",\"position\":3,\"name\":\"Curso de alem\u00e1n \u00d6IF en Viena \u2013 preparaci\u00f3n de ex\u00e1menes\"}]},{\"@type\":\"WebSite\",\"@id\":\"https:\/\/www.sprachschule-aktiv-wien.at\/#website\",\"url\":\"https:\/\/www.sprachschule-aktiv-wien.at\/\",\"name\":\"Sprachschule Aktiv Wien\",\"description\":\"\",\"potentialAction\":[{\"@type\":\"SearchAction\",\"target\":{\"@type\":\"EntryPoint\",\"urlTemplate\":\"https:\/\/www.sprachschule-aktiv-wien.at\/?s={search_term_string}\"},\"query-input\":{\"@type\":\"PropertyValueSpecification\",\"valueRequired\":true,\"valueName\":\"search_term_string\"}}],\"inLanguage\":\"es\"}]}<\/script>\n<!-- \/ Yoast SEO plugin. -->","yoast_head_json":{"title":"\u00d6IF Curso de Alem\u00e1n en Viena \u2013 Preparaci\u00f3n de ex\u00e1menes","description":"\u00bfViene del extranjero y quiere vivir en Austria por estudios o trabajo? \u00d6IF-Cursos de preparacion de alem\u00e1n en Viena para su estad\u00eda","robots":{"index":"index","follow":"follow","max-snippet":"max-snippet:-1","max-image-preview":"max-image-preview:large","max-video-preview":"max-video-preview:-1"},"canonical":"https:\/\/www.sprachschule-aktiv-wien.at\/es\/cursos-aleman-viena\/curso-de-aleman-oeif\/","og_locale":"es_ES","og_type":"article","og_title":"\u00d6IF Curso de Alem\u00e1n en Viena \u2013 Preparaci\u00f3n de ex\u00e1menes","og_description":"\u00bfViene del extranjero y quiere vivir en Austria por estudios o trabajo? \u00d6IF-Cursos de preparacion de alem\u00e1n en Viena para su estad\u00eda","og_url":"https:\/\/www.sprachschule-aktiv-wien.at\/es\/cursos-aleman-viena\/curso-de-aleman-oeif\/","og_site_name":"Sprachschule Aktiv Wien","article_modified_time":"2021-09-16T19:12:08+00:00","og_image":[{"url":"https:\/\/www.sprachschule-aktiv-wien.at\/wp-content\/uploads\/2021\/03\/curso-de-aleman-oeif-en-viena-\u2013-preparacion-de-examenes.jpg","type":"","width":"","height":""}],"twitter_misc":{"Tiempo de lectura":"7 minutos"},"schema":{"@context":"https:\/\/schema.org","@graph":[{"@type":"WebPage","@id":"https:\/\/www.sprachschule-aktiv-wien.at\/es\/cursos-aleman-viena\/curso-de-aleman-oeif\/","url":"https:\/\/www.sprachschule-aktiv-wien.at\/es\/cursos-aleman-viena\/curso-de-aleman-oeif\/","name":"\u00d6IF Curso de Alem\u00e1n en Viena \u2013 Preparaci\u00f3n de ex\u00e1menes","isPartOf":{"@id":"https:\/\/www.sprachschule-aktiv-wien.at\/#website"},"datePublished":"2017-06-15T04:48:14+00:00","dateModified":"2021-09-16T19:12:08+00:00","description":"\u00bfViene del extranjero y quiere vivir en Austria por estudios o trabajo? \u00d6IF-Cursos de preparacion de alem\u00e1n en Viena para su estad\u00eda","breadcrumb":{"@id":"https:\/\/www.sprachschule-aktiv-wien.at\/es\/cursos-aleman-viena\/curso-de-aleman-oeif\/#breadcrumb"},"inLanguage":"es","potentialAction":[{"@type":"ReadAction","target":["https:\/\/www.sprachschule-aktiv-wien.at\/es\/cursos-aleman-viena\/curso-de-aleman-oeif\/"]}]},{"@type":"BreadcrumbList","@id":"https:\/\/www.sprachschule-aktiv-wien.at\/es\/cursos-aleman-viena\/curso-de-aleman-oeif\/#breadcrumb","itemListElement":[{"@type":"ListItem","position":1,"name":"Home","item":"https:\/\/www.sprachschule-aktiv-wien.at\/es\/"},{"@type":"ListItem","position":2,"name":"Cursos de alem\u00e1n en Viena para todos los niveles en la escuela de idiomas &#8220;Sprachschule Aktiv&#8221;","item":"https:\/\/www.sprachschule-aktiv-wien.at\/es\/cursos-aleman-viena\/"},{"@type":"ListItem","position":3,"name":"Curso de alem\u00e1n \u00d6IF en Viena \u2013 preparaci\u00f3n de ex\u00e1menes"}]},{"@type":"WebSite","@id":"https:\/\/www.sprachschule-aktiv-wien.at\/#website","url":"https:\/\/www.sprachschule-aktiv-wien.at\/","name":"Sprachschule Aktiv Wien","description":"","potentialAction":[{"@type":"SearchAction","target":{"@type":"EntryPoint","urlTemplate":"https:\/\/www.sprachschule-aktiv-wien.at\/?s={search_term_string}"},"query-input":{"@type":"PropertyValueSpecification","valueRequired":true,"valueName":"search_term_string"}}],"inLanguage":"es"}]}},"_links":{"self":[{"href":"https:\/\/www.sprachschule-aktiv-wien.at\/es\/wp-json\/wp\/v2\/pages\/3524","targetHints":{"allow":["GET"]}}],"collection":[{"href":"https:\/\/www.sprachschule-aktiv-wien.at\/es\/wp-json\/wp\/v2\/pages"}],"about":[{"href":"https:\/\/www.sprachschule-aktiv-wien.at\/es\/wp-json\/wp\/v2\/types\/page"}],"author":[{"embeddable":true,"href":"https:\/\/www.sprachschule-aktiv-wien.at\/es\/wp-json\/wp\/v2\/users\/7"}],"replies":[{"embeddable":true,"href":"https:\/\/www.sprachschule-aktiv-wien.at\/es\/wp-json\/wp\/v2\/comments?post=3524"}],"version-history":[{"count":56,"href":"https:\/\/www.sprachschule-aktiv-wien.at\/es\/wp-json\/wp\/v2\/pages\/3524\/revisions"}],"predecessor-version":[{"id":37389,"href":"https:\/\/www.sprachschule-aktiv-wien.at\/es\/wp-json\/wp\/v2\/pages\/3524\/revisions\/37389"}],"up":[{"embeddable":true,"href":"https:\/\/www.sprachschule-aktiv-wien.at\/es\/wp-json\/wp\/v2\/pages\/3486"}],"wp:attachment":[{"href":"https:\/\/www.sprachschule-aktiv-wien.at\/es\/wp-json\/wp\/v2\/media?parent=3524"}],"curies":[{"name":"wp","href":"https:\/\/api.w.org\/{rel}","templated":true}]}}