{"id":3512,"date":"2017-05-29T13:42:55","date_gmt":"2017-05-29T13:42:55","guid":{"rendered":"https:\/\/www.sprachschule-aktiv-wien.at\/aprende-aleman\/deutsch-abendkurse\/"},"modified":"2024-06-02T20:57:30","modified_gmt":"2024-06-02T20:57:30","slug":"cursos-de-tarde-de-aleman","status":"publish","type":"page","link":"https:\/\/www.sprachschule-aktiv-wien.at\/es\/cursos-aleman-viena\/cursos-de-tarde-de-aleman\/","title":{"rendered":"Cursos de tarde de alem\u00e1n en Viena"},"content":{"rendered":"<p>[vc_row css=&#8221;.vc_custom_1534935986815{margin-top: 15px !important;padding-bottom: 15px !important;}&#8221;][vc_column][vc_column_text]<\/p>\n<h1>Cursos de tarde de alem\u00e1n en Viena<\/h1>\n<p>Hay diferentes opciones de cursos. La mayor\u00eda de los estudiantes que desean aprender alem\u00e1n en Viena optan por un curso de tardes. Aprendes en un peque\u00f1o grupo despu\u00e9s del trabajo en un ambiente relajado. Adem\u00e1s de aprender, te encontrar\u00e1s con gente agradable, conectaras con ellos. A menudo, surgen amistades incluso a largo plazo!<\/p>\n<div class=\"vc_btn3-container vc_btn3-inline\">\n\t\t<a href=\"\/es\/contactar\/\" class=\"pgs_btn pgs_btn_style_1 pgs_btn_xl\">\n\t\t\t<span>\n\t\t\t\tCont\u00e1ctenos\t\t\t<\/span>\n\t\t\t\t\t\t<i class=\"fa fa-external-link\"><\/i>\n\t\t\t\t\t<\/a>\n\t<\/div>\n\t[\/vc_column_text][\/vc_column][\/vc_row][vc_row full_width=&#8221;stretch_row&#8221; css=&#8221;.vc_custom_1534936069994{padding-top: 15px !important;padding-bottom: 15px !important;background-color: #f9f9f9 !important;}&#8221;][vc_column][vc_column_text]<\/p>\n<h2>Fechas de inicio y precios del curso de tarde alem\u00e1n 2 d\u00edas \/ semana<\/h2>\n<p>Niveles: A1, A2, B1, B2, C1, C2<br \/>\nFechas\u00a0de comienzo:\u00a0Cada primer lunes de cada mes (si el lunes es festivo, el curso tendr\u00e1 lugar al d\u00eda siguiente).<br \/>\nHorarios\u00a0del curso: Lunes y miercoles o martes y jueves, 17:30-19:00 \/ 19:00-20:30<br \/>\nDuraci\u00f3n del curso: 6 semanas<br \/>\nPrecio del curso: 319 \u20ac<br \/>\n\t<div class=\"vc_btn3-container vc_btn3-inline\">\n\t\t<a href=\"\/es\/inscribete-en-nuestros-cursos-de-aleman-en-vienna\/\" class=\"pgs_btn pgs_btn_style_1 pgs_btn_xl\">\n\t\t\t<span>\n\t\t\t\tInscr\u00edbase\t\t\t<\/span>\n\t\t\t\t\t\t<i class=\"fa fa-external-link\"><\/i>\n\t\t\t\t\t<\/a>\n\t<\/div>\n<h2>Fechas de inicio y precios del curso de tarde alem\u00e1n 5 d\u00edas \/ semana<\/h2>\n<p><strong>Niveles<\/strong>: A1, A2, B1, B2, C1, C2<br \/>\n<strong>Horarios\u00a0del curso:<\/strong>\u00a0de lunes a vierenes, 18:00-21:00 (*a partir de 5 personas 3\u00d760 minutos al d\u00eda,\u00a0con 4 personas 2\u00d760 minutos al d\u00eda)<br \/>\n<strong>Fechas\u00a0de comienzo:<\/strong>\u00a0Cada primer lunes de cada mes (si el lunes es festivo, el curso tendr\u00e1 lugar al d\u00eda siguiente).<br \/>\n<strong>Duraci\u00f3n\u00a0del curso:<\/strong>\u00a04 &#8211; 8 semanas<br \/>\n<strong>Precio\u00a0del curso:<\/strong><br \/>\n1 semana: 199 \u20ac<br \/>\n2 semanas: 349 \u20ac<br \/>\n3 semanas: 449 \u20ac<br \/>\n4 semanas: 499 \u20ac (en vez de de 599 \u20ac)<br \/>\n8 semanas: 998 \u20ac (en vez de 1198 \u20ac)<br \/>\n\t<div class=\"vc_btn3-container vc_btn3-inline\">\n\t\t<a href=\"\/es\/inscribete-en-nuestros-cursos-de-aleman-en-vienna\/\" class=\"pgs_btn pgs_btn_style_1 pgs_btn_xl\">\n\t\t\t<span>\n\t\t\t\tInscr\u00edbase\t\t\t<\/span>\n\t\t\t\t\t\t<i class=\"fa fa-external-link\"><\/i>\n\t\t\t\t\t<\/a>\n\t<\/div>\n<p>[\/vc_column_text][vc_row_inner][vc_column_inner][vc_column_text]<\/p>\n<h2>Cursos de tarde para principiantes y a nivel avanzado\u00a0\u2013 Defina su objetivo<\/h2>\n<p>[\/vc_column_text][\/vc_column_inner][\/vc_row_inner][vc_row_inner][vc_column_inner width=&#8221;1\/2&#8243;][vc_column_text]No importa qu\u00e9 nivel quiera alcanzar, puede hacerlo mediante nuestra escuela de idiomas en Viena. Puede elegir entre cursos de los niveles A1, A2, B1, B2, C1 y C2. Muchos de nuestros participantes tienen incluso conocimientos b\u00e1sicos.<\/p>\n<p>Por eso no es\u00a0siempre f\u00e1cil encontrar el camino correcto. Por esta raz\u00f3n, le ofrecemos una prueba de nivel. No necesita ir a Viena para hacerla, ya que est\u00e1 disponible en l\u00ednea. En base a la prueba, nuestros expertos le asignaran a un curso determinado. Si va a vivir en Viena o est\u00e1 planeando un viaje a la ciudad, <sub>\u00a1<\/sub>entonces es bienvenido![\/vc_column_text][\/vc_column_inner][vc_column_inner width=&#8221;1\/2&#8243;][vc_single_image image=&#8221;33117&#8243; img_size=&#8221;full&#8221;][\/vc_column_inner][\/vc_row_inner][\/vc_column][\/vc_row][vc_row css=&#8221;.vc_custom_1534936076635{padding-top: 15px !important;padding-bottom: 15px !important;}&#8221;][vc_column][vc_column_text]<\/p>\n<h2>Profesores amables y simp\u00e1ticos<\/h2>\n<p><span id=\"result_box\" lang=\"es\">La selecci\u00f3n de nuestros profesores es crucial para nosotros. Por supuesto, son lugare\u00f1os que dominan el idioma a la perfecci\u00f3n y dan ejemplo de adaptaci\u00f3n al ritmo del idioma. Tambi\u00e9n es importante que los profesores sean amables. La mejor forma de aprender es disfrutando del idioma mientras enriquece su vida.<\/span><\/p>\n<h2>Las clases se imparten en grupos peque\u00f1os<\/h2>\n<p>El tama\u00f1o del grupo es un factor importante para aprender un idioma. Si un grupo es grande, hay riesgo de que los estudiantes se distraigan. Por esta raz\u00f3n, nos aseguramos de que los grupos no tengan m\u00e1s de diez estudiantes y, por lo tanto, usted pueda participar de manera m\u00e1s activa a las clases.<\/p>\n<h2>Clases de prueba y prueba de nivel<\/h2>\n<p>Si no est\u00e1 seguro a qu\u00e9 nivel le conviene registrar su clase, puede registrar una clase de ubicaci\u00f3n gratuita antes del curso. Si le gusta la experiencia en la clase o el profesor, puede continuar con las clases. M\u00e1s: antes de asistir a una clase, puede simplemente hacer una prueba de nivel, de modo de saber de antemano de cual clase le conviene participar. Para hacer una prueba de nivel, pase simplemente por nuestra escuela y un profesor experimentado estimar\u00e1 su nivel actual.<\/p>\n<h2>Le ofrecemos m\u00e1s que un curso de idiomas<\/h2>\n<p>Viena es una ciudad hermosa que debe conocer mientras aprende alem\u00e1n. Nuestros maestros organizan reuniones y visitas a la ciudad. As\u00ed puede conocer mejor Viena y socializar con sus colegas.[\/vc_column_text][\/vc_column][\/vc_row]<\/p>\n","protected":false},"excerpt":{"rendered":"<p>[vc_row css=&#8221;.vc_custom_1534935986815{margin-top: 15px !important;padding-bottom: 15px !important;}&#8221;][vc_column][vc_column_text] Cursos de tarde de alem\u00e1n en Viena Hay diferentes opciones de cursos. La mayor\u00eda de los estudiantes que desean aprender alem\u00e1n en Viena optan por un curso de tardes. Aprendes en un peque\u00f1o grupo despu\u00e9s del trabajo en un ambiente relajado. Adem\u00e1s de aprender, te encontrar\u00e1s con gente agradable,&hellip; <a class=\"read-more\" href=\"https:\/\/www.sprachschule-aktiv-wien.at\/es\/cursos-aleman-viena\/cursos-de-tarde-de-aleman\/\" title=\"Read Cursos de tarde de alem\u00e1n en Viena\">Read more &raquo;<\/a><\/p>\n","protected":false},"author":7,"featured_media":0,"parent":3486,"menu_order":0,"comment_status":"closed","ping_status":"closed","template":"","meta":{"footnotes":""},"class_list":["post-3512","page","type-page","status-publish","hentry"],"yoast_head":"<!-- This site is optimized with the Yoast SEO plugin v27.1.1 - https:\/\/yoast.com\/product\/yoast-seo-wordpress\/ -->\n<title>Cursos de tarde de alem\u00e1n en Viena para todos los niveles<\/title>\n<meta name=\"description\" content=\"Cursos de alem\u00e1n por la tarde en Viena para todos los niveles A1, A2, B1, B2, C1, C2. Aprender alem\u00e1n por la tarde con los mejores profesores\" \/>\n<meta name=\"robots\" content=\"index, follow, max-snippet:-1, max-image-preview:large, max-video-preview:-1\" \/>\n<link rel=\"canonical\" href=\"https:\/\/www.sprachschule-aktiv-wien.at\/es\/cursos-aleman-viena\/cursos-de-tarde-de-aleman\/\" \/>\n<meta property=\"og:locale\" content=\"es_ES\" \/>\n<meta property=\"og:type\" content=\"article\" \/>\n<meta property=\"og:title\" content=\"Cursos de tarde de alem\u00e1n en Viena para todos los niveles\" \/>\n<meta property=\"og:description\" content=\"Cursos de alem\u00e1n por la tarde en Viena para todos los niveles A1, A2, B1, B2, C1, C2. Aprender alem\u00e1n por la tarde con los mejores profesores\" \/>\n<meta property=\"og:url\" content=\"https:\/\/www.sprachschule-aktiv-wien.at\/es\/cursos-aleman-viena\/cursos-de-tarde-de-aleman\/\" \/>\n<meta property=\"og:site_name\" content=\"Sprachschule Aktiv Wien\" \/>\n<meta property=\"article:modified_time\" content=\"2024-06-02T20:57:30+00:00\" \/>\n<meta name=\"twitter:label1\" content=\"Tiempo de lectura\" \/>\n\t<meta name=\"twitter:data1\" content=\"4 minutos\" \/>\n<script type=\"application\/ld+json\" class=\"yoast-schema-graph\">{\"@context\":\"https:\/\/schema.org\",\"@graph\":[{\"@type\":\"WebPage\",\"@id\":\"https:\/\/www.sprachschule-aktiv-wien.at\/es\/cursos-aleman-viena\/cursos-de-tarde-de-aleman\/\",\"url\":\"https:\/\/www.sprachschule-aktiv-wien.at\/es\/cursos-aleman-viena\/cursos-de-tarde-de-aleman\/\",\"name\":\"Cursos de tarde de alem\u00e1n en Viena para todos los niveles\",\"isPartOf\":{\"@id\":\"https:\/\/www.sprachschule-aktiv-wien.at\/#website\"},\"datePublished\":\"2017-05-29T13:42:55+00:00\",\"dateModified\":\"2024-06-02T20:57:30+00:00\",\"description\":\"Cursos de alem\u00e1n por la tarde en Viena para todos los niveles A1, A2, B1, B2, C1, C2. Aprender alem\u00e1n por la tarde con los mejores profesores\",\"breadcrumb\":{\"@id\":\"https:\/\/www.sprachschule-aktiv-wien.at\/es\/cursos-aleman-viena\/cursos-de-tarde-de-aleman\/#breadcrumb\"},\"inLanguage\":\"es\",\"potentialAction\":[{\"@type\":\"ReadAction\",\"target\":[\"https:\/\/www.sprachschule-aktiv-wien.at\/es\/cursos-aleman-viena\/cursos-de-tarde-de-aleman\/\"]}]},{\"@type\":\"BreadcrumbList\",\"@id\":\"https:\/\/www.sprachschule-aktiv-wien.at\/es\/cursos-aleman-viena\/cursos-de-tarde-de-aleman\/#breadcrumb\",\"itemListElement\":[{\"@type\":\"ListItem\",\"position\":1,\"name\":\"Home\",\"item\":\"https:\/\/www.sprachschule-aktiv-wien.at\/es\/\"},{\"@type\":\"ListItem\",\"position\":2,\"name\":\"Cursos de alem\u00e1n en Viena para todos los niveles en la escuela de idiomas &#8220;Sprachschule Aktiv&#8221;\",\"item\":\"https:\/\/www.sprachschule-aktiv-wien.at\/es\/cursos-aleman-viena\/\"},{\"@type\":\"ListItem\",\"position\":3,\"name\":\"Cursos de tarde de alem\u00e1n en Viena\"}]},{\"@type\":\"WebSite\",\"@id\":\"https:\/\/www.sprachschule-aktiv-wien.at\/#website\",\"url\":\"https:\/\/www.sprachschule-aktiv-wien.at\/\",\"name\":\"Sprachschule Aktiv Wien\",\"description\":\"\",\"potentialAction\":[{\"@type\":\"SearchAction\",\"target\":{\"@type\":\"EntryPoint\",\"urlTemplate\":\"https:\/\/www.sprachschule-aktiv-wien.at\/?s={search_term_string}\"},\"query-input\":{\"@type\":\"PropertyValueSpecification\",\"valueRequired\":true,\"valueName\":\"search_term_string\"}}],\"inLanguage\":\"es\"}]}<\/script>\n<!-- \/ Yoast SEO plugin. -->","yoast_head_json":{"title":"Cursos de tarde de alem\u00e1n en Viena para todos los niveles","description":"Cursos de alem\u00e1n por la tarde en Viena para todos los niveles A1, A2, B1, B2, C1, C2. Aprender alem\u00e1n por la tarde con los mejores profesores","robots":{"index":"index","follow":"follow","max-snippet":"max-snippet:-1","max-image-preview":"max-image-preview:large","max-video-preview":"max-video-preview:-1"},"canonical":"https:\/\/www.sprachschule-aktiv-wien.at\/es\/cursos-aleman-viena\/cursos-de-tarde-de-aleman\/","og_locale":"es_ES","og_type":"article","og_title":"Cursos de tarde de alem\u00e1n en Viena para todos los niveles","og_description":"Cursos de alem\u00e1n por la tarde en Viena para todos los niveles A1, A2, B1, B2, C1, C2. Aprender alem\u00e1n por la tarde con los mejores profesores","og_url":"https:\/\/www.sprachschule-aktiv-wien.at\/es\/cursos-aleman-viena\/cursos-de-tarde-de-aleman\/","og_site_name":"Sprachschule Aktiv Wien","article_modified_time":"2024-06-02T20:57:30+00:00","twitter_misc":{"Tiempo de lectura":"4 minutos"},"schema":{"@context":"https:\/\/schema.org","@graph":[{"@type":"WebPage","@id":"https:\/\/www.sprachschule-aktiv-wien.at\/es\/cursos-aleman-viena\/cursos-de-tarde-de-aleman\/","url":"https:\/\/www.sprachschule-aktiv-wien.at\/es\/cursos-aleman-viena\/cursos-de-tarde-de-aleman\/","name":"Cursos de tarde de alem\u00e1n en Viena para todos los niveles","isPartOf":{"@id":"https:\/\/www.sprachschule-aktiv-wien.at\/#website"},"datePublished":"2017-05-29T13:42:55+00:00","dateModified":"2024-06-02T20:57:30+00:00","description":"Cursos de alem\u00e1n por la tarde en Viena para todos los niveles A1, A2, B1, B2, C1, C2. Aprender alem\u00e1n por la tarde con los mejores profesores","breadcrumb":{"@id":"https:\/\/www.sprachschule-aktiv-wien.at\/es\/cursos-aleman-viena\/cursos-de-tarde-de-aleman\/#breadcrumb"},"inLanguage":"es","potentialAction":[{"@type":"ReadAction","target":["https:\/\/www.sprachschule-aktiv-wien.at\/es\/cursos-aleman-viena\/cursos-de-tarde-de-aleman\/"]}]},{"@type":"BreadcrumbList","@id":"https:\/\/www.sprachschule-aktiv-wien.at\/es\/cursos-aleman-viena\/cursos-de-tarde-de-aleman\/#breadcrumb","itemListElement":[{"@type":"ListItem","position":1,"name":"Home","item":"https:\/\/www.sprachschule-aktiv-wien.at\/es\/"},{"@type":"ListItem","position":2,"name":"Cursos de alem\u00e1n en Viena para todos los niveles en la escuela de idiomas &#8220;Sprachschule Aktiv&#8221;","item":"https:\/\/www.sprachschule-aktiv-wien.at\/es\/cursos-aleman-viena\/"},{"@type":"ListItem","position":3,"name":"Cursos de tarde de alem\u00e1n en Viena"}]},{"@type":"WebSite","@id":"https:\/\/www.sprachschule-aktiv-wien.at\/#website","url":"https:\/\/www.sprachschule-aktiv-wien.at\/","name":"Sprachschule Aktiv Wien","description":"","potentialAction":[{"@type":"SearchAction","target":{"@type":"EntryPoint","urlTemplate":"https:\/\/www.sprachschule-aktiv-wien.at\/?s={search_term_string}"},"query-input":{"@type":"PropertyValueSpecification","valueRequired":true,"valueName":"search_term_string"}}],"inLanguage":"es"}]}},"_links":{"self":[{"href":"https:\/\/www.sprachschule-aktiv-wien.at\/es\/wp-json\/wp\/v2\/pages\/3512","targetHints":{"allow":["GET"]}}],"collection":[{"href":"https:\/\/www.sprachschule-aktiv-wien.at\/es\/wp-json\/wp\/v2\/pages"}],"about":[{"href":"https:\/\/www.sprachschule-aktiv-wien.at\/es\/wp-json\/wp\/v2\/types\/page"}],"author":[{"embeddable":true,"href":"https:\/\/www.sprachschule-aktiv-wien.at\/es\/wp-json\/wp\/v2\/users\/7"}],"replies":[{"embeddable":true,"href":"https:\/\/www.sprachschule-aktiv-wien.at\/es\/wp-json\/wp\/v2\/comments?post=3512"}],"version-history":[{"count":36,"href":"https:\/\/www.sprachschule-aktiv-wien.at\/es\/wp-json\/wp\/v2\/pages\/3512\/revisions"}],"predecessor-version":[{"id":41501,"href":"https:\/\/www.sprachschule-aktiv-wien.at\/es\/wp-json\/wp\/v2\/pages\/3512\/revisions\/41501"}],"up":[{"embeddable":true,"href":"https:\/\/www.sprachschule-aktiv-wien.at\/es\/wp-json\/wp\/v2\/pages\/3486"}],"wp:attachment":[{"href":"https:\/\/www.sprachschule-aktiv-wien.at\/es\/wp-json\/wp\/v2\/media?parent=3512"}],"curies":[{"name":"wp","href":"https:\/\/api.w.org\/{rel}","templated":true}]}}