{"id":3494,"date":"2017-06-13T07:42:43","date_gmt":"2017-06-13T07:42:43","guid":{"rendered":"https:\/\/www.sprachschule-aktiv-wien.at\/aprende-aleman\/deutsch-intensivkurse\/"},"modified":"2024-06-02T20:57:17","modified_gmt":"2024-06-02T20:57:17","slug":"cursos-intensivos-aleman","status":"publish","type":"page","link":"https:\/\/www.sprachschule-aktiv-wien.at\/es\/cursos-aleman-viena\/cursos-intensivos-aleman\/","title":{"rendered":"Cursos intensivos de alem\u00e1n en Viena \u2013 niveles A1, A2, B1, B2, C1, C2"},"content":{"rendered":"<p>[vc_row css=&#8221;.vc_custom_1534935378840{margin-top: 15px !important;padding-bottom: 15px !important;}&#8221;][vc_column][vc_column_text]<\/p>\n<h1>Cursos intensivos de alem\u00e1n en Viena \u2013 niveles A1, A2, B1, B2, C1, C2<\/h1>\n<p>Si usted desea aprender r\u00e1pidamente del idioma alem\u00e1n, nuestros cursos en Viena son ideales para usted. Dependiendo de los objetivos personales, ofrecemos diferentes cursos y modelos de cursos de alem\u00e1n. Cursos intensivos de alem\u00e1n en Viena \u2013 para todos los niveles A1, A2, B1, B2, C1, C2.<\/p>\n<p><strong>Curso intensivo de alem\u00e1n para principiantes<\/strong>: A1 (A1.1 y A1.2), A2 (A2.1 y A2.2)<br \/>\n<strong>Curso intensivo de alem\u00e1n a nivel intermedio<\/strong>: B1 (B1.1 y B1.2), B2 (B2.1 y B2.2)<br \/>\n<strong>Curso intensivo de alem\u00e1n a nivel avanzado<\/strong>: C1 y C2<\/p>\n<p><a href=\"https:\/\/www.sprachschule-aktiv-wien.at\/wp-content\/uploads\/2021\/03\/cursos-intensivos-de-aleman-en-viena-\u2013-niveles-A1-A2-B1-B2-C1-C2.jpg\"><img decoding=\"async\" class=\"alignnone size-full wp-image-31454\" src=\"https:\/\/www.sprachschule-aktiv-wien.at\/wp-content\/uploads\/2021\/03\/cursos-intensivos-de-aleman-en-viena-\u2013-niveles-A1-A2-B1-B2-C1-C2.jpg\" alt=\"Cursos intensivos de alem\u00e1n en Viena \u2013 niveles A1, A2, B1, B2, C1, C2\" width=\"652\" height=\"472\" srcset=\"https:\/\/www.sprachschule-aktiv-wien.at\/wp-content\/uploads\/2021\/03\/cursos-intensivos-de-aleman-en-viena-\u2013-niveles-A1-A2-B1-B2-C1-C2.jpg 652w, https:\/\/www.sprachschule-aktiv-wien.at\/wp-content\/uploads\/2021\/03\/cursos-intensivos-de-aleman-en-viena-\u2013-niveles-A1-A2-B1-B2-C1-C2-300x217.jpg 300w\" sizes=\"(max-width: 652px) 100vw, 652px\" \/><\/a>[\/vc_column_text][\/vc_column][\/vc_row][vc_row full_width=&#8221;stretch_row&#8221; css=&#8221;.vc_custom_1534935432131{padding-top: 15px !important;padding-bottom: 15px !important;background-color: #f9f9f9 !important;}&#8221;][vc_column][vc_column_text]<\/p>\n<h2>Curso intensivo en Viena para principiantes y avanzados<\/h2>\n<p>Ofrecemos cursos para todos los niveles. Sin conocimientos previos, comienza con el curso para principiantes. En el caso del conocimiento previo de la asignatura, el nivel est\u00e1 configurado para asignar un curso. Para determinar su nivel de idioma actual, puede realizar una prueba de nivel. Si no vive en Viena, puede tomar el examen desde casa. Si desea conocer nuestra escuela, vis\u00edtenos.<\/p>\n\t<div class=\"vc_btn3-container vc_btn3-inline\">\n\t\t<a href=\"\/es\/contactar\/\" class=\"pgs_btn pgs_btn_style_1 pgs_btn_xl\">\n\t\t\t<span>\n\t\t\t\tCont\u00e1ctenos\t\t\t<\/span>\n\t\t\t\t\t\t<i class=\"fa fa-external-link\"><\/i>\n\t\t\t\t\t<\/a>\n\t<\/div>\n\t\n<div class=\"BorlabsCookie _brlbs-cb-youtube\"><div class=\"_brlbs-content-blocker\"> <div class=\"_brlbs-embed _brlbs-video-youtube\"> <img class=\"_brlbs-thumbnail\" src=\"https:\/\/www.sprachschule-aktiv-wien.at\/wp-content\/plugins\/borlabs-cookie\/assets\/images\/cb-no-thumbnail.png\" alt=\"YouTube\"> <div class=\"_brlbs-caption\"> <p>Mit dem Laden des Videos akzeptieren Sie die Datenschutzerkl\u00e4rung von YouTube.<br><a href=\"https:\/\/policies.google.com\/privacy\" target=\"_blank\" rel=\"nofollow noopener noreferrer\">Mehr erfahren<\/a><\/p> <p><a class=\"_brlbs-btn _brlbs-icon-play-white\" href=\"#\" data-borlabs-cookie-unblock role=\"button\">Video laden<\/a><\/p> <p><label><input type=\"checkbox\" name=\"unblockAll\" value=\"1\" checked> <small>YouTube immer entsperren<\/small><\/label><\/p> <\/div> <\/div> <\/div><div class=\"borlabs-hide\" data-borlabs-cookie-type=\"content-blocker\" data-borlabs-cookie-id=\"youtube\"><script type=\"text\/template\">PHA+PGlmcmFtZSBzcmM9Imh0dHBzOi8vd3d3LnlvdXR1YmUtbm9jb29raWUuY29tL2VtYmVkL1h6SUl6em00SmFZIiB3aWR0aD0iMTAwJSIgaGVpZ2h0PSIzNDAiIGZyYW1lYm9yZGVyPSIwIiBhbGxvd2Z1bGxzY3JlZW49ImFsbG93ZnVsbHNjcmVlbiI+PC9pZnJhbWU+PC9wPg==<\/script><\/div><\/div>\n<p>[\/vc_column_text][\/vc_column][\/vc_row][vc_row css=&#8221;.vc_custom_1534935470725{padding-top: 15px !important;padding-bottom: 15px !important;}&#8221;][vc_column][vc_column_text]<\/p>\n<h2>Nuestros cursos intensivos por la ma\u00f1ana<\/h2>\n<p><strong>Niveles<\/strong>: A1, A2, B1, B2, C1, C2<br \/>\n<strong>Horarios\u00a0del curso:<\/strong>\u00a0de lunes a vierenes, 08:00-11:00 \/ 11:00-14:00 \/ 14:00-17:00 \/18:00-21:00 (*a partir de 5 personas 3\u00d760 minutos al d\u00eda,\u00a0con 4 personas 2\u00d760 minutos al d\u00eda)<br \/>\n<strong>Fechas\u00a0de comienzo:<\/strong>\u00a0Cada primer lunes de cada mes (si el lunes es festivo, el curso tendr\u00e1 lugar al d\u00eda siguiente).<br \/>\n<strong>Duraci\u00f3n\u00a0del curso:<\/strong>\u00a04 -8 semanas<br \/>\n<strong>Precio\u00a0del curso:<\/strong><br \/>\n1 semana: 199 \u20ac<br \/>\n2 semanas: 349 \u20ac<br \/>\n3 semanas: 449 \u20ac<br \/>\n4 semanas: 499 \u20ac (en vez de de 599 \u20ac)<br \/>\n8 semanas: 998 \u20ac (en vez de 1198 \u20ac)<br \/>\n\t<div class=\"vc_btn3-container vc_btn3-inline\">\n\t\t<a href=\"\/es\/inscribete-en-nuestros-cursos-de-aleman-en-vienna\/\" class=\"pgs_btn pgs_btn_style_1 pgs_btn_xl\">\n\t\t\t<span>\n\t\t\t\tInscr\u00edbase\t\t\t<\/span>\n\t\t\t\t\t\t<i class=\"fa fa-external-link\"><\/i>\n\t\t\t\t\t<\/a>\n\t<\/div>\n<h2>Sus ventajas<\/h2>\n<p>Si no est\u00e1 seguro a qu\u00e9 nivel le conviene registrar su clase, puede registrar una clase de ubicaci\u00f3n gratuita antes del curso. Si le gusta la experiencia en la clase o el profesor, puede continuar con las clases. En caso de encontrarse con dificultades durante el curso, h\u00e1znoslo saber.<\/p>\n<p>Por supuesto, le daremos un certificado despu\u00e9s de que haya acabado el curso. Si hace las pruebas de alem\u00e1n como lengua extranjera (por ejemplo la prueba del \u00d6IF, \u00d6SD, del Instituto Goethe o EPD), tambi\u00e9n recibir\u00e1 un certificado. Nuestros cursos lo preparan para estudiar en una universidad de lengua alemana en Austria.<\/p>\n<p>Nuestros cursos son reconocidos para la emisi\u00f3n de una visa Schengen por aprender alem\u00e1n. La ense\u00f1anza ocurre con maestros locales. Al elegir a nuestros profesores de idiomas, nos aseguramos de que sean nativos, as\u00ed como amables y agradables. Las lecciones son divertidas y avanzan r\u00e1pido.[\/vc_column_text][\/vc_column][\/vc_row]<\/p>\n","protected":false},"excerpt":{"rendered":"<p>[vc_row css=&#8221;.vc_custom_1534935378840{margin-top: 15px !important;padding-bottom: 15px !important;}&#8221;][vc_column][vc_column_text] Cursos intensivos de alem\u00e1n en Viena \u2013 niveles A1, A2, B1, B2, C1, C2 Si usted desea aprender r\u00e1pidamente del idioma alem\u00e1n, nuestros cursos en Viena son ideales para usted. Dependiendo de los objetivos personales, ofrecemos diferentes cursos y modelos de cursos de alem\u00e1n. Cursos intensivos de alem\u00e1n en&hellip; <a class=\"read-more\" href=\"https:\/\/www.sprachschule-aktiv-wien.at\/es\/cursos-aleman-viena\/cursos-intensivos-aleman\/\" title=\"Read Cursos intensivos de alem\u00e1n en Viena \u2013 niveles A1, A2, B1, B2, C1, C2\">Read more &raquo;<\/a><\/p>\n","protected":false},"author":7,"featured_media":0,"parent":3486,"menu_order":0,"comment_status":"closed","ping_status":"closed","template":"","meta":{"footnotes":""},"class_list":["post-3494","page","type-page","status-publish","hentry"],"yoast_head":"<!-- This site is optimized with the Yoast SEO plugin v27.1.1 - https:\/\/yoast.com\/product\/yoast-seo-wordpress\/ -->\n<title>Cursos intensivos de alem\u00e1n - A1, A2, B1, B2, C1, C2<\/title>\n<meta name=\"description\" content=\"\u00bfQuiere instalarse en Austria por estudio o trabajo? Le ofrecemos cursos de preparaci\u00f3n de alem\u00e1n en Viena para su estad\u00eda en Austria\" \/>\n<meta name=\"robots\" content=\"index, follow, max-snippet:-1, max-image-preview:large, max-video-preview:-1\" \/>\n<link rel=\"canonical\" href=\"https:\/\/www.sprachschule-aktiv-wien.at\/es\/cursos-aleman-viena\/cursos-intensivos-aleman\/\" \/>\n<meta property=\"og:locale\" content=\"es_ES\" \/>\n<meta property=\"og:type\" content=\"article\" \/>\n<meta property=\"og:title\" content=\"Cursos intensivos de alem\u00e1n - A1, A2, B1, B2, C1, C2\" \/>\n<meta property=\"og:description\" content=\"\u00bfQuiere instalarse en Austria por estudio o trabajo? Le ofrecemos cursos de preparaci\u00f3n de alem\u00e1n en Viena para su estad\u00eda en Austria\" \/>\n<meta property=\"og:url\" content=\"https:\/\/www.sprachschule-aktiv-wien.at\/es\/cursos-aleman-viena\/cursos-intensivos-aleman\/\" \/>\n<meta property=\"og:site_name\" content=\"Sprachschule Aktiv Wien\" \/>\n<meta property=\"article:modified_time\" content=\"2024-06-02T20:57:17+00:00\" \/>\n<meta name=\"twitter:label1\" content=\"Tiempo de lectura\" \/>\n\t<meta name=\"twitter:data1\" content=\"3 minutos\" \/>\n<script type=\"application\/ld+json\" class=\"yoast-schema-graph\">{\"@context\":\"https:\/\/schema.org\",\"@graph\":[{\"@type\":\"WebPage\",\"@id\":\"https:\/\/www.sprachschule-aktiv-wien.at\/es\/cursos-aleman-viena\/cursos-intensivos-aleman\/\",\"url\":\"https:\/\/www.sprachschule-aktiv-wien.at\/es\/cursos-aleman-viena\/cursos-intensivos-aleman\/\",\"name\":\"Cursos intensivos de alem\u00e1n - A1, A2, B1, B2, C1, C2\",\"isPartOf\":{\"@id\":\"https:\/\/www.sprachschule-aktiv-wien.at\/#website\"},\"datePublished\":\"2017-06-13T07:42:43+00:00\",\"dateModified\":\"2024-06-02T20:57:17+00:00\",\"description\":\"\u00bfQuiere instalarse en Austria por estudio o trabajo? Le ofrecemos cursos de preparaci\u00f3n de alem\u00e1n en Viena para su estad\u00eda en Austria\",\"breadcrumb\":{\"@id\":\"https:\/\/www.sprachschule-aktiv-wien.at\/es\/cursos-aleman-viena\/cursos-intensivos-aleman\/#breadcrumb\"},\"inLanguage\":\"es\",\"potentialAction\":[{\"@type\":\"ReadAction\",\"target\":[\"https:\/\/www.sprachschule-aktiv-wien.at\/es\/cursos-aleman-viena\/cursos-intensivos-aleman\/\"]}]},{\"@type\":\"BreadcrumbList\",\"@id\":\"https:\/\/www.sprachschule-aktiv-wien.at\/es\/cursos-aleman-viena\/cursos-intensivos-aleman\/#breadcrumb\",\"itemListElement\":[{\"@type\":\"ListItem\",\"position\":1,\"name\":\"Home\",\"item\":\"https:\/\/www.sprachschule-aktiv-wien.at\/es\/\"},{\"@type\":\"ListItem\",\"position\":2,\"name\":\"Cursos de alem\u00e1n en Viena para todos los niveles en la escuela de idiomas &#8220;Sprachschule Aktiv&#8221;\",\"item\":\"https:\/\/www.sprachschule-aktiv-wien.at\/es\/cursos-aleman-viena\/\"},{\"@type\":\"ListItem\",\"position\":3,\"name\":\"Cursos intensivos de alem\u00e1n en Viena \u2013 niveles A1, A2, B1, B2, C1, C2\"}]},{\"@type\":\"WebSite\",\"@id\":\"https:\/\/www.sprachschule-aktiv-wien.at\/#website\",\"url\":\"https:\/\/www.sprachschule-aktiv-wien.at\/\",\"name\":\"Sprachschule Aktiv Wien\",\"description\":\"\",\"potentialAction\":[{\"@type\":\"SearchAction\",\"target\":{\"@type\":\"EntryPoint\",\"urlTemplate\":\"https:\/\/www.sprachschule-aktiv-wien.at\/?s={search_term_string}\"},\"query-input\":{\"@type\":\"PropertyValueSpecification\",\"valueRequired\":true,\"valueName\":\"search_term_string\"}}],\"inLanguage\":\"es\"}]}<\/script>\n<!-- \/ Yoast SEO plugin. -->","yoast_head_json":{"title":"Cursos intensivos de alem\u00e1n - A1, A2, B1, B2, C1, C2","description":"\u00bfQuiere instalarse en Austria por estudio o trabajo? Le ofrecemos cursos de preparaci\u00f3n de alem\u00e1n en Viena para su estad\u00eda en Austria","robots":{"index":"index","follow":"follow","max-snippet":"max-snippet:-1","max-image-preview":"max-image-preview:large","max-video-preview":"max-video-preview:-1"},"canonical":"https:\/\/www.sprachschule-aktiv-wien.at\/es\/cursos-aleman-viena\/cursos-intensivos-aleman\/","og_locale":"es_ES","og_type":"article","og_title":"Cursos intensivos de alem\u00e1n - A1, A2, B1, B2, C1, C2","og_description":"\u00bfQuiere instalarse en Austria por estudio o trabajo? Le ofrecemos cursos de preparaci\u00f3n de alem\u00e1n en Viena para su estad\u00eda en Austria","og_url":"https:\/\/www.sprachschule-aktiv-wien.at\/es\/cursos-aleman-viena\/cursos-intensivos-aleman\/","og_site_name":"Sprachschule Aktiv Wien","article_modified_time":"2024-06-02T20:57:17+00:00","twitter_misc":{"Tiempo de lectura":"3 minutos"},"schema":{"@context":"https:\/\/schema.org","@graph":[{"@type":"WebPage","@id":"https:\/\/www.sprachschule-aktiv-wien.at\/es\/cursos-aleman-viena\/cursos-intensivos-aleman\/","url":"https:\/\/www.sprachschule-aktiv-wien.at\/es\/cursos-aleman-viena\/cursos-intensivos-aleman\/","name":"Cursos intensivos de alem\u00e1n - A1, A2, B1, B2, C1, C2","isPartOf":{"@id":"https:\/\/www.sprachschule-aktiv-wien.at\/#website"},"datePublished":"2017-06-13T07:42:43+00:00","dateModified":"2024-06-02T20:57:17+00:00","description":"\u00bfQuiere instalarse en Austria por estudio o trabajo? Le ofrecemos cursos de preparaci\u00f3n de alem\u00e1n en Viena para su estad\u00eda en Austria","breadcrumb":{"@id":"https:\/\/www.sprachschule-aktiv-wien.at\/es\/cursos-aleman-viena\/cursos-intensivos-aleman\/#breadcrumb"},"inLanguage":"es","potentialAction":[{"@type":"ReadAction","target":["https:\/\/www.sprachschule-aktiv-wien.at\/es\/cursos-aleman-viena\/cursos-intensivos-aleman\/"]}]},{"@type":"BreadcrumbList","@id":"https:\/\/www.sprachschule-aktiv-wien.at\/es\/cursos-aleman-viena\/cursos-intensivos-aleman\/#breadcrumb","itemListElement":[{"@type":"ListItem","position":1,"name":"Home","item":"https:\/\/www.sprachschule-aktiv-wien.at\/es\/"},{"@type":"ListItem","position":2,"name":"Cursos de alem\u00e1n en Viena para todos los niveles en la escuela de idiomas &#8220;Sprachschule Aktiv&#8221;","item":"https:\/\/www.sprachschule-aktiv-wien.at\/es\/cursos-aleman-viena\/"},{"@type":"ListItem","position":3,"name":"Cursos intensivos de alem\u00e1n en Viena \u2013 niveles A1, A2, B1, B2, C1, C2"}]},{"@type":"WebSite","@id":"https:\/\/www.sprachschule-aktiv-wien.at\/#website","url":"https:\/\/www.sprachschule-aktiv-wien.at\/","name":"Sprachschule Aktiv Wien","description":"","potentialAction":[{"@type":"SearchAction","target":{"@type":"EntryPoint","urlTemplate":"https:\/\/www.sprachschule-aktiv-wien.at\/?s={search_term_string}"},"query-input":{"@type":"PropertyValueSpecification","valueRequired":true,"valueName":"search_term_string"}}],"inLanguage":"es"}]}},"_links":{"self":[{"href":"https:\/\/www.sprachschule-aktiv-wien.at\/es\/wp-json\/wp\/v2\/pages\/3494","targetHints":{"allow":["GET"]}}],"collection":[{"href":"https:\/\/www.sprachschule-aktiv-wien.at\/es\/wp-json\/wp\/v2\/pages"}],"about":[{"href":"https:\/\/www.sprachschule-aktiv-wien.at\/es\/wp-json\/wp\/v2\/types\/page"}],"author":[{"embeddable":true,"href":"https:\/\/www.sprachschule-aktiv-wien.at\/es\/wp-json\/wp\/v2\/users\/7"}],"replies":[{"embeddable":true,"href":"https:\/\/www.sprachschule-aktiv-wien.at\/es\/wp-json\/wp\/v2\/comments?post=3494"}],"version-history":[{"count":82,"href":"https:\/\/www.sprachschule-aktiv-wien.at\/es\/wp-json\/wp\/v2\/pages\/3494\/revisions"}],"predecessor-version":[{"id":42417,"href":"https:\/\/www.sprachschule-aktiv-wien.at\/es\/wp-json\/wp\/v2\/pages\/3494\/revisions\/42417"}],"up":[{"embeddable":true,"href":"https:\/\/www.sprachschule-aktiv-wien.at\/es\/wp-json\/wp\/v2\/pages\/3486"}],"wp:attachment":[{"href":"https:\/\/www.sprachschule-aktiv-wien.at\/es\/wp-json\/wp\/v2\/media?parent=3494"}],"curies":[{"name":"wp","href":"https:\/\/api.w.org\/{rel}","templated":true}]}}