{"id":3478,"date":"2015-02-12T08:43:10","date_gmt":"2015-02-12T08:43:10","guid":{"rendered":"https:\/\/www.sprachschule-aktiv-wien.at\/sprachschule-wien-deutsch-und-fremdsprachen-lernen-sprachkurse-fuer-fremdsprachen\/"},"modified":"2021-09-07T11:20:05","modified_gmt":"2021-09-07T11:20:05","slug":"aprender-aleman-en-viena-escuela-de-idiomas-para-cursos-de-aleman","status":"publish","type":"page","link":"https:\/\/www.sprachschule-aktiv-wien.at\/es\/","title":{"rendered":"Aprender alem\u00e1n en Viena \u2013 Escuela de idiomas para cursos de alem\u00e1n"},"content":{"rendered":"<p>[vc_row full_width=&#8221;stretch_row_content_no_spaces&#8221; equal_height=&#8221;yes&#8221; tc_enable_overlay=&#8221;true&#8221;][vc_column][vc_single_image image=&#8221;28240&#8243; img_size=&#8221;full&#8221;][\/vc_column][\/vc_row][vc_row css=&#8221;.vc_custom_1534933751586{margin-top: 15px !important;padding-bottom: 15px !important;}&#8221;][vc_column][vc_column_text]<\/p>\n<h1>Aprender alem\u00e1n en Viena \u2013 Escuela de idiomas para cursos de alem\u00e1n<\/h1>\n<p>Viena es una de las ciudades m\u00e1s bonitas de habla alemana. No s\u00f3lo puede disfrutar de la cultura austr\u00edaca, tambi\u00e9n podr\u00e1 aprender alem\u00e1n. Tenemos varias modalidades de cursos de alem\u00e1n para todos los niveles.[\/vc_column_text][vc_row_inner][vc_column_inner width=&#8221;1\/2&#8243;][vc_column_text]<div class=\"BorlabsCookie _brlbs-cb-youtube\"><div class=\"_brlbs-content-blocker\"> <div class=\"_brlbs-embed _brlbs-video-youtube\"> <img class=\"_brlbs-thumbnail\" src=\"https:\/\/www.sprachschule-aktiv-wien.at\/wp-content\/plugins\/borlabs-cookie\/assets\/images\/cb-no-thumbnail.png\" alt=\"YouTube\"> <div class=\"_brlbs-caption\"> <p>Mit dem Laden des Videos akzeptieren Sie die Datenschutzerkl\u00e4rung von YouTube.<br><a href=\"https:\/\/policies.google.com\/privacy\" target=\"_blank\" rel=\"nofollow noopener noreferrer\">Mehr erfahren<\/a><\/p> <p><a class=\"_brlbs-btn _brlbs-icon-play-white\" href=\"#\" data-borlabs-cookie-unblock role=\"button\">Video laden<\/a><\/p> <p><label><input type=\"checkbox\" name=\"unblockAll\" value=\"1\" checked> <small>YouTube immer entsperren<\/small><\/label><\/p> <\/div> <\/div> <\/div><div class=\"borlabs-hide\" data-borlabs-cookie-type=\"content-blocker\" data-borlabs-cookie-id=\"youtube\"><script type=\"text\/template\">PGlmcmFtZSBzcmM9Imh0dHBzOi8vd3d3LnlvdXR1YmUtbm9jb29raWUuY29tL2VtYmVkL1h6SUl6em00SmFZIiB3aWR0aD0iMTAwJSIgaGVpZ2h0PSIzMTUiIGZyYW1lYm9yZGVyPSIwIiBhbGxvd2Z1bGxzY3JlZW49ImFsbG93ZnVsbHNjcmVlbiI+PC9pZnJhbWU+<\/script><\/div><\/div>[\/vc_column_text][\/vc_column_inner][vc_column_inner width=&#8221;1\/2&#8243;][vc_column_text]<div class=\"BorlabsCookie _brlbs-cb-youtube\"><div class=\"_brlbs-content-blocker\"> <div class=\"_brlbs-embed _brlbs-video-youtube\"> <img class=\"_brlbs-thumbnail\" src=\"https:\/\/www.sprachschule-aktiv-wien.at\/wp-content\/plugins\/borlabs-cookie\/assets\/images\/cb-no-thumbnail.png\" alt=\"YouTube\"> <div class=\"_brlbs-caption\"> <p>Mit dem Laden des Videos akzeptieren Sie die Datenschutzerkl\u00e4rung von YouTube.<br><a href=\"https:\/\/policies.google.com\/privacy\" target=\"_blank\" rel=\"nofollow noopener noreferrer\">Mehr erfahren<\/a><\/p> <p><a class=\"_brlbs-btn _brlbs-icon-play-white\" href=\"#\" data-borlabs-cookie-unblock role=\"button\">Video laden<\/a><\/p> <p><label><input type=\"checkbox\" name=\"unblockAll\" value=\"1\" checked> <small>YouTube immer entsperren<\/small><\/label><\/p> <\/div> <\/div> <\/div><div class=\"borlabs-hide\" data-borlabs-cookie-type=\"content-blocker\" data-borlabs-cookie-id=\"youtube\"><script type=\"text\/template\">PGlmcmFtZSBzcmM9Imh0dHBzOi8vd3d3LnlvdXR1YmUtbm9jb29raWUuY29tL2VtYmVkL09tbERYMXJETC13IiB3aWR0aD0iMTAwJSIgaGVpZ2h0PSIzMTUiIGZyYW1lYm9yZGVyPSIwIiBhbGxvd2Z1bGxzY3JlZW49ImFsbG93ZnVsbHNjcmVlbiI+PC9pZnJhbWU+<\/script><\/div><\/div>[\/vc_column_text][\/vc_column_inner][\/vc_row_inner][\/vc_column][\/vc_row][vc_row full_width=&#8221;stretch_row&#8221; css=&#8221;.vc_custom_1534933833421{padding-top: 15px !important;padding-bottom: 15px !important;background-color: #f9f9f9 !important;}&#8221;][vc_column][vc_column_text]<\/p>\n<h2>Cursos de alem\u00e1n para principiantes y para avanzados<\/h2>\n<p>Cual sea su nivel u objetivo, ofrecemos el curso adecuado para usted! Tenemos cursos disponibles para los niveles A1, A2, B1, B2, C1 y C2.<\/p>\n<h2>Cursos intensivos de alem\u00e1n A1 a C2\u00a0<strong>\u2013 <\/strong>Los niveles\u00a0siguientes de idioma est\u00e1n disponibles<\/h2>\n<p>Principiantes: A1, A2<br \/>\nIntermedio: B1, B2<br \/>\nAvanzado: C1, C2<\/p>\n<h2>Nuestro curso intensivo en Viena<\/h2>\n<p>Normalmente las clases son por la ma\u00f1ana, todos los d\u00edas de las 08:00 las 11:00 \/ de las 11:00 las 14:00 y todas las tardes de las 17:30 a las 19:00 \/ de las 19:00 a las 20:30, para el curso de alem\u00e1n seleccionado. Por la tarde puede hacer un seguimiento de la materia o ver la magn\u00edfica ciudad. El curso de iniciaci\u00f3n empieza el primer lunes de cada mes. La duraci\u00f3n de cada lecci\u00f3n es muy flexible: puede hacer durar el curso de 1 a 48 semanas (1 a 12 meses).<\/p>\n<p>[\/vc_column_text][vc_single_image image=&#8221;36409&#8243; img_size=&#8221;full&#8221;][\/vc_column][\/vc_row][vc_row css=&#8221;.vc_custom_1534934164655{padding-top: 15px !important;padding-bottom: 15px !important;}&#8221;][vc_column][vc_column_text]<\/p>\n<h2>Las lecciones son impartidas en grupos peque\u00f1os<\/h2>\n<p>Un factor clave para un aprendizaje \u00f3ptimo es mantener los grupos peque\u00f1os. Cuanto m\u00e1s peque\u00f1o sea el grupo, m\u00e1s preguntas se pueden hacer y m\u00e1s dudas resolver. Avanze r\u00e1pidamente beneficiando de correcciones por el camino. Por eso, nos aseguramos que el grupo no exceda los 10 participantes.<\/p>\n<h2>Otro factor clave: el profesor<\/h2>\n<p>No s\u00f3lo el tama\u00f1o del grupo, sino tambi\u00e9n el profesor es un factor clave para aprender eficazmente. No nos tomamos a la ligera la elecci\u00f3n de los profesores. Lo importante es, por supuesto, que sean hablantes nativos y que tengan aptitud pedag\u00f3gica, adem\u00e1s de una personalidad amable que pueda motivar a los alumnos y estimular a los colegas. De esta manera puede conversar en alem\u00e1n divirti\u00e9ndose.<br \/>\n[\/vc_column_text][vc_row_inner][vc_column_inner][vc_column_text]<\/p>\n<h2>Asista a nuestros cursos sin ning\u00fan riesgo<\/h2>\n<p>[\/vc_column_text][\/vc_column_inner][\/vc_row_inner][vc_row_inner][vc_column_inner width=&#8221;1\/2&#8243;][vc_column_text]Por supuesto, es importante que asista al curso adecuado para su nivel. Por eso ofrecemos un examen de nivel gratuito para asignarle al grupo mejor adaptado a sus necesidades. Puede hacer el examen de forma presencial u online. Aprender\u00e1 r\u00e1pidamente, ya que ser\u00e1 exigido en la medida adecuada para su nivel.<\/p>\n<p>El comienzo de un curso es sin riesgo para usted: Si no est\u00e1 seguro a qu\u00e9 nivel le conviene registrar su clase, puede registrar una clase de ubicaci\u00f3n gratuita antes del curso. Si le gusta la experiencia en la clase o el profesor, puede continuar con las clases. En caso de encontrarse con dificultades durante el curso, h\u00e1znoslo saber.[\/vc_column_text][\/vc_column_inner][vc_column_inner width=&#8221;1\/2&#8243;][vc_single_image image=&#8221;33117&#8243; img_size=&#8221;full&#8221;][\/vc_column_inner][\/vc_row_inner][\/vc_column][\/vc_row][vc_row css=&#8221;.vc_custom_1534934126860{padding-top: 15px !important;padding-bottom: 15px !important;}&#8221;][vc_column][vc_column_text]<\/p>\n<h2>Si viene a Austria y necesita una visa, le ayudamos \u2013 curso de alem\u00e1n con visa<\/h2>\n<p>Si quiere estudiar en Austria y no es ciudadano de la Uni\u00f3n Europea, necesita una visa. Le ayudamos a conseguir un visado. Es dif\u00edcil rellenar correctamente los documentos para la obtenci\u00f3n de una visa, por lo tanto, participando en este curso, nosotros le ayudamos a venir a Austria sin ning\u00fan problema.<\/p>\n<h2>Nuestra escuela se encuentra en el centro de Viena<\/h2>\n<p>Es f\u00e1cil llegar a nuestra escuela ya sea en coche o en transportes p\u00fablicos.<\/p>\n<div class=\"BorlabsCookie _brlbs-cb-googlemaps\"><div class=\"_brlbs-content-blocker\"> <div class=\"_brlbs-embed _brlbs-google-maps\"> <img class=\"_brlbs-thumbnail\" src=\"https:\/\/www.sprachschule-aktiv-wien.at\/wp-content\/plugins\/borlabs-cookie\/assets\/images\/cb-maps.png\" alt=\"Google Maps\"> <div class=\"_brlbs-caption\"> <p>Mit dem Laden der Karte akzeptieren Sie die Datenschutzerkl\u00e4rung von Google.<br><a href=\"https:\/\/policies.google.com\/privacy\" target=\"_blank\" rel=\"nofollow noopener noreferrer\">Mehr erfahren<\/a><\/p> <p><a class=\"_brlbs-btn\" href=\"#\" data-borlabs-cookie-unblock role=\"button\">Karte laden<\/a><\/p> <p><label><input type=\"checkbox\" name=\"unblockAll\" value=\"1\" checked> <small>Google Maps immer entsperren<\/small><\/label><\/p> <\/div> <\/div> <\/div><div class=\"borlabs-hide\" data-borlabs-cookie-type=\"content-blocker\" data-borlabs-cookie-id=\"googlemaps\"><script type=\"text\/template\">PHA+PGlmcmFtZSBzdHlsZT0iYm9yZGVyOiAwOyIgc3JjPSJodHRwczovL3d3dy5nb29nbGUuY29tL21hcHMvZW1iZWQ\/cGI9ITFtMTghMW0xMiExbTMhMWQyNjU5LjQwNzQxNzY5MDU1MyEyZDE2LjM2MzYzOTI1MTQ0NTI3OCEzZDQ4LjE5ODc2Nzk1NDc3Mzc2ITJtMyExZjAhMmYwITNmMCEzbTIhMWkxMDI0ITJpNzY4ITRmMTMuMSEzbTMhMW0yITFzMHg0NzZkMDc4NDlkZTIwMDcxJTNBMHg5MTlkMzcxZTEwYzQ1ODA4ITJzRmF1bG1hbm5nYXNzZSUyMDQlMkMlMjAxMDQwJTIwV2llbiUyQyUyMEF1c3RyaWEhNWUwITNtMiExc2VuITJzZGUhNHYxNTc1MDI4NjI4MjIyITVtMiExc2VuITJzZGUiIHdpZHRoPSIxMDAlIiBoZWlnaHQ9IjQwMCIgZnJhbWVib3JkZXI9IjAiIGFsbG93ZnVsbHNjcmVlbj0iYWxsb3dmdWxsc2NyZWVuIj48L2lmcmFtZT48L3A+<\/script><\/div><\/div>\n<h2>Aprender idiomas y m\u00e1s<\/h2>\n<p>Los profesores no s\u00f3lo le ense\u00f1an el idioma, tambi\u00e9n preparan actividades y excursiones para experimentar la cultura austr\u00edaca. Viena es una ciudad muy bonita con una infinidad de monumentos para descubrir. Los profesores no s\u00f3lo son pedagogos, sino que tambi\u00e9n le transmiten el estilo de vida alem\u00e1n, particularmente el austr\u00edaco.<\/p>\n<h3>Pru\u00e9banos<\/h3>\n<p>\u00bfQuiere aprender alem\u00e1n en la maravillosa ciudad de Viena?<br \/>\nRegistrase ahora. Sin ning\u00fan riesgo\u00a0 Si no est\u00e1 seguro a qu\u00e9 nivel le conviene registrar su clase, puede registrar una clase de ubicaci\u00f3n gratuita antes del curso. Si le gusta la experiencia en la clase o el profesor, puede continuar con las clases. En caso de encontrarse con dificultades durante el curso, h\u00e1znoslo saber..[\/vc_column_text][\/vc_column][\/vc_row]<\/p>\n","protected":false},"excerpt":{"rendered":"<p>[vc_row full_width=&#8221;stretch_row_content_no_spaces&#8221; equal_height=&#8221;yes&#8221; tc_enable_overlay=&#8221;true&#8221;][vc_column][vc_single_image image=&#8221;28240&#8243; img_size=&#8221;full&#8221;][\/vc_column][\/vc_row][vc_row css=&#8221;.vc_custom_1534933751586{margin-top: 15px !important;padding-bottom: 15px !important;}&#8221;][vc_column][vc_column_text] Aprender alem\u00e1n en Viena \u2013 Escuela de idiomas para cursos de alem\u00e1n Viena es una de las ciudades m\u00e1s bonitas de habla alemana. No s\u00f3lo puede disfrutar de la cultura austr\u00edaca, tambi\u00e9n podr\u00e1 aprender alem\u00e1n. Tenemos varias modalidades de cursos de alem\u00e1n para todos&hellip; <a class=\"read-more\" href=\"https:\/\/www.sprachschule-aktiv-wien.at\/es\/\" title=\"Read Aprender alem\u00e1n en Viena \u2013 Escuela de idiomas para cursos de alem\u00e1n\">Read more &raquo;<\/a><\/p>\n","protected":false},"author":7,"featured_media":0,"parent":0,"menu_order":0,"comment_status":"closed","ping_status":"closed","template":"","meta":{"footnotes":""},"class_list":["post-3478","page","type-page","status-publish","hentry"],"yoast_head":"<!-- This site is optimized with the Yoast SEO plugin v27.1.1 - https:\/\/yoast.com\/product\/yoast-seo-wordpress\/ -->\n<title>Aprender alem\u00e1n en Viena - Escuela para cursos de alem\u00e1n<\/title>\n<meta name=\"description\" content=\"Aprender alem\u00e1n en Viena con los mejores profesores. Nuestra escuela de alem\u00e1n queda directo en el centro. Cursos econ\u00f3micos!\" \/>\n<meta name=\"robots\" content=\"index, follow, max-snippet:-1, max-image-preview:large, max-video-preview:-1\" \/>\n<link rel=\"canonical\" href=\"https:\/\/www.sprachschule-aktiv-wien.at\/es\/\" \/>\n<meta property=\"og:locale\" content=\"es_ES\" \/>\n<meta property=\"og:type\" content=\"article\" \/>\n<meta property=\"og:title\" content=\"Aprender alem\u00e1n en Viena - Escuela para cursos de alem\u00e1n\" \/>\n<meta property=\"og:description\" content=\"Aprender alem\u00e1n en Viena con los mejores profesores. Nuestra escuela de alem\u00e1n queda directo en el centro. Cursos econ\u00f3micos!\" \/>\n<meta property=\"og:url\" content=\"https:\/\/www.sprachschule-aktiv-wien.at\/es\/\" \/>\n<meta property=\"og:site_name\" content=\"Sprachschule Aktiv Wien\" \/>\n<meta property=\"article:modified_time\" content=\"2021-09-07T11:20:05+00:00\" \/>\n<meta name=\"twitter:label1\" content=\"Tiempo de lectura\" \/>\n\t<meta name=\"twitter:data1\" content=\"4 minutos\" \/>\n<script type=\"application\/ld+json\" class=\"yoast-schema-graph\">{\"@context\":\"https:\/\/schema.org\",\"@graph\":[{\"@type\":\"WebPage\",\"@id\":\"https:\/\/www.sprachschule-aktiv-wien.at\/es\/\",\"url\":\"https:\/\/www.sprachschule-aktiv-wien.at\/es\/\",\"name\":\"Aprender alem\u00e1n en Viena - Escuela para cursos de alem\u00e1n\",\"isPartOf\":{\"@id\":\"https:\/\/www.sprachschule-aktiv-wien.at\/#website\"},\"datePublished\":\"2015-02-12T08:43:10+00:00\",\"dateModified\":\"2021-09-07T11:20:05+00:00\",\"description\":\"Aprender alem\u00e1n en Viena con los mejores profesores. Nuestra escuela de alem\u00e1n queda directo en el centro. Cursos econ\u00f3micos!\",\"breadcrumb\":{\"@id\":\"https:\/\/www.sprachschule-aktiv-wien.at\/es\/#breadcrumb\"},\"inLanguage\":\"es\",\"potentialAction\":[{\"@type\":\"ReadAction\",\"target\":[\"https:\/\/www.sprachschule-aktiv-wien.at\/es\/\"]}]},{\"@type\":\"BreadcrumbList\",\"@id\":\"https:\/\/www.sprachschule-aktiv-wien.at\/es\/#breadcrumb\",\"itemListElement\":[{\"@type\":\"ListItem\",\"position\":1,\"name\":\"Home\",\"item\":\"https:\/\/www.sprachschule-aktiv-wien.at\/es\/\"},{\"@type\":\"ListItem\",\"position\":2,\"name\":\"Aprender alem\u00e1n en Viena \u2013 Escuela de idiomas para cursos de alem\u00e1n\"}]},{\"@type\":\"WebSite\",\"@id\":\"https:\/\/www.sprachschule-aktiv-wien.at\/#website\",\"url\":\"https:\/\/www.sprachschule-aktiv-wien.at\/\",\"name\":\"Sprachschule Aktiv Wien\",\"description\":\"\",\"potentialAction\":[{\"@type\":\"SearchAction\",\"target\":{\"@type\":\"EntryPoint\",\"urlTemplate\":\"https:\/\/www.sprachschule-aktiv-wien.at\/?s={search_term_string}\"},\"query-input\":{\"@type\":\"PropertyValueSpecification\",\"valueRequired\":true,\"valueName\":\"search_term_string\"}}],\"inLanguage\":\"es\"}]}<\/script>\n<!-- \/ Yoast SEO plugin. -->","yoast_head_json":{"title":"Aprender alem\u00e1n en Viena - Escuela para cursos de alem\u00e1n","description":"Aprender alem\u00e1n en Viena con los mejores profesores. Nuestra escuela de alem\u00e1n queda directo en el centro. Cursos econ\u00f3micos!","robots":{"index":"index","follow":"follow","max-snippet":"max-snippet:-1","max-image-preview":"max-image-preview:large","max-video-preview":"max-video-preview:-1"},"canonical":"https:\/\/www.sprachschule-aktiv-wien.at\/es\/","og_locale":"es_ES","og_type":"article","og_title":"Aprender alem\u00e1n en Viena - Escuela para cursos de alem\u00e1n","og_description":"Aprender alem\u00e1n en Viena con los mejores profesores. Nuestra escuela de alem\u00e1n queda directo en el centro. Cursos econ\u00f3micos!","og_url":"https:\/\/www.sprachschule-aktiv-wien.at\/es\/","og_site_name":"Sprachschule Aktiv Wien","article_modified_time":"2021-09-07T11:20:05+00:00","twitter_misc":{"Tiempo de lectura":"4 minutos"},"schema":{"@context":"https:\/\/schema.org","@graph":[{"@type":"WebPage","@id":"https:\/\/www.sprachschule-aktiv-wien.at\/es\/","url":"https:\/\/www.sprachschule-aktiv-wien.at\/es\/","name":"Aprender alem\u00e1n en Viena - Escuela para cursos de alem\u00e1n","isPartOf":{"@id":"https:\/\/www.sprachschule-aktiv-wien.at\/#website"},"datePublished":"2015-02-12T08:43:10+00:00","dateModified":"2021-09-07T11:20:05+00:00","description":"Aprender alem\u00e1n en Viena con los mejores profesores. Nuestra escuela de alem\u00e1n queda directo en el centro. Cursos econ\u00f3micos!","breadcrumb":{"@id":"https:\/\/www.sprachschule-aktiv-wien.at\/es\/#breadcrumb"},"inLanguage":"es","potentialAction":[{"@type":"ReadAction","target":["https:\/\/www.sprachschule-aktiv-wien.at\/es\/"]}]},{"@type":"BreadcrumbList","@id":"https:\/\/www.sprachschule-aktiv-wien.at\/es\/#breadcrumb","itemListElement":[{"@type":"ListItem","position":1,"name":"Home","item":"https:\/\/www.sprachschule-aktiv-wien.at\/es\/"},{"@type":"ListItem","position":2,"name":"Aprender alem\u00e1n en Viena \u2013 Escuela de idiomas para cursos de alem\u00e1n"}]},{"@type":"WebSite","@id":"https:\/\/www.sprachschule-aktiv-wien.at\/#website","url":"https:\/\/www.sprachschule-aktiv-wien.at\/","name":"Sprachschule Aktiv Wien","description":"","potentialAction":[{"@type":"SearchAction","target":{"@type":"EntryPoint","urlTemplate":"https:\/\/www.sprachschule-aktiv-wien.at\/?s={search_term_string}"},"query-input":{"@type":"PropertyValueSpecification","valueRequired":true,"valueName":"search_term_string"}}],"inLanguage":"es"}]}},"_links":{"self":[{"href":"https:\/\/www.sprachschule-aktiv-wien.at\/es\/wp-json\/wp\/v2\/pages\/3478","targetHints":{"allow":["GET"]}}],"collection":[{"href":"https:\/\/www.sprachschule-aktiv-wien.at\/es\/wp-json\/wp\/v2\/pages"}],"about":[{"href":"https:\/\/www.sprachschule-aktiv-wien.at\/es\/wp-json\/wp\/v2\/types\/page"}],"author":[{"embeddable":true,"href":"https:\/\/www.sprachschule-aktiv-wien.at\/es\/wp-json\/wp\/v2\/users\/7"}],"replies":[{"embeddable":true,"href":"https:\/\/www.sprachschule-aktiv-wien.at\/es\/wp-json\/wp\/v2\/comments?post=3478"}],"version-history":[{"count":54,"href":"https:\/\/www.sprachschule-aktiv-wien.at\/es\/wp-json\/wp\/v2\/pages\/3478\/revisions"}],"predecessor-version":[{"id":37358,"href":"https:\/\/www.sprachschule-aktiv-wien.at\/es\/wp-json\/wp\/v2\/pages\/3478\/revisions\/37358"}],"wp:attachment":[{"href":"https:\/\/www.sprachschule-aktiv-wien.at\/es\/wp-json\/wp\/v2\/media?parent=3478"}],"curies":[{"name":"wp","href":"https:\/\/api.w.org\/{rel}","templated":true}]}}